{"id":2881,"date":"2022-06-07T23:42:39","date_gmt":"2022-06-07T21:42:39","guid":{"rendered":"http:\/\/mairiejouy89.fr\/?page_id=2881"},"modified":"2026-03-26T13:33:45","modified_gmt":"2026-03-26T12:33:45","slug":"accueil","status":"publish","type":"page","link":"https:\/\/mairiejouy89.fr\/","title":{"rendered":"Accueil"},"content":{"rendered":"\t\t<div data-elementor-type=\"wp-page\" data-elementor-id=\"2881\" class=\"elementor elementor-2881\">\n\t\t\t\t\t\t<section class=\"elementor-section elementor-top-section elementor-element elementor-element-b675a8f elementor-section-boxed elementor-section-height-default elementor-section-height-default\" data-id=\"b675a8f\" data-element_type=\"section\" data-e-type=\"section\" data-settings=\"{&quot;background_background&quot;:&quot;slideshow&quot;,&quot;background_slideshow_gallery&quot;:[{&quot;id&quot;:49,&quot;url&quot;:&quot;http:\\\/\\\/mairiejouy89.fr\\\/wp-content\\\/uploads\\\/2022\\\/05\\\/1024-mairie.jpg&quot;},{&quot;id&quot;:44,&quot;url&quot;:&quot;http:\\\/\\\/mairiejouy89.fr\\\/wp-content\\\/uploads\\\/2022\\\/05\\\/1024-BOITE-IDEE.jpg&quot;},{&quot;id&quot;:50,&quot;url&quot;:&quot;http:\\\/\\\/mairiejouy89.fr\\\/wp-content\\\/uploads\\\/2022\\\/05\\\/1024-mairie2.jpg&quot;},{&quot;id&quot;:47,&quot;url&quot;:&quot;http:\\\/\\\/mairiejouy89.fr\\\/wp-content\\\/uploads\\\/2022\\\/05\\\/1024-EGLISE3.jpg&quot;},{&quot;id&quot;:45,&quot;url&quot;:&quot;http:\\\/\\\/mairiejouy89.fr\\\/wp-content\\\/uploads\\\/2022\\\/05\\\/1024-Chateau-deau.jpg&quot;},{&quot;id&quot;:46,&quot;url&quot;:&quot;http:\\\/\\\/mairiejouy89.fr\\\/wp-content\\\/uploads\\\/2022\\\/05\\\/1024-ECOLE.jpg&quot;},{&quot;id&quot;:48,&quot;url&quot;:&quot;http:\\\/\\\/mairiejouy89.fr\\\/wp-content\\\/uploads\\\/2022\\\/05\\\/1024-egliseinterieure.jpg&quot;},{&quot;id&quot;:54,&quot;url&quot;:&quot;http:\\\/\\\/mairiejouy89.fr\\\/wp-content\\\/uploads\\\/2022\\\/05\\\/1024-lavoir.jpg&quot;},{&quot;id&quot;:2908,&quot;url&quot;:&quot;http:\\\/\\\/mairiejouy89.fr\\\/wp-content\\\/uploads\\\/2022\\\/06\\\/1024-EGLISE2.jpg&quot;},{&quot;id&quot;:53,&quot;url&quot;:&quot;http:\\\/\\\/mairiejouy89.fr\\\/wp-content\\\/uploads\\\/2022\\\/05\\\/1024-CASERNE.jpg&quot;},{&quot;id&quot;:52,&quot;url&quot;:&quot;http:\\\/\\\/mairiejouy89.fr\\\/wp-content\\\/uploads\\\/2022\\\/05\\\/1024-RUEECOLE.jpg&quot;},{&quot;id&quot;:51,&quot;url&quot;:&quot;http:\\\/\\\/mairiejouy89.fr\\\/wp-content\\\/uploads\\\/2022\\\/05\\\/1024-refuge.jpg&quot;},{&quot;id&quot;:2907,&quot;url&quot;:&quot;http:\\\/\\\/mairiejouy89.fr\\\/wp-content\\\/uploads\\\/2022\\\/06\\\/1024-EGLISE-1.jpg&quot;}],&quot;background_slideshow_loop&quot;:&quot;yes&quot;,&quot;background_slideshow_slide_duration&quot;:5000,&quot;background_slideshow_slide_transition&quot;:&quot;fade&quot;,&quot;background_slideshow_transition_duration&quot;:500}\">\n\t\t\t\t\t\t<div class=\"elementor-container elementor-column-gap-default\">\n\t\t\t\t\t<div class=\"elementor-column elementor-col-100 elementor-top-column elementor-element elementor-element-b8d4395\" data-id=\"b8d4395\" data-element_type=\"column\" data-e-type=\"column\">\n\t\t\t<div class=\"elementor-widget-wrap elementor-element-populated\">\n\t\t\t\t\t\t<div class=\"elementor-element elementor-element-02f4590 elementor-widget elementor-widget-spacer\" data-id=\"02f4590\" data-element_type=\"widget\" data-e-type=\"widget\" data-widget_type=\"spacer.default\">\n\t\t\t\t<div class=\"elementor-widget-container\">\n\t\t\t\t\t\t\t<div class=\"elementor-spacer\">\n\t\t\t<div class=\"elementor-spacer-inner\"><\/div>\n\t\t<\/div>\n\t\t\t\t\t\t<\/div>\n\t\t\t\t<\/div>\n\t\t\t\t\t<\/div>\n\t\t<\/div>\n\t\t\t\t\t<\/div>\n\t\t<\/section>\n\t\t\t\t<section class=\"elementor-section elementor-top-section elementor-element elementor-element-4a920cd elementor-section-boxed elementor-section-height-default elementor-section-height-default\" data-id=\"4a920cd\" data-element_type=\"section\" data-e-type=\"section\">\n\t\t\t\t\t\t<div class=\"elementor-container elementor-column-gap-default\">\n\t\t\t\t\t<div class=\"elementor-column elementor-col-100 elementor-top-column elementor-element elementor-element-a69d600\" data-id=\"a69d600\" data-element_type=\"column\" data-e-type=\"column\">\n\t\t\t<div class=\"elementor-widget-wrap elementor-element-populated\">\n\t\t\t\t\t\t<div class=\"elementor-element elementor-element-1cf1077 elementor-widget elementor-widget-menu-anchor\" data-id=\"1cf1077\" data-element_type=\"widget\" data-e-type=\"widget\" data-widget_type=\"menu-anchor.default\">\n\t\t\t\t<div class=\"elementor-widget-container\">\n\t\t\t\t\t\t\t<div class=\"elementor-menu-anchor\" id=\"Actualite\"><\/div>\n\t\t\t\t\t\t<\/div>\n\t\t\t\t<\/div>\n\t\t\t\t<div class=\"elementor-element elementor-element-7931bd8 elementor-widget-divider--view-line_text elementor-widget-divider--element-align-center elementor-widget elementor-widget-divider\" data-id=\"7931bd8\" data-element_type=\"widget\" data-e-type=\"widget\" data-widget_type=\"divider.default\">\n\t\t\t\t<div class=\"elementor-widget-container\">\n\t\t\t\t\t\t\t<div class=\"elementor-divider\">\n\t\t\t<span class=\"elementor-divider-separator\">\n\t\t\t\t\t\t\t<span class=\"elementor-divider__text elementor-divider__element\">\n\t\t\t\t* * *\t\t\t\t<\/span>\n\t\t\t\t\t\t<\/span>\n\t\t<\/div>\n\t\t\t\t\t\t<\/div>\n\t\t\t\t<\/div>\n\t\t\t\t\t<\/div>\n\t\t<\/div>\n\t\t\t\t\t<\/div>\n\t\t<\/section>\n\t\t\t\t<section class=\"elementor-section elementor-top-section elementor-element elementor-element-ce65bf8 elementor-section-boxed elementor-section-height-default elementor-section-height-default\" data-id=\"ce65bf8\" data-element_type=\"section\" data-e-type=\"section\" data-settings=\"{&quot;animation&quot;:&quot;none&quot;}\">\n\t\t\t\t\t\t<div class=\"elementor-container elementor-column-gap-default\">\n\t\t\t\t\t<div class=\"elementor-column elementor-col-50 elementor-top-column elementor-element elementor-element-eeef3fe\" data-id=\"eeef3fe\" data-element_type=\"column\" data-e-type=\"column\">\n\t\t\t<div class=\"elementor-widget-wrap elementor-element-populated\">\n\t\t\t\t\t\t<div class=\"elementor-element elementor-element-7c1f1a3 elementor-widget elementor-widget-heading\" data-id=\"7c1f1a3\" data-element_type=\"widget\" data-e-type=\"widget\" data-widget_type=\"heading.default\">\n\t\t\t\t<div class=\"elementor-widget-container\">\n\t\t\t\t\t<h1 class=\"elementor-heading-title elementor-size-default\">Actualit\u00e9s<\/h1>\t\t\t\t<\/div>\n\t\t\t\t<\/div>\n\t\t\t\t<section class=\"elementor-section elementor-inner-section elementor-element elementor-element-05838d2 elementor-section-boxed elementor-section-height-default elementor-section-height-default elementor-invisible\" data-id=\"05838d2\" data-element_type=\"section\" data-e-type=\"section\" data-settings=\"{&quot;background_background&quot;:&quot;classic&quot;,&quot;shape_divider_top&quot;:&quot;wave-brush&quot;,&quot;shape_divider_bottom&quot;:&quot;wave-brush&quot;,&quot;animation&quot;:&quot;fadeInDown&quot;}\">\n\t\t\t\t\t<div class=\"elementor-shape elementor-shape-top\" aria-hidden=\"true\" data-negative=\"false\">\n\t\t\t<svg xmlns=\"http:\/\/www.w3.org\/2000\/svg\" viewBox=\"0 0 283.5 27.8\" preserveAspectRatio=\"none\">\n\t<path class=\"elementor-shape-fill\" d=\"M283.5,9.7c0,0-7.3,4.3-14,4.6c-6.8,0.3-12.6,0-20.9-1.5c-11.3-2-33.1-10.1-44.7-5.7\ts-12.1,4.6-18,7.4c-6.6,3.2-20,9.6-36.6,9.3C131.6,23.5,99.5,7.2,86.3,8c-1.4,0.1-6.6,0.8-10.5,2c-3.8,1.2-9.4,3.8-17,4.7\tc-3.2,0.4-8.3,1.1-14.2,0.9c-1.5-0.1-6.3-0.4-12-1.6c-5.7-1.2-11-3.1-15.8-3.7C6.5,9.2,0,10.8,0,10.8V0h283.5V9.7z M260.8,11.3\tc-0.7-1-2-0.4-4.3-0.4c-2.3,0-6.1-1.2-5.8-1.1c0.3,0.1,3.1,1.5,6,1.9C259.7,12.2,261.4,12.3,260.8,11.3z M242.4,8.6\tc0,0-2.4-0.2-5.6-0.9c-3.2-0.8-10.3-2.8-15.1-3.5c-8.2-1.1-15.8,0-15.1,0.1c0.8,0.1,9.6-0.6,17.6,1.1c3.3,0.7,9.3,2.2,12.4,2.7\tC239.9,8.7,242.4,8.6,242.4,8.6z M185.2,8.5c1.7-0.7-13.3,4.7-18.5,6.1c-2.1,0.6-6.2,1.6-10,2c-3.9,0.4-8.9,0.4-8.8,0.5\tc0,0.2,5.8,0.8,11.2,0c5.4-0.8,5.2-1.1,7.6-1.6C170.5,14.7,183.5,9.2,185.2,8.5z M199.1,6.9c0.2,0-0.8-0.4-4.8,1.1\tc-4,1.5-6.7,3.5-6.9,3.7c-0.2,0.1,3.5-1.8,6.6-3C197,7.5,199,6.9,199.1,6.9z M283,6c-0.1,0.1-1.9,1.1-4.8,2.5s-6.9,2.8-6.7,2.7\tc0.2,0,3.5-0.6,7.4-2.5C282.8,6.8,283.1,5.9,283,6z M31.3,11.6c0.1-0.2-1.9-0.2-4.5-1.2s-5.4-1.6-7.8-2C15,7.6,7.3,8.5,7.7,8.6\tC8,8.7,15.9,8.3,20.2,9.3c2.2,0.5,2.4,0.5,5.7,1.6S31.2,11.9,31.3,11.6z M73,9.2c0.4-0.1,3.5-1.6,8.4-2.6c4.9-1.1,8.9-0.5,8.9-0.8\tc0-0.3-1-0.9-6.2-0.3S72.6,9.3,73,9.2z M71.6,6.7C71.8,6.8,75,5.4,77.3,5c2.3-0.3,1.9-0.5,1.9-0.6c0-0.1-1.1-0.2-2.7,0.2\tC74.8,5.1,71.4,6.6,71.6,6.7z M93.6,4.4c0.1,0.2,3.5,0.8,5.6,1.8c2.1,1,1.8,0.6,1.9,0.5c0.1-0.1-0.8-0.8-2.4-1.3\tC97.1,4.8,93.5,4.2,93.6,4.4z M65.4,11.1c-0.1,0.3,0.3,0.5,1.9-0.2s2.6-1.3,2.2-1.2s-0.9,0.4-2.5,0.8C65.3,10.9,65.5,10.8,65.4,11.1\tz M34.5,12.4c-0.2,0,2.1,0.8,3.3,0.9c1.2,0.1,2,0.1,2-0.2c0-0.3-0.1-0.5-1.6-0.4C36.6,12.8,34.7,12.4,34.5,12.4z M152.2,21.1\tc-0.1,0.1-2.4-0.3-7.5-0.3c-5,0-13.6-2.4-17.2-3.5c-3.6-1.1,10,3.9,16.5,4.1C150.5,21.6,152.3,21,152.2,21.1z\"\/>\n\t<path class=\"elementor-shape-fill\" d=\"M269.6,18c-0.1-0.1-4.6,0.3-7.2,0c-7.3-0.7-17-3.2-16.6-2.9c0.4,0.3,13.7,3.1,17,3.3\tC267.7,18.8,269.7,18,269.6,18z\"\/>\n\t<path class=\"elementor-shape-fill\" d=\"M227.4,9.8c-0.2-0.1-4.5-1-9.5-1.2c-5-0.2-12.7,0.6-12.3,0.5c0.3-0.1,5.9-1.8,13.3-1.2\tS227.6,9.9,227.4,9.8z\"\/>\n\t<path class=\"elementor-shape-fill\" d=\"M204.5,13.4c-0.1-0.1,2-1,3.2-1.1c1.2-0.1,2,0,2,0.3c0,0.3-0.1,0.5-1.6,0.4\tC206.4,12.9,204.6,13.5,204.5,13.4z\"\/>\n\t<path class=\"elementor-shape-fill\" d=\"M201,10.6c0-0.1-4.4,1.2-6.3,2.2c-1.9,0.9-6.2,3.1-6.1,3.1c0.1,0.1,4.2-1.6,6.3-2.6\tS201,10.7,201,10.6z\"\/>\n\t<path class=\"elementor-shape-fill\" d=\"M154.5,26.7c-0.1-0.1-4.6,0.3-7.2,0c-7.3-0.7-17-3.2-16.6-2.9c0.4,0.3,13.7,3.1,17,3.3\tC152.6,27.5,154.6,26.8,154.5,26.7z\"\/>\n\t<path class=\"elementor-shape-fill\" d=\"M41.9,19.3c0,0,1.2-0.3,2.9-0.1c1.7,0.2,5.8,0.9,8.2,0.7c4.2-0.4,7.4-2.7,7-2.6\tc-0.4,0-4.3,2.2-8.6,1.9c-1.8-0.1-5.1-0.5-6.7-0.4S41.9,19.3,41.9,19.3z\"\/>\n\t<path class=\"elementor-shape-fill\" d=\"M75.5,12.6c0.2,0.1,2-0.8,4.3-1.1c2.3-0.2,2.1-0.3,2.1-0.5c0-0.1-1.8-0.4-3.4,0\tC76.9,11.5,75.3,12.5,75.5,12.6z\"\/>\n\t<path class=\"elementor-shape-fill\" d=\"M15.6,13.2c0-0.1,4.3,0,6.7,0.5c2.4,0.5,5,1.9,5,2c0,0.1-2.7-0.8-5.1-1.4\tC19.9,13.7,15.7,13.3,15.6,13.2z\"\/>\n<\/svg>\t\t<\/div>\n\t\t\t\t<div class=\"elementor-shape elementor-shape-bottom\" aria-hidden=\"true\" data-negative=\"false\">\n\t\t\t<svg xmlns=\"http:\/\/www.w3.org\/2000\/svg\" viewBox=\"0 0 283.5 27.8\" preserveAspectRatio=\"none\">\n\t<path class=\"elementor-shape-fill\" d=\"M283.5,9.7c0,0-7.3,4.3-14,4.6c-6.8,0.3-12.6,0-20.9-1.5c-11.3-2-33.1-10.1-44.7-5.7\ts-12.1,4.6-18,7.4c-6.6,3.2-20,9.6-36.6,9.3C131.6,23.5,99.5,7.2,86.3,8c-1.4,0.1-6.6,0.8-10.5,2c-3.8,1.2-9.4,3.8-17,4.7\tc-3.2,0.4-8.3,1.1-14.2,0.9c-1.5-0.1-6.3-0.4-12-1.6c-5.7-1.2-11-3.1-15.8-3.7C6.5,9.2,0,10.8,0,10.8V0h283.5V9.7z M260.8,11.3\tc-0.7-1-2-0.4-4.3-0.4c-2.3,0-6.1-1.2-5.8-1.1c0.3,0.1,3.1,1.5,6,1.9C259.7,12.2,261.4,12.3,260.8,11.3z M242.4,8.6\tc0,0-2.4-0.2-5.6-0.9c-3.2-0.8-10.3-2.8-15.1-3.5c-8.2-1.1-15.8,0-15.1,0.1c0.8,0.1,9.6-0.6,17.6,1.1c3.3,0.7,9.3,2.2,12.4,2.7\tC239.9,8.7,242.4,8.6,242.4,8.6z M185.2,8.5c1.7-0.7-13.3,4.7-18.5,6.1c-2.1,0.6-6.2,1.6-10,2c-3.9,0.4-8.9,0.4-8.8,0.5\tc0,0.2,5.8,0.8,11.2,0c5.4-0.8,5.2-1.1,7.6-1.6C170.5,14.7,183.5,9.2,185.2,8.5z M199.1,6.9c0.2,0-0.8-0.4-4.8,1.1\tc-4,1.5-6.7,3.5-6.9,3.7c-0.2,0.1,3.5-1.8,6.6-3C197,7.5,199,6.9,199.1,6.9z M283,6c-0.1,0.1-1.9,1.1-4.8,2.5s-6.9,2.8-6.7,2.7\tc0.2,0,3.5-0.6,7.4-2.5C282.8,6.8,283.1,5.9,283,6z M31.3,11.6c0.1-0.2-1.9-0.2-4.5-1.2s-5.4-1.6-7.8-2C15,7.6,7.3,8.5,7.7,8.6\tC8,8.7,15.9,8.3,20.2,9.3c2.2,0.5,2.4,0.5,5.7,1.6S31.2,11.9,31.3,11.6z M73,9.2c0.4-0.1,3.5-1.6,8.4-2.6c4.9-1.1,8.9-0.5,8.9-0.8\tc0-0.3-1-0.9-6.2-0.3S72.6,9.3,73,9.2z M71.6,6.7C71.8,6.8,75,5.4,77.3,5c2.3-0.3,1.9-0.5,1.9-0.6c0-0.1-1.1-0.2-2.7,0.2\tC74.8,5.1,71.4,6.6,71.6,6.7z M93.6,4.4c0.1,0.2,3.5,0.8,5.6,1.8c2.1,1,1.8,0.6,1.9,0.5c0.1-0.1-0.8-0.8-2.4-1.3\tC97.1,4.8,93.5,4.2,93.6,4.4z M65.4,11.1c-0.1,0.3,0.3,0.5,1.9-0.2s2.6-1.3,2.2-1.2s-0.9,0.4-2.5,0.8C65.3,10.9,65.5,10.8,65.4,11.1\tz M34.5,12.4c-0.2,0,2.1,0.8,3.3,0.9c1.2,0.1,2,0.1,2-0.2c0-0.3-0.1-0.5-1.6-0.4C36.6,12.8,34.7,12.4,34.5,12.4z M152.2,21.1\tc-0.1,0.1-2.4-0.3-7.5-0.3c-5,0-13.6-2.4-17.2-3.5c-3.6-1.1,10,3.9,16.5,4.1C150.5,21.6,152.3,21,152.2,21.1z\"\/>\n\t<path class=\"elementor-shape-fill\" d=\"M269.6,18c-0.1-0.1-4.6,0.3-7.2,0c-7.3-0.7-17-3.2-16.6-2.9c0.4,0.3,13.7,3.1,17,3.3\tC267.7,18.8,269.7,18,269.6,18z\"\/>\n\t<path class=\"elementor-shape-fill\" d=\"M227.4,9.8c-0.2-0.1-4.5-1-9.5-1.2c-5-0.2-12.7,0.6-12.3,0.5c0.3-0.1,5.9-1.8,13.3-1.2\tS227.6,9.9,227.4,9.8z\"\/>\n\t<path class=\"elementor-shape-fill\" d=\"M204.5,13.4c-0.1-0.1,2-1,3.2-1.1c1.2-0.1,2,0,2,0.3c0,0.3-0.1,0.5-1.6,0.4\tC206.4,12.9,204.6,13.5,204.5,13.4z\"\/>\n\t<path class=\"elementor-shape-fill\" d=\"M201,10.6c0-0.1-4.4,1.2-6.3,2.2c-1.9,0.9-6.2,3.1-6.1,3.1c0.1,0.1,4.2-1.6,6.3-2.6\tS201,10.7,201,10.6z\"\/>\n\t<path class=\"elementor-shape-fill\" d=\"M154.5,26.7c-0.1-0.1-4.6,0.3-7.2,0c-7.3-0.7-17-3.2-16.6-2.9c0.4,0.3,13.7,3.1,17,3.3\tC152.6,27.5,154.6,26.8,154.5,26.7z\"\/>\n\t<path class=\"elementor-shape-fill\" d=\"M41.9,19.3c0,0,1.2-0.3,2.9-0.1c1.7,0.2,5.8,0.9,8.2,0.7c4.2-0.4,7.4-2.7,7-2.6\tc-0.4,0-4.3,2.2-8.6,1.9c-1.8-0.1-5.1-0.5-6.7-0.4S41.9,19.3,41.9,19.3z\"\/>\n\t<path class=\"elementor-shape-fill\" d=\"M75.5,12.6c0.2,0.1,2-0.8,4.3-1.1c2.3-0.2,2.1-0.3,2.1-0.5c0-0.1-1.8-0.4-3.4,0\tC76.9,11.5,75.3,12.5,75.5,12.6z\"\/>\n\t<path class=\"elementor-shape-fill\" d=\"M15.6,13.2c0-0.1,4.3,0,6.7,0.5c2.4,0.5,5,1.9,5,2c0,0.1-2.7-0.8-5.1-1.4\tC19.9,13.7,15.7,13.3,15.6,13.2z\"\/>\n<\/svg>\t\t<\/div>\n\t\t\t\t\t<div class=\"elementor-container elementor-column-gap-default\">\n\t\t\t\t\t<div class=\"elementor-column elementor-col-25 elementor-inner-column elementor-element elementor-element-189746c\" data-id=\"189746c\" data-element_type=\"column\" data-e-type=\"column\">\n\t\t\t<div class=\"elementor-widget-wrap\">\n\t\t\t\t\t\t\t<\/div>\n\t\t<\/div>\n\t\t\t\t<div class=\"elementor-column elementor-col-25 elementor-inner-column elementor-element elementor-element-9123791\" data-id=\"9123791\" data-element_type=\"column\" data-e-type=\"column\">\n\t\t\t<div class=\"elementor-widget-wrap\">\n\t\t\t\t\t\t\t<\/div>\n\t\t<\/div>\n\t\t\t\t<div class=\"elementor-column elementor-col-25 elementor-inner-column elementor-element elementor-element-b84f0c6\" data-id=\"b84f0c6\" data-element_type=\"column\" data-e-type=\"column\">\n\t\t\t<div class=\"elementor-widget-wrap\">\n\t\t\t\t\t\t\t<\/div>\n\t\t<\/div>\n\t\t\t\t<div class=\"elementor-column elementor-col-25 elementor-inner-column elementor-element elementor-element-f64b73b\" data-id=\"f64b73b\" data-element_type=\"column\" data-e-type=\"column\">\n\t\t\t<div class=\"elementor-widget-wrap\">\n\t\t\t\t\t\t\t<\/div>\n\t\t<\/div>\n\t\t\t\t\t<\/div>\n\t\t<\/section>\n\t\t\t\t<section class=\"elementor-section elementor-inner-section elementor-element elementor-element-c928ab0 elementor-section-boxed elementor-section-height-default elementor-section-height-default elementor-invisible\" data-id=\"c928ab0\" data-element_type=\"section\" data-e-type=\"section\" data-settings=\"{&quot;background_background&quot;:&quot;classic&quot;,&quot;shape_divider_top&quot;:&quot;wave-brush&quot;,&quot;shape_divider_bottom&quot;:&quot;wave-brush&quot;,&quot;animation&quot;:&quot;fadeInDown&quot;}\">\n\t\t\t\t\t<div class=\"elementor-shape elementor-shape-top\" aria-hidden=\"true\" data-negative=\"false\">\n\t\t\t<svg xmlns=\"http:\/\/www.w3.org\/2000\/svg\" viewBox=\"0 0 283.5 27.8\" preserveAspectRatio=\"none\">\n\t<path class=\"elementor-shape-fill\" d=\"M283.5,9.7c0,0-7.3,4.3-14,4.6c-6.8,0.3-12.6,0-20.9-1.5c-11.3-2-33.1-10.1-44.7-5.7\ts-12.1,4.6-18,7.4c-6.6,3.2-20,9.6-36.6,9.3C131.6,23.5,99.5,7.2,86.3,8c-1.4,0.1-6.6,0.8-10.5,2c-3.8,1.2-9.4,3.8-17,4.7\tc-3.2,0.4-8.3,1.1-14.2,0.9c-1.5-0.1-6.3-0.4-12-1.6c-5.7-1.2-11-3.1-15.8-3.7C6.5,9.2,0,10.8,0,10.8V0h283.5V9.7z M260.8,11.3\tc-0.7-1-2-0.4-4.3-0.4c-2.3,0-6.1-1.2-5.8-1.1c0.3,0.1,3.1,1.5,6,1.9C259.7,12.2,261.4,12.3,260.8,11.3z M242.4,8.6\tc0,0-2.4-0.2-5.6-0.9c-3.2-0.8-10.3-2.8-15.1-3.5c-8.2-1.1-15.8,0-15.1,0.1c0.8,0.1,9.6-0.6,17.6,1.1c3.3,0.7,9.3,2.2,12.4,2.7\tC239.9,8.7,242.4,8.6,242.4,8.6z M185.2,8.5c1.7-0.7-13.3,4.7-18.5,6.1c-2.1,0.6-6.2,1.6-10,2c-3.9,0.4-8.9,0.4-8.8,0.5\tc0,0.2,5.8,0.8,11.2,0c5.4-0.8,5.2-1.1,7.6-1.6C170.5,14.7,183.5,9.2,185.2,8.5z M199.1,6.9c0.2,0-0.8-0.4-4.8,1.1\tc-4,1.5-6.7,3.5-6.9,3.7c-0.2,0.1,3.5-1.8,6.6-3C197,7.5,199,6.9,199.1,6.9z M283,6c-0.1,0.1-1.9,1.1-4.8,2.5s-6.9,2.8-6.7,2.7\tc0.2,0,3.5-0.6,7.4-2.5C282.8,6.8,283.1,5.9,283,6z M31.3,11.6c0.1-0.2-1.9-0.2-4.5-1.2s-5.4-1.6-7.8-2C15,7.6,7.3,8.5,7.7,8.6\tC8,8.7,15.9,8.3,20.2,9.3c2.2,0.5,2.4,0.5,5.7,1.6S31.2,11.9,31.3,11.6z M73,9.2c0.4-0.1,3.5-1.6,8.4-2.6c4.9-1.1,8.9-0.5,8.9-0.8\tc0-0.3-1-0.9-6.2-0.3S72.6,9.3,73,9.2z M71.6,6.7C71.8,6.8,75,5.4,77.3,5c2.3-0.3,1.9-0.5,1.9-0.6c0-0.1-1.1-0.2-2.7,0.2\tC74.8,5.1,71.4,6.6,71.6,6.7z M93.6,4.4c0.1,0.2,3.5,0.8,5.6,1.8c2.1,1,1.8,0.6,1.9,0.5c0.1-0.1-0.8-0.8-2.4-1.3\tC97.1,4.8,93.5,4.2,93.6,4.4z M65.4,11.1c-0.1,0.3,0.3,0.5,1.9-0.2s2.6-1.3,2.2-1.2s-0.9,0.4-2.5,0.8C65.3,10.9,65.5,10.8,65.4,11.1\tz M34.5,12.4c-0.2,0,2.1,0.8,3.3,0.9c1.2,0.1,2,0.1,2-0.2c0-0.3-0.1-0.5-1.6-0.4C36.6,12.8,34.7,12.4,34.5,12.4z M152.2,21.1\tc-0.1,0.1-2.4-0.3-7.5-0.3c-5,0-13.6-2.4-17.2-3.5c-3.6-1.1,10,3.9,16.5,4.1C150.5,21.6,152.3,21,152.2,21.1z\"\/>\n\t<path class=\"elementor-shape-fill\" d=\"M269.6,18c-0.1-0.1-4.6,0.3-7.2,0c-7.3-0.7-17-3.2-16.6-2.9c0.4,0.3,13.7,3.1,17,3.3\tC267.7,18.8,269.7,18,269.6,18z\"\/>\n\t<path class=\"elementor-shape-fill\" d=\"M227.4,9.8c-0.2-0.1-4.5-1-9.5-1.2c-5-0.2-12.7,0.6-12.3,0.5c0.3-0.1,5.9-1.8,13.3-1.2\tS227.6,9.9,227.4,9.8z\"\/>\n\t<path class=\"elementor-shape-fill\" d=\"M204.5,13.4c-0.1-0.1,2-1,3.2-1.1c1.2-0.1,2,0,2,0.3c0,0.3-0.1,0.5-1.6,0.4\tC206.4,12.9,204.6,13.5,204.5,13.4z\"\/>\n\t<path class=\"elementor-shape-fill\" d=\"M201,10.6c0-0.1-4.4,1.2-6.3,2.2c-1.9,0.9-6.2,3.1-6.1,3.1c0.1,0.1,4.2-1.6,6.3-2.6\tS201,10.7,201,10.6z\"\/>\n\t<path class=\"elementor-shape-fill\" d=\"M154.5,26.7c-0.1-0.1-4.6,0.3-7.2,0c-7.3-0.7-17-3.2-16.6-2.9c0.4,0.3,13.7,3.1,17,3.3\tC152.6,27.5,154.6,26.8,154.5,26.7z\"\/>\n\t<path class=\"elementor-shape-fill\" d=\"M41.9,19.3c0,0,1.2-0.3,2.9-0.1c1.7,0.2,5.8,0.9,8.2,0.7c4.2-0.4,7.4-2.7,7-2.6\tc-0.4,0-4.3,2.2-8.6,1.9c-1.8-0.1-5.1-0.5-6.7-0.4S41.9,19.3,41.9,19.3z\"\/>\n\t<path class=\"elementor-shape-fill\" d=\"M75.5,12.6c0.2,0.1,2-0.8,4.3-1.1c2.3-0.2,2.1-0.3,2.1-0.5c0-0.1-1.8-0.4-3.4,0\tC76.9,11.5,75.3,12.5,75.5,12.6z\"\/>\n\t<path class=\"elementor-shape-fill\" d=\"M15.6,13.2c0-0.1,4.3,0,6.7,0.5c2.4,0.5,5,1.9,5,2c0,0.1-2.7-0.8-5.1-1.4\tC19.9,13.7,15.7,13.3,15.6,13.2z\"\/>\n<\/svg>\t\t<\/div>\n\t\t\t\t<div class=\"elementor-shape elementor-shape-bottom\" aria-hidden=\"true\" data-negative=\"false\">\n\t\t\t<svg xmlns=\"http:\/\/www.w3.org\/2000\/svg\" viewBox=\"0 0 283.5 27.8\" preserveAspectRatio=\"none\">\n\t<path class=\"elementor-shape-fill\" d=\"M283.5,9.7c0,0-7.3,4.3-14,4.6c-6.8,0.3-12.6,0-20.9-1.5c-11.3-2-33.1-10.1-44.7-5.7\ts-12.1,4.6-18,7.4c-6.6,3.2-20,9.6-36.6,9.3C131.6,23.5,99.5,7.2,86.3,8c-1.4,0.1-6.6,0.8-10.5,2c-3.8,1.2-9.4,3.8-17,4.7\tc-3.2,0.4-8.3,1.1-14.2,0.9c-1.5-0.1-6.3-0.4-12-1.6c-5.7-1.2-11-3.1-15.8-3.7C6.5,9.2,0,10.8,0,10.8V0h283.5V9.7z M260.8,11.3\tc-0.7-1-2-0.4-4.3-0.4c-2.3,0-6.1-1.2-5.8-1.1c0.3,0.1,3.1,1.5,6,1.9C259.7,12.2,261.4,12.3,260.8,11.3z M242.4,8.6\tc0,0-2.4-0.2-5.6-0.9c-3.2-0.8-10.3-2.8-15.1-3.5c-8.2-1.1-15.8,0-15.1,0.1c0.8,0.1,9.6-0.6,17.6,1.1c3.3,0.7,9.3,2.2,12.4,2.7\tC239.9,8.7,242.4,8.6,242.4,8.6z M185.2,8.5c1.7-0.7-13.3,4.7-18.5,6.1c-2.1,0.6-6.2,1.6-10,2c-3.9,0.4-8.9,0.4-8.8,0.5\tc0,0.2,5.8,0.8,11.2,0c5.4-0.8,5.2-1.1,7.6-1.6C170.5,14.7,183.5,9.2,185.2,8.5z M199.1,6.9c0.2,0-0.8-0.4-4.8,1.1\tc-4,1.5-6.7,3.5-6.9,3.7c-0.2,0.1,3.5-1.8,6.6-3C197,7.5,199,6.9,199.1,6.9z M283,6c-0.1,0.1-1.9,1.1-4.8,2.5s-6.9,2.8-6.7,2.7\tc0.2,0,3.5-0.6,7.4-2.5C282.8,6.8,283.1,5.9,283,6z M31.3,11.6c0.1-0.2-1.9-0.2-4.5-1.2s-5.4-1.6-7.8-2C15,7.6,7.3,8.5,7.7,8.6\tC8,8.7,15.9,8.3,20.2,9.3c2.2,0.5,2.4,0.5,5.7,1.6S31.2,11.9,31.3,11.6z M73,9.2c0.4-0.1,3.5-1.6,8.4-2.6c4.9-1.1,8.9-0.5,8.9-0.8\tc0-0.3-1-0.9-6.2-0.3S72.6,9.3,73,9.2z M71.6,6.7C71.8,6.8,75,5.4,77.3,5c2.3-0.3,1.9-0.5,1.9-0.6c0-0.1-1.1-0.2-2.7,0.2\tC74.8,5.1,71.4,6.6,71.6,6.7z M93.6,4.4c0.1,0.2,3.5,0.8,5.6,1.8c2.1,1,1.8,0.6,1.9,0.5c0.1-0.1-0.8-0.8-2.4-1.3\tC97.1,4.8,93.5,4.2,93.6,4.4z M65.4,11.1c-0.1,0.3,0.3,0.5,1.9-0.2s2.6-1.3,2.2-1.2s-0.9,0.4-2.5,0.8C65.3,10.9,65.5,10.8,65.4,11.1\tz M34.5,12.4c-0.2,0,2.1,0.8,3.3,0.9c1.2,0.1,2,0.1,2-0.2c0-0.3-0.1-0.5-1.6-0.4C36.6,12.8,34.7,12.4,34.5,12.4z M152.2,21.1\tc-0.1,0.1-2.4-0.3-7.5-0.3c-5,0-13.6-2.4-17.2-3.5c-3.6-1.1,10,3.9,16.5,4.1C150.5,21.6,152.3,21,152.2,21.1z\"\/>\n\t<path class=\"elementor-shape-fill\" d=\"M269.6,18c-0.1-0.1-4.6,0.3-7.2,0c-7.3-0.7-17-3.2-16.6-2.9c0.4,0.3,13.7,3.1,17,3.3\tC267.7,18.8,269.7,18,269.6,18z\"\/>\n\t<path class=\"elementor-shape-fill\" d=\"M227.4,9.8c-0.2-0.1-4.5-1-9.5-1.2c-5-0.2-12.7,0.6-12.3,0.5c0.3-0.1,5.9-1.8,13.3-1.2\tS227.6,9.9,227.4,9.8z\"\/>\n\t<path class=\"elementor-shape-fill\" d=\"M204.5,13.4c-0.1-0.1,2-1,3.2-1.1c1.2-0.1,2,0,2,0.3c0,0.3-0.1,0.5-1.6,0.4\tC206.4,12.9,204.6,13.5,204.5,13.4z\"\/>\n\t<path class=\"elementor-shape-fill\" d=\"M201,10.6c0-0.1-4.4,1.2-6.3,2.2c-1.9,0.9-6.2,3.1-6.1,3.1c0.1,0.1,4.2-1.6,6.3-2.6\tS201,10.7,201,10.6z\"\/>\n\t<path class=\"elementor-shape-fill\" d=\"M154.5,26.7c-0.1-0.1-4.6,0.3-7.2,0c-7.3-0.7-17-3.2-16.6-2.9c0.4,0.3,13.7,3.1,17,3.3\tC152.6,27.5,154.6,26.8,154.5,26.7z\"\/>\n\t<path class=\"elementor-shape-fill\" d=\"M41.9,19.3c0,0,1.2-0.3,2.9-0.1c1.7,0.2,5.8,0.9,8.2,0.7c4.2-0.4,7.4-2.7,7-2.6\tc-0.4,0-4.3,2.2-8.6,1.9c-1.8-0.1-5.1-0.5-6.7-0.4S41.9,19.3,41.9,19.3z\"\/>\n\t<path class=\"elementor-shape-fill\" d=\"M75.5,12.6c0.2,0.1,2-0.8,4.3-1.1c2.3-0.2,2.1-0.3,2.1-0.5c0-0.1-1.8-0.4-3.4,0\tC76.9,11.5,75.3,12.5,75.5,12.6z\"\/>\n\t<path class=\"elementor-shape-fill\" d=\"M15.6,13.2c0-0.1,4.3,0,6.7,0.5c2.4,0.5,5,1.9,5,2c0,0.1-2.7-0.8-5.1-1.4\tC19.9,13.7,15.7,13.3,15.6,13.2z\"\/>\n<\/svg>\t\t<\/div>\n\t\t\t\t\t<div class=\"elementor-container elementor-column-gap-default\">\n\t\t\t\t\t<div class=\"elementor-column elementor-col-100 elementor-inner-column elementor-element elementor-element-b942ff0\" data-id=\"b942ff0\" data-element_type=\"column\" data-e-type=\"column\">\n\t\t\t<div class=\"elementor-widget-wrap elementor-element-populated\">\n\t\t\t\t\t\t<div class=\"elementor-element elementor-element-4a65be7 elementor-widget__width-initial elementor-widget elementor-widget-heading\" data-id=\"4a65be7\" data-element_type=\"widget\" data-e-type=\"widget\" data-widget_type=\"heading.default\">\n\t\t\t\t<div class=\"elementor-widget-container\">\n\t\t\t\t\t<h2 class=\"elementor-heading-title elementor-size-default\"><a href=\"https:\/\/sve.sirap.fr\/#\/communesList\">INSTRUCTION DOSSIER URBANISME<br><br><\/a><\/h2>\t\t\t\t<\/div>\n\t\t\t\t<\/div>\n\t\t\t\t<div class=\"elementor-element elementor-element-0ad92bf elementor-widget elementor-widget-heading\" data-id=\"0ad92bf\" data-element_type=\"widget\" data-e-type=\"widget\" data-widget_type=\"heading.default\">\n\t\t\t\t<div class=\"elementor-widget-container\">\n\t\t\t\t\t<h2 class=\"elementor-heading-title elementor-size-small\"><a href=\"https:\/\/portail-usager.sirap.com\/recherche-commune.%20\">Les d\u00e9p\u00f4ts des permis de construire et autres peuvent se faire par voie d\u00e9mat\u00e9rialis\u00e9e par l\u2019adresse suivante :   https:\/\/portail-usager.sirap.com\/recherche-commune. <\/a><\/h2>\t\t\t\t<\/div>\n\t\t\t\t<\/div>\n\t\t\t\t<div class=\"elementor-element elementor-element-e2656f8 elementor-widget elementor-widget-image\" data-id=\"e2656f8\" data-element_type=\"widget\" data-e-type=\"widget\" data-widget_type=\"image.default\">\n\t\t\t\t<div class=\"elementor-widget-container\">\n\t\t\t\t\t\t\t\t\t\t\t\t\t\t\t<img fetchpriority=\"high\" decoding=\"async\" width=\"724\" height=\"1024\" src=\"https:\/\/mairiejouy89.fr\/wp-content\/uploads\/2025\/10\/doc04082020250930085901_001-724x1024.jpg\" class=\"attachment-large size-large wp-image-4801\" alt=\"\" srcset=\"https:\/\/mairiejouy89.fr\/wp-content\/uploads\/2025\/10\/doc04082020250930085901_001-724x1024.jpg 724w, https:\/\/mairiejouy89.fr\/wp-content\/uploads\/2025\/10\/doc04082020250930085901_001-212x300.jpg 212w, https:\/\/mairiejouy89.fr\/wp-content\/uploads\/2025\/10\/doc04082020250930085901_001-768x1086.jpg 768w, https:\/\/mairiejouy89.fr\/wp-content\/uploads\/2025\/10\/doc04082020250930085901_001-1086x1536.jpg 1086w, https:\/\/mairiejouy89.fr\/wp-content\/uploads\/2025\/10\/doc04082020250930085901_001-1448x2048.jpg 1448w, https:\/\/mairiejouy89.fr\/wp-content\/uploads\/2025\/10\/doc04082020250930085901_001-280x396.jpg 280w, https:\/\/mairiejouy89.fr\/wp-content\/uploads\/2025\/10\/doc04082020250930085901_001-scaled.jpg 1810w\" sizes=\"(max-width: 724px) 100vw, 724px\" \/>\t\t\t\t\t\t\t\t\t\t\t\t\t\t\t<\/div>\n\t\t\t\t<\/div>\n\t\t\t\t\t<\/div>\n\t\t<\/div>\n\t\t\t\t\t<\/div>\n\t\t<\/section>\n\t\t\t\t\t<\/div>\n\t\t<\/div>\n\t\t\t\t<div class=\"elementor-column elementor-col-50 elementor-top-column elementor-element elementor-element-391372a elementor-invisible\" data-id=\"391372a\" data-element_type=\"column\" data-e-type=\"column\" data-settings=\"{&quot;background_background&quot;:&quot;classic&quot;,&quot;animation&quot;:&quot;zoomIn&quot;}\">\n\t\t\t<div class=\"elementor-widget-wrap elementor-element-populated\">\n\t\t\t\t\t\t<div class=\"elementor-element elementor-element-aa052cb elementor-widget elementor-widget-heading\" data-id=\"aa052cb\" data-element_type=\"widget\" data-e-type=\"widget\" data-widget_type=\"heading.default\">\n\t\t\t\t<div class=\"elementor-widget-container\">\n\t\t\t\t\t<h1 class=\"elementor-heading-title elementor-size-default\">Secr\u00e9tariat<\/h1>\t\t\t\t<\/div>\n\t\t\t\t<\/div>\n\t\t\t\t<div class=\"elementor-element elementor-element-fa02819 elementor-widget-divider--view-line_text elementor-widget-divider--element-align-center elementor-widget elementor-widget-divider\" data-id=\"fa02819\" data-element_type=\"widget\" data-e-type=\"widget\" data-widget_type=\"divider.default\">\n\t\t\t\t<div class=\"elementor-widget-container\">\n\t\t\t\t\t\t\t<div class=\"elementor-divider\">\n\t\t\t<span class=\"elementor-divider-separator\">\n\t\t\t\t\t\t\t<span class=\"elementor-divider__text elementor-divider__element\">\n\t\t\t\t* * *\t\t\t\t<\/span>\n\t\t\t\t\t\t<\/span>\n\t\t<\/div>\n\t\t\t\t\t\t<\/div>\n\t\t\t\t<\/div>\n\t\t\t\t<div class=\"elementor-element elementor-element-ff88a81 elementor-position-inline-start elementor-widget__width-initial elementor-view-default elementor-mobile-position-block-start elementor-widget elementor-widget-icon-box\" data-id=\"ff88a81\" data-element_type=\"widget\" data-e-type=\"widget\" data-widget_type=\"icon-box.default\">\n\t\t\t\t<div class=\"elementor-widget-container\">\n\t\t\t\t\t\t\t<div class=\"elementor-icon-box-wrapper\">\n\n\t\t\t\t\t\t<div class=\"elementor-icon-box-icon\">\n\t\t\t\t<span  class=\"elementor-icon\">\n\t\t\t\t<i aria-hidden=\"true\" class=\"fas fa-diagnoses\"><\/i>\t\t\t\t<\/span>\n\t\t\t<\/div>\n\t\t\t\n\t\t\t\t\t\t<div class=\"elementor-icon-box-content\">\n\n\t\t\t\t\t\t\t\t\t<h3 class=\"elementor-icon-box-title\">\n\t\t\t\t\t\t<span  >\n\t\t\t\t\t\t\tHoraires d'ouverture\t\t\t\t\t\t<\/span>\n\t\t\t\t\t<\/h3>\n\t\t\t\t\n\t\t\t\t\n\t\t\t<\/div>\n\t\t\t\n\t\t<\/div>\n\t\t\t\t\t\t<\/div>\n\t\t\t\t<\/div>\n\t\t\t\t<div class=\"elementor-element elementor-element-8a9c2a1 elementor-widget__width-initial elementor-widget elementor-widget-text-editor\" data-id=\"8a9c2a1\" data-element_type=\"widget\" data-e-type=\"widget\" data-widget_type=\"text-editor.default\">\n\t\t\t\t<div class=\"elementor-widget-container\">\n\t\t\t\t\t\t\t\t\t<p><strong>Lundi<\/strong>,<strong> Mardi et Jeudi<\/strong><\/p><p>9H-12H \/ 13H-17H<\/p><p><strong>Mercredi et Vendredi\u00a0<\/strong><\/p><p>9H-12H<\/p><p><strong>Samedi<\/strong> : 9H-11H\u00a0 .<\/p><p>\u00a0<\/p>\t\t\t\t\t\t\t\t<\/div>\n\t\t\t\t<\/div>\n\t\t\t\t<div class=\"elementor-element elementor-element-a51cd63 elementor-widget elementor-widget-heading\" data-id=\"a51cd63\" data-element_type=\"widget\" data-e-type=\"widget\" data-widget_type=\"heading.default\">\n\t\t\t\t<div class=\"elementor-widget-container\">\n\t\t\t\t\t<h1 class=\"elementor-heading-title elementor-size-default\">AgenCE POSTALE<\/h1>\t\t\t\t<\/div>\n\t\t\t\t<\/div>\n\t\t\t\t<div class=\"elementor-element elementor-element-6a201d9 elementor-position-inline-start elementor-view-default elementor-mobile-position-block-start elementor-widget elementor-widget-icon-box\" data-id=\"6a201d9\" data-element_type=\"widget\" data-e-type=\"widget\" data-widget_type=\"icon-box.default\">\n\t\t\t\t<div class=\"elementor-widget-container\">\n\t\t\t\t\t\t\t<div class=\"elementor-icon-box-wrapper\">\n\n\t\t\t\t\t\t<div class=\"elementor-icon-box-icon\">\n\t\t\t\t<span  class=\"elementor-icon\">\n\t\t\t\t<i aria-hidden=\"true\" class=\"fas fa-diagnoses\"><\/i>\t\t\t\t<\/span>\n\t\t\t<\/div>\n\t\t\t\n\t\t\t\t\t\t<div class=\"elementor-icon-box-content\">\n\n\t\t\t\t\t\t\t\t\t<h3 class=\"elementor-icon-box-title\">\n\t\t\t\t\t\t<span  >\n\t\t\t\t\t\t\tHoraires d'ouverture\t\t\t\t\t\t<\/span>\n\t\t\t\t\t<\/h3>\n\t\t\t\t\n\t\t\t\t\n\t\t\t<\/div>\n\t\t\t\n\t\t<\/div>\n\t\t\t\t\t\t<\/div>\n\t\t\t\t<\/div>\n\t\t\t\t<div class=\"elementor-element elementor-element-c6d161a elementor-widget__width-initial elementor-widget elementor-widget-text-editor\" data-id=\"c6d161a\" data-element_type=\"widget\" data-e-type=\"widget\" data-widget_type=\"text-editor.default\">\n\t\t\t\t<div class=\"elementor-widget-container\">\n\t\t\t\t\t\t\t\t\t<p><strong>Du lundi au samedi<\/strong><\/p>\n<p>9H-12H&nbsp; &nbsp;<\/p><p>L&rsquo;agence postale sera ferm\u00e9e le Mardi 14 Avril 2026<\/p>\n<p><\/p>\t\t\t\t\t\t\t\t<\/div>\n\t\t\t\t<\/div>\n\t\t\t\t<div class=\"elementor-element elementor-element-fefd32e elementor-widget-divider--view-line_text elementor-widget-divider--element-align-center elementor-widget elementor-widget-divider\" data-id=\"fefd32e\" data-element_type=\"widget\" data-e-type=\"widget\" data-widget_type=\"divider.default\">\n\t\t\t\t<div class=\"elementor-widget-container\">\n\t\t\t\t\t\t\t<div class=\"elementor-divider\">\n\t\t\t<span class=\"elementor-divider-separator\">\n\t\t\t\t\t\t\t<span class=\"elementor-divider__text elementor-divider__element\">\n\t\t\t\t* * *\t\t\t\t<\/span>\n\t\t\t\t\t\t<\/span>\n\t\t<\/div>\n\t\t\t\t\t\t<\/div>\n\t\t\t\t<\/div>\n\t\t\t\t<div class=\"elementor-element elementor-element-81ddbf4 elementor-widget__width-initial elementor-widget elementor-widget-text-editor\" data-id=\"81ddbf4\" data-element_type=\"widget\" data-e-type=\"widget\" data-widget_type=\"text-editor.default\">\n\t\t\t\t<div class=\"elementor-widget-container\">\n\t\t\t\t\t\t\t\t\t<p><span style=\"text-decoration: underline;\"><strong>AGENDA<\/strong><\/span><\/p><p><strong>Le 2\u00e8me mercredi de chaque mois<\/strong>, Sonia Pizza est pr\u00e9sente de 18H \u00e0 21H (Devant le ch\u00e2teau d&rsquo;eau)<\/p><p><strong>Chaque vendredi soir<\/strong> , Au Paley de la Pizza est pr\u00e9sent (devant le ch\u00e2teau d&rsquo;eau)<\/p>\t\t\t\t\t\t\t\t<\/div>\n\t\t\t\t<\/div>\n\t\t\t\t<div class=\"elementor-element elementor-element-a3d480b elementor-widget-divider--view-line_text elementor-widget-divider--element-align-center elementor-widget elementor-widget-divider\" data-id=\"a3d480b\" data-element_type=\"widget\" data-e-type=\"widget\" data-widget_type=\"divider.default\">\n\t\t\t\t<div class=\"elementor-widget-container\">\n\t\t\t\t\t\t\t<div class=\"elementor-divider\">\n\t\t\t<span class=\"elementor-divider-separator\">\n\t\t\t\t\t\t\t<span class=\"elementor-divider__text elementor-divider__element\">\n\t\t\t\t* * *\t\t\t\t<\/span>\n\t\t\t\t\t\t<\/span>\n\t\t<\/div>\n\t\t\t\t\t\t<\/div>\n\t\t\t\t<\/div>\n\t\t\t\t<div class=\"elementor-element elementor-element-a405cb5 elementor-widget elementor-widget-heading\" data-id=\"a405cb5\" data-element_type=\"widget\" data-e-type=\"widget\" data-widget_type=\"heading.default\">\n\t\t\t\t<div class=\"elementor-widget-container\">\n\t\t\t\t\t<h1 class=\"elementor-heading-title elementor-size-default\">Disponibilit\u00e9 de la salle des f\u00eates<\/h1>\t\t\t\t<\/div>\n\t\t\t\t<\/div>\n\t\t\t\t<div class=\"elementor-element elementor-element-bfa530f elementor-widget__width-initial elementor-widget elementor-widget-heading\" data-id=\"bfa530f\" data-element_type=\"widget\" data-e-type=\"widget\" data-widget_type=\"heading.default\">\n\t\t\t\t<div class=\"elementor-widget-container\">\n\t\t\t\t\t<h2 class=\"elementor-heading-title elementor-size-default\"><a href=\"https:\/\/sve.sirap.fr\/#\/communesList\">Les d\u00e9p\u00f4ts des permis de construire et autres peuvent se faire par voie d\u00e9mat\u00e9rialis\u00e9e par l\u2019adresse suivante :  <\/a><\/h2>\t\t\t\t<\/div>\n\t\t\t\t<\/div>\n\t\t\t\t\t<\/div>\n\t\t<\/div>\n\t\t\t\t\t<\/div>\n\t\t<\/section>\n\t\t\t\t<section class=\"elementor-section elementor-top-section elementor-element elementor-element-153c297 elementor-section-boxed elementor-section-height-default elementor-section-height-default\" data-id=\"153c297\" data-element_type=\"section\" data-e-type=\"section\" data-settings=\"{&quot;animation&quot;:&quot;none&quot;}\">\n\t\t\t\t\t\t<div class=\"elementor-container elementor-column-gap-default\">\n\t\t\t\t\t<div class=\"elementor-column elementor-col-100 elementor-top-column elementor-element elementor-element-46d1cdb\" data-id=\"46d1cdb\" data-element_type=\"column\" data-e-type=\"column\">\n\t\t\t<div class=\"elementor-widget-wrap elementor-element-populated\">\n\t\t\t\t\t\t<div class=\"elementor-element elementor-element-ea40eb4 elementor-widget elementor-widget-menu-anchor\" data-id=\"ea40eb4\" data-element_type=\"widget\" data-e-type=\"widget\" id=\"Actions\" data-widget_type=\"menu-anchor.default\">\n\t\t\t\t<div class=\"elementor-widget-container\">\n\t\t\t\t\t\t\t<div class=\"elementor-menu-anchor\" id=\"Actions\"><\/div>\n\t\t\t\t\t\t<\/div>\n\t\t\t\t<\/div>\n\t\t\t\t<div class=\"elementor-element elementor-element-409d02e elementor-widget-divider--view-line_text elementor-widget-divider--element-align-center elementor-widget elementor-widget-divider\" data-id=\"409d02e\" data-element_type=\"widget\" data-e-type=\"widget\" data-widget_type=\"divider.default\">\n\t\t\t\t<div class=\"elementor-widget-container\">\n\t\t\t\t\t\t\t<div class=\"elementor-divider\">\n\t\t\t<span class=\"elementor-divider-separator\">\n\t\t\t\t\t\t\t<span class=\"elementor-divider__text elementor-divider__element\">\n\t\t\t\t* * *\t\t\t\t<\/span>\n\t\t\t\t\t\t<\/span>\n\t\t<\/div>\n\t\t\t\t\t\t<\/div>\n\t\t\t\t<\/div>\n\t\t\t\t<div class=\"elementor-element elementor-element-4147602 elementor-widget elementor-widget-heading\" data-id=\"4147602\" data-element_type=\"widget\" data-e-type=\"widget\" data-widget_type=\"heading.default\">\n\t\t\t\t<div class=\"elementor-widget-container\">\n\t\t\t\t\t<h1 class=\"elementor-heading-title elementor-size-default\">Actions Municipales<\/h1>\t\t\t\t<\/div>\n\t\t\t\t<\/div>\n\t\t\t\t\t<\/div>\n\t\t<\/div>\n\t\t\t\t\t<\/div>\n\t\t<\/section>\n\t\t\t\t<section class=\"elementor-section elementor-top-section elementor-element elementor-element-a8f0314 elementor-section-boxed elementor-section-height-default elementor-section-height-default\" data-id=\"a8f0314\" data-element_type=\"section\" data-e-type=\"section\" data-settings=\"{&quot;animation&quot;:&quot;none&quot;}\">\n\t\t\t\t\t\t<div class=\"elementor-container elementor-column-gap-default\">\n\t\t\t\t\t<div class=\"elementor-column elementor-col-50 elementor-top-column elementor-element elementor-element-370a58d elementor-invisible\" data-id=\"370a58d\" data-element_type=\"column\" data-e-type=\"column\" data-settings=\"{&quot;animation&quot;:&quot;zoomIn&quot;}\">\n\t\t\t<div class=\"elementor-widget-wrap elementor-element-populated\">\n\t\t\t\t\t\t<div class=\"elementor-element elementor-element-b2ef9fd elementor-position-inline-start elementor-view-default elementor-mobile-position-block-start elementor-widget elementor-widget-icon-box\" data-id=\"b2ef9fd\" data-element_type=\"widget\" data-e-type=\"widget\" data-widget_type=\"icon-box.default\">\n\t\t\t\t<div class=\"elementor-widget-container\">\n\t\t\t\t\t\t\t<div class=\"elementor-icon-box-wrapper\">\n\n\t\t\t\t\t\t<div class=\"elementor-icon-box-icon\">\n\t\t\t\t<span  class=\"elementor-icon\">\n\t\t\t\t<i aria-hidden=\"true\" class=\"fab fa-gg\"><\/i>\t\t\t\t<\/span>\n\t\t\t<\/div>\n\t\t\t\n\t\t\t\t\t\t<div class=\"elementor-icon-box-content\">\n\n\t\t\t\t\t\t\t\t\t<h3 class=\"elementor-icon-box-title\">\n\t\t\t\t\t\t<span  >\n\t\t\t\t\t\t\tLe mot du Maire\t\t\t\t\t\t<\/span>\n\t\t\t\t\t<\/h3>\n\t\t\t\t\n\t\t\t\t\n\t\t\t<\/div>\n\t\t\t\n\t\t<\/div>\n\t\t\t\t\t\t<\/div>\n\t\t\t\t<\/div>\n\t\t\t\t<div class=\"elementor-element elementor-element-7b69a54 elementor-drop-cap-yes elementor-drop-cap-view-default elementor-widget elementor-widget-text-editor\" data-id=\"7b69a54\" data-element_type=\"widget\" data-e-type=\"widget\" data-settings=\"{&quot;drop_cap&quot;:&quot;yes&quot;}\" data-widget_type=\"text-editor.default\">\n\t\t\t\t<div class=\"elementor-widget-container\">\n\t\t\t\t\t\t\t\t\t<p><img decoding=\"async\" class=\"alignleft wp-image-2107 size-thumbnail\" src=\"http:\/\/mairiejouy89.fr\/wp-content\/uploads\/2022\/05\/ELU-Nadia-Leituga-150x150.jpg\" alt=\"\" width=\"150\" height=\"150\" srcset=\"https:\/\/mairiejouy89.fr\/wp-content\/uploads\/2022\/05\/ELU-Nadia-Leituga-150x150.jpg 150w, https:\/\/mairiejouy89.fr\/wp-content\/uploads\/2022\/05\/ELU-Nadia-Leituga-300x300.jpg 300w, https:\/\/mairiejouy89.fr\/wp-content\/uploads\/2022\/05\/ELU-Nadia-Leituga.jpg 500w\" sizes=\"(max-width: 150px) 100vw, 150px\" \/>Ch\u00e8res Joviciennes et chers Joviciens,<\/p><p>Bienvenue sur le site internet de la commune de Jouy. Le conseil municipal et moi-m\u00eame avons d\u00e9cid\u00e9 de cr\u00e9er ce site pour vous faire partager la vie de notre village, son histoire, ses actions, son \u00e9cole, ses entreprises et &#8230; je vous laisse d\u00e9couvrir !<\/p><p>Il se doit d&rsquo;\u00eatre \u00e9volutif et vivant et surtout vous rendre service, pour cela je compte sur vos remarques, suggestions permettant de le rendre attractif pour vous et les personnes ext\u00e9rieures.<\/p><p>Bonne d\u00e9couverte.<\/p>\t\t\t\t\t\t\t\t<\/div>\n\t\t\t\t<\/div>\n\t\t\t\t<div class=\"elementor-element elementor-element-1efa62d elementor-widget-divider--view-line_text elementor-widget-divider--element-align-center elementor-widget elementor-widget-divider\" data-id=\"1efa62d\" data-element_type=\"widget\" data-e-type=\"widget\" data-widget_type=\"divider.default\">\n\t\t\t\t<div class=\"elementor-widget-container\">\n\t\t\t\t\t\t\t<div class=\"elementor-divider\">\n\t\t\t<span class=\"elementor-divider-separator\">\n\t\t\t\t\t\t\t<span class=\"elementor-divider__text elementor-divider__element\">\n\t\t\t\t* * *\t\t\t\t<\/span>\n\t\t\t\t\t\t<\/span>\n\t\t<\/div>\n\t\t\t\t\t\t<\/div>\n\t\t\t\t<\/div>\n\t\t\t\t<div class=\"elementor-element elementor-element-637b632 elementor-position-inline-start elementor-view-default elementor-mobile-position-block-start elementor-widget elementor-widget-icon-box\" data-id=\"637b632\" data-element_type=\"widget\" data-e-type=\"widget\" data-widget_type=\"icon-box.default\">\n\t\t\t\t<div class=\"elementor-widget-container\">\n\t\t\t\t\t\t\t<div class=\"elementor-icon-box-wrapper\">\n\n\t\t\t\t\t\t<div class=\"elementor-icon-box-icon\">\n\t\t\t\t<span  class=\"elementor-icon\">\n\t\t\t\t<i aria-hidden=\"true\" class=\"fab fa-gg\"><\/i>\t\t\t\t<\/span>\n\t\t\t<\/div>\n\t\t\t\n\t\t\t\t\t\t<div class=\"elementor-icon-box-content\">\n\n\t\t\t\t\t\t\t\t\t<h3 class=\"elementor-icon-box-title\">\n\t\t\t\t\t\t<span  >\n\t\t\t\t\t\t\tNos agents communaux\t\t\t\t\t\t<\/span>\n\t\t\t\t\t<\/h3>\n\t\t\t\t\n\t\t\t\t\n\t\t\t<\/div>\n\t\t\t\n\t\t<\/div>\n\t\t\t\t\t\t<\/div>\n\t\t\t\t<\/div>\n\t\t\t\t<div class=\"elementor-element elementor-element-1d332e8 elementor-position-inline-start elementor-view-default elementor-mobile-position-block-start elementor-widget elementor-widget-icon-box\" data-id=\"1d332e8\" data-element_type=\"widget\" data-e-type=\"widget\" data-widget_type=\"icon-box.default\">\n\t\t\t\t<div class=\"elementor-widget-container\">\n\t\t\t\t\t\t\t<div class=\"elementor-icon-box-wrapper\">\n\n\t\t\t\t\t\t<div class=\"elementor-icon-box-icon\">\n\t\t\t\t<span  class=\"elementor-icon\">\n\t\t\t\t<i aria-hidden=\"true\" class=\"fas fa-user-edit\"><\/i>\t\t\t\t<\/span>\n\t\t\t<\/div>\n\t\t\t\n\t\t\t\t\t\t<div class=\"elementor-icon-box-content\">\n\n\t\t\t\t\t\t\t\t\t<h3 class=\"elementor-icon-box-title\">\n\t\t\t\t\t\t<span  >\n\t\t\t\t\t\t\tAgents administratifs\t\t\t\t\t\t<\/span>\n\t\t\t\t\t<\/h3>\n\t\t\t\t\n\t\t\t\t\n\t\t\t<\/div>\n\t\t\t\n\t\t<\/div>\n\t\t\t\t\t\t<\/div>\n\t\t\t\t<\/div>\n\t\t\t\t<div class=\"elementor-element elementor-element-aa41b8b elementor-widget elementor-widget-text-editor\" data-id=\"aa41b8b\" data-element_type=\"widget\" data-e-type=\"widget\" data-widget_type=\"text-editor.default\">\n\t\t\t\t<div class=\"elementor-widget-container\">\n\t\t\t\t\t\t\t\t\t<ul><li>Karine RODRIGUEZ\u2013 Secr\u00e9taire G\u00e9n\u00e9rale de Mairie\u00a0<\/li><li>Aur\u00e9lie PETITPAS \u2013 Agent postal<\/li><\/ul>\t\t\t\t\t\t\t\t<\/div>\n\t\t\t\t<\/div>\n\t\t\t\t<div class=\"elementor-element elementor-element-4cbaf1b elementor-widget-divider--view-line_icon elementor-view-default elementor-widget-divider--element-align-center elementor-widget elementor-widget-divider\" data-id=\"4cbaf1b\" data-element_type=\"widget\" data-e-type=\"widget\" data-widget_type=\"divider.default\">\n\t\t\t\t<div class=\"elementor-widget-container\">\n\t\t\t\t\t\t\t<div class=\"elementor-divider\">\n\t\t\t<span class=\"elementor-divider-separator\">\n\t\t\t\t\t\t\t<div class=\"elementor-icon elementor-divider__element\">\n\t\t\t\t\t<i aria-hidden=\"true\" class=\"fas fa-star\"><\/i><\/div>\n\t\t\t\t\t\t<\/span>\n\t\t<\/div>\n\t\t\t\t\t\t<\/div>\n\t\t\t\t<\/div>\n\t\t\t\t<div class=\"elementor-element elementor-element-4e5058a elementor-position-inline-start elementor-view-default elementor-mobile-position-block-start elementor-widget elementor-widget-icon-box\" data-id=\"4e5058a\" data-element_type=\"widget\" data-e-type=\"widget\" data-widget_type=\"icon-box.default\">\n\t\t\t\t<div class=\"elementor-widget-container\">\n\t\t\t\t\t\t\t<div class=\"elementor-icon-box-wrapper\">\n\n\t\t\t\t\t\t<div class=\"elementor-icon-box-icon\">\n\t\t\t\t<span  class=\"elementor-icon\">\n\t\t\t\t<i aria-hidden=\"true\" class=\"fas fa-user-cog\"><\/i>\t\t\t\t<\/span>\n\t\t\t<\/div>\n\t\t\t\n\t\t\t\t\t\t<div class=\"elementor-icon-box-content\">\n\n\t\t\t\t\t\t\t\t\t<h3 class=\"elementor-icon-box-title\">\n\t\t\t\t\t\t<span  >\n\t\t\t\t\t\t\tAgent technique\t\t\t\t\t\t<\/span>\n\t\t\t\t\t<\/h3>\n\t\t\t\t\n\t\t\t\t\n\t\t\t<\/div>\n\t\t\t\n\t\t<\/div>\n\t\t\t\t\t\t<\/div>\n\t\t\t\t<\/div>\n\t\t\t\t<div class=\"elementor-element elementor-element-6cad74a elementor-widget elementor-widget-text-editor\" data-id=\"6cad74a\" data-element_type=\"widget\" data-e-type=\"widget\" data-widget_type=\"text-editor.default\">\n\t\t\t\t<div class=\"elementor-widget-container\">\n\t\t\t\t\t\t\t\t\t<ul><li>Olivier NAUGUET<\/li><\/ul>\t\t\t\t\t\t\t\t<\/div>\n\t\t\t\t<\/div>\n\t\t\t\t<div class=\"elementor-element elementor-element-bf59ec0 elementor-widget-divider--view-line_icon elementor-view-default elementor-widget-divider--element-align-center elementor-widget elementor-widget-divider\" data-id=\"bf59ec0\" data-element_type=\"widget\" data-e-type=\"widget\" data-widget_type=\"divider.default\">\n\t\t\t\t<div class=\"elementor-widget-container\">\n\t\t\t\t\t\t\t<div class=\"elementor-divider\">\n\t\t\t<span class=\"elementor-divider-separator\">\n\t\t\t\t\t\t\t<div class=\"elementor-icon elementor-divider__element\">\n\t\t\t\t\t<i aria-hidden=\"true\" class=\"fas fa-star\"><\/i><\/div>\n\t\t\t\t\t\t<\/span>\n\t\t<\/div>\n\t\t\t\t\t\t<\/div>\n\t\t\t\t<\/div>\n\t\t\t\t<div class=\"elementor-element elementor-element-401eae9 elementor-position-inline-start elementor-view-default elementor-mobile-position-block-start elementor-widget elementor-widget-icon-box\" data-id=\"401eae9\" data-element_type=\"widget\" data-e-type=\"widget\" data-widget_type=\"icon-box.default\">\n\t\t\t\t<div class=\"elementor-widget-container\">\n\t\t\t\t\t\t\t<div class=\"elementor-icon-box-wrapper\">\n\n\t\t\t\t\t\t<div class=\"elementor-icon-box-icon\">\n\t\t\t\t<span  class=\"elementor-icon\">\n\t\t\t\t<i aria-hidden=\"true\" class=\"fas fa-users\"><\/i>\t\t\t\t<\/span>\n\t\t\t<\/div>\n\t\t\t\n\t\t\t\t\t\t<div class=\"elementor-icon-box-content\">\n\n\t\t\t\t\t\t\t\t\t<h3 class=\"elementor-icon-box-title\">\n\t\t\t\t\t\t<span  >\n\t\t\t\t\t\t\tAgents en charge de l\u2019\u00e9cole, le restaurant scolaire et le p\u00e9riscolaire\t\t\t\t\t\t<\/span>\n\t\t\t\t\t<\/h3>\n\t\t\t\t\n\t\t\t\t\n\t\t\t<\/div>\n\t\t\t\n\t\t<\/div>\n\t\t\t\t\t\t<\/div>\n\t\t\t\t<\/div>\n\t\t\t\t<div class=\"elementor-element elementor-element-4bc86e1 elementor-widget elementor-widget-text-editor\" data-id=\"4bc86e1\" data-element_type=\"widget\" data-e-type=\"widget\" data-widget_type=\"text-editor.default\">\n\t\t\t\t<div class=\"elementor-widget-container\">\n\t\t\t\t\t\t\t\t\t<ul><li style=\"font-weight: 400;\">Corinne PETITPAS, Atsem<\/li><li>Sandrine CARIOU<\/li><li style=\"font-weight: 400;\">Vanessa BARBIER<\/li><\/ul>\t\t\t\t\t\t\t\t<\/div>\n\t\t\t\t<\/div>\n\t\t\t\t<div class=\"elementor-element elementor-element-8f99d79 elementor-widget-divider--view-line_icon elementor-view-default elementor-widget-divider--element-align-center elementor-widget elementor-widget-divider\" data-id=\"8f99d79\" data-element_type=\"widget\" data-e-type=\"widget\" data-widget_type=\"divider.default\">\n\t\t\t\t<div class=\"elementor-widget-container\">\n\t\t\t\t\t\t\t<div class=\"elementor-divider\">\n\t\t\t<span class=\"elementor-divider-separator\">\n\t\t\t\t\t\t\t<div class=\"elementor-icon elementor-divider__element\">\n\t\t\t\t\t<i aria-hidden=\"true\" class=\"fas fa-star\"><\/i><\/div>\n\t\t\t\t\t\t<\/span>\n\t\t<\/div>\n\t\t\t\t\t\t<\/div>\n\t\t\t\t<\/div>\n\t\t\t\t\t<\/div>\n\t\t<\/div>\n\t\t\t\t<div class=\"elementor-column elementor-col-50 elementor-top-column elementor-element elementor-element-afbbb59 elementor-invisible\" data-id=\"afbbb59\" data-element_type=\"column\" data-e-type=\"column\" data-settings=\"{&quot;animation&quot;:&quot;zoomIn&quot;}\">\n\t\t\t<div class=\"elementor-widget-wrap elementor-element-populated\">\n\t\t\t\t\t\t<div class=\"elementor-element elementor-element-7e3f530 elementor-position-inline-start elementor-view-default elementor-mobile-position-block-start elementor-widget elementor-widget-icon-box\" data-id=\"7e3f530\" data-element_type=\"widget\" data-e-type=\"widget\" data-widget_type=\"icon-box.default\">\n\t\t\t\t<div class=\"elementor-widget-container\">\n\t\t\t\t\t\t\t<div class=\"elementor-icon-box-wrapper\">\n\n\t\t\t\t\t\t<div class=\"elementor-icon-box-icon\">\n\t\t\t\t<span  class=\"elementor-icon\">\n\t\t\t\t<i aria-hidden=\"true\" class=\"fab fa-gg\"><\/i>\t\t\t\t<\/span>\n\t\t\t<\/div>\n\t\t\t\n\t\t\t\t\t\t<div class=\"elementor-icon-box-content\">\n\n\t\t\t\t\t\t\t\t\t<h3 class=\"elementor-icon-box-title\">\n\t\t\t\t\t\t<span  >\n\t\t\t\t\t\t\tVos \u00e9lus et leurs d\u00e9l\u00e9gations\t\t\t\t\t\t<\/span>\n\t\t\t\t\t<\/h3>\n\t\t\t\t\n\t\t\t\t\n\t\t\t<\/div>\n\t\t\t\n\t\t<\/div>\n\t\t\t\t\t\t<\/div>\n\t\t\t\t<\/div>\n\t\t\t\t<div class=\"elementor-element elementor-element-1404d67 elementor-widget elementor-widget-shortcode\" data-id=\"1404d67\" data-element_type=\"widget\" data-e-type=\"widget\" data-widget_type=\"shortcode.default\">\n\t\t\t\t<div class=\"elementor-widget-container\">\n\t\t\t\t\t\t\t<div class=\"elementor-shortcode\">\t<div class=\"ex-tplist  column-4 style-1 style-classic fct-\" id =\"extp-8588\">\r\n\t\t                <div class=\"extp-search \">\r\n        <form role=\"search\" method=\"get\" id=\"searchform\" class=\"etp-search-form \" action=\"https:\/\/mairiejouy89.fr\/\">\r\n        \t<div class=\"extp-search-group\">\r\n            \r\n            \t            \t\t                <select name=\"extp_cat\">\r\n\t                \t<option value=\"\">All Categories<\/option>\r\n\t                  \t<option value=\"commissions\" >Commissions<\/option><option value=\"batiments\" >\u2014 B\u00e2timents<\/option><option value=\"commission-dappel-doffres\" >\u2014 Commission d\u2019appel d\u2019offres<\/option><option value=\"commission-des-fetes\" >\u2014 Commission des F\u00eates<\/option><option value=\"communaute-de-communes\" >\u2014 Communaut\u00e9 de communes<\/option><option value=\"correspondant-defense\" >\u2014 Correspondant D\u00e9fense<\/option><option value=\"etablissement-public-damenagement-et-de-gestion-des-eaux\" >\u2014 \u00c9tablissement Public d\u2019Am\u00e9nagement et de Gestion des Eaux<\/option><option value=\"groupement-dinteret-public-de-bourgogne-franche-comte\" >\u2014 Groupement d\u2019Int\u00e9r\u00eat Public de Bourgogne \u2013 Franche - Comt\u00e9<\/option><option value=\"repertoire-electoral-unique\" >\u2014 R\u00e9pertoire \u00c9lectoral Unique<\/option><option value=\"salle-des-fetes\" >\u2014 Salle des F\u00eates<\/option><option value=\"sivom-du-gatinais-en-bourgogne\" >\u2014 SIVOM du G\u00e2tinais en Bourgogne<\/option><option value=\"syndicat-departemental-denergies-de-lyonne\" >\u2014 Syndicat D\u00e9partemental d\u2019\u00c9nergies de L\u2019Yonne<\/option><option value=\"syndicat-intercommunal-de-gendarmerie-de-cheroy-st-valerien\" >\u2014 Syndicat Intercommunal de Gendarmerie de Ch\u00e9roy-St Val\u00e9rien<\/option><option value=\"syndicat-mixte-de-la-fourriere-du-senonais\" >\u2014 Syndicat mixte de la Fourri\u00e8re du S\u00e9nonais<\/option><option value=\"una-gatinais-en-bourgogne\" >\u2014 UNA G\u00e2tinais en Bourgogne<\/option><option value=\"voirie\" >\u2014 Voirie<\/option><option value=\"commissions-de-communaute-de-communes\" >Commissions de Communaut\u00e9 de Communes<\/option><option value=\"amenagement-du-territoire\" >\u2014 Am\u00e9nagement du territoire<\/option><option value=\"culture-et-patrimoine\" >\u2014 Culture et Patrimoine<\/option><option value=\"dechets-menagers\" >\u2014 D\u00e9chets m\u00e9nagers<\/option><option value=\"developpement-economique\" >\u2014 D\u00e9veloppement \u00e9conomique<\/option><option value=\"finances\" >\u2014 Finances<\/option><option value=\"gemapi\" >\u2014 GEMAPI<\/option><option value=\"loisirs-enfance-jeunesse-et-sport\" >\u2014 Loisirs enfance, jeunesse et sport<\/option><option value=\"procedures-adaptees\" >\u2014 Proc\u00e9dures adapt\u00e9es<\/option><option value=\"reflexion-pour-la-prise-de-competence-sante\" >\u2014 R\u00e9flexion pour la prise de comp\u00e9tence sant\u00e9<\/option><option value=\"services-techniques-numerique-et-telephone\" >\u2014 Services techniques, num\u00e9rique et t\u00e9l\u00e9phone<\/option><option value=\"spanc-et-reflexion-pour-la-prise-des-competences-assainissement-collectif-et-eau-potable\" >\u2014 SPANC et r\u00e9flexion pour la prise des comp\u00e9tences assainissement collectif et eau potable<\/option><option value=\"commissions-du-sivom\" >Commissions du SIVOM<\/option><option value=\"alimentation-en-eau-potable\" >\u2014 Alimentation en eau potable<\/option><option value=\"finances-commissions-du-sivom\" >\u2014 Finances<\/option><option value=\"gymnase\" >\u2014 Gymnase<\/option><option value=\"procedures-adaptees-commissions-du-sivom\" >\u2014 Proc\u00e9dures adapt\u00e9es<\/option>\t                <\/select>\r\n\t            \t                      <input type=\"hidden\" name=\"post_type\" value=\"ex_team\" \/>\r\n              <span class=\"search-btsm\">\r\n              \t<input type=\"text\" value=\"\" name=\"s\" id=\"s\" placeholder=\"Search\" class=\"form-control\" \/>\r\n              \t<button type=\"submit\" class=\"tp-search-submit\" ><i class=\"fa fa-search\"><\/i><\/button>\r\n              <\/span>\r\n              \r\n            <\/div>\r\n        <\/form>\r\n        <style type=\"text\/css\">\r\n\t\t\t\r\n\t\t<\/style>\r\n        <\/div>\r\n        \r\n                        <div class=\"ctgrid\">\r\n\t\t<div class=\"item-grid\" data-id=\"ex_id-extp-8588-2189\"> \t\t\t\t\t<div class=\"exp-arrow \" \r\n\t\t\t\t\t >\r\n\t\t\t\t\t\t\t\t\t\t\t\t<figure class=\"tpstyle-1 tppost-2189\">\r\n  <div class=\"tpstyle-1-image\">\r\n    <a href=\"javascript:;\">\r\n      <div class=\"image-bg-circle\" style=\"background-image: url()\">\r\n              <\/div>\r\n\r\n    <\/a>\r\n  <\/div><figcaption>\r\n    <h3><a href=\"javascript:;\">BILLON C\u00e9cile<\/a><\/h3>\r\n            <h5>Conseill\u00e8re municipale<\/h5>\r\n              \t<p><\/p>\r\n\t      <\/figcaption>\r\n  <\/figure>\t\t\t\t\t<div class=\"exclearfix\"><\/div>\r\n\t\t\t\t\t<\/div>\r\n\t\t\t\t\t<\/div><div class=\"item-grid\" data-id=\"ex_id-extp-8588-2196\"> \t\t\t\t\t<div class=\"exp-arrow \" \r\n\t\t\t\t\t >\r\n\t\t\t\t\t\t\t\t\t\t\t\t<figure class=\"tpstyle-1 tppost-2196\">\r\n  <div class=\"tpstyle-1-image\">\r\n    <a href=\"javascript:;\">\r\n      <div class=\"image-bg-circle\" style=\"background-image: url(https:\/\/mairiejouy89.fr\/wp-content\/uploads\/2022\/05\/ELU-Gilles-Cariou.jpg)\">\r\n              <\/div>\r\n\r\n    <\/a>\r\n  <\/div><figcaption>\r\n    <h3><a href=\"javascript:;\">CARIOU Gilles<\/a><\/h3>\r\n            <h5>1er Adjoint<\/h5>\r\n              \t<p><\/p>\r\n\t      <\/figcaption>\r\n  <\/figure>\t\t\t\t\t<div class=\"exclearfix\"><\/div>\r\n\t\t\t\t\t<\/div>\r\n\t\t\t\t\t<\/div><div class=\"item-grid\" data-id=\"ex_id-extp-8588-2186\"> \t\t\t\t\t<div class=\"exp-arrow \" \r\n\t\t\t\t\t >\r\n\t\t\t\t\t\t\t\t\t\t\t\t<figure class=\"tpstyle-1 tppost-2186\">\r\n  <div class=\"tpstyle-1-image\">\r\n    <a href=\"javascript:;\">\r\n      <div class=\"image-bg-circle\" style=\"background-image: url()\">\r\n              <\/div>\r\n\r\n    <\/a>\r\n  <\/div><figcaption>\r\n    <h3><a href=\"javascript:;\">BAIRIOT Coralie<\/a><\/h3>\r\n            <h5>Conseill\u00e8re municipale<\/h5>\r\n              \t<p><\/p>\r\n\t      <\/figcaption>\r\n  <\/figure>\t\t\t\t\t<div class=\"exclearfix\"><\/div>\r\n\t\t\t\t\t<\/div>\r\n\t\t\t\t\t<\/div><div class=\"item-grid\" data-id=\"ex_id-extp-8588-2185\"> \t\t\t\t\t<div class=\"exp-arrow \" \r\n\t\t\t\t\t >\r\n\t\t\t\t\t\t\t\t\t\t\t\t<figure class=\"tpstyle-1 tppost-2185\">\r\n  <div class=\"tpstyle-1-image\">\r\n    <a href=\"javascript:;\">\r\n      <div class=\"image-bg-circle\" style=\"background-image: url(https:\/\/mairiejouy89.fr\/wp-content\/uploads\/2022\/05\/ELU-Pascal-GRASSIN.jpg)\">\r\n              <\/div>\r\n\r\n    <\/a>\r\n  <\/div><figcaption>\r\n    <h3><a href=\"javascript:;\">GRASSIN Pascal<\/a><\/h3>\r\n            <h5>Conseiller municipal<\/h5>\r\n              \t<p><\/p>\r\n\t      <\/figcaption>\r\n  <\/figure>\t\t\t\t\t<div class=\"exclearfix\"><\/div>\r\n\t\t\t\t\t<\/div>\r\n\t\t\t\t\t<\/div><div class=\"item-grid\" data-id=\"ex_id-extp-8588-2197\"> \t\t\t\t\t<div class=\"exp-arrow \" \r\n\t\t\t\t\t >\r\n\t\t\t\t\t\t\t\t\t\t\t\t<figure class=\"tpstyle-1 tppost-2197\">\r\n  <div class=\"tpstyle-1-image\">\r\n    <a href=\"javascript:;\">\r\n      <div class=\"image-bg-circle\" style=\"background-image: url(https:\/\/mairiejouy89.fr\/wp-content\/uploads\/2022\/05\/ELU-Nadia-Leituga.jpg)\">\r\n              <\/div>\r\n\r\n    <\/a>\r\n  <\/div><figcaption>\r\n    <h3><a href=\"javascript:;\">LEITUGA Nadia<\/a><\/h3>\r\n            <h5>Maire<\/h5>\r\n              \t<p><\/p>\r\n\t      <\/figcaption>\r\n  <\/figure>\t\t\t\t\t<div class=\"exclearfix\"><\/div>\r\n\t\t\t\t\t<\/div>\r\n\t\t\t\t\t<\/div><div class=\"item-grid\" data-id=\"ex_id-extp-8588-2193\"> \t\t\t\t\t<div class=\"exp-arrow \" \r\n\t\t\t\t\t >\r\n\t\t\t\t\t\t\t\t\t\t\t\t<figure class=\"tpstyle-1 tppost-2193\">\r\n  <div class=\"tpstyle-1-image\">\r\n    <a href=\"javascript:;\">\r\n      <div class=\"image-bg-circle\" style=\"background-image: url(https:\/\/mairiejouy89.fr\/wp-content\/uploads\/2022\/05\/ELU-Alice-Lima.jpg)\">\r\n              <\/div>\r\n\r\n    <\/a>\r\n  <\/div><figcaption>\r\n    <h3><a href=\"javascript:;\">LIMA Alice<\/a><\/h3>\r\n            <h5>2\u00e8me Adjoint<\/h5>\r\n              \t<p><\/p>\r\n\t      <\/figcaption>\r\n  <\/figure>\t\t\t\t\t<div class=\"exclearfix\"><\/div>\r\n\t\t\t\t\t<\/div>\r\n\t\t\t\t\t<\/div><div class=\"item-grid\" data-id=\"ex_id-extp-8588-2191\"> \t\t\t\t\t<div class=\"exp-arrow \" \r\n\t\t\t\t\t >\r\n\t\t\t\t\t\t\t\t\t\t\t\t<figure class=\"tpstyle-1 tppost-2191\">\r\n  <div class=\"tpstyle-1-image\">\r\n    <a href=\"javascript:;\">\r\n      <div class=\"image-bg-circle\" style=\"background-image: url()\">\r\n              <\/div>\r\n\r\n    <\/a>\r\n  <\/div><figcaption>\r\n    <h3><a href=\"javascript:;\">MARTINY Marie-Christine<\/a><\/h3>\r\n            <h5>Conseill\u00e8re municipale<\/h5>\r\n              \t<p><\/p>\r\n\t      <\/figcaption>\r\n  <\/figure>\t\t\t\t\t<div class=\"exclearfix\"><\/div>\r\n\t\t\t\t\t<\/div>\r\n\t\t\t\t\t<\/div><div class=\"item-grid\" data-id=\"ex_id-extp-8588-2187\"> \t\t\t\t\t<div class=\"exp-arrow \" \r\n\t\t\t\t\t >\r\n\t\t\t\t\t\t\t\t\t\t\t\t<figure class=\"tpstyle-1 tppost-2187\">\r\n  <div class=\"tpstyle-1-image\">\r\n    <a href=\"javascript:;\">\r\n      <div class=\"image-bg-circle\" style=\"background-image: url(https:\/\/mairiejouy89.fr\/wp-content\/uploads\/2022\/05\/ELU-Patrice-PICARD.jpg)\">\r\n              <\/div>\r\n\r\n    <\/a>\r\n  <\/div><figcaption>\r\n    <h3><a href=\"javascript:;\">PICARD Patrice<\/a><\/h3>\r\n            <h5>3\u00e8me adjoint<\/h5>\r\n              \t<p><\/p>\r\n\t      <\/figcaption>\r\n  <\/figure>\t\t\t\t\t<div class=\"exclearfix\"><\/div>\r\n\t\t\t\t\t<\/div>\r\n\t\t\t\t\t<\/div><div class=\"item-grid\" data-id=\"ex_id-extp-8588-2190\"> \t\t\t\t\t<div class=\"exp-arrow \" \r\n\t\t\t\t\t >\r\n\t\t\t\t\t\t\t\t\t\t\t\t<figure class=\"tpstyle-1 tppost-2190\">\r\n  <div class=\"tpstyle-1-image\">\r\n    <a href=\"javascript:;\">\r\n      <div class=\"image-bg-circle\" style=\"background-image: url(https:\/\/mairiejouy89.fr\/wp-content\/uploads\/2022\/05\/ELU-Jacques-PROVOST.jpg)\">\r\n              <\/div>\r\n\r\n    <\/a>\r\n  <\/div><figcaption>\r\n    <h3><a href=\"javascript:;\">PROVOST Jacques<\/a><\/h3>\r\n            <h5>Conseiller municipal<\/h5>\r\n              \t<p><\/p>\r\n\t      <\/figcaption>\r\n  <\/figure>\t\t\t\t\t<div class=\"exclearfix\"><\/div>\r\n\t\t\t\t\t<\/div>\r\n\t\t\t\t\t<\/div><div class=\"item-grid\" data-id=\"ex_id-extp-8588-2195\"> \t\t\t\t\t<div class=\"exp-arrow \" \r\n\t\t\t\t\t >\r\n\t\t\t\t\t\t\t\t\t\t\t\t<figure class=\"tpstyle-1 tppost-2195\">\r\n  <div class=\"tpstyle-1-image\">\r\n    <a href=\"javascript:;\">\r\n      <div class=\"image-bg-circle\" style=\"background-image: url(https:\/\/mairiejouy89.fr\/wp-content\/uploads\/2022\/05\/ELU-Laure-Ravereau.jpg)\">\r\n              <\/div>\r\n\r\n    <\/a>\r\n  <\/div><figcaption>\r\n    <h3><a href=\"javascript:;\">RAVEREAU Laure<\/a><\/h3>\r\n            <h5>Conseill\u00e8re municipale<\/h5>\r\n              \t<p><\/p>\r\n\t      <\/figcaption>\r\n  <\/figure>\t\t\t\t\t<div class=\"exclearfix\"><\/div>\r\n\t\t\t\t\t<\/div>\r\n\t\t\t\t\t<\/div><div class=\"item-grid\" data-id=\"ex_id-extp-8588-2188\"> \t\t\t\t\t<div class=\"exp-arrow \" \r\n\t\t\t\t\t >\r\n\t\t\t\t\t\t\t\t\t\t\t\t<figure class=\"tpstyle-1 tppost-2188\">\r\n  <div class=\"tpstyle-1-image\">\r\n    <a href=\"javascript:;\">\r\n      <div class=\"image-bg-circle\" style=\"background-image: url(https:\/\/mairiejouy89.fr\/wp-content\/uploads\/2022\/05\/ELU-Denis-RODRIGUEZ.jpg)\">\r\n              <\/div>\r\n\r\n    <\/a>\r\n  <\/div><figcaption>\r\n    <h3><a href=\"javascript:;\">RODRIGUEZ Denis<\/a><\/h3>\r\n            <h5>Conseiller municipal<\/h5>\r\n              \t<p><\/p>\r\n\t      <\/figcaption>\r\n  <\/figure>\t\t\t\t\t<div class=\"exclearfix\"><\/div>\r\n\t\t\t\t\t<\/div>\r\n\t\t\t\t\t<\/div><div class=\"item-grid\" data-id=\"ex_id-extp-8588-2194\"> \t\t\t\t\t<div class=\"exp-arrow \" \r\n\t\t\t\t\t >\r\n\t\t\t\t\t\t\t\t\t\t\t\t<figure class=\"tpstyle-1 tppost-2194\">\r\n  <div class=\"tpstyle-1-image\">\r\n    <a href=\"javascript:;\">\r\n      <div class=\"image-bg-circle\" style=\"background-image: url()\">\r\n              <\/div>\r\n\r\n    <\/a>\r\n  <\/div><figcaption>\r\n    <h3><a href=\"javascript:;\">LACOUR Mathieu<\/a><\/h3>\r\n            <h5>Conseiller municipal<\/h5>\r\n              \t<p><\/p>\r\n\t      <\/figcaption>\r\n  <\/figure>\t\t\t\t\t<div class=\"exclearfix\"><\/div>\r\n\t\t\t\t\t<\/div>\r\n\t\t\t\t\t<\/div><div class=\"item-grid\" data-id=\"ex_id-extp-8588-2192\"> \t\t\t\t\t<div class=\"exp-arrow \" \r\n\t\t\t\t\t >\r\n\t\t\t\t\t\t\t\t\t\t\t\t<figure class=\"tpstyle-1 tppost-2192\">\r\n  <div class=\"tpstyle-1-image\">\r\n    <a href=\"javascript:;\">\r\n      <div class=\"image-bg-circle\" style=\"background-image: url(https:\/\/mairiejouy89.fr\/wp-content\/uploads\/2022\/05\/ELU-Maria-VEIGA.jpg)\">\r\n              <\/div>\r\n\r\n    <\/a>\r\n  <\/div><figcaption>\r\n    <h3><a href=\"javascript:;\">VEIGA Maria<\/a><\/h3>\r\n            <h5>Conseill\u00e8re municipale<\/h5>\r\n              \t<p><\/p>\r\n\t      <\/figcaption>\r\n  <\/figure>\t\t\t\t\t<div class=\"exclearfix\"><\/div>\r\n\t\t\t\t\t<\/div>\r\n\t\t\t\t\t<\/div>\t\t<\/div>\r\n\t\t        \r\n\t\t\t\t\t<div class=\"extp-pagination-parent\">\r\n\t\t\t<div class=\"extp-pagination\">\r\n\t\t\t\t\t<input type=\"hidden\"  name=\"id_grid\" value=\"extp-8588\">\r\n\t\t\t\t\t<input type=\"hidden\"  name=\"total_item\" value=\"13\">\r\n\t\t\t\t\t<input type=\"hidden\"  name=\"num_page\" value=\"1\">\r\n\t\t\t\t\t<input type=\"hidden\"  name=\"num_page_uu\" value=\"1\">\r\n\t\t\t\t\t<input type=\"hidden\"  name=\"current_page\" value=\"1\">\r\n\t\t\t\t\t<input type=\"hidden\"  name=\"ajax_url\" value=\"https:\/\/mairiejouy89.fr\/wp-admin\/admin-ajax.php\">\r\n\t\t\t\t\t<input type=\"hidden\"  name=\"param_query\" value=\"{&quot;post_type&quot;:[&quot;ex_team&quot;],&quot;posts_per_page&quot;:&quot;20&quot;,&quot;post_status&quot;:[&quot;publish&quot;],&quot;tag&quot;:&quot;&quot;,&quot;order&quot;:&quot;ASC&quot;,&quot;orderby&quot;:&quot;name&quot;,&quot;meta_key&quot;:&quot;&quot;,&quot;ignore_sticky_posts&quot;:1}\">\r\n\t\t\t\t\t<input type=\"hidden\"  name=\"param_ids\" value=\"[2189,2196,2186,2185,2197,2193,2191,2187,2190,2195,2188,2194,2192]\">\r\n\t\t\t\t\t<input type=\"hidden\" id=\"param_shortcode\" name=\"param_shortcode\" value=\"{&quot;style&quot;:&quot;1&quot;,&quot;column&quot;:&quot;4&quot;,&quot;count&quot;:&quot;20&quot;,&quot;posts_per_page&quot;:&quot;20&quot;,&quot;ids&quot;:&quot;&quot;,&quot;cat&quot;:&quot;&quot;,&quot;location&quot;:&quot;&quot;,&quot;fullcontent_in&quot;:&quot;&quot;,&quot;search_box&quot;:&quot;&quot;,&quot;category_box&quot;:&quot;&quot;,&quot;category_style&quot;:&quot;&quot;,&quot;order_cat&quot;:&quot;&quot;,&quot;location_box&quot;:&quot;&quot;,&quot;location_style&quot;:&quot;&quot;,&quot;order_location&quot;:&quot;&quot;,&quot;alphab_filter&quot;:&quot;&quot;,&quot;page_navi&quot;:&quot;&quot;,&quot;0&quot;:&quot;number&quot;,&quot;_excerpt&quot;:&quot;&quot;,&quot;masonry&quot;:&quot;&quot;,&quot;orderby&quot;:&quot;name&quot;,&quot;order&quot;:&quot;ASC&quot;,&quot;meta_key&quot;:&quot;&quot;,&quot;ID&quot;:&quot;extp-8588&quot;}\">\r\n\t\t\t\t<\/div>\t\t\t<\/div>\r\n\t\t\t<\/div>\r\n\t<\/div>\n\t\t\t\t\t\t<\/div>\n\t\t\t\t<\/div>\n\t\t\t\t\t<\/div>\n\t\t<\/div>\n\t\t\t\t\t<\/div>\n\t\t<\/section>\n\t\t\t\t<section class=\"elementor-section elementor-top-section elementor-element elementor-element-417f24a elementor-section-boxed elementor-section-height-default elementor-section-height-default\" data-id=\"417f24a\" data-element_type=\"section\" data-e-type=\"section\" data-settings=\"{&quot;shape_divider_top&quot;:&quot;opacity-tilt&quot;,&quot;shape_divider_bottom&quot;:&quot;opacity-tilt&quot;,&quot;animation&quot;:&quot;none&quot;}\">\n\t\t\t\t\t<div class=\"elementor-shape elementor-shape-top\" aria-hidden=\"true\" data-negative=\"false\">\n\t\t\t<svg xmlns=\"http:\/\/www.w3.org\/2000\/svg\" viewBox=\"0 0 2600 131.1\" preserveAspectRatio=\"none\">\n\t<path class=\"elementor-shape-fill\" d=\"M0 0L2600 0 2600 69.1 0 0z\"\/>\n\t<path class=\"elementor-shape-fill\" style=\"opacity:0.5\" d=\"M0 0L2600 0 2600 69.1 0 69.1z\"\/>\n\t<path class=\"elementor-shape-fill\" style=\"opacity:0.25\" d=\"M2600 0L0 0 0 130.1 2600 69.1z\"\/>\n<\/svg>\t\t<\/div>\n\t\t\t\t<div class=\"elementor-shape elementor-shape-bottom\" aria-hidden=\"true\" data-negative=\"false\">\n\t\t\t<svg xmlns=\"http:\/\/www.w3.org\/2000\/svg\" viewBox=\"0 0 2600 131.1\" preserveAspectRatio=\"none\">\n\t<path class=\"elementor-shape-fill\" d=\"M0 0L2600 0 2600 69.1 0 0z\"\/>\n\t<path class=\"elementor-shape-fill\" style=\"opacity:0.5\" d=\"M0 0L2600 0 2600 69.1 0 69.1z\"\/>\n\t<path class=\"elementor-shape-fill\" style=\"opacity:0.25\" d=\"M2600 0L0 0 0 130.1 2600 69.1z\"\/>\n<\/svg>\t\t<\/div>\n\t\t\t\t\t<div class=\"elementor-container elementor-column-gap-default\">\n\t\t\t\t\t<div class=\"elementor-column elementor-col-50 elementor-top-column elementor-element elementor-element-d3683f5 elementor-invisible\" data-id=\"d3683f5\" data-element_type=\"column\" data-e-type=\"column\" data-settings=\"{&quot;animation&quot;:&quot;zoomIn&quot;}\">\n\t\t\t<div class=\"elementor-widget-wrap elementor-element-populated\">\n\t\t\t\t\t\t<div class=\"elementor-element elementor-element-789a4bb elementor-position-inline-start elementor-view-default elementor-mobile-position-block-start elementor-widget elementor-widget-icon-box\" data-id=\"789a4bb\" data-element_type=\"widget\" data-e-type=\"widget\" data-widget_type=\"icon-box.default\">\n\t\t\t\t<div class=\"elementor-widget-container\">\n\t\t\t\t\t\t\t<div class=\"elementor-icon-box-wrapper\">\n\n\t\t\t\t\t\t<div class=\"elementor-icon-box-icon\">\n\t\t\t\t<span  class=\"elementor-icon\">\n\t\t\t\t<i aria-hidden=\"true\" class=\"fab fa-gg\"><\/i>\t\t\t\t<\/span>\n\t\t\t<\/div>\n\t\t\t\n\t\t\t\t\t\t<div class=\"elementor-icon-box-content\">\n\n\t\t\t\t\t\t\t\t\t<h3 class=\"elementor-icon-box-title\">\n\t\t\t\t\t\t<span  >\n\t\t\t\t\t\t\tVos d\u00e9marches administratives\t\t\t\t\t\t<\/span>\n\t\t\t\t\t<\/h3>\n\t\t\t\t\n\t\t\t\t\n\t\t\t<\/div>\n\t\t\t\n\t\t<\/div>\n\t\t\t\t\t\t<\/div>\n\t\t\t\t<\/div>\n\t\t\t\t<div class=\"elementor-element elementor-element-b542cf7 elementor-widget elementor-widget-heading\" data-id=\"b542cf7\" data-element_type=\"widget\" data-e-type=\"widget\" data-widget_type=\"heading.default\">\n\t\t\t\t<div class=\"elementor-widget-container\">\n\t\t\t\t\t<h3 class=\"elementor-heading-title elementor-size-default\">Les d\u00e9marches en mairie<\/h3>\t\t\t\t<\/div>\n\t\t\t\t<\/div>\n\t\t\t\t<div class=\"elementor-element elementor-element-7c5e5d6 elementor-widget elementor-widget-text-editor\" data-id=\"7c5e5d6\" data-element_type=\"widget\" data-e-type=\"widget\" data-widget_type=\"text-editor.default\">\n\t\t\t\t<div class=\"elementor-widget-container\">\n\t\t\t\t\t\t\t\t\t<ul><li>Obtention d&rsquo;un extrait ou d&rsquo;une copie int\u00e9grale de l&rsquo;acte de naissance<\/li><li>Recensement citoyen des jeunes d\u00e8s 16 ans<\/li><li>Inscription sur les listes \u00e9lectorales<\/li><li>Pacte Civil de Solidarit\u00e9 (P.A.C.S.)<\/li><li>Permis de construire<\/li><li>D\u00e9claration pr\u00e9alable<\/li><li>Certificat d&rsquo;urbanisme<\/li><li>L\u00e9galisation de signatures<\/li><\/ul>\t\t\t\t\t\t\t\t<\/div>\n\t\t\t\t<\/div>\n\t\t\t\t<div class=\"elementor-element elementor-element-4d206f0 elementor-widget elementor-widget-heading\" data-id=\"4d206f0\" data-element_type=\"widget\" data-e-type=\"widget\" data-widget_type=\"heading.default\">\n\t\t\t\t<div class=\"elementor-widget-container\">\n\t\t\t\t\t<h3 class=\"elementor-heading-title elementor-size-default\">Autres d\u00e9marches<\/h3>\t\t\t\t<\/div>\n\t\t\t\t<\/div>\n\t\t\t\t<div class=\"elementor-element elementor-element-3135b00 elementor-widget elementor-widget-text-editor\" data-id=\"3135b00\" data-element_type=\"widget\" data-e-type=\"widget\" data-widget_type=\"text-editor.default\">\n\t\t\t\t<div class=\"elementor-widget-container\">\n\t\t\t\t\t\t\t\t\t<ul><li>Pour toutes d\u00e9marches autres que municipales, rendez-vous sur le portail <a href=\"https:\/\/www.service-public.fr\/\" target=\"_blank\" rel=\"noopener\">Service-Public<\/a>.<\/li><\/ul>\t\t\t\t\t\t\t\t<\/div>\n\t\t\t\t<\/div>\n\t\t\t\t<div class=\"elementor-element elementor-element-93d517d elementor-widget elementor-widget-image\" data-id=\"93d517d\" data-element_type=\"widget\" data-e-type=\"widget\" data-widget_type=\"image.default\">\n\t\t\t\t<div class=\"elementor-widget-container\">\n\t\t\t\t\t\t\t\t\t\t\t\t\t\t\t\t<a href=\"https:\/\/www.service-public.fr\/\" target=\"_blank\">\n\t\t\t\t\t\t\t<img decoding=\"async\" width=\"400\" height=\"100\" src=\"https:\/\/mairiejouy89.fr\/wp-content\/uploads\/2022\/05\/spublic.png\" class=\"attachment-full size-full wp-image-2371\" alt=\"\" srcset=\"https:\/\/mairiejouy89.fr\/wp-content\/uploads\/2022\/05\/spublic.png 400w, https:\/\/mairiejouy89.fr\/wp-content\/uploads\/2022\/05\/spublic-300x75.png 300w\" sizes=\"(max-width: 400px) 100vw, 400px\" \/>\t\t\t\t\t\t\t\t<\/a>\n\t\t\t\t\t\t\t\t\t\t\t\t\t\t\t<\/div>\n\t\t\t\t<\/div>\n\t\t\t\t\t<\/div>\n\t\t<\/div>\n\t\t\t\t<div class=\"elementor-column elementor-col-50 elementor-top-column elementor-element elementor-element-b9115e7 elementor-invisible\" data-id=\"b9115e7\" data-element_type=\"column\" data-e-type=\"column\" data-settings=\"{&quot;animation&quot;:&quot;zoomIn&quot;}\">\n\t\t\t<div class=\"elementor-widget-wrap elementor-element-populated\">\n\t\t\t\t\t\t<div class=\"elementor-element elementor-element-bcc6039 elementor-position-inline-start elementor-view-default elementor-mobile-position-block-start elementor-widget elementor-widget-icon-box\" data-id=\"bcc6039\" data-element_type=\"widget\" data-e-type=\"widget\" data-widget_type=\"icon-box.default\">\n\t\t\t\t<div class=\"elementor-widget-container\">\n\t\t\t\t\t\t\t<div class=\"elementor-icon-box-wrapper\">\n\n\t\t\t\t\t\t<div class=\"elementor-icon-box-icon\">\n\t\t\t\t<span  class=\"elementor-icon\">\n\t\t\t\t<i aria-hidden=\"true\" class=\"fab fa-gg\"><\/i>\t\t\t\t<\/span>\n\t\t\t<\/div>\n\t\t\t\n\t\t\t\t\t\t<div class=\"elementor-icon-box-content\">\n\n\t\t\t\t\t\t\t\t\t<h3 class=\"elementor-icon-box-title\">\n\t\t\t\t\t\t<span  >\n\t\t\t\t\t\t\tComptes-rendus des r\u00e9unions du Conseil Municipal\t\t\t\t\t\t<\/span>\n\t\t\t\t\t<\/h3>\n\t\t\t\t\n\t\t\t\t\n\t\t\t<\/div>\n\t\t\t\n\t\t<\/div>\n\t\t\t\t\t\t<\/div>\n\t\t\t\t<\/div>\n\t\t\t\t<div class=\"elementor-element elementor-element-2236e28 elementor-tabs-view-vertical elementor-widget elementor-widget-tabs\" data-id=\"2236e28\" data-element_type=\"widget\" data-e-type=\"widget\" data-widget_type=\"tabs.default\">\n\t\t\t\t<div class=\"elementor-widget-container\">\n\t\t\t\t\t\t\t<div class=\"elementor-tabs\">\n\t\t\t<div class=\"elementor-tabs-wrapper\" role=\"tablist\" >\n\t\t\t\t\t\t\t\t\t<div id=\"elementor-tab-title-3581\" class=\"elementor-tab-title elementor-tab-desktop-title\" aria-selected=\"true\" data-tab=\"1\" role=\"tab\" tabindex=\"0\" aria-controls=\"elementor-tab-content-3581\" aria-expanded=\"false\">Conseil Municipal - 2024<\/div>\n\t\t\t\t\t\t\t\t\t<div id=\"elementor-tab-title-3582\" class=\"elementor-tab-title elementor-tab-desktop-title\" aria-selected=\"false\" data-tab=\"2\" role=\"tab\" tabindex=\"-1\" aria-controls=\"elementor-tab-content-3582\" aria-expanded=\"false\">Conseil Municipal - 2023<\/div>\n\t\t\t\t\t\t\t\t\t<div id=\"elementor-tab-title-3583\" class=\"elementor-tab-title elementor-tab-desktop-title\" aria-selected=\"false\" data-tab=\"3\" role=\"tab\" tabindex=\"-1\" aria-controls=\"elementor-tab-content-3583\" aria-expanded=\"false\">Conseil Municipal - 2022<\/div>\n\t\t\t\t\t\t\t\t\t<div id=\"elementor-tab-title-3584\" class=\"elementor-tab-title elementor-tab-desktop-title\" aria-selected=\"false\" data-tab=\"4\" role=\"tab\" tabindex=\"-1\" aria-controls=\"elementor-tab-content-3584\" aria-expanded=\"false\">Conseil Municipal - 2021<\/div>\n\t\t\t\t\t\t\t\t\t<div id=\"elementor-tab-title-3585\" class=\"elementor-tab-title elementor-tab-desktop-title\" aria-selected=\"false\" data-tab=\"5\" role=\"tab\" tabindex=\"-1\" aria-controls=\"elementor-tab-content-3585\" aria-expanded=\"false\">Conseil Municipal - 2020<\/div>\n\t\t\t\t\t\t\t\t\t<div id=\"elementor-tab-title-3586\" class=\"elementor-tab-title elementor-tab-desktop-title\" aria-selected=\"false\" data-tab=\"6\" role=\"tab\" tabindex=\"-1\" aria-controls=\"elementor-tab-content-3586\" aria-expanded=\"false\">Conseil Municipal - 2025<\/div>\n\t\t\t\t\t\t\t<\/div>\n\t\t\t<div class=\"elementor-tabs-content-wrapper\" role=\"tablist\" aria-orientation=\"vertical\">\n\t\t\t\t\t\t\t\t\t<div class=\"elementor-tab-title elementor-tab-mobile-title\" aria-selected=\"true\" data-tab=\"1\" role=\"tab\" tabindex=\"0\" aria-controls=\"elementor-tab-content-3581\" aria-expanded=\"false\">Conseil Municipal - 2024<\/div>\n\t\t\t\t\t<div id=\"elementor-tab-content-3581\" class=\"elementor-tab-content elementor-clearfix\" data-tab=\"1\" role=\"tabpanel\" aria-labelledby=\"elementor-tab-title-3581\" tabindex=\"0\" hidden=\"false\"><div><div><a href=\"http:\/\/mairiejouy89.fr\/wp-content\/uploads\/2024\/01\/Conseil-Municipal-Jouy-01-19-01-2024.pdf\">Conseil Municipal Jouy -01 &#8211; 19-01-2024<\/a><\/div><\/div><div><a href=\"http:\/\/mairiejouy89.fr\/wp-content\/uploads\/2024\/03\/Conseil-Municipal-Jouy-02-29-02-2024.pdf\">Conseil Municipal Jouy-02 &#8211; 29-02-2024<\/a><\/div><div><a href=\"http:\/\/mairiejouy89.fr\/wp-content\/uploads\/2024\/04\/Conseil-Municipal-Jouy-03-12-04-2024-1.pdf\">Conseil Municipal Jouy 03 &#8211; 12-04-2024<\/a><\/div><\/div>\n\t\t\t\t\t\t\t\t\t<div class=\"elementor-tab-title elementor-tab-mobile-title\" aria-selected=\"false\" data-tab=\"2\" role=\"tab\" tabindex=\"-1\" aria-controls=\"elementor-tab-content-3582\" aria-expanded=\"false\">Conseil Municipal - 2023<\/div>\n\t\t\t\t\t<div id=\"elementor-tab-content-3582\" class=\"elementor-tab-content elementor-clearfix\" data-tab=\"2\" role=\"tabpanel\" aria-labelledby=\"elementor-tab-title-3582\" tabindex=\"0\" hidden=\"hidden\"><ul><li><a href=\"http:\/\/mairiejouy89.fr\/wp-content\/uploads\/2023\/03\/01-09-JANVIER-2023.pdf\">Conseil Municipal Jouy &#8211; 01 &#8211; 09 JANVIER 2023<\/a><\/li><\/ul><div><ul><li><a href=\"http:\/\/mairiejouy89.fr\/wp-content\/uploads\/2023\/04\/02-17-FEVRIER-2023.pdf\">Conseil Municipal Jouy &#8211; 02 &#8211; 17 F\u00c9VRIER 2023<\/a><\/li><li><a href=\"http:\/\/mairiejouy89.fr\/wp-content\/uploads\/2023\/06\/Conseil-Municipal-Jouy-03-31-Mars-2023.pdf\">Conseil Municipal Jouy &#8211; 03 &#8211; 31 Mars 2023<\/a><\/li><li><a href=\"http:\/\/mairiejouy89.fr\/wp-content\/uploads\/2023\/06\/Conseil-Municipal-Jouy-04-28-Avril-2023.pdf\">Conseil Municipal Jouy &#8211; 04 &#8211; 28 Avril 2023<\/a><\/li><li><a href=\"http:\/\/mairiejouy89.fr\/wp-content\/uploads\/2023\/06\/Conseil-Municipal-Jouy-05-02-Juin-2023.pdf\">Conseil Municipal Jouy &#8211; 05 &#8211; 02 Juin 2023<\/a><\/li><li><a href=\"http:\/\/mairiejouy89.fr\/wp-content\/uploads\/2023\/07\/Conseil-Municipal-Jouy-06-03-Juillet-2023.pdf\">Conseil Municipal Jouy &#8211; 06 &#8211; 03 Juillet 2023<\/a><\/li><li><a href=\"http:\/\/mairiejouy89.fr\/wp-content\/uploads\/2023\/09\/Conseil-Municipal-Jouy-07-08-Septembre-2023.pdf\">Conseil Municipal Jouy &#8211; 07 &#8211; 08 Septembre 2023<\/a><\/li><li><a href=\"http:\/\/mairiejouy89.fr\/wp-content\/uploads\/2023\/11\/Conseil-Municipal-Jouy-08-10-Novembre-2023.pdf\">Conseil Municipal Jouy &#8211; 08 &#8211; 10 Novembre 2023<\/a><\/li><\/ul><div>\u00a0<\/div><\/div><\/div>\n\t\t\t\t\t\t\t\t\t<div class=\"elementor-tab-title elementor-tab-mobile-title\" aria-selected=\"false\" data-tab=\"3\" role=\"tab\" tabindex=\"-1\" aria-controls=\"elementor-tab-content-3583\" aria-expanded=\"false\">Conseil Municipal - 2022<\/div>\n\t\t\t\t\t<div id=\"elementor-tab-content-3583\" class=\"elementor-tab-content elementor-clearfix\" data-tab=\"3\" role=\"tabpanel\" aria-labelledby=\"elementor-tab-title-3583\" tabindex=\"0\" hidden=\"hidden\"><ul><li style=\"font-size: 15px;\"><a href=\"http:\/\/mairiejouy89.fr\/wp-content\/uploads\/2022\/12\/08-8-NOVEMBRE-2022.pdf\">Conseil Municipal Jouy &#8211; 08 &#8211; 08 NOVEMBRE 2022<\/a><\/li><li><a href=\"http:\/\/mairiejouy89.fr\/wp-content\/uploads\/2022\/11\/Compte-rendu-du-29-09-2022.pdf\">Conseil Municipal Jouy &#8211; 07 &#8211; 29 SEPTEMBRE 2022<\/a><\/li><li><a href=\"http:\/\/mairiejouy89.fr\/wp-content\/uploads\/2022\/09\/02-09-2022.pdf\">Conseil Municipal Jouy &#8211; 06\u00a0 &#8211; 02 SEPTEMBRE 2022<\/a><\/li><li><a href=\"http:\/\/mairiejouy89.fr\/wp-content\/uploads\/2022\/06\/05-24-JUIN-2022.pdf\">Conseil Municipal Jouy &#8211; 05\u00a0 &#8211; 24 JUIN 2022<\/a><\/li><li><a href=\"http:\/\/mairiejouy89.fr\/wp-content\/uploads\/2022\/06\/04-10-JUIN.pdf\">Conseil Municipal Jouy &#8211; 04 &#8211; 10 JUIN 2022<\/a><\/li><li><a href=\"http:\/\/mairiejouy89.fr\/wp-content\/uploads\/2022\/06\/03-29-AVRIL-2022.pdf\" target=\"_blank\" rel=\"noopener\">Conseil Municipal Jouy &#8211; 03 &#8211; 29 AVRIL 2022<\/a><\/li><li><a href=\"http:\/\/mairiejouy89.fr\/wp-content\/uploads\/2022\/05\/02-18-MARS-2022.pdf\" target=\"_blank\" rel=\"noopener\">Conseil Municipal Jouy &#8211; 02 &#8211; 18 MARS 2022<\/a><\/li><li><a href=\"http:\/\/mairiejouy89.fr\/wp-content\/uploads\/2022\/05\/01-4-FEVRIER-2022.pdf\" target=\"_blank\" rel=\"noopener\">Conseil Municipal Jouy &#8211; 01 &#8211; 4 FEVRIER 2022<\/a><\/li><\/ul><\/div>\n\t\t\t\t\t\t\t\t\t<div class=\"elementor-tab-title elementor-tab-mobile-title\" aria-selected=\"false\" data-tab=\"4\" role=\"tab\" tabindex=\"-1\" aria-controls=\"elementor-tab-content-3584\" aria-expanded=\"false\">Conseil Municipal - 2021<\/div>\n\t\t\t\t\t<div id=\"elementor-tab-content-3584\" class=\"elementor-tab-content elementor-clearfix\" data-tab=\"4\" role=\"tabpanel\" aria-labelledby=\"elementor-tab-title-3584\" tabindex=\"0\" hidden=\"hidden\"><ul><li><a href=\"http:\/\/mairiejouy89.fr\/wp-content\/uploads\/2022\/05\/01-30-JANVIER-2021.pdf\" target=\"_blank\" rel=\"noopener\">Conseil Municipal Jouy &#8211; 01 &#8211; 30 JANVIER 2021<\/a><\/li><li><a href=\"http:\/\/mairiejouy89.fr\/wp-content\/uploads\/2022\/05\/02-10-AVRIL-2021.pdf\" target=\"_blank\" rel=\"noopener\">Conseil Municipal Jouy &#8211; 02 &#8211; 10 AVRIL 2021<\/a><\/li><li><a href=\"http:\/\/mairiejouy89.fr\/wp-content\/uploads\/2022\/05\/03-28-MAI-2021.pdf\" target=\"_blank\" rel=\"noopener\">Conseil Municipal Jouy &#8211; 03 &#8211; 28 MAI 2021<\/a><\/li><li><a href=\"http:\/\/mairiejouy89.fr\/wp-content\/uploads\/2022\/05\/04-18-JUIN-2021.pdf\" target=\"_blank\" rel=\"noopener\">Conseil Municipal Jouy &#8211; 04 -18 JUIN 2021<\/a><\/li><li><a href=\"http:\/\/mairiejouy89.fr\/wp-content\/uploads\/2022\/05\/05-25-JUIN-2021.pdf\" target=\"_blank\" rel=\"noopener\">Conseil Municipal Jouy &#8211; 05 &#8211; 25 JUIN 2021<\/a><\/li><li><a href=\"http:\/\/mairiejouy89.fr\/wp-content\/uploads\/2022\/05\/06-9-JUILLET-2021.docx.pdf\" target=\"_blank\" rel=\"noopener\">Conseil Municipal Jouy &#8211; 06 &#8211; 9 JUILLET 2021<\/a><\/li><li>\u00a0<a href=\"http:\/\/mairiejouy89.fr\/wp-content\/uploads\/2022\/05\/07-10-SEPTEMBRE-2021.pdf\" target=\"_blank\" rel=\"noopener\">Conseil Municipal Jouy &#8211; 07 &#8211; 10 SEPTEMBRE 2021<\/a><\/li><li><a href=\"http:\/\/mairiejouy89.fr\/wp-content\/uploads\/2022\/05\/08-22-OCTOBRE-2021.pdf\" target=\"_blank\" rel=\"noopener\">Conseil Municipal Jouy &#8211; 08 &#8211; 22 OCTOBRE 2021<\/a><\/li><li><a href=\"http:\/\/mairiejouy89.fr\/wp-content\/uploads\/2022\/05\/09-10-DECEMBRE-2021.pdf\" target=\"_blank\" rel=\"noopener\">Conseil Municipal Jouy &#8211; 09 &#8211; 10 D\u00c9CEMBRE 2021<\/a><\/li><\/ul><\/div>\n\t\t\t\t\t\t\t\t\t<div class=\"elementor-tab-title elementor-tab-mobile-title\" aria-selected=\"false\" data-tab=\"5\" role=\"tab\" tabindex=\"-1\" aria-controls=\"elementor-tab-content-3585\" aria-expanded=\"false\">Conseil Municipal - 2020<\/div>\n\t\t\t\t\t<div id=\"elementor-tab-content-3585\" class=\"elementor-tab-content elementor-clearfix\" data-tab=\"5\" role=\"tabpanel\" aria-labelledby=\"elementor-tab-title-3585\" tabindex=\"0\" hidden=\"hidden\"><ul><li><a href=\"http:\/\/mairiejouy89.fr\/wp-content\/uploads\/2022\/05\/06-13-NOVEMBRE-2020.pdf\" target=\"_blank\" rel=\"noopener\">Conseil Municipal Jouy &#8211; 06 &#8211; 13 NOVEMBRE 2020<\/a><\/li><li><a href=\"http:\/\/mairiejouy89.fr\/wp-content\/uploads\/2022\/05\/07-11-DECEMBRE-2020.pdf\" target=\"_blank\" rel=\"noopener\">Conseil Municipal Jouy &#8211; 07 &#8211; 11 DECEMBRE 2020<\/a><\/li><li><a href=\"http:\/\/mairiejouy89.fr\/wp-content\/uploads\/2022\/05\/05-25-SEPTEMBRE-2020.pdf\" target=\"_blank\" rel=\"noopener\">Conseil Municipal Jouy &#8211; 05 &#8211; 25 SEPTEMBRE 2020<\/a><\/li><li><a href=\"http:\/\/mairiejouy89.fr\/wp-content\/uploads\/2022\/05\/04-28-AOUT-2020.pdf\" target=\"_blank\" rel=\"noopener\">Conseil Municipal Jouy &#8211; 04 &#8211; 28 AOUT 2020<\/a><\/li><li><a href=\"http:\/\/mairiejouy89.fr\/wp-content\/uploads\/2022\/05\/03-10-JUILLET-2020.pdf\" target=\"_blank\" rel=\"noopener\">Conseil Municipal Jouy &#8211; 03 -10 JUILLET 2020<\/a><\/li><li><a href=\"http:\/\/mairiejouy89.fr\/wp-content\/uploads\/2022\/05\/02-26-JUIN-2020.pdf\" target=\"_blank\" rel=\"noopener\">Conseil Municipal Jouy &#8211; 02 &#8211; 26 JUIN 2020<\/a><\/li><li><a href=\"http:\/\/mairiejouy89.fr\/wp-content\/uploads\/2022\/05\/01-5-JUIN-2020.pdf\">Conseil Municipal Jouy &#8211; 01 &#8211; 5 JUIN 2020<\/a><\/li><\/ul><\/div>\n\t\t\t\t\t\t\t\t\t<div class=\"elementor-tab-title elementor-tab-mobile-title\" aria-selected=\"false\" data-tab=\"6\" role=\"tab\" tabindex=\"-1\" aria-controls=\"elementor-tab-content-3586\" aria-expanded=\"false\">Conseil Municipal - 2025<\/div>\n\t\t\t\t\t<div id=\"elementor-tab-content-3586\" class=\"elementor-tab-content elementor-clearfix\" data-tab=\"6\" role=\"tabpanel\" aria-labelledby=\"elementor-tab-title-3586\" tabindex=\"0\" hidden=\"hidden\"><p><a href=\"http:\/\/mairiejouy89.fr\/wp-content\/uploads\/2025\/02\/Conseil-Municipal-Jouy-01-07-02-2025.pdf\">Conseil Municipal Jouy-01 &#8211; 07-02-2025<\/a><\/p><\/div>\n\t\t\t\t\t\t\t<\/div>\n\t\t<\/div>\n\t\t\t\t\t\t<\/div>\n\t\t\t\t<\/div>\n\t\t\t\t\t<\/div>\n\t\t<\/div>\n\t\t\t\t\t<\/div>\n\t\t<\/section>\n\t\t\t\t<section class=\"elementor-section elementor-top-section elementor-element elementor-element-c429cff elementor-section-boxed elementor-section-height-default elementor-section-height-default\" data-id=\"c429cff\" data-element_type=\"section\" data-e-type=\"section\" data-settings=\"{&quot;animation&quot;:&quot;none&quot;}\">\n\t\t\t\t\t\t<div class=\"elementor-container elementor-column-gap-default\">\n\t\t\t\t\t<div class=\"elementor-column elementor-col-100 elementor-top-column elementor-element elementor-element-eff997d\" data-id=\"eff997d\" data-element_type=\"column\" data-e-type=\"column\">\n\t\t\t<div class=\"elementor-widget-wrap elementor-element-populated\">\n\t\t\t\t\t\t<div class=\"elementor-element elementor-element-622c739 elementor-widget elementor-widget-menu-anchor\" data-id=\"622c739\" data-element_type=\"widget\" data-e-type=\"widget\" id=\"Jeunesse\" data-widget_type=\"menu-anchor.default\">\n\t\t\t\t<div class=\"elementor-widget-container\">\n\t\t\t\t\t\t\t<div class=\"elementor-menu-anchor\" id=\"Jeunesse\"><\/div>\n\t\t\t\t\t\t<\/div>\n\t\t\t\t<\/div>\n\t\t\t\t<div class=\"elementor-element elementor-element-ff49791 elementor-widget-divider--view-line_text elementor-widget-divider--element-align-center elementor-widget elementor-widget-divider\" data-id=\"ff49791\" data-element_type=\"widget\" data-e-type=\"widget\" data-widget_type=\"divider.default\">\n\t\t\t\t<div class=\"elementor-widget-container\">\n\t\t\t\t\t\t\t<div class=\"elementor-divider\">\n\t\t\t<span class=\"elementor-divider-separator\">\n\t\t\t\t\t\t\t<span class=\"elementor-divider__text elementor-divider__element\">\n\t\t\t\t* * *\t\t\t\t<\/span>\n\t\t\t\t\t\t<\/span>\n\t\t<\/div>\n\t\t\t\t\t\t<\/div>\n\t\t\t\t<\/div>\n\t\t\t\t<div class=\"elementor-element elementor-element-47f2b0d elementor-widget elementor-widget-heading\" data-id=\"47f2b0d\" data-element_type=\"widget\" data-e-type=\"widget\" data-widget_type=\"heading.default\">\n\t\t\t\t<div class=\"elementor-widget-container\">\n\t\t\t\t\t<h1 class=\"elementor-heading-title elementor-size-default\">Enfance, Jeunesse &amp; \u00e9coles<\/h1>\t\t\t\t<\/div>\n\t\t\t\t<\/div>\n\t\t\t\t\t<\/div>\n\t\t<\/div>\n\t\t\t\t\t<\/div>\n\t\t<\/section>\n\t\t\t\t<section class=\"elementor-section elementor-top-section elementor-element elementor-element-8b142ba elementor-section-boxed elementor-section-height-default elementor-section-height-default\" data-id=\"8b142ba\" data-element_type=\"section\" data-e-type=\"section\" data-settings=\"{&quot;animation&quot;:&quot;none&quot;,&quot;shape_divider_top&quot;:&quot;mountains&quot;}\">\n\t\t\t\t\t<div class=\"elementor-shape elementor-shape-top\" aria-hidden=\"true\" data-negative=\"false\">\n\t\t\t<svg xmlns=\"http:\/\/www.w3.org\/2000\/svg\" viewBox=\"0 0 1000 100\" preserveAspectRatio=\"none\">\n\t<path class=\"elementor-shape-fill\" opacity=\"0.33\" d=\"M473,67.3c-203.9,88.3-263.1-34-320.3,0C66,119.1,0,59.7,0,59.7V0h1000v59.7 c0,0-62.1,26.1-94.9,29.3c-32.8,3.3-62.8-12.3-75.8-22.1C806,49.6,745.3,8.7,694.9,4.7S492.4,59,473,67.3z\"\/>\n\t<path class=\"elementor-shape-fill\" opacity=\"0.66\" d=\"M734,67.3c-45.5,0-77.2-23.2-129.1-39.1c-28.6-8.7-150.3-10.1-254,39.1 s-91.7-34.4-149.2,0C115.7,118.3,0,39.8,0,39.8V0h1000v36.5c0,0-28.2-18.5-92.1-18.5C810.2,18.1,775.7,67.3,734,67.3z\"\/>\n\t<path class=\"elementor-shape-fill\" d=\"M766.1,28.9c-200-57.5-266,65.5-395.1,19.5C242,1.8,242,5.4,184.8,20.6C128,35.8,132.3,44.9,89.9,52.5C28.6,63.7,0,0,0,0 h1000c0,0-9.9,40.9-83.6,48.1S829.6,47,766.1,28.9z\"\/>\n<\/svg>\t\t<\/div>\n\t\t\t\t\t<div class=\"elementor-container elementor-column-gap-default\">\n\t\t\t\t\t<div class=\"elementor-column elementor-col-20 elementor-top-column elementor-element elementor-element-21e40de elementor-invisible\" data-id=\"21e40de\" data-element_type=\"column\" data-e-type=\"column\" data-settings=\"{&quot;animation&quot;:&quot;zoomIn&quot;}\">\n\t\t\t<div class=\"elementor-widget-wrap elementor-element-populated\">\n\t\t\t\t\t\t<div class=\"elementor-element elementor-element-49e25a5 elementor-position-inline-start elementor-view-default elementor-mobile-position-block-start elementor-widget elementor-widget-icon-box\" data-id=\"49e25a5\" data-element_type=\"widget\" data-e-type=\"widget\" data-widget_type=\"icon-box.default\">\n\t\t\t\t<div class=\"elementor-widget-container\">\n\t\t\t\t\t\t\t<div class=\"elementor-icon-box-wrapper\">\n\n\t\t\t\t\t\t<div class=\"elementor-icon-box-icon\">\n\t\t\t\t<span  class=\"elementor-icon\">\n\t\t\t\t<i aria-hidden=\"true\" class=\"fab fa-gg-circle\"><\/i>\t\t\t\t<\/span>\n\t\t\t<\/div>\n\t\t\t\n\t\t\t\t\t\t<div class=\"elementor-icon-box-content\">\n\n\t\t\t\t\t\t\t\t\t<h3 class=\"elementor-icon-box-title\">\n\t\t\t\t\t\t<span  >\n\t\t\t\t\t\t\tNOTRE \u00c9COLE\t\t\t\t\t\t<\/span>\n\t\t\t\t\t<\/h3>\n\t\t\t\t\n\t\t\t\t\n\t\t\t<\/div>\n\t\t\t\n\t\t<\/div>\n\t\t\t\t\t\t<\/div>\n\t\t\t\t<\/div>\n\t\t\t\t<div class=\"elementor-element elementor-element-e9a355c elementor-widget elementor-widget-image\" data-id=\"e9a355c\" data-element_type=\"widget\" data-e-type=\"widget\" data-widget_type=\"image.default\">\n\t\t\t\t<div class=\"elementor-widget-container\">\n\t\t\t\t\t\t\t\t\t\t\t\t\t\t\t<img loading=\"lazy\" decoding=\"async\" width=\"768\" height=\"513\" src=\"https:\/\/mairiejouy89.fr\/wp-content\/uploads\/2022\/05\/students-knowing-the-right-answer-768x513.jpg\" class=\"attachment-medium_large size-medium_large wp-image-2376\" alt=\"\" srcset=\"https:\/\/mairiejouy89.fr\/wp-content\/uploads\/2022\/05\/students-knowing-the-right-answer-768x513.jpg 768w, https:\/\/mairiejouy89.fr\/wp-content\/uploads\/2022\/05\/students-knowing-the-right-answer-300x200.jpg 300w, https:\/\/mairiejouy89.fr\/wp-content\/uploads\/2022\/05\/students-knowing-the-right-answer-1024x683.jpg 1024w, https:\/\/mairiejouy89.fr\/wp-content\/uploads\/2022\/05\/students-knowing-the-right-answer-1536x1025.jpg 1536w, https:\/\/mairiejouy89.fr\/wp-content\/uploads\/2022\/05\/students-knowing-the-right-answer-2048x1367.jpg 2048w\" sizes=\"(max-width: 768px) 100vw, 768px\" \/>\t\t\t\t\t\t\t\t\t\t\t\t\t\t\t<\/div>\n\t\t\t\t<\/div>\n\t\t\t\t<div class=\"elementor-element elementor-element-1552b7b elementor-widget elementor-widget-text-editor\" data-id=\"1552b7b\" data-element_type=\"widget\" data-e-type=\"widget\" data-widget_type=\"text-editor.default\">\n\t\t\t\t<div class=\"elementor-widget-container\">\n\t\t\t\t\t\t\t\t\t<p>Notre \u00e9cole accueille 49 \u00e9l\u00e8ves encadr\u00e9s par 3 enseignants et 1 ATSEM.<\/p><p>Ann\u00e9e scolaire 2024\/2025<\/p><ul><li>Madame Chalmeau &#8211; 20 \u00e9l\u00e8ves<ul><li>Petite section : 05<\/li><li>Moyenne section : 04<\/li><li>Grande section : 11<\/li><\/ul><\/li><li>Monsieur Sirugue (Directeur<\/li><li>Madame CHEVENAUT &#8211;<\/li><li>Madame PETITPAS (ATSEM)<\/li><\/ul><p>La municipalit\u00e9 a d\u00e9cid\u00e9 de poursuivre les actions d\u00e9j\u00e0 en place telles que\u00a0:<\/p><ul><li>La restauration scolaire (encadr\u00e9e par <em><u>Mme CARIOU<\/u><\/em>),<\/li><li>Une subvention pour les sorties,<\/li><li>Un budget pour les fournitures et le mat\u00e9riel scolaire,<\/li><li>Le financement des sorties piscine,<\/li><li>Cadeau de fin d\u2019ann\u00e9e scolaire,<\/li><li>Un spectacle de No\u00ebl ainsi que des jouets sont offerts par la commune \u00e0 tous les enfants jusqu\u2019au CM2.<\/li><\/ul>\t\t\t\t\t\t\t\t<\/div>\n\t\t\t\t<\/div>\n\t\t\t\t\t<\/div>\n\t\t<\/div>\n\t\t\t\t<div class=\"elementor-column elementor-col-20 elementor-top-column elementor-element elementor-element-e90895f elementor-invisible\" data-id=\"e90895f\" data-element_type=\"column\" data-e-type=\"column\" data-settings=\"{&quot;animation&quot;:&quot;zoomIn&quot;}\">\n\t\t\t<div class=\"elementor-widget-wrap elementor-element-populated\">\n\t\t\t\t\t\t<div class=\"elementor-element elementor-element-f979be1 elementor-position-inline-start elementor-view-default elementor-mobile-position-block-start elementor-widget elementor-widget-icon-box\" data-id=\"f979be1\" data-element_type=\"widget\" data-e-type=\"widget\" data-widget_type=\"icon-box.default\">\n\t\t\t\t<div class=\"elementor-widget-container\">\n\t\t\t\t\t\t\t<div class=\"elementor-icon-box-wrapper\">\n\n\t\t\t\t\t\t<div class=\"elementor-icon-box-icon\">\n\t\t\t\t<span  class=\"elementor-icon\">\n\t\t\t\t<i aria-hidden=\"true\" class=\"fab fa-gg-circle\"><\/i>\t\t\t\t<\/span>\n\t\t\t<\/div>\n\t\t\t\n\t\t\t\t\t\t<div class=\"elementor-icon-box-content\">\n\n\t\t\t\t\t\t\t\t\t<h3 class=\"elementor-icon-box-title\">\n\t\t\t\t\t\t<span  >\n\t\t\t\t\t\t\tCANTINE SCOLAIRE\t\t\t\t\t\t<\/span>\n\t\t\t\t\t<\/h3>\n\t\t\t\t\n\t\t\t\t\n\t\t\t<\/div>\n\t\t\t\n\t\t<\/div>\n\t\t\t\t\t\t<\/div>\n\t\t\t\t<\/div>\n\t\t\t\t<div class=\"elementor-element elementor-element-f23ac5c elementor-widget elementor-widget-image\" data-id=\"f23ac5c\" data-element_type=\"widget\" data-e-type=\"widget\" data-widget_type=\"image.default\">\n\t\t\t\t<div class=\"elementor-widget-container\">\n\t\t\t\t\t\t\t\t\t\t\t\t\t\t\t<img loading=\"lazy\" decoding=\"async\" width=\"768\" height=\"512\" src=\"https:\/\/mairiejouy89.fr\/wp-content\/uploads\/2024\/09\/Cantine-768x512.jpg\" class=\"attachment-medium_large size-medium_large wp-image-4355\" alt=\"\" srcset=\"https:\/\/mairiejouy89.fr\/wp-content\/uploads\/2024\/09\/Cantine-768x512.jpg 768w, https:\/\/mairiejouy89.fr\/wp-content\/uploads\/2024\/09\/Cantine-300x200.jpg 300w, https:\/\/mairiejouy89.fr\/wp-content\/uploads\/2024\/09\/Cantine-1024x682.jpg 1024w, https:\/\/mairiejouy89.fr\/wp-content\/uploads\/2024\/09\/Cantine-1536x1024.jpg 1536w, https:\/\/mairiejouy89.fr\/wp-content\/uploads\/2024\/09\/Cantine-280x187.jpg 280w, https:\/\/mairiejouy89.fr\/wp-content\/uploads\/2024\/09\/Cantine.jpg 1688w\" sizes=\"(max-width: 768px) 100vw, 768px\" \/>\t\t\t\t\t\t\t\t\t\t\t\t\t\t\t<\/div>\n\t\t\t\t<\/div>\n\t\t\t\t<div class=\"elementor-element elementor-element-1972602 elementor-widget elementor-widget-text-editor\" data-id=\"1972602\" data-element_type=\"widget\" data-e-type=\"widget\" data-widget_type=\"text-editor.default\">\n\t\t\t\t<div class=\"elementor-widget-container\">\n\t\t\t\t\t\t\t\t\t<ul><li><span style=\"color: var( --e-global-color-text ); font-family: var( --e-global-typography-text-font-family ), Sans-serif; font-size: var( --e-global-typography-text-font-size ); font-weight: var( --e-global-typography-text-font-weight );\"><strong>Pour la rentr\u00e9e scolaire 2025\/2026<\/strong>, le conseil municipal a fix\u00e9 <strong>le prix du repas \u00e0 3,60 \u20ac<\/strong>. Pour rappel, la fourniture des repas est assur\u00e9e par le SIVOS d\u2019\u00c9griselles-le-Bocage depuis 2019.<\/span><\/li><li><p class=\"msonormalsandbox\" style=\"margin-left: -21.3pt; text-align: justify; background-image: initial; background-position: initial; background-size: initial; background-repeat: initial; background-attachment: initial; background-origin: initial; background-clip: initial;\"><span style=\"font-size: 11.0pt; color: black; mso-color-alt: windowtext;\">Pour les familles souhaitant passer au pr\u00e9l\u00e8vement automatique, il suffit de<br \/>transmettre un relev\u00e9 l\u2019identit\u00e9 bancaire au secr\u00e9tariat de mairie avant le 05<br \/>de chaque mois.<\/span><\/p><p class=\"MsoNormal\" style=\"margin-left: -21.3pt; text-align: justify;\"><span style=\"font-size: 11.0pt;\">Pour rappel, <b>toute annulation de repas doit se\u00a0faire au plus tard selon le tableau suivant par l\u2019envoi d\u2019un mail\u00a0 au secr\u00e9tariat de mairie : <\/b><\/span><a href=\"mailto:mairiejouy@wanadoo.fr\"><b><span style=\"font-size: 11.0pt;\">mairiejouy@wanadoo.fr<\/span><\/b><\/a><b><span style=\"font-size: 11.0pt;\">\u00a0: <\/span><\/b><\/p><div align=\"center\"><table class=\"MsoNormalTable\" style=\"border: none;\" border=\"1\" cellspacing=\"0\" cellpadding=\"0\"><tbody><tr><td style=\"border-width: 1pt; border-color: windowtext; padding: 0cm 5.4pt;\" valign=\"top\"><p class=\"msonormalsandbox\" style=\"margin-left: -3.3pt; text-align: center;\" align=\"center\"><b><span style=\"font-size: 11.0pt;\">JOUR DE REPAS<\/span><\/b><\/p><\/td><td style=\"border-top-width: 1pt; border-right-width: 1pt; border-bottom-width: 1pt; border-top-color: windowtext; border-right-color: windowtext; border-bottom-color: windowtext; border-left: none; padding: 0cm 5.4pt;\" valign=\"top\"><p class=\"msonormalsandbox\" style=\"text-align: center;\" align=\"center\"><b><span style=\"font-size: 11.0pt;\">JOUR PR\u00c9C\u00c9DENT LIMITE POUR ANNULER<\/span><\/b><\/p><\/td><\/tr><tr><td style=\"border-right-width: 1pt; border-bottom-width: 1pt; border-left-width: 1pt; border-right-color: windowtext; border-bottom-color: windowtext; border-left-color: windowtext; border-top: none; padding: 0cm 5.4pt;\" valign=\"top\"><p class=\"msonormalsandbox\" style=\"text-align: justify;\"><span style=\"font-size: 11.0pt;\">Lundi<\/span><\/p><\/td><td style=\"border-top: none; border-left: none; border-bottom-width: 1pt; border-bottom-color: windowtext; border-right-width: 1pt; border-right-color: windowtext; padding: 0cm 5.4pt;\" valign=\"top\"><p class=\"msonormalsandbox\"><span style=\"font-size: 11.0pt;\">Annulation \u00e0 faire<br \/>le vendredi avant 8H<\/span><\/p><\/td><\/tr><tr><td style=\"border-right-width: 1pt; border-bottom-width: 1pt; border-left-width: 1pt; border-right-color: windowtext; border-bottom-color: windowtext; border-left-color: windowtext; border-top: none; padding: 0cm 5.4pt;\" valign=\"top\"><p class=\"msonormalsandbox\" style=\"text-align: justify;\"><span style=\"font-size: 11.0pt;\">Mardi<\/span><\/p><\/td><td style=\"border-top: none; border-left: none; border-bottom-width: 1pt; border-bottom-color: windowtext; border-right-width: 1pt; border-right-color: windowtext; padding: 0cm 5.4pt;\" valign=\"top\"><p class=\"msonormalsandbox\"><span style=\"font-size: 11.0pt;\">Annulation \u00e0 faire<br \/>le lundi avant 8H<\/span><\/p><\/td><\/tr><tr><td style=\"border-right-width: 1pt; border-bottom-width: 1pt; border-left-width: 1pt; border-right-color: windowtext; border-bottom-color: windowtext; border-left-color: windowtext; border-top: none; padding: 0cm 5.4pt;\" valign=\"top\"><p class=\"msonormalsandbox\" style=\"text-align: justify;\"><span style=\"font-size: 11.0pt;\">Jeudi<\/span><\/p><\/td><td style=\"border-top: none; border-left: none; border-bottom-width: 1pt; border-bottom-color: windowtext; border-right-width: 1pt; border-right-color: windowtext; padding: 0cm 5.4pt;\" valign=\"top\"><p class=\"msonormalsandbox\"><span style=\"font-size: 11.0pt;\">Annulation \u00e0 faire<br \/>le mardi avant 8H<\/span><\/p><\/td><\/tr><tr><td style=\"border-right-width: 1pt; border-bottom-width: 1pt; border-left-width: 1pt; border-right-color: windowtext; border-bottom-color: windowtext; border-left-color: windowtext; border-top: none; padding: 0cm 5.4pt;\" valign=\"top\"><p class=\"msonormalsandbox\" style=\"text-align: justify;\"><span style=\"font-size: 11.0pt;\">Vendredi<\/span><\/p><\/td><td style=\"border-top: none; border-left: none; border-bottom-width: 1pt; border-bottom-color: windowtext; border-right-width: 1pt; border-right-color: windowtext; padding: 0cm 5.4pt;\" valign=\"top\"><p class=\"msonormalsandbox\"><span style=\"font-size: 11.0pt;\">Annulation \u00e0 faire<br \/>le jeudi avant 8H<\/span><\/p><\/td><\/tr><\/tbody><\/table><\/div><\/li><\/ul>\t\t\t\t\t\t\t\t<\/div>\n\t\t\t\t<\/div>\n\t\t\t\t\t<\/div>\n\t\t<\/div>\n\t\t\t\t<div class=\"elementor-column elementor-col-20 elementor-top-column elementor-element elementor-element-bbf0ba6 elementor-invisible\" data-id=\"bbf0ba6\" data-element_type=\"column\" data-e-type=\"column\" data-settings=\"{&quot;animation&quot;:&quot;zoomIn&quot;}\">\n\t\t\t<div class=\"elementor-widget-wrap elementor-element-populated\">\n\t\t\t\t\t\t<div class=\"elementor-element elementor-element-6e89000 elementor-position-inline-start elementor-view-default elementor-mobile-position-block-start elementor-widget elementor-widget-icon-box\" data-id=\"6e89000\" data-element_type=\"widget\" data-e-type=\"widget\" data-widget_type=\"icon-box.default\">\n\t\t\t\t<div class=\"elementor-widget-container\">\n\t\t\t\t\t\t\t<div class=\"elementor-icon-box-wrapper\">\n\n\t\t\t\t\t\t<div class=\"elementor-icon-box-icon\">\n\t\t\t\t<span  class=\"elementor-icon\">\n\t\t\t\t<i aria-hidden=\"true\" class=\"fab fa-gg-circle\"><\/i>\t\t\t\t<\/span>\n\t\t\t<\/div>\n\t\t\t\n\t\t\t\t\t\t<div class=\"elementor-icon-box-content\">\n\n\t\t\t\t\t\t\t\t\t<h3 class=\"elementor-icon-box-title\">\n\t\t\t\t\t\t<span  >\n\t\t\t\t\t\t\tAccueil p\u00e9riscolaire\t\t\t\t\t\t<\/span>\n\t\t\t\t\t<\/h3>\n\t\t\t\t\n\t\t\t\t\n\t\t\t<\/div>\n\t\t\t\n\t\t<\/div>\n\t\t\t\t\t\t<\/div>\n\t\t\t\t<\/div>\n\t\t\t\t<div class=\"elementor-element elementor-element-bae3aa0 elementor-widget elementor-widget-image\" data-id=\"bae3aa0\" data-element_type=\"widget\" data-e-type=\"widget\" data-widget_type=\"image.default\">\n\t\t\t\t<div class=\"elementor-widget-container\">\n\t\t\t\t\t\t\t\t\t\t\t\t\t\t\t<img loading=\"lazy\" decoding=\"async\" width=\"268\" height=\"300\" src=\"https:\/\/mairiejouy89.fr\/wp-content\/uploads\/2022\/05\/ACCUEIL-PERISCOALIRE-1-268x300.jpg\" class=\"attachment-medium size-medium wp-image-2377\" alt=\"\" srcset=\"https:\/\/mairiejouy89.fr\/wp-content\/uploads\/2022\/05\/ACCUEIL-PERISCOALIRE-1-268x300.jpg 268w, https:\/\/mairiejouy89.fr\/wp-content\/uploads\/2022\/05\/ACCUEIL-PERISCOALIRE-1.jpg 611w\" sizes=\"(max-width: 268px) 100vw, 268px\" \/>\t\t\t\t\t\t\t\t\t\t\t\t\t\t\t<\/div>\n\t\t\t\t<\/div>\n\t\t\t\t<div class=\"elementor-element elementor-element-3d6d09d elementor-widget__width-initial elementor-widget elementor-widget-text-editor\" data-id=\"3d6d09d\" data-element_type=\"widget\" data-e-type=\"widget\" data-widget_type=\"text-editor.default\">\n\t\t\t\t<div class=\"elementor-widget-container\">\n\t\t\t\t\t\t\t\t\t<p>L&rsquo;accueil p\u00e9riscolaire ouvert depuis la rentr\u00e9e 2021\/2022 afin de faciliter la vie des parents actifs b\u00e9n\u00e9ficie d&rsquo;un bel engouement.\u00a0<\/p><p>Cet accueil est destin\u00e9 aux enfants scolaris\u00e9s \u00e0 l\u2019\u00e9cole de Jouy, de la maternelle au CM2.<\/p><p><strong>Les enfants<\/strong> sont pris en charge par <strong>Mme Sandrine CARIOU et<\/strong>\u00a0<strong>Mme<\/strong> <strong>Vanessa BARBIER<\/strong>, jovicienne et agent de la Communaut\u00e9 de Communes.<\/p><p>Les <strong>horaires<\/strong> d\u2019accueil sont de <strong>7h \u00e0 8h45<\/strong> et de <strong>16h45 \u00e0 19h<\/strong>, les jours d\u2019\u00e9cole.<\/p><p>Les <strong>tarifs<\/strong> sont \u00e9tablis en fonction du quotient familial de la CAF.<\/p><p>Un partenariat avec la Communaut\u00e9 de Communes du G\u00e2tinais en Bourgogne ayant \u00e9t\u00e9 sign\u00e9, merci de vous adresser directement \u00e0 <strong>Mme Charline DEPESME<\/strong> au\u00a0 03.86.97.71.94\u00a0 ou \u00e0 <span style=\"text-decoration: underline; color: #0000ff;\">charlinedepesme@gatinais-bourgogne.fr<\/span> pour toute information.<\/p><p>De nombreuses <strong>activit\u00e9s p\u00e9dagogiques<\/strong> sont propos\u00e9es aux enfants en fonction de la p\u00e9riode de l&rsquo;ann\u00e9e et des diff\u00e9rentes f\u00eates (Halloween, No\u00ebl, P\u00e2ques, f\u00eate des m\u00e8res, f\u00eates des p\u00e8res, \u2026). Un <strong>go\u00fbter<\/strong> est\u00a0 organis\u00e9 le vendredi avant chaque p\u00e9riode de vacances scolaires entre 17h et 19h, cela permet de partager un moment d&rsquo;\u00e9change notamment sur les r\u00e9alisations des enfants.<\/p>\t\t\t\t\t\t\t\t<\/div>\n\t\t\t\t<\/div>\n\t\t\t\t\t<\/div>\n\t\t<\/div>\n\t\t\t\t<div class=\"elementor-column elementor-col-20 elementor-top-column elementor-element elementor-element-5276cd3 elementor-invisible\" data-id=\"5276cd3\" data-element_type=\"column\" data-e-type=\"column\" data-settings=\"{&quot;animation&quot;:&quot;zoomIn&quot;}\">\n\t\t\t<div class=\"elementor-widget-wrap elementor-element-populated\">\n\t\t\t\t\t\t<div class=\"elementor-element elementor-element-5c4e849 elementor-position-inline-start elementor-view-default elementor-mobile-position-block-start elementor-widget elementor-widget-icon-box\" data-id=\"5c4e849\" data-element_type=\"widget\" data-e-type=\"widget\" data-widget_type=\"icon-box.default\">\n\t\t\t\t<div class=\"elementor-widget-container\">\n\t\t\t\t\t\t\t<div class=\"elementor-icon-box-wrapper\">\n\n\t\t\t\t\t\t<div class=\"elementor-icon-box-icon\">\n\t\t\t\t<span  class=\"elementor-icon\">\n\t\t\t\t<i aria-hidden=\"true\" class=\"fab fa-gg-circle\"><\/i>\t\t\t\t<\/span>\n\t\t\t<\/div>\n\t\t\t\n\t\t\t\t\t\t<div class=\"elementor-icon-box-content\">\n\n\t\t\t\t\t\t\t\t\t<h3 class=\"elementor-icon-box-title\">\n\t\t\t\t\t\t<span  >\n\t\t\t\t\t\t\tLes assistantes maternelles\t\t\t\t\t\t<\/span>\n\t\t\t\t\t<\/h3>\n\t\t\t\t\n\t\t\t\t\n\t\t\t<\/div>\n\t\t\t\n\t\t<\/div>\n\t\t\t\t\t\t<\/div>\n\t\t\t\t<\/div>\n\t\t\t\t<div class=\"elementor-element elementor-element-0614e3b elementor-widget elementor-widget-image\" data-id=\"0614e3b\" data-element_type=\"widget\" data-e-type=\"widget\" data-widget_type=\"image.default\">\n\t\t\t\t<div class=\"elementor-widget-container\">\n\t\t\t\t\t\t\t\t\t\t\t\t\t\t\t<img loading=\"lazy\" decoding=\"async\" width=\"800\" height=\"572\" src=\"https:\/\/mairiejouy89.fr\/wp-content\/uploads\/2022\/06\/assmat.jpg\" class=\"attachment-large size-large wp-image-3077\" alt=\"\" srcset=\"https:\/\/mairiejouy89.fr\/wp-content\/uploads\/2022\/06\/assmat.jpg 956w, https:\/\/mairiejouy89.fr\/wp-content\/uploads\/2022\/06\/assmat-300x215.jpg 300w, https:\/\/mairiejouy89.fr\/wp-content\/uploads\/2022\/06\/assmat-768x549.jpg 768w, https:\/\/mairiejouy89.fr\/wp-content\/uploads\/2022\/06\/assmat-280x200.jpg 280w\" sizes=\"(max-width: 800px) 100vw, 800px\" \/>\t\t\t\t\t\t\t\t\t\t\t\t\t\t\t<\/div>\n\t\t\t\t<\/div>\n\t\t\t\t<div class=\"elementor-element elementor-element-fb8768f elementor-widget elementor-widget-text-editor\" data-id=\"fb8768f\" data-element_type=\"widget\" data-e-type=\"widget\" data-widget_type=\"text-editor.default\">\n\t\t\t\t<div class=\"elementor-widget-container\">\n\t\t\t\t\t\t\t\t\t<p>Voici la liste des assistantes maternelles qui accueillent \u00e0 Jouy :<\/p><ul><li><span style=\"color: #3366ff;\"><strong>DE J\u00c9SUS \u00c9lisabeth<br \/><\/strong><\/span>57 rue du Chemin de c\u00e9sar<br \/>89150 Jouy<br \/>T\u00e9l : 03 86 95 92 41<br \/>Port : 06 66 64 93 26<br \/><u>de.jesus.elisabeth@orange.fr<br \/><\/u>Agr\u00e9ment maternel<br \/>Capacit\u00e9 d\u2019accueil : 3 Maternel(le)<\/li><li><strong><span style=\"color: #3366ff;\">FAURE B\u00e9atrice<br \/><\/span><\/strong>25 route de Bazoches<br \/>89150 Jouy<br \/>T\u00e9l : 03 86 97 79 92<br \/>Agr\u00e9ment maternel<br \/>Capacit\u00e9 d\u2019accueil : 6 Maternel(le)<\/li><li><span style=\"color: #3366ff;\"><strong>SUARD Delphine<br \/><\/strong><\/span>11 les poissons<br \/>89150 jouy<br \/>T\u00e9l :06 73 54 71 54<br \/><u>math8901@hotmail.fr <\/u>Capacit\u00e9 d\u2019accueil : 4<\/li><\/ul>\t\t\t\t\t\t\t\t<\/div>\n\t\t\t\t<\/div>\n\t\t\t\t\t<\/div>\n\t\t<\/div>\n\t\t\t\t<div class=\"elementor-column elementor-col-20 elementor-top-column elementor-element elementor-element-0a445f1 elementor-invisible\" data-id=\"0a445f1\" data-element_type=\"column\" data-e-type=\"column\" data-settings=\"{&quot;animation&quot;:&quot;zoomIn&quot;}\">\n\t\t\t<div class=\"elementor-widget-wrap elementor-element-populated\">\n\t\t\t\t\t\t<div class=\"elementor-element elementor-element-e359422 elementor-position-inline-start elementor-view-default elementor-mobile-position-block-start elementor-widget elementor-widget-icon-box\" data-id=\"e359422\" data-element_type=\"widget\" data-e-type=\"widget\" data-widget_type=\"icon-box.default\">\n\t\t\t\t<div class=\"elementor-widget-container\">\n\t\t\t\t\t\t\t<div class=\"elementor-icon-box-wrapper\">\n\n\t\t\t\t\t\t<div class=\"elementor-icon-box-icon\">\n\t\t\t\t<span  class=\"elementor-icon\">\n\t\t\t\t<i aria-hidden=\"true\" class=\"fab fa-gg-circle\"><\/i>\t\t\t\t<\/span>\n\t\t\t<\/div>\n\t\t\t\n\t\t\t\t\t\t<div class=\"elementor-icon-box-content\">\n\n\t\t\t\t\t\t\t\t\t<h3 class=\"elementor-icon-box-title\">\n\t\t\t\t\t\t<span  >\n\t\t\t\t\t\t\tLe coin des enfants\t\t\t\t\t\t<\/span>\n\t\t\t\t\t<\/h3>\n\t\t\t\t\n\t\t\t\t\n\t\t\t<\/div>\n\t\t\t\n\t\t<\/div>\n\t\t\t\t\t\t<\/div>\n\t\t\t\t<\/div>\n\t\t\t\t<div class=\"elementor-element elementor-element-d101d79 elementor-skin-carousel elementor-arrows-yes elementor-pagination-type-bullets elementor-pagination-position-outside elementor-widget elementor-widget-media-carousel\" data-id=\"d101d79\" data-element_type=\"widget\" data-e-type=\"widget\" data-settings=\"{&quot;slides_per_view&quot;:&quot;1&quot;,&quot;skin&quot;:&quot;carousel&quot;,&quot;effect&quot;:&quot;slide&quot;,&quot;show_arrows&quot;:&quot;yes&quot;,&quot;pagination&quot;:&quot;bullets&quot;,&quot;speed&quot;:500,&quot;autoplay&quot;:&quot;yes&quot;,&quot;autoplay_speed&quot;:5000,&quot;loop&quot;:&quot;yes&quot;,&quot;pause_on_hover&quot;:&quot;yes&quot;,&quot;pause_on_interaction&quot;:&quot;yes&quot;,&quot;space_between&quot;:{&quot;unit&quot;:&quot;px&quot;,&quot;size&quot;:10,&quot;sizes&quot;:[]},&quot;space_between_tablet&quot;:{&quot;unit&quot;:&quot;px&quot;,&quot;size&quot;:10,&quot;sizes&quot;:[]},&quot;space_between_mobile&quot;:{&quot;unit&quot;:&quot;px&quot;,&quot;size&quot;:10,&quot;sizes&quot;:[]}}\" data-widget_type=\"media-carousel.default\">\n\t\t\t\t<div class=\"elementor-widget-container\">\n\t\t\t\t\t\t\t<div class=\"elementor-swiper\">\n\t\t\t<div class=\"elementor-main-swiper swiper-container\">\n\t\t\t\t<div class=\"swiper-wrapper\">\n\t\t\t\t\t\t\t\t\t\t\t<div class=\"swiper-slide\">\n\t\t\t\t\t\t\t\t\t<div class=\"elementor-carousel-image\" style=\"background-image: url(&#039;https:\/\/mairiejouy89.fr\/wp-content\/uploads\/2022\/05\/Image1.jpg&#039;)\">\n\n\t\t\t\n\t\t\t\t\t<\/div>\n\t\t\t\t\t\t\t\t<\/div>\n\t\t\t\t\t\t\t\t\t\t\t<div class=\"swiper-slide\">\n\t\t\t\t\t\t\t\t\t<div class=\"elementor-carousel-image\" style=\"background-image: url(&#039;https:\/\/mairiejouy89.fr\/wp-content\/uploads\/2022\/05\/Image3.jpg&#039;)\">\n\n\t\t\t\n\t\t\t\t\t<\/div>\n\t\t\t\t\t\t\t\t<\/div>\n\t\t\t\t\t\t\t\t\t\t\t<div class=\"swiper-slide\">\n\t\t\t\t\t\t\t\t\t<div class=\"elementor-carousel-image\" style=\"background-image: url(&#039;https:\/\/mairiejouy89.fr\/wp-content\/uploads\/2022\/05\/Image4.jpg&#039;)\">\n\n\t\t\t\n\t\t\t\t\t<\/div>\n\t\t\t\t\t\t\t\t<\/div>\n\t\t\t\t\t\t\t\t\t<\/div>\n\t\t\t\t\t\t\t\t\t\t\t\t\t\t\t<div class=\"swiper-pagination\"><\/div>\n\t\t\t\t\t\t\t\t\t\t\t\t\t\t\t\t<div class=\"elementor-swiper-button elementor-swiper-button-prev\">\n\t\t\t\t\t\t\t<i aria-hidden=\"true\" class=\"eicon-chevron-left\"><\/i>\t\t\t\t\t\t\t<span class=\"elementor-screen-only\">Pr\u00e9c\u00e9dent<\/span>\n\t\t\t\t\t\t<\/div>\n\t\t\t\t\t\t<div class=\"elementor-swiper-button elementor-swiper-button-next\">\n\t\t\t\t\t\t\t<i aria-hidden=\"true\" class=\"eicon-chevron-right\"><\/i>\t\t\t\t\t\t\t<span class=\"elementor-screen-only\">Suivant<\/span>\n\t\t\t\t\t\t<\/div>\n\t\t\t\t\t\t\t\t\t\t\t\t<\/div>\n\t\t<\/div>\n\t\t\t\t\t\t<\/div>\n\t\t\t\t<\/div>\n\t\t\t\t<div class=\"elementor-element elementor-element-c9e961f elementor-widget elementor-widget-text-editor\" data-id=\"c9e961f\" data-element_type=\"widget\" data-e-type=\"widget\" data-widget_type=\"text-editor.default\">\n\t\t\t\t<div class=\"elementor-widget-container\">\n\t\t\t\t\t\t\t\t\t<p>Des am\u00e9nagements sont accessibles sur le stade Andr\u00e9 SENOBLE, actuellement en dehors des heures d\u2019ouverture de l\u2019\u00e9cole\u00a0:<\/p><ul><li>Aire de jeu,<\/li><li>City Park,<\/li><li>Terrain de football.<\/li><\/ul>\t\t\t\t\t\t\t\t<\/div>\n\t\t\t\t<\/div>\n\t\t\t\t\t<\/div>\n\t\t<\/div>\n\t\t\t\t\t<\/div>\n\t\t<\/section>\n\t\t\t\t<section class=\"elementor-section elementor-top-section elementor-element elementor-element-2887678 elementor-section-boxed elementor-section-height-default elementor-section-height-default\" data-id=\"2887678\" data-element_type=\"section\" data-e-type=\"section\" data-settings=\"{&quot;animation&quot;:&quot;none&quot;}\">\n\t\t\t\t\t\t<div class=\"elementor-container elementor-column-gap-default\">\n\t\t\t\t\t<div class=\"elementor-column elementor-col-100 elementor-top-column elementor-element elementor-element-94f620e\" data-id=\"94f620e\" data-element_type=\"column\" data-e-type=\"column\">\n\t\t\t<div class=\"elementor-widget-wrap elementor-element-populated\">\n\t\t\t\t\t\t<div class=\"elementor-element elementor-element-43351b9 elementor-widget elementor-widget-menu-anchor\" data-id=\"43351b9\" data-element_type=\"widget\" data-e-type=\"widget\" id=\"Vielocale\" data-widget_type=\"menu-anchor.default\">\n\t\t\t\t<div class=\"elementor-widget-container\">\n\t\t\t\t\t\t\t<div class=\"elementor-menu-anchor\" id=\"Vielocale\"><\/div>\n\t\t\t\t\t\t<\/div>\n\t\t\t\t<\/div>\n\t\t\t\t<div class=\"elementor-element elementor-element-d439b00 elementor-widget elementor-widget-menu-anchor\" data-id=\"d439b00\" data-element_type=\"widget\" data-e-type=\"widget\" id=\"Services\" data-widget_type=\"menu-anchor.default\">\n\t\t\t\t<div class=\"elementor-widget-container\">\n\t\t\t\t\t\t\t<div class=\"elementor-menu-anchor\" id=\"Services\"><\/div>\n\t\t\t\t\t\t<\/div>\n\t\t\t\t<\/div>\n\t\t\t\t<div class=\"elementor-element elementor-element-23c2013 elementor-widget-divider--view-line_text elementor-widget-divider--element-align-center elementor-widget elementor-widget-divider\" data-id=\"23c2013\" data-element_type=\"widget\" data-e-type=\"widget\" data-widget_type=\"divider.default\">\n\t\t\t\t<div class=\"elementor-widget-container\">\n\t\t\t\t\t\t\t<div class=\"elementor-divider\">\n\t\t\t<span class=\"elementor-divider-separator\">\n\t\t\t\t\t\t\t<span class=\"elementor-divider__text elementor-divider__element\">\n\t\t\t\t* * *\t\t\t\t<\/span>\n\t\t\t\t\t\t<\/span>\n\t\t<\/div>\n\t\t\t\t\t\t<\/div>\n\t\t\t\t<\/div>\n\t\t\t\t<div class=\"elementor-element elementor-element-5359e5d elementor-widget elementor-widget-heading\" data-id=\"5359e5d\" data-element_type=\"widget\" data-e-type=\"widget\" data-widget_type=\"heading.default\">\n\t\t\t\t<div class=\"elementor-widget-container\">\n\t\t\t\t\t<h1 class=\"elementor-heading-title elementor-size-default\">Vie locale<\/h1>\t\t\t\t<\/div>\n\t\t\t\t<\/div>\n\t\t\t\t\t<\/div>\n\t\t<\/div>\n\t\t\t\t\t<\/div>\n\t\t<\/section>\n\t\t\t\t<section class=\"elementor-section elementor-top-section elementor-element elementor-element-0b43810 elementor-section-boxed elementor-section-height-default elementor-section-height-default\" data-id=\"0b43810\" data-element_type=\"section\" data-e-type=\"section\" data-settings=\"{&quot;animation&quot;:&quot;none&quot;}\">\n\t\t\t\t\t\t<div class=\"elementor-container elementor-column-gap-default\">\n\t\t\t\t\t<div class=\"elementor-column elementor-col-100 elementor-top-column elementor-element elementor-element-d4230b7\" data-id=\"d4230b7\" data-element_type=\"column\" data-e-type=\"column\">\n\t\t\t<div class=\"elementor-widget-wrap elementor-element-populated\">\n\t\t\t\t\t\t<div class=\"elementor-element elementor-element-9908e7f elementor-position-inline-start elementor-view-default elementor-mobile-position-block-start elementor-widget elementor-widget-icon-box\" data-id=\"9908e7f\" data-element_type=\"widget\" data-e-type=\"widget\" data-widget_type=\"icon-box.default\">\n\t\t\t\t<div class=\"elementor-widget-container\">\n\t\t\t\t\t\t\t<div class=\"elementor-icon-box-wrapper\">\n\n\t\t\t\t\t\t<div class=\"elementor-icon-box-icon\">\n\t\t\t\t<span  class=\"elementor-icon\">\n\t\t\t\t<i aria-hidden=\"true\" class=\"fas fa-dice-d20\"><\/i>\t\t\t\t<\/span>\n\t\t\t<\/div>\n\t\t\t\n\t\t\t\t\t\t<div class=\"elementor-icon-box-content\">\n\n\t\t\t\t\t\t\t\t\t<h3 class=\"elementor-icon-box-title\">\n\t\t\t\t\t\t<span  >\n\t\t\t\t\t\t\tNos services\t\t\t\t\t\t<\/span>\n\t\t\t\t\t<\/h3>\n\t\t\t\t\n\t\t\t\t\n\t\t\t<\/div>\n\t\t\t\n\t\t<\/div>\n\t\t\t\t\t\t<\/div>\n\t\t\t\t<\/div>\n\t\t\t\t\t<\/div>\n\t\t<\/div>\n\t\t\t\t\t<\/div>\n\t\t<\/section>\n\t\t\t\t<section class=\"elementor-section elementor-top-section elementor-element elementor-element-157f7a3 elementor-section-boxed elementor-section-height-default elementor-section-height-default\" data-id=\"157f7a3\" data-element_type=\"section\" data-e-type=\"section\" data-settings=\"{&quot;animation&quot;:&quot;none&quot;}\">\n\t\t\t\t\t\t<div class=\"elementor-container elementor-column-gap-default\">\n\t\t\t\t\t<div class=\"elementor-column elementor-col-25 elementor-top-column elementor-element elementor-element-ca44934 elementor-invisible\" data-id=\"ca44934\" data-element_type=\"column\" data-e-type=\"column\" data-settings=\"{&quot;animation&quot;:&quot;zoomIn&quot;}\">\n\t\t\t<div class=\"elementor-widget-wrap elementor-element-populated\">\n\t\t\t\t\t\t<div class=\"elementor-element elementor-element-5134cd1 elementor-widget elementor-widget-heading\" data-id=\"5134cd1\" data-element_type=\"widget\" data-e-type=\"widget\" data-widget_type=\"heading.default\">\n\t\t\t\t<div class=\"elementor-widget-container\">\n\t\t\t\t\t<h1 class=\"elementor-heading-title elementor-size-default\">Notre agence postale<\/h1>\t\t\t\t<\/div>\n\t\t\t\t<\/div>\n\t\t\t\t<div class=\"elementor-element elementor-element-e4eaaef elementor-widget elementor-widget-image\" data-id=\"e4eaaef\" data-element_type=\"widget\" data-e-type=\"widget\" data-widget_type=\"image.default\">\n\t\t\t\t<div class=\"elementor-widget-container\">\n\t\t\t\t\t\t\t\t\t\t\t\t\t\t\t<img loading=\"lazy\" decoding=\"async\" width=\"450\" height=\"250\" src=\"https:\/\/mairiejouy89.fr\/wp-content\/uploads\/2022\/05\/logo-agence-postale-communale.jpg\" class=\"attachment-large size-large wp-image-2395\" alt=\"\" srcset=\"https:\/\/mairiejouy89.fr\/wp-content\/uploads\/2022\/05\/logo-agence-postale-communale.jpg 450w, https:\/\/mairiejouy89.fr\/wp-content\/uploads\/2022\/05\/logo-agence-postale-communale-300x167.jpg 300w\" sizes=\"(max-width: 450px) 100vw, 450px\" \/>\t\t\t\t\t\t\t\t\t\t\t\t\t\t\t<\/div>\n\t\t\t\t<\/div>\n\t\t\t\t<div class=\"elementor-element elementor-element-028ed76 elementor-widget elementor-widget-text-editor\" data-id=\"028ed76\" data-element_type=\"widget\" data-e-type=\"widget\" data-widget_type=\"text-editor.default\">\n\t\t\t\t<div class=\"elementor-widget-container\">\n\t\t\t\t\t\t\t\t\t<p>Notre <strong>Agence Postale<\/strong> est ouverte tous les matins du lundi au samedi inclus de 9h \u00e0 12h.\u00a0\u00a0\u00a0\u00a0\u00a0\u00a0\u00a0\u00a0\u00a0<\/p><p>La lev\u00e9e du courrier s\u2019effectue du lundi au vendredi \u00e0 16h et le samedi \u00e0 9h.<\/p>\t\t\t\t\t\t\t\t<\/div>\n\t\t\t\t<\/div>\n\t\t\t\t<div class=\"elementor-element elementor-element-0bd66bd elementor-widget-divider--view-line elementor-widget elementor-widget-divider\" data-id=\"0bd66bd\" data-element_type=\"widget\" data-e-type=\"widget\" data-widget_type=\"divider.default\">\n\t\t\t\t<div class=\"elementor-widget-container\">\n\t\t\t\t\t\t\t<div class=\"elementor-divider\">\n\t\t\t<span class=\"elementor-divider-separator\">\n\t\t\t\t\t\t<\/span>\n\t\t<\/div>\n\t\t\t\t\t\t<\/div>\n\t\t\t\t<\/div>\n\t\t\t\t<div class=\"elementor-element elementor-element-4534fc9 elementor-widget elementor-widget-heading\" data-id=\"4534fc9\" data-element_type=\"widget\" data-e-type=\"widget\" data-widget_type=\"heading.default\">\n\t\t\t\t<div class=\"elementor-widget-container\">\n\t\t\t\t\t<h1 class=\"elementor-heading-title elementor-size-default\">Commande group\u00e9e<\/h1>\t\t\t\t<\/div>\n\t\t\t\t<\/div>\n\t\t\t\t<div class=\"elementor-element elementor-element-1e6642a elementor-widget elementor-widget-image\" data-id=\"1e6642a\" data-element_type=\"widget\" data-e-type=\"widget\" data-widget_type=\"image.default\">\n\t\t\t\t<div class=\"elementor-widget-container\">\n\t\t\t\t\t\t\t\t\t\t\t\t\t\t\t<img loading=\"lazy\" decoding=\"async\" width=\"800\" height=\"478\" src=\"https:\/\/mairiejouy89.fr\/wp-content\/uploads\/2022\/05\/FIOUL.jpg\" class=\"attachment-large size-large wp-image-2384\" alt=\"\" srcset=\"https:\/\/mairiejouy89.fr\/wp-content\/uploads\/2022\/05\/FIOUL.jpg 907w, https:\/\/mairiejouy89.fr\/wp-content\/uploads\/2022\/05\/FIOUL-300x179.jpg 300w, https:\/\/mairiejouy89.fr\/wp-content\/uploads\/2022\/05\/FIOUL-768x459.jpg 768w\" sizes=\"(max-width: 800px) 100vw, 800px\" \/>\t\t\t\t\t\t\t\t\t\t\t\t\t\t\t<\/div>\n\t\t\t\t<\/div>\n\t\t\t\t<div class=\"elementor-element elementor-element-5a6e080 elementor-widget elementor-widget-text-editor\" data-id=\"5a6e080\" data-element_type=\"widget\" data-e-type=\"widget\" data-widget_type=\"text-editor.default\">\n\t\t\t\t<div class=\"elementor-widget-container\">\n\t\t\t\t\t\t\t\t\t<p>Une commande group\u00e9e de <strong>fioul <\/strong>est organis\u00e9e deux fois par an \u00a0(<strong>Janvier et Juin<\/strong>), la mairie vous informera le moment venu.<\/p><p>Si vous \u00eates int\u00e9ress\u00e9s, n\u2019h\u00e9sitez pas \u00e0 vous inscrire \u00e0 la mairie.<\/p>\t\t\t\t\t\t\t\t<\/div>\n\t\t\t\t<\/div>\n\t\t\t\t\t<\/div>\n\t\t<\/div>\n\t\t\t\t<div class=\"elementor-column elementor-col-25 elementor-top-column elementor-element elementor-element-2ccd2cd elementor-invisible\" data-id=\"2ccd2cd\" data-element_type=\"column\" data-e-type=\"column\" data-settings=\"{&quot;animation&quot;:&quot;zoomIn&quot;}\">\n\t\t\t<div class=\"elementor-widget-wrap elementor-element-populated\">\n\t\t\t\t\t\t<div class=\"elementor-element elementor-element-ac6cc7b elementor-widget elementor-widget-heading\" data-id=\"ac6cc7b\" data-element_type=\"widget\" data-e-type=\"widget\" data-widget_type=\"heading.default\">\n\t\t\t\t<div class=\"elementor-widget-container\">\n\t\t\t\t\t<h1 class=\"elementor-heading-title elementor-size-default\">Salle des f\u00eates<\/h1>\t\t\t\t<\/div>\n\t\t\t\t<\/div>\n\t\t\t\t<div class=\"elementor-element elementor-element-ed1111c elementor-widget elementor-widget-text-editor\" data-id=\"ed1111c\" data-element_type=\"widget\" data-e-type=\"widget\" data-widget_type=\"text-editor.default\">\n\t\t\t\t<div class=\"elementor-widget-container\">\n\t\t\t\t\t\t\t\t\t<p>La municipalit\u00e9 dispose d\u2019une <strong>salle des f\u00eates<\/strong>, d\u2019une capacit\u00e9 de <strong>75<\/strong> personnes, r\u00e9serv\u00e9e uniquement \u00e0 l\u2019usage des joviciens.<\/p><p><strong><em><u>Tarifs\u00a0:<\/u><\/em><\/strong>\u00a0<\/p><ul><li>Week-end\u00a0\u00a0\u00a0\u00a0\u00a0\u00a0\u00a0\u00a0 170,00 \u20ac<\/li><li>Vin d\u2019honneur\u00a0\u00a0 \u00a0 85,00 \u20ac\u00a0\u00a0\u00a0\u00a0<\/li><\/ul><p>Une caution de 500,00 \u20ac est demand\u00e9e ainsi qu\u2019une attestation d\u2019assurance.<\/p><p>Pour tous renseignements et r\u00e9servations, veuillez contacter <strong>Mme Sandrine CARIOU<\/strong> au 07.86.18.84.01<\/p>\t\t\t\t\t\t\t\t<\/div>\n\t\t\t\t<\/div>\n\t\t\t\t\t<\/div>\n\t\t<\/div>\n\t\t\t\t<div class=\"elementor-column elementor-col-25 elementor-top-column elementor-element elementor-element-000eee9 elementor-invisible\" data-id=\"000eee9\" data-element_type=\"column\" data-e-type=\"column\" data-settings=\"{&quot;animation&quot;:&quot;zoomIn&quot;}\">\n\t\t\t<div class=\"elementor-widget-wrap elementor-element-populated\">\n\t\t\t\t\t\t<div class=\"elementor-element elementor-element-cf7de84 elementor-widget elementor-widget-heading\" data-id=\"cf7de84\" data-element_type=\"widget\" data-e-type=\"widget\" data-widget_type=\"heading.default\">\n\t\t\t\t<div class=\"elementor-widget-container\">\n\t\t\t\t\t<h1 class=\"elementor-heading-title elementor-size-default\">Nos sapeurs-pompiers<\/h1>\t\t\t\t<\/div>\n\t\t\t\t<\/div>\n\t\t\t\t<div class=\"elementor-element elementor-element-6f2ed94 elementor-skin-carousel elementor-arrows-yes elementor-pagination-type-bullets elementor-pagination-position-outside elementor-widget elementor-widget-media-carousel\" data-id=\"6f2ed94\" data-element_type=\"widget\" data-e-type=\"widget\" data-settings=\"{&quot;slides_per_view&quot;:&quot;1&quot;,&quot;skin&quot;:&quot;carousel&quot;,&quot;effect&quot;:&quot;slide&quot;,&quot;show_arrows&quot;:&quot;yes&quot;,&quot;pagination&quot;:&quot;bullets&quot;,&quot;speed&quot;:500,&quot;autoplay&quot;:&quot;yes&quot;,&quot;autoplay_speed&quot;:5000,&quot;loop&quot;:&quot;yes&quot;,&quot;pause_on_hover&quot;:&quot;yes&quot;,&quot;pause_on_interaction&quot;:&quot;yes&quot;,&quot;space_between&quot;:{&quot;unit&quot;:&quot;px&quot;,&quot;size&quot;:10,&quot;sizes&quot;:[]},&quot;space_between_tablet&quot;:{&quot;unit&quot;:&quot;px&quot;,&quot;size&quot;:10,&quot;sizes&quot;:[]},&quot;space_between_mobile&quot;:{&quot;unit&quot;:&quot;px&quot;,&quot;size&quot;:10,&quot;sizes&quot;:[]}}\" data-widget_type=\"media-carousel.default\">\n\t\t\t\t<div class=\"elementor-widget-container\">\n\t\t\t\t\t\t\t<div class=\"elementor-swiper\">\n\t\t\t<div class=\"elementor-main-swiper swiper-container\">\n\t\t\t\t<div class=\"swiper-wrapper\">\n\t\t\t\t\t\t\t\t\t\t\t<div class=\"swiper-slide\">\n\t\t\t\t\t\t\t\t\t<div class=\"elementor-carousel-image\" style=\"background-image: url(&#039;https:\/\/mairiejouy89.fr\/wp-content\/uploads\/2022\/05\/sapeur3.jpg&#039;)\">\n\n\t\t\t\n\t\t\t\t\t<\/div>\n\t\t\t\t\t\t\t\t<\/div>\n\t\t\t\t\t\t\t\t\t\t\t<div class=\"swiper-slide\">\n\t\t\t\t\t\t\t\t\t<div class=\"elementor-carousel-image\" style=\"background-image: url(&#039;https:\/\/mairiejouy89.fr\/wp-content\/uploads\/2022\/05\/sapeur2.jpg&#039;)\">\n\n\t\t\t\n\t\t\t\t\t<\/div>\n\t\t\t\t\t\t\t\t<\/div>\n\t\t\t\t\t\t\t\t\t\t\t<div class=\"swiper-slide\">\n\t\t\t\t\t\t\t\t\t<div class=\"elementor-carousel-image\" style=\"background-image: url(&#039;https:\/\/mairiejouy89.fr\/wp-content\/uploads\/2022\/05\/sapeur1.jpg&#039;)\">\n\n\t\t\t\n\t\t\t\t\t<\/div>\n\t\t\t\t\t\t\t\t<\/div>\n\t\t\t\t\t\t\t\t\t<\/div>\n\t\t\t\t\t\t\t\t\t\t\t\t\t\t\t<div class=\"swiper-pagination\"><\/div>\n\t\t\t\t\t\t\t\t\t\t\t\t\t\t\t\t<div class=\"elementor-swiper-button elementor-swiper-button-prev\">\n\t\t\t\t\t\t\t<i aria-hidden=\"true\" class=\"eicon-chevron-left\"><\/i>\t\t\t\t\t\t\t<span class=\"elementor-screen-only\">Pr\u00e9c\u00e9dent<\/span>\n\t\t\t\t\t\t<\/div>\n\t\t\t\t\t\t<div class=\"elementor-swiper-button elementor-swiper-button-next\">\n\t\t\t\t\t\t\t<i aria-hidden=\"true\" class=\"eicon-chevron-right\"><\/i>\t\t\t\t\t\t\t<span class=\"elementor-screen-only\">Suivant<\/span>\n\t\t\t\t\t\t<\/div>\n\t\t\t\t\t\t\t\t\t\t\t\t<\/div>\n\t\t<\/div>\n\t\t\t\t\t\t<\/div>\n\t\t\t\t<\/div>\n\t\t\t\t<div class=\"elementor-element elementor-element-ad1aae1 elementor-widget elementor-widget-text-editor\" data-id=\"ad1aae1\" data-element_type=\"widget\" data-e-type=\"widget\" data-widget_type=\"text-editor.default\">\n\t\t\t\t<div class=\"elementor-widget-container\">\n\t\t\t\t\t\t\t\t\t<p>L\u2019effectif, \u00e0 ce jour, est de 11 sapeurs-pompiers volontaires sous le commandement du <strong>Sergent-Chef Beno\u00eet RAVEREAU<\/strong>. Apr\u00e8s 3 d\u00e9missions en cours d\u2019ann\u00e9e, 3 nouvelles recrues rejoindront l\u2019\u00e9quipe en janvier 2022, r\u00e9tablissant l\u2019effectif d\u2019origine de 14 SPV.<\/p><p>Depuis 2020, suite \u00e0 la sollicitation du SDIS89, la couverture op\u00e9rationnelle de notre CPI (Centre de Premi\u00e8re Intervention) a \u00e9t\u00e9 \u00e9tendue au secteur de Montacher-Villegardin.<\/p><p>Par ailleurs, depuis 2015, gr\u00e2ce \u00e0 son porteur d\u2019eau grande capacit\u00e9, notre CPI peut \u00eatre amen\u00e9, sur ordre du SDIS89, \u00e0 intervenir sur d\u2019autres secteurs lors d\u2019incendies.<\/p><p>Le conseil municipal a d\u00e9cid\u00e9 de maintenir la mission de destruction de nids d\u2019hym\u00e9nopt\u00e8res par notre CPI. Merci de contacter le Sergent-Chef, Beno\u00eet RAVEREAU au 06.82.67.27.38 en cas de besoin.<\/p>\t\t\t\t\t\t\t\t<\/div>\n\t\t\t\t<\/div>\n\t\t\t\t\t<\/div>\n\t\t<\/div>\n\t\t\t\t<div class=\"elementor-column elementor-col-25 elementor-top-column elementor-element elementor-element-e7fa2e4 elementor-invisible\" data-id=\"e7fa2e4\" data-element_type=\"column\" data-e-type=\"column\" data-settings=\"{&quot;animation&quot;:&quot;zoomIn&quot;}\">\n\t\t\t<div class=\"elementor-widget-wrap elementor-element-populated\">\n\t\t\t\t\t\t<div class=\"elementor-element elementor-element-b04291f elementor-widget elementor-widget-heading\" data-id=\"b04291f\" data-element_type=\"widget\" data-e-type=\"widget\" data-widget_type=\"heading.default\">\n\t\t\t\t<div class=\"elementor-widget-container\">\n\t\t\t\t\t<h1 class=\"elementor-heading-title elementor-size-default\">Le \"Bien vieillir\"<\/h1>\t\t\t\t<\/div>\n\t\t\t\t<\/div>\n\t\t\t\t<div class=\"elementor-element elementor-element-d971991 elementor-widget elementor-widget-image\" data-id=\"d971991\" data-element_type=\"widget\" data-e-type=\"widget\" data-widget_type=\"image.default\">\n\t\t\t\t<div class=\"elementor-widget-container\">\n\t\t\t\t\t\t\t\t\t\t\t\t\t\t\t<img loading=\"lazy\" decoding=\"async\" width=\"300\" height=\"297\" src=\"https:\/\/mairiejouy89.fr\/wp-content\/uploads\/2022\/05\/cropped-logopresentation.png\" class=\"attachment-large size-large wp-image-2385\" alt=\"\" srcset=\"https:\/\/mairiejouy89.fr\/wp-content\/uploads\/2022\/05\/cropped-logopresentation.png 300w, https:\/\/mairiejouy89.fr\/wp-content\/uploads\/2022\/05\/cropped-logopresentation-150x150.png 150w\" sizes=\"(max-width: 300px) 100vw, 300px\" \/>\t\t\t\t\t\t\t\t\t\t\t\t\t\t\t<\/div>\n\t\t\t\t<\/div>\n\t\t\t\t<div class=\"elementor-element elementor-element-e69d671 elementor-widget elementor-widget-text-editor\" data-id=\"e69d671\" data-element_type=\"widget\" data-e-type=\"widget\" data-widget_type=\"text-editor.default\">\n\t\t\t\t<div class=\"elementor-widget-container\">\n\t\t\t\t\t\t\t\t\t<p>Cette ann\u00e9e 2021 a \u00e9t\u00e9 difficile pour tous, notamment pour nos habitants les plus fragiles, aussi la mise en place rapide de leur vaccination, organis\u00e9e par la communaut\u00e9 de commune, a \u00e9t\u00e9 pour nous une priorit\u00e9.<\/p><p>Durant l\u2019ann\u00e9e, les diff\u00e9rentes actions telles que la distribution, pour <strong>les 70 ans et plus<\/strong>,\u00a0 des colis de P\u00e2ques et de No\u00ebl contenant chacun un bon d\u2019achat de 25\u20ac \u00e0 utiliser dans notre commerce local (Aur\u00e9lie et Jean-Charles TRITTER) ainsi que des produits laitiers, ont permis de maintenir le lien avec nos anciens et de leur t\u00e9moigner toute notre attention.<\/p><p>Nous esp\u00e9rons que cette prochaine ann\u00e9e nous permettra de faire d\u2019autres propositions. N\u2019h\u00e9sitez pas \u00e0 nous faire part de vos id\u00e9es afin que nous puissions \u00eatre au plus proche de vos besoins.<\/p>\t\t\t\t\t\t\t\t<\/div>\n\t\t\t\t<\/div>\n\t\t\t\t\t<\/div>\n\t\t<\/div>\n\t\t\t\t\t<\/div>\n\t\t<\/section>\n\t\t\t\t<section class=\"elementor-section elementor-top-section elementor-element elementor-element-162771a elementor-section-boxed elementor-section-height-default elementor-section-height-default\" data-id=\"162771a\" data-element_type=\"section\" data-e-type=\"section\" data-settings=\"{&quot;animation&quot;:&quot;none&quot;}\">\n\t\t\t\t\t\t<div class=\"elementor-container elementor-column-gap-default\">\n\t\t\t\t\t<div class=\"elementor-column elementor-col-100 elementor-top-column elementor-element elementor-element-1ec0315\" data-id=\"1ec0315\" data-element_type=\"column\" data-e-type=\"column\">\n\t\t\t<div class=\"elementor-widget-wrap elementor-element-populated\">\n\t\t\t\t\t\t<div class=\"elementor-element elementor-element-55c8e01 elementor-widget elementor-widget-menu-anchor\" data-id=\"55c8e01\" data-element_type=\"widget\" data-e-type=\"widget\" id=\"Associations\" data-widget_type=\"menu-anchor.default\">\n\t\t\t\t<div class=\"elementor-widget-container\">\n\t\t\t\t\t\t\t<div class=\"elementor-menu-anchor\" id=\"Associations\"><\/div>\n\t\t\t\t\t\t<\/div>\n\t\t\t\t<\/div>\n\t\t\t\t<div class=\"elementor-element elementor-element-f6345c4 elementor-widget-divider--view-line_icon elementor-view-default elementor-widget-divider--element-align-center elementor-widget elementor-widget-divider\" data-id=\"f6345c4\" data-element_type=\"widget\" data-e-type=\"widget\" data-widget_type=\"divider.default\">\n\t\t\t\t<div class=\"elementor-widget-container\">\n\t\t\t\t\t\t\t<div class=\"elementor-divider\">\n\t\t\t<span class=\"elementor-divider-separator\">\n\t\t\t\t\t\t\t<div class=\"elementor-icon elementor-divider__element\">\n\t\t\t\t\t<i aria-hidden=\"true\" class=\"fas fa-star\"><\/i><\/div>\n\t\t\t\t\t\t<\/span>\n\t\t<\/div>\n\t\t\t\t\t\t<\/div>\n\t\t\t\t<\/div>\n\t\t\t\t<div class=\"elementor-element elementor-element-a63a976 elementor-position-inline-start elementor-view-default elementor-mobile-position-block-start elementor-widget elementor-widget-icon-box\" data-id=\"a63a976\" data-element_type=\"widget\" data-e-type=\"widget\" data-widget_type=\"icon-box.default\">\n\t\t\t\t<div class=\"elementor-widget-container\">\n\t\t\t\t\t\t\t<div class=\"elementor-icon-box-wrapper\">\n\n\t\t\t\t\t\t<div class=\"elementor-icon-box-icon\">\n\t\t\t\t<span  class=\"elementor-icon\">\n\t\t\t\t<i aria-hidden=\"true\" class=\"fas fa-dice-d20\"><\/i>\t\t\t\t<\/span>\n\t\t\t<\/div>\n\t\t\t\n\t\t\t\t\t\t<div class=\"elementor-icon-box-content\">\n\n\t\t\t\t\t\t\t\t\t<h3 class=\"elementor-icon-box-title\">\n\t\t\t\t\t\t<span  >\n\t\t\t\t\t\t\tLes associations \u00e0 Jouy et alentours\t\t\t\t\t\t<\/span>\n\t\t\t\t\t<\/h3>\n\t\t\t\t\n\t\t\t\t\n\t\t\t<\/div>\n\t\t\t\n\t\t<\/div>\n\t\t\t\t\t\t<\/div>\n\t\t\t\t<\/div>\n\t\t\t\t\t<\/div>\n\t\t<\/div>\n\t\t\t\t\t<\/div>\n\t\t<\/section>\n\t\t\t\t<section class=\"elementor-section elementor-top-section elementor-element elementor-element-a3eeb82 elementor-hidden-mobile elementor-section-boxed elementor-section-height-default elementor-section-height-default\" data-id=\"a3eeb82\" data-element_type=\"section\" data-e-type=\"section\" data-settings=\"{&quot;animation&quot;:&quot;none&quot;}\">\n\t\t\t\t\t\t<div class=\"elementor-container elementor-column-gap-default\">\n\t\t\t\t\t<div class=\"elementor-column elementor-col-100 elementor-top-column elementor-element elementor-element-656aa09\" data-id=\"656aa09\" data-element_type=\"column\" data-e-type=\"column\">\n\t\t\t<div class=\"elementor-widget-wrap\">\n\t\t\t\t\t\t\t<\/div>\n\t\t<\/div>\n\t\t\t\t\t<\/div>\n\t\t<\/section>\n\t\t\t\t<section class=\"elementor-section elementor-top-section elementor-element elementor-element-acfac38 elementor-hidden-desktop elementor-hidden-tablet elementor-section-boxed elementor-section-height-default elementor-section-height-default\" data-id=\"acfac38\" data-element_type=\"section\" data-e-type=\"section\" data-settings=\"{&quot;animation&quot;:&quot;none&quot;}\">\n\t\t\t\t\t\t<div class=\"elementor-container elementor-column-gap-default\">\n\t\t\t\t\t<div class=\"elementor-column elementor-col-25 elementor-top-column elementor-element elementor-element-769e8b4 elementor-invisible\" data-id=\"769e8b4\" data-element_type=\"column\" data-e-type=\"column\" data-settings=\"{&quot;animation&quot;:&quot;zoomIn&quot;}\">\n\t\t\t<div class=\"elementor-widget-wrap elementor-element-populated\">\n\t\t\t\t\t\t<div class=\"elementor-element elementor-element-d533e67 elementor-widget elementor-widget-heading\" data-id=\"d533e67\" data-element_type=\"widget\" data-e-type=\"widget\" data-widget_type=\"heading.default\">\n\t\t\t\t<div class=\"elementor-widget-container\">\n\t\t\t\t\t<h2 class=\"elementor-heading-title elementor-size-default\">La chasse<\/h2>\t\t\t\t<\/div>\n\t\t\t\t<\/div>\n\t\t\t\t<div class=\"elementor-element elementor-element-c97d78d elementor-widget elementor-widget-image\" data-id=\"c97d78d\" data-element_type=\"widget\" data-e-type=\"widget\" data-widget_type=\"image.default\">\n\t\t\t\t<div class=\"elementor-widget-container\">\n\t\t\t\t\t\t\t\t\t\t\t\t\t\t\t<img loading=\"lazy\" decoding=\"async\" width=\"150\" height=\"150\" src=\"https:\/\/mairiejouy89.fr\/wp-content\/uploads\/2022\/05\/logo-chasse-150x150.png\" class=\"attachment-thumbnail size-thumbnail wp-image-2390\" alt=\"\" srcset=\"https:\/\/mairiejouy89.fr\/wp-content\/uploads\/2022\/05\/logo-chasse-150x150.png 150w, https:\/\/mairiejouy89.fr\/wp-content\/uploads\/2022\/05\/logo-chasse-650x650.png 650w, https:\/\/mairiejouy89.fr\/wp-content\/uploads\/2022\/05\/logo-chasse-1300x1300.png 1300w, https:\/\/mairiejouy89.fr\/wp-content\/uploads\/2022\/05\/logo-chasse-500x500.png 500w\" sizes=\"(max-width: 150px) 100vw, 150px\" \/>\t\t\t\t\t\t\t\t\t\t\t\t\t\t\t<\/div>\n\t\t\t\t<\/div>\n\t\t\t\t<div class=\"elementor-element elementor-element-6f9d80e elementor-widget elementor-widget-text-editor\" data-id=\"6f9d80e\" data-element_type=\"widget\" data-e-type=\"widget\" data-widget_type=\"text-editor.default\">\n\t\t\t\t<div class=\"elementor-widget-container\">\n\t\t\t\t\t\t\t\t\t<p>La saison de chasse d\u00e9bute chaque ann\u00e9e le 15\/09 et cl\u00f4ture le 28\/02 de l\u2019ann\u00e9e suivante.<\/p><p><strong><em><u>Co\u00fbt\u00a0de la cotisation<\/u><\/em><\/strong>\u00a0:\u00a0\u00a0\u00a0<\/p><ul><li>250 \u20ac pour les soci\u00e9taires,<\/li><li>400 \u20ac pour les actionnaires.<\/li><\/ul><p>L\u2019association, pr\u00e9sid\u00e9e par\u00a0<strong>M. Michel SUARD<\/strong>, recense 14 chasseurs (9 soci\u00e9taires et 5 actionnaires).\u00a0\u00a0\u00a0\u00a0\u00a0<\/p>\t\t\t\t\t\t\t\t<\/div>\n\t\t\t\t<\/div>\n\t\t\t\t<div class=\"elementor-element elementor-element-e3b00ee elementor-widget-divider--view-line elementor-widget elementor-widget-divider\" data-id=\"e3b00ee\" data-element_type=\"widget\" data-e-type=\"widget\" data-widget_type=\"divider.default\">\n\t\t\t\t<div class=\"elementor-widget-container\">\n\t\t\t\t\t\t\t<div class=\"elementor-divider\">\n\t\t\t<span class=\"elementor-divider-separator\">\n\t\t\t\t\t\t<\/span>\n\t\t<\/div>\n\t\t\t\t\t\t<\/div>\n\t\t\t\t<\/div>\n\t\t\t\t<div class=\"elementor-element elementor-element-10b5416 elementor-widget elementor-widget-heading\" data-id=\"10b5416\" data-element_type=\"widget\" data-e-type=\"widget\" data-widget_type=\"heading.default\">\n\t\t\t\t<div class=\"elementor-widget-container\">\n\t\t\t\t\t<h2 class=\"elementor-heading-title elementor-size-default\">La p\u00eache<\/h2>\t\t\t\t<\/div>\n\t\t\t\t<\/div>\n\t\t\t\t<div class=\"elementor-element elementor-element-6dabd33 elementor-widget elementor-widget-image\" data-id=\"6dabd33\" data-element_type=\"widget\" data-e-type=\"widget\" data-widget_type=\"image.default\">\n\t\t\t\t<div class=\"elementor-widget-container\">\n\t\t\t\t\t\t\t\t\t\t\t\t\t\t\t<img loading=\"lazy\" decoding=\"async\" width=\"150\" height=\"150\" src=\"https:\/\/mairiejouy89.fr\/wp-content\/uploads\/2022\/05\/logo-peche-150x150.png\" class=\"attachment-thumbnail size-thumbnail wp-image-2391\" alt=\"\" srcset=\"https:\/\/mairiejouy89.fr\/wp-content\/uploads\/2022\/05\/logo-peche-150x150.png 150w, https:\/\/mairiejouy89.fr\/wp-content\/uploads\/2022\/05\/logo-peche-650x650.png 650w, https:\/\/mairiejouy89.fr\/wp-content\/uploads\/2022\/05\/logo-peche-1300x1300.png 1300w, https:\/\/mairiejouy89.fr\/wp-content\/uploads\/2022\/05\/logo-peche-500x500.png 500w\" sizes=\"(max-width: 150px) 100vw, 150px\" \/>\t\t\t\t\t\t\t\t\t\t\t\t\t\t\t<\/div>\n\t\t\t\t<\/div>\n\t\t\t\t<div class=\"elementor-element elementor-element-c2dc8f7 elementor-widget elementor-widget-text-editor\" data-id=\"c2dc8f7\" data-element_type=\"widget\" data-e-type=\"widget\" data-widget_type=\"text-editor.default\">\n\t\t\t\t<div class=\"elementor-widget-container\">\n\t\t\t\t\t\t\t\t\t<p>La saison de p\u00eache d\u00e9bute chaque ann\u00e9e le 15\/03 et cl\u00f4ture le 18\/10 \u00e0 la mare du Marchais des Pr\u00e9s.<br \/>Co\u00fbt de la cotisation :<\/p><ul><li>30 \u20ac pour les joviciens,<\/li><li>40 \u20ac pour les ext\u00e9rieurs.<\/li><\/ul><p>Les cartes de p\u00eache sont disponibles \u00e0 l\u2019achat au Bar-\u00c9picerie-Restaurant \u00ab LA GRANGE \u00bb (Aur\u00e9lie et Jean-Charles TRITTER), place de l\u2019\u00e9glise ainsi qu\u2019aupr\u00e8s de <strong>M. Jacques PROVOST<\/strong>, garde-p\u00eache, joignable au 06.63.10.20.25.<\/p><p>L\u2019association, d\u00e9nombrant une trentaine de p\u00eacheurs, pr\u00e9sid\u00e9e par <strong>M. Jean-Michel PANNAS<\/strong>, organise, en matin\u00e9e, 2 concours de p\u00eache \u00e0 la truite par an :<\/p><ul><li>d\u00e9but Mai,<\/li><li>d\u00e9but Septembre.<\/li><\/ul><p>L\u2019association organise \u00e9galement un d\u00e9jeuner champ\u00eatre \u00e0 l\u2019occasion du 1<sup>er<\/sup>\u00a0concours de p\u00eache en Mai aux abords de la mare. Le pr\u00e9sident vous informe qu\u2019un l\u00e2cher de poissons a eu lieu mi-novembre, \u00e0 savoir\u00a0:<\/p><ul><li>100 kg de tanches,<\/li><li>100 kg de carpes,<\/li><li>80 kg de petits gardons,<\/li><li>80 kg de gros gardons.<\/li><\/ul>\t\t\t\t\t\t\t\t<\/div>\n\t\t\t\t<\/div>\n\t\t\t\t<div class=\"elementor-element elementor-element-c40baed elementor-widget-divider--view-line elementor-widget elementor-widget-divider\" data-id=\"c40baed\" data-element_type=\"widget\" data-e-type=\"widget\" data-widget_type=\"divider.default\">\n\t\t\t\t<div class=\"elementor-widget-container\">\n\t\t\t\t\t\t\t<div class=\"elementor-divider\">\n\t\t\t<span class=\"elementor-divider-separator\">\n\t\t\t\t\t\t<\/span>\n\t\t<\/div>\n\t\t\t\t\t\t<\/div>\n\t\t\t\t<\/div>\n\t\t\t\t\t<\/div>\n\t\t<\/div>\n\t\t\t\t<div class=\"elementor-column elementor-col-25 elementor-top-column elementor-element elementor-element-551654e elementor-invisible\" data-id=\"551654e\" data-element_type=\"column\" data-e-type=\"column\" data-settings=\"{&quot;animation&quot;:&quot;zoomIn&quot;}\">\n\t\t\t<div class=\"elementor-widget-wrap elementor-element-populated\">\n\t\t\t\t\t\t<div class=\"elementor-element elementor-element-c79547a elementor-widget elementor-widget-heading\" data-id=\"c79547a\" data-element_type=\"widget\" data-e-type=\"widget\" data-widget_type=\"heading.default\">\n\t\t\t\t<div class=\"elementor-widget-container\">\n\t\t\t\t\t<h2 class=\"elementor-heading-title elementor-size-default\">Le Football Club G\u00e2tinais en Bourgogne<\/h2>\t\t\t\t<\/div>\n\t\t\t\t<\/div>\n\t\t\t\t<div class=\"elementor-element elementor-element-c87aee4 elementor-widget elementor-widget-image\" data-id=\"c87aee4\" data-element_type=\"widget\" data-e-type=\"widget\" data-widget_type=\"image.default\">\n\t\t\t\t<div class=\"elementor-widget-container\">\n\t\t\t\t\t\t\t\t\t\t\t\t\t\t\t<img loading=\"lazy\" decoding=\"async\" width=\"150\" height=\"150\" src=\"https:\/\/mairiejouy89.fr\/wp-content\/uploads\/2022\/05\/logo__oht76k-150x150.jpg\" class=\"attachment-thumbnail size-thumbnail wp-image-2394\" alt=\"\" srcset=\"https:\/\/mairiejouy89.fr\/wp-content\/uploads\/2022\/05\/logo__oht76k-150x150.jpg 150w, https:\/\/mairiejouy89.fr\/wp-content\/uploads\/2022\/05\/logo__oht76k-650x650.jpg 650w, https:\/\/mairiejouy89.fr\/wp-content\/uploads\/2022\/05\/logo__oht76k-500x500.jpg 500w\" sizes=\"(max-width: 150px) 100vw, 150px\" \/>\t\t\t\t\t\t\t\t\t\t\t\t\t\t\t<\/div>\n\t\t\t\t<\/div>\n\t\t\t\t<div class=\"elementor-element elementor-element-d99afba elementor-widget elementor-widget-text-editor\" data-id=\"d99afba\" data-element_type=\"widget\" data-e-type=\"widget\" data-widget_type=\"text-editor.default\">\n\t\t\t\t<div class=\"elementor-widget-container\">\n\t\t\t\t\t\t\t\t\t<p>Le club, situ\u00e9 sur la commune de Montacher, pr\u00e9sid\u00e9 par\u00a0\u00a0<strong>M. Tony CHARRIEAU<\/strong>, est tr\u00e8s actif et compte 154 licenci\u00e9s de la cat\u00e9gorie U6 \u00e0 U18 ainsi que S\u00e9niors\u00a0 et UFOLEP.<\/p><p>Le conseil municipal soutient depuis plusieurs ann\u00e9es ce club de mani\u00e8re financi\u00e8re et en mettant \u00e9galement \u00e0 sa disposition son terrain de foot et ses vestiaires. Plusieurs joviciens y sont licenci\u00e9s ou participent activement au bon fonctionnement de celui-ci. Le club organise, habituellement, des stages pendant les vacances de F\u00e9vrier, de P\u00e2ques et de la Toussaint.<\/p><p>Des repas sont \u00e9galement pr\u00e9vus tels que \u00ab\u00a0le Bourguignon\u00a0\u00bb en mars, \u00ab\u00a0le Barbecue\u00a0\u00bb en juin et le \u00ab\u00a0Moules-Frites\u00a0\u00bb en octobre. Le week-end de la Pentec\u00f4te est organis\u00e9 un grand tournoi interne\u00a0<strong>\u00ab\u00a0Le Challenge Gabriel Pr\u00e9lat\u00a0\u00bb<\/strong>, pour les enfants de la cat\u00e9gorie U6 \u00e0 U13, avec restauration le midi sur les 2 jours et buvette. Les b\u00e9n\u00e9fices r\u00e9alis\u00e9s lors de cette manifestation sont int\u00e9gralement revers\u00e9s \u00e0 l\u2019association\u00a0<strong>\u00ab\u00a0Les Ailes de Gaby\u00a0\u00bb<\/strong><\/p>\t\t\t\t\t\t\t\t<\/div>\n\t\t\t\t<\/div>\n\t\t\t\t<div class=\"elementor-element elementor-element-8de89b3 elementor-widget-divider--view-line elementor-widget elementor-widget-divider\" data-id=\"8de89b3\" data-element_type=\"widget\" data-e-type=\"widget\" data-widget_type=\"divider.default\">\n\t\t\t\t<div class=\"elementor-widget-container\">\n\t\t\t\t\t\t\t<div class=\"elementor-divider\">\n\t\t\t<span class=\"elementor-divider-separator\">\n\t\t\t\t\t\t<\/span>\n\t\t<\/div>\n\t\t\t\t\t\t<\/div>\n\t\t\t\t<\/div>\n\t\t\t\t<div class=\"elementor-element elementor-element-ba472d7 elementor-widget elementor-widget-heading\" data-id=\"ba472d7\" data-element_type=\"widget\" data-e-type=\"widget\" data-widget_type=\"heading.default\">\n\t\t\t\t<div class=\"elementor-widget-container\">\n\t\t\t\t\t<h2 class=\"elementor-heading-title elementor-size-default\">Jouy Poker Club<\/h2>\t\t\t\t<\/div>\n\t\t\t\t<\/div>\n\t\t\t\t<div class=\"elementor-element elementor-element-52621a5 elementor-widget elementor-widget-image\" data-id=\"52621a5\" data-element_type=\"widget\" data-e-type=\"widget\" data-widget_type=\"image.default\">\n\t\t\t\t<div class=\"elementor-widget-container\">\n\t\t\t\t\t\t\t\t\t\t\t\t\t\t\t<img loading=\"lazy\" decoding=\"async\" width=\"150\" height=\"150\" src=\"https:\/\/mairiejouy89.fr\/wp-content\/uploads\/2022\/05\/logo-poker-150x150.png\" class=\"attachment-thumbnail size-thumbnail wp-image-2392\" alt=\"\" srcset=\"https:\/\/mairiejouy89.fr\/wp-content\/uploads\/2022\/05\/logo-poker-150x150.png 150w, https:\/\/mairiejouy89.fr\/wp-content\/uploads\/2022\/05\/logo-poker-650x650.png 650w, https:\/\/mairiejouy89.fr\/wp-content\/uploads\/2022\/05\/logo-poker-1300x1300.png 1300w, https:\/\/mairiejouy89.fr\/wp-content\/uploads\/2022\/05\/logo-poker-500x500.png 500w\" sizes=\"(max-width: 150px) 100vw, 150px\" \/>\t\t\t\t\t\t\t\t\t\t\t\t\t\t\t<\/div>\n\t\t\t\t<\/div>\n\t\t\t\t<div class=\"elementor-element elementor-element-8c48e0c elementor-widget elementor-widget-text-editor\" data-id=\"8c48e0c\" data-element_type=\"widget\" data-e-type=\"widget\" data-widget_type=\"text-editor.default\">\n\t\t\t\t<div class=\"elementor-widget-container\">\n\t\t\t\t\t\t\t\t\t<p>L\u2019association organise le samedi soir, tous les 2 \u00e0 3 mois, un tournoi \u00e0 la salle des f\u00eates.<\/p><p>La participation est en moyenne de 40 personnes et l\u2019association propose boissons et sandwichs<\/p>\t\t\t\t\t\t\t\t<\/div>\n\t\t\t\t<\/div>\n\t\t\t\t<div class=\"elementor-element elementor-element-527e251 elementor-widget-divider--view-line elementor-widget elementor-widget-divider\" data-id=\"527e251\" data-element_type=\"widget\" data-e-type=\"widget\" data-widget_type=\"divider.default\">\n\t\t\t\t<div class=\"elementor-widget-container\">\n\t\t\t\t\t\t\t<div class=\"elementor-divider\">\n\t\t\t<span class=\"elementor-divider-separator\">\n\t\t\t\t\t\t<\/span>\n\t\t<\/div>\n\t\t\t\t\t\t<\/div>\n\t\t\t\t<\/div>\n\t\t\t\t<div class=\"elementor-element elementor-element-bf8c0ac elementor-widget elementor-widget-heading\" data-id=\"bf8c0ac\" data-element_type=\"widget\" data-e-type=\"widget\" data-widget_type=\"heading.default\">\n\t\t\t\t<div class=\"elementor-widget-container\">\n\t\t\t\t\t<h2 class=\"elementor-heading-title elementor-size-default\">Le Club Rural du 3\u00e8me Age<\/h2>\t\t\t\t<\/div>\n\t\t\t\t<\/div>\n\t\t\t\t<div class=\"elementor-element elementor-element-34654bb elementor-widget elementor-widget-image\" data-id=\"34654bb\" data-element_type=\"widget\" data-e-type=\"widget\" data-widget_type=\"image.default\">\n\t\t\t\t<div class=\"elementor-widget-container\">\n\t\t\t\t\t\t\t\t\t\t\t\t\t\t\t<img loading=\"lazy\" decoding=\"async\" width=\"150\" height=\"150\" src=\"https:\/\/mairiejouy89.fr\/wp-content\/uploads\/2022\/05\/logo-loisir-et-voyage-150x150.jpg\" class=\"attachment-thumbnail size-thumbnail wp-image-2396\" alt=\"\" srcset=\"https:\/\/mairiejouy89.fr\/wp-content\/uploads\/2022\/05\/logo-loisir-et-voyage-150x150.jpg 150w, https:\/\/mairiejouy89.fr\/wp-content\/uploads\/2022\/05\/logo-loisir-et-voyage.jpg 260w\" sizes=\"(max-width: 150px) 100vw, 150px\" \/>\t\t\t\t\t\t\t\t\t\t\t\t\t\t\t<\/div>\n\t\t\t\t<\/div>\n\t\t\t\t<div class=\"elementor-element elementor-element-1d4dbd2 elementor-widget elementor-widget-text-editor\" data-id=\"1d4dbd2\" data-element_type=\"widget\" data-e-type=\"widget\" data-widget_type=\"text-editor.default\">\n\t\t\t\t<div class=\"elementor-widget-container\">\n\t\t\t\t\t\t\t\t\t<p>Le club, pr\u00e9sid\u00e9 par\u00a0<strong>M. Bernard DERAY<\/strong>, compte 25 membres, qui pour une bonne moiti\u00e9,\u00a0 se r\u00e9unissent tous les jeudis de 14h \u00e0 18h \u00e0 la salle des f\u00eates de Villegardin pour des apr\u00e8s-midis ludiques.\u00a0\u00a0\u00a0\u00a0\u00a0\u00a0\u00a0\u00a0\u00a0\u00a0<\/p><p>Au programme\u00a0:<\/p><ul><li>Belote,<\/li><li>Scrabble,<\/li><li>Triomino,<\/li><li>Tarot\u2026.<\/li><\/ul><p>Pour se faire, il faut bien s\u00fbr \u00eatre assez nombreux, c\u2019est pourquoi l\u2019association recherche activement de nouveaux membres quelque soit leur lieu de r\u00e9sidence.<\/p><p>Si vous \u00eates int\u00e9ress\u00e9s, n\u2019h\u00e9sitez pas \u00e0 contacter le pr\u00e9sident au 03.86.97.70.28. L\u2019association organise \u00e9galement 3 repas dans l\u2019ann\u00e9e : en Janvier, en F\u00e9vrier\/Mars (choucroute) et en Septembre.<\/p><p><strong>VENEZ NOMBREUX\u00a0!!!<\/strong><\/p>\t\t\t\t\t\t\t\t<\/div>\n\t\t\t\t<\/div>\n\t\t\t\t<div class=\"elementor-element elementor-element-d8a37de elementor-widget-divider--view-line elementor-widget elementor-widget-divider\" data-id=\"d8a37de\" data-element_type=\"widget\" data-e-type=\"widget\" data-widget_type=\"divider.default\">\n\t\t\t\t<div class=\"elementor-widget-container\">\n\t\t\t\t\t\t\t<div class=\"elementor-divider\">\n\t\t\t<span class=\"elementor-divider-separator\">\n\t\t\t\t\t\t<\/span>\n\t\t<\/div>\n\t\t\t\t\t\t<\/div>\n\t\t\t\t<\/div>\n\t\t\t\t\t<\/div>\n\t\t<\/div>\n\t\t\t\t<div class=\"elementor-column elementor-col-25 elementor-top-column elementor-element elementor-element-2cdc1ba elementor-invisible\" data-id=\"2cdc1ba\" data-element_type=\"column\" data-e-type=\"column\" data-settings=\"{&quot;animation&quot;:&quot;zoomIn&quot;}\">\n\t\t\t<div class=\"elementor-widget-wrap elementor-element-populated\">\n\t\t\t\t\t\t<div class=\"elementor-element elementor-element-bf7be9d elementor-widget elementor-widget-heading\" data-id=\"bf7be9d\" data-element_type=\"widget\" data-e-type=\"widget\" data-widget_type=\"heading.default\">\n\t\t\t\t<div class=\"elementor-widget-container\">\n\t\t\t\t\t<h2 class=\"elementor-heading-title elementor-size-default\">Les Ailes de GABY<\/h2>\t\t\t\t<\/div>\n\t\t\t\t<\/div>\n\t\t\t\t<div class=\"elementor-element elementor-element-c0c991e elementor-widget elementor-widget-image\" data-id=\"c0c991e\" data-element_type=\"widget\" data-e-type=\"widget\" data-widget_type=\"image.default\">\n\t\t\t\t<div class=\"elementor-widget-container\">\n\t\t\t\t\t\t\t\t\t\t\t\t\t\t\t<img loading=\"lazy\" decoding=\"async\" width=\"150\" height=\"150\" src=\"https:\/\/mairiejouy89.fr\/wp-content\/uploads\/2022\/05\/ailes-gaby-150x150.jpg\" class=\"attachment-thumbnail size-thumbnail wp-image-2389\" alt=\"\" srcset=\"https:\/\/mairiejouy89.fr\/wp-content\/uploads\/2022\/05\/ailes-gaby-150x150.jpg 150w, https:\/\/mairiejouy89.fr\/wp-content\/uploads\/2022\/05\/ailes-gaby-500x500.jpg 500w\" sizes=\"(max-width: 150px) 100vw, 150px\" \/>\t\t\t\t\t\t\t\t\t\t\t\t\t\t\t<\/div>\n\t\t\t\t<\/div>\n\t\t\t\t<div class=\"elementor-element elementor-element-60f05a3 elementor-widget elementor-widget-text-editor\" data-id=\"60f05a3\" data-element_type=\"widget\" data-e-type=\"widget\" data-widget_type=\"text-editor.default\">\n\t\t\t\t<div class=\"elementor-widget-container\">\n\t\t\t\t\t\t\t\t\t<p>L\u2019association, cr\u00e9\u00e9e en 2018 par Hakima PR\u00c9LAT, a pour but de venir en aide aux enfants hospitalis\u00e9s et \u00e0 leurs familles en am\u00e9liorant leur bien-\u00eatre. Un l\u00e2cher de ballons est, entre autre, organis\u00e9 lors du\u00a0<strong>\u00ab\u00a0Challenge Gabriel Pr\u00e9lat\u00a0\u00bb<\/strong>\u00a0\u00e0 Montacher et l\u2019association participe \u00e9galement aux march\u00e9s de No\u00ebl de Sens, Montacher et Ch\u00e9roy. Pour apporter votre aide ou faire un don, contactez\u00a0:\u00a0<\/p><p><span style=\"text-decoration: underline; color: #0000ff;\">asso.lesailesdegaby@outlook.fr<\/span>\u00a0<\/p><p>ou<\/p><p><a href=\"http:\/\/www.facebook.com\/Les%20Ailes-de-Gaby\" target=\"_blank\" rel=\"noopener\">www.facebook.com\\Les<u>\u00a0Ailes-de-Gaby<\/u><\/a><\/p><p>MERCI POUR VOTRE SOUTIEN<\/p>\t\t\t\t\t\t\t\t<\/div>\n\t\t\t\t<\/div>\n\t\t\t\t<div class=\"elementor-element elementor-element-f040c0a elementor-widget-divider--view-line elementor-widget elementor-widget-divider\" data-id=\"f040c0a\" data-element_type=\"widget\" data-e-type=\"widget\" data-widget_type=\"divider.default\">\n\t\t\t\t<div class=\"elementor-widget-container\">\n\t\t\t\t\t\t\t<div class=\"elementor-divider\">\n\t\t\t<span class=\"elementor-divider-separator\">\n\t\t\t\t\t\t<\/span>\n\t\t<\/div>\n\t\t\t\t\t\t<\/div>\n\t\t\t\t<\/div>\n\t\t\t\t<div class=\"elementor-element elementor-element-ebc0f2f elementor-widget elementor-widget-heading\" data-id=\"ebc0f2f\" data-element_type=\"widget\" data-e-type=\"widget\" data-widget_type=\"heading.default\">\n\t\t\t\t<div class=\"elementor-widget-container\">\n\t\t\t\t\t<h2 class=\"elementor-heading-title elementor-size-default\">Musique et spectacles G\u00e2tinais Bourgogne<\/h2>\t\t\t\t<\/div>\n\t\t\t\t<\/div>\n\t\t\t\t<div class=\"elementor-element elementor-element-c45db1b elementor-widget elementor-widget-image\" data-id=\"c45db1b\" data-element_type=\"widget\" data-e-type=\"widget\" data-widget_type=\"image.default\">\n\t\t\t\t<div class=\"elementor-widget-container\">\n\t\t\t\t\t\t\t\t\t\t\t\t\t\t\t<img loading=\"lazy\" decoding=\"async\" width=\"150\" height=\"150\" src=\"https:\/\/mairiejouy89.fr\/wp-content\/uploads\/2022\/05\/musiqueetspectacle-01-150x150.png\" class=\"attachment-thumbnail size-thumbnail wp-image-2403\" alt=\"\" srcset=\"https:\/\/mairiejouy89.fr\/wp-content\/uploads\/2022\/05\/musiqueetspectacle-01-150x150.png 150w, https:\/\/mairiejouy89.fr\/wp-content\/uploads\/2022\/05\/musiqueetspectacle-01-300x300.png 300w, https:\/\/mairiejouy89.fr\/wp-content\/uploads\/2022\/05\/musiqueetspectacle-01-1024x1024.png 1024w, https:\/\/mairiejouy89.fr\/wp-content\/uploads\/2022\/05\/musiqueetspectacle-01-768x768.png 768w, https:\/\/mairiejouy89.fr\/wp-content\/uploads\/2022\/05\/musiqueetspectacle-01-650x650.png 650w, https:\/\/mairiejouy89.fr\/wp-content\/uploads\/2022\/05\/musiqueetspectacle-01-500x500.png 500w, https:\/\/mairiejouy89.fr\/wp-content\/uploads\/2022\/05\/musiqueetspectacle-01.png 1201w\" sizes=\"(max-width: 150px) 100vw, 150px\" \/>\t\t\t\t\t\t\t\t\t\t\t\t\t\t\t<\/div>\n\t\t\t\t<\/div>\n\t\t\t\t<div class=\"elementor-element elementor-element-bc0c612 elementor-widget elementor-widget-text-editor\" data-id=\"bc0c612\" data-element_type=\"widget\" data-e-type=\"widget\" data-widget_type=\"text-editor.default\">\n\t\t\t\t<div class=\"elementor-widget-container\">\n\t\t\t\t\t\t\t\t\t<p>L\u2019association \u00ab Musique et Spectacle en G\u00e2tinais Bourgogne \u00bb (MSG) a \u00e9t\u00e9 cr\u00e9\u00e9e en 1987 \u00e0 Saint Val\u00e9rien pour promouvoir dans la r\u00e9gion les com\u00e9dies musicales. Forte de plus de 70 b\u00e9n\u00e9voles amateurs et de plus de 2 000 spectateurs par spectacle, l\u2019association devait pr\u00e9senter en 2020 sa 10\u00e8me com\u00e9die musicale depuis 2000.<\/p><p>Malheureusement,\u00a0<strong><em>\u00ab\u00a0Louis XIV &amp; Vice-Versailles\u00a0\u00bb<\/em><\/strong>\u00a0a d\u00fb \u00eatre report\u00e9e, dans un 1<sup>er<\/sup>\u00a0temps, au printemps 2021 puis dans un deuxi\u00e8me temps, au printemps 2022 en raison de la crise sanitaire.<\/p><p><strong>Saint Val\u00e9rien (gymnase) et Sens (salle des f\u00eates)<\/strong><\/p><p><strong>Nous vous y attendons pour vous faire vivre une soir\u00e9e inoubliable.<\/strong><\/p><p>Pour tout renseignement contacter : \u00ab Musique et spectacle en G\u00e2tinais \u00bb\u00a0<span style=\"text-decoration: underline;\"><span style=\"color: #0000ff; text-decoration: underline;\">msg89@orange.fr<\/span><\/span><\/p><p><strong>Catherine DERVIN-MASSON<\/strong> au 03 86 86 03 29 &#8211; <strong>Pascale LANCKRIET<\/strong> au 06 26 57 70 60<\/p>\t\t\t\t\t\t\t\t<\/div>\n\t\t\t\t<\/div>\n\t\t\t\t<div class=\"elementor-element elementor-element-0950fce elementor-widget-divider--view-line elementor-widget elementor-widget-divider\" data-id=\"0950fce\" data-element_type=\"widget\" data-e-type=\"widget\" data-widget_type=\"divider.default\">\n\t\t\t\t<div class=\"elementor-widget-container\">\n\t\t\t\t\t\t\t<div class=\"elementor-divider\">\n\t\t\t<span class=\"elementor-divider-separator\">\n\t\t\t\t\t\t<\/span>\n\t\t<\/div>\n\t\t\t\t\t\t<\/div>\n\t\t\t\t<\/div>\n\t\t\t\t\t<\/div>\n\t\t<\/div>\n\t\t\t\t<div class=\"elementor-column elementor-col-25 elementor-top-column elementor-element elementor-element-93992b0 elementor-invisible\" data-id=\"93992b0\" data-element_type=\"column\" data-e-type=\"column\" data-settings=\"{&quot;animation&quot;:&quot;zoomIn&quot;}\">\n\t\t\t<div class=\"elementor-widget-wrap elementor-element-populated\">\n\t\t\t\t\t\t<div class=\"elementor-element elementor-element-76f51d5 elementor-widget elementor-widget-heading\" data-id=\"76f51d5\" data-element_type=\"widget\" data-e-type=\"widget\" data-widget_type=\"heading.default\">\n\t\t\t\t<div class=\"elementor-widget-container\">\n\t\t\t\t\t<h2 class=\"elementor-heading-title elementor-size-default\">\nUNA - Canton de Ch\u00e9roy<\/h2>\t\t\t\t<\/div>\n\t\t\t\t<\/div>\n\t\t\t\t<div class=\"elementor-element elementor-element-a797ea2 elementor-widget elementor-widget-image\" data-id=\"a797ea2\" data-element_type=\"widget\" data-e-type=\"widget\" data-widget_type=\"image.default\">\n\t\t\t\t<div class=\"elementor-widget-container\">\n\t\t\t\t\t\t\t\t\t\t\t\t\t\t\t<img loading=\"lazy\" decoding=\"async\" width=\"366\" height=\"238\" src=\"https:\/\/mairiejouy89.fr\/wp-content\/uploads\/2022\/05\/Una.png\" class=\"attachment-full size-full wp-image-2401\" alt=\"\" srcset=\"https:\/\/mairiejouy89.fr\/wp-content\/uploads\/2022\/05\/Una.png 366w, https:\/\/mairiejouy89.fr\/wp-content\/uploads\/2022\/05\/Una-300x195.png 300w\" sizes=\"(max-width: 366px) 100vw, 366px\" \/>\t\t\t\t\t\t\t\t\t\t\t\t\t\t\t<\/div>\n\t\t\t\t<\/div>\n\t\t\t\t<div class=\"elementor-element elementor-element-65c75d6 elementor-widget elementor-widget-text-editor\" data-id=\"65c75d6\" data-element_type=\"widget\" data-e-type=\"widget\" data-widget_type=\"text-editor.default\">\n\t\t\t\t<div class=\"elementor-widget-container\">\n\t\t\t\t\t\t\t\t\t<p><strong>QUI PEUT FAIRE APPEL \u00c0 L\u2019<a href=\"http:\/\/www.una.fr\/7250-D\/una-gatinais-en-bourgogne-.html\">UNA G\u00e2tinais en Bourgogne<\/a>\u00a0?<\/strong><\/p><p><strong>TOUT LE MONDE\u00a0:<\/strong><\/p><ul><li>Vous \u00eates souffrant,<\/li><li>Vous devenez d\u00e9pendant,<\/li><li>Vous \u00eates isol\u00e9 et vous n\u2019osez plus conduire,<\/li><li>Vous allez sortir d\u2019hospitalisation,<\/li><li>Vous souhaitez de l\u2019aide pour l\u2019entretien de la maison,<\/li><li>Vous avez besoin d\u2019accompagnement dans les t\u00e2ches administratives.<\/li><\/ul><p><strong>L\u2019UNA G\u00e2tinais en Bourgogne, diff\u00e9rents services pour vous aider<\/strong><strong>\u00a0:<\/strong><\/p><ul><li>Un service prestataire assurant : les travaux m\u00e9nagers, courses, pr\u00e9paration des repas, aide \u00e0 la toilette<\/li><li>Un service transport, petit bricolage et jardinage.<\/li><li>Un service transport de personnes \u00e0 mobilit\u00e9 r\u00e9duite.<\/li><li>Un service mandataire pour les gardes de jour ou de nuit.<\/li><li>Un service portage des repas.<\/li><li>Installation de t\u00e9l\u00e9alarmes (Pr\u00e9sence Verte ou Mutualit\u00e9 Fran\u00e7aise).<\/li><li>Partenaire du Service de Soins \u00e0 Domicile de l\u2019h\u00f4pital Roland BONNION de VILLENEUVE SUR YONNE<\/li><\/ul><p>Contacts CH\u00c9ROY\u00a0 T\u00e9l : 03 86 97 72 22 Mail : <a href=\"mailto:antenne-cheroy@unagatinais.fr\">antenne-cheroy@unagatinais.fr<\/a><\/p><p>Contacts SENS\u00a0\u00a0\u00a0\u00a0\u00a0\u00a0\u00a0 T\u00e9l\u00a0: 03 86 65 70 00 Mail\u00a0: <u>antenne-sens@unagatinais.fr<\/u><\/p><p>R\u00e9duction, cr\u00e9dit d\u2019imp\u00f4t.<\/p>\t\t\t\t\t\t\t\t<\/div>\n\t\t\t\t<\/div>\n\t\t\t\t<div class=\"elementor-element elementor-element-44b9fb0 elementor-widget-divider--view-line elementor-widget elementor-widget-divider\" data-id=\"44b9fb0\" data-element_type=\"widget\" data-e-type=\"widget\" data-widget_type=\"divider.default\">\n\t\t\t\t<div class=\"elementor-widget-container\">\n\t\t\t\t\t\t\t<div class=\"elementor-divider\">\n\t\t\t<span class=\"elementor-divider-separator\">\n\t\t\t\t\t\t<\/span>\n\t\t<\/div>\n\t\t\t\t\t\t<\/div>\n\t\t\t\t<\/div>\n\t\t\t\t<div class=\"elementor-element elementor-element-1b5a275 elementor-widget elementor-widget-heading\" data-id=\"1b5a275\" data-element_type=\"widget\" data-e-type=\"widget\" data-widget_type=\"heading.default\">\n\t\t\t\t<div class=\"elementor-widget-container\">\n\t\t\t\t\t<h2 class=\"elementor-heading-title elementor-size-default\">Le Golf des Bruy\u00e8res<\/h2>\t\t\t\t<\/div>\n\t\t\t\t<\/div>\n\t\t\t\t<div class=\"elementor-element elementor-element-ab2ec97 elementor-widget elementor-widget-image\" data-id=\"ab2ec97\" data-element_type=\"widget\" data-e-type=\"widget\" data-widget_type=\"image.default\">\n\t\t\t\t<div class=\"elementor-widget-container\">\n\t\t\t\t\t\t\t\t\t\t\t\t\t\t\t<img loading=\"lazy\" decoding=\"async\" width=\"1021\" height=\"378\" src=\"https:\/\/mairiejouy89.fr\/wp-content\/uploads\/2022\/05\/golfbruyere.jpg\" class=\"attachment-full size-full wp-image-2404\" alt=\"\" srcset=\"https:\/\/mairiejouy89.fr\/wp-content\/uploads\/2022\/05\/golfbruyere.jpg 1021w, https:\/\/mairiejouy89.fr\/wp-content\/uploads\/2022\/05\/golfbruyere-300x111.jpg 300w, https:\/\/mairiejouy89.fr\/wp-content\/uploads\/2022\/05\/golfbruyere-768x284.jpg 768w\" sizes=\"(max-width: 1021px) 100vw, 1021px\" \/>\t\t\t\t\t\t\t\t\t\t\t\t\t\t\t<\/div>\n\t\t\t\t<\/div>\n\t\t\t\t<div class=\"elementor-element elementor-element-1fe0db5 elementor-widget elementor-widget-text-editor\" data-id=\"1fe0db5\" data-element_type=\"widget\" data-e-type=\"widget\" data-widget_type=\"text-editor.default\">\n\t\t\t\t<div class=\"elementor-widget-container\">\n\t\t\t\t\t\t\t\t\t<p><strong>Le Golf des Bruy\u00e8res<\/strong>, situ\u00e9 \u00e0 \u00c9greville en limite du hameau Les Rousseaux de Jouy, vous accueille toute l&rsquo;ann\u00e9e dans une ambiance conviviale et familiale pour vous faire d\u00e9couvrir le <strong>Golf et le Footgolf<\/strong> !<\/p><p>Que vous soyez adh\u00e9rent ou non, venez d\u00e9couvrir le golf ou exercer votre swing. Vous trouverez \u00e0 votre disposition un<strong> practice<\/strong>, un <strong>Pitch and Putt<\/strong> (parcours de golf de dimension r\u00e9duite qui se pratique avec 3 clubs au maximum dont le putter) et un parcours <strong>9 trous<\/strong>. Pour ceux qui souhaitent se perfectionner, des cours de golf peuvent \u00e9galement \u00eatre d\u00e9livr\u00e9s. <strong>Le golf organise des rencontres Pitch and Putt tous les samedis \u00e0 13h30.<\/strong><\/p><p style=\"font-weight: 400;\">Ci-dessous les principales dates \u00e0 retenir en Juillet<\/p><ul style=\"font-weight: 400;\"><li><strong>Samedi 2 Juillet<\/strong>\u00a0\u00e0 9h45\u00a0<strong>Course \u00e0 la Ficelle<\/strong>\u00a0en Golf suivi d&rsquo;un encas<\/li><\/ul><ul style=\"font-weight: 400;\"><li><strong>Dimanche 10 Juillet<\/strong>\u00a0\u00e0 9h30 Rencontre avec l&rsquo;AGEM\u00a0<strong>(Association du Golf Associatif de la Maladrerie) \u00e0 Saint Julien du Sault<\/strong>.<br \/>Matin comp\u00e9tition sur 9 Trous, repas et Apr\u00e8s-midi Pitch and putt sur 18 Trous. 40\u20ac la journ\u00e9e tout compris<\/li><\/ul><ul style=\"font-weight: 400;\"><li><strong>Jeudi 14 Juillet<\/strong>\u00a0\u00e0 9h45\u00a0<strong>Course aux Drapeaux<\/strong>\u00a0en Golf suivi d&rsquo;un encas<\/li><\/ul><ul style=\"font-weight: 400;\"><li><strong>Samedi 16 Juillet 2\u00e8me Tournoi de Footgolf<\/strong>\u00a0\u00e0 9h. Matin en individuel, Repas, Apr\u00e8s-midi en \u00e9quipe.\u00a0 40\u20ac Adh\u00e9rent\/ 45\u20ac non Adh\u00e9rent<\/li><\/ul><ul style=\"font-weight: 400;\"><li><strong>Samedi 23 Juillet<\/strong>\u00a0\u00e0 9h45 4\u00e8me<strong>\u00a0Pitch and Putt Estivales<\/strong><\/li><\/ul><ul style=\"font-weight: 400;\"><li><strong>Samedi 30 Juillet\u00a0<\/strong>Matin,<strong>\u00a0comp\u00e9tition de Classement sur 9 ou 18 trous<\/strong><\/li><\/ul><ul style=\"font-weight: 400;\"><li><strong>Samedi 24 Septembre,\u00a0 \u00ab\u00a0comp\u00e9tition du Terroir\u00a0\u00bb. <\/strong>Avec une formule de jeu ludique en Foursome avec un Golfeur et un footgolfeur (je vous en dirais plus prochainement).<\/li><\/ul><ul style=\"font-weight: 400;\"><li>Il y a toujours entrainement des Footgolfeurs les vendredis soirs \u00e0 partir de 18h, pour ceux que \u00e7a int\u00e9rresse, vous pouvez toujours les rejoindre<\/li><\/ul><ul style=\"font-weight: 400;\"><li>Et le Rendez vous du Lundi \u00e0 10h est toujours actif pour un parcours de 9 trous pour les Golfeurs.<\/li><\/ul><p>Pour tous renseignements, contactez\u00a0: <span style=\"text-decoration: underline;\"><span style=\"color: #0000ff; text-decoration: underline;\">golfegreville@orange.fr<\/span><\/span> ou le 06.32.67.62.06 <a href=\"http:\/\/www.golfdesbruyeres.fr\" target=\"_blank\" rel=\"noopener\">www.golfdesbruyeres.fr<\/a>\u00a0<\/p>\t\t\t\t\t\t\t\t<\/div>\n\t\t\t\t<\/div>\n\t\t\t\t\t<\/div>\n\t\t<\/div>\n\t\t\t\t\t<\/div>\n\t\t<\/section>\n\t\t\t\t<section class=\"elementor-section elementor-top-section elementor-element elementor-element-4580be6 elementor-section-boxed elementor-section-height-default elementor-section-height-default\" data-id=\"4580be6\" data-element_type=\"section\" data-e-type=\"section\" data-settings=\"{&quot;animation&quot;:&quot;none&quot;}\">\n\t\t\t\t\t\t<div class=\"elementor-container elementor-column-gap-default\">\n\t\t\t\t\t<div class=\"elementor-column elementor-col-100 elementor-top-column elementor-element elementor-element-7683eb3\" data-id=\"7683eb3\" data-element_type=\"column\" data-e-type=\"column\">\n\t\t\t<div class=\"elementor-widget-wrap elementor-element-populated\">\n\t\t\t\t\t\t<div class=\"elementor-element elementor-element-4fd510a elementor-widget elementor-widget-menu-anchor\" data-id=\"4fd510a\" data-element_type=\"widget\" data-e-type=\"widget\" id=\"Entrepreneurs\" data-widget_type=\"menu-anchor.default\">\n\t\t\t\t<div class=\"elementor-widget-container\">\n\t\t\t\t\t\t\t<div class=\"elementor-menu-anchor\" id=\"Entrepreneurs\"><\/div>\n\t\t\t\t\t\t<\/div>\n\t\t\t\t<\/div>\n\t\t\t\t<div class=\"elementor-element elementor-element-263159f elementor-widget-divider--view-line_icon elementor-view-default elementor-widget-divider--element-align-center elementor-widget elementor-widget-divider\" data-id=\"263159f\" data-element_type=\"widget\" data-e-type=\"widget\" data-widget_type=\"divider.default\">\n\t\t\t\t<div class=\"elementor-widget-container\">\n\t\t\t\t\t\t\t<div class=\"elementor-divider\">\n\t\t\t<span class=\"elementor-divider-separator\">\n\t\t\t\t\t\t\t<div class=\"elementor-icon elementor-divider__element\">\n\t\t\t\t\t<i aria-hidden=\"true\" class=\"fas fa-star\"><\/i><\/div>\n\t\t\t\t\t\t<\/span>\n\t\t<\/div>\n\t\t\t\t\t\t<\/div>\n\t\t\t\t<\/div>\n\t\t\t\t<div class=\"elementor-element elementor-element-43a3b68 elementor-position-inline-start elementor-view-default elementor-mobile-position-block-start elementor-widget elementor-widget-icon-box\" data-id=\"43a3b68\" data-element_type=\"widget\" data-e-type=\"widget\" data-widget_type=\"icon-box.default\">\n\t\t\t\t<div class=\"elementor-widget-container\">\n\t\t\t\t\t\t\t<div class=\"elementor-icon-box-wrapper\">\n\n\t\t\t\t\t\t<div class=\"elementor-icon-box-icon\">\n\t\t\t\t<span  class=\"elementor-icon\">\n\t\t\t\t<i aria-hidden=\"true\" class=\"fas fa-dice-d20\"><\/i>\t\t\t\t<\/span>\n\t\t\t<\/div>\n\t\t\t\n\t\t\t\t\t\t<div class=\"elementor-icon-box-content\">\n\n\t\t\t\t\t\t\t\t\t<h3 class=\"elementor-icon-box-title\">\n\t\t\t\t\t\t<span  >\n\t\t\t\t\t\t\tLes entrepreneurs de Jouy\t\t\t\t\t\t<\/span>\n\t\t\t\t\t<\/h3>\n\t\t\t\t\n\t\t\t\t\n\t\t\t<\/div>\n\t\t\t\n\t\t<\/div>\n\t\t\t\t\t\t<\/div>\n\t\t\t\t<\/div>\n\t\t\t\t\t<\/div>\n\t\t<\/div>\n\t\t\t\t\t<\/div>\n\t\t<\/section>\n\t\t\t\t<section class=\"elementor-section elementor-top-section elementor-element elementor-element-ed974e2 elementor-section-boxed elementor-section-height-default elementor-section-height-default\" data-id=\"ed974e2\" data-element_type=\"section\" data-e-type=\"section\" data-settings=\"{&quot;animation&quot;:&quot;none&quot;}\">\n\t\t\t\t\t\t<div class=\"elementor-container elementor-column-gap-default\">\n\t\t\t\t\t<div class=\"elementor-column elementor-col-100 elementor-top-column elementor-element elementor-element-2f98870\" data-id=\"2f98870\" data-element_type=\"column\" data-e-type=\"column\">\n\t\t\t<div class=\"elementor-widget-wrap elementor-element-populated\">\n\t\t\t\t\t\t<div class=\"elementor-element elementor-element-3fc3e87 elementor-widget elementor-widget-shortcode\" data-id=\"3fc3e87\" data-element_type=\"widget\" data-e-type=\"widget\" data-settings=\"{&quot;_animation&quot;:&quot;none&quot;}\" data-widget_type=\"shortcode.default\">\n\t\t\t\t<div class=\"elementor-widget-container\">\n\t\t\t\t\t\t\t<div class=\"elementor-shortcode\"><div class=\"contact-list-container contact-list-embed-69f285e890530 contact-list-3-cards-on-the-same-row\" data-elem-class=\"contact-list-embed-69f285e890530\" data-search-type=\"0\" data-post-id=\"2192\"><div class=\"contact-list-text-contact\" style=\"display: none;\">contact<\/div><div class=\"contact-list-text-contacts\" style=\"display: none;\">Contacts<\/div><div class=\"contact-list-text-found\" style=\"display: none;\">a trouv\u00e9<\/div><form method=\"get\" action=\".\/\" class=\"contact-list-ajax-form\" data-elem-class=\"contact-list-embed-69f285e890530\"><input type=\"hidden\" name=\"cl_atts\" value='a:2:{s:6:&quot;layout&quot;;s:9:&quot;3-columns&quot;;s:11:&quot;hide_search&quot;;s:1:&quot;1&quot;;}'><select name=\"cl_cat\" class=\"cl_select_v2\"><option value=\"\">Choisir une cat\u00e9gorie<\/option><option value=\"affutage\" >Aff\u00fbtage<\/option><option value=\"bar\" >Bar<\/option><option value=\"carrelage\" >Carrelage<\/option><option value=\"chambres-dhotes\" >Chambres d\u2019H\u00f4tes<\/option><option value=\"chauffage\" >Chauffage<\/option><option value=\"coiffure-a-domicile\" >Coiffure \u00e0 domicile<\/option><option value=\"couverture\" >Couverture<\/option><option value=\"elagage\" >\u00c9lagage<\/option><option value=\"electricite\" >Electricit\u00e9<\/option><option value=\"energies-renouvelables\" >Energies renouvelables<\/option><option value=\"epicerie\" >Epicerie<\/option><option value=\"fromages-de-chevres\" >Fromages de ch\u00e8vres<\/option><option value=\"industrie-de-produits-laitiers\" >Industrie de produits laitiers<\/option><option value=\"maconnerie\" >Ma\u00e7onnerie<\/option><option value=\"maraichage\" >Mara\u00eechage<\/option><option value=\"menuiserie\" >Menuiserie<\/option><option value=\"paysagiste\" >Paysagiste<\/option><option value=\"plomberie\" >Plomberie<\/option><option value=\"remorquage-vehicules\" >Remorquage v\u00e9hicules<\/option><option value=\"restaurant\" >Restaurant<\/option><option value=\"terrassement\" >Terrassement<\/option><option value=\"traiteur-mariage-et-reception\" >Traiteur Mariage et R\u00e9ception<\/option><option value=\"travaux-publics\" >Travaux Publics<\/option><\/select><hr class=\"clear\" \/><\/form><div class=\"contact-list-search-results-container\"><div class=\"contact-list-basic-nothing-found\">Aucun contact trouv\u00e9.<\/div><div class=\"contact-list-basic-all-contacts-container\"><div class=\"contact-list-basic-contacts-found\"><\/div><div id=\"contact-list-search\"><ul id=\"all-contacts\">\n<li id=\"cl-2520\">\n\n    \n  <div class=\"contact-list-contact-container \">\n  \n    <div class=\"contact-list-main-left\">\n      \n      <div class=\"contact-list-main-elements\">\n        \n        <div class=\"contact-list-hidden-name\">BEAUVAIS Jean-Fran\u00e7ois<\/div><span class=\"contact-list-contact-name\">BEAUVAIS Jean-Fran\u00e7ois<\/span> <span class=\"contact-list-job-title\">Menuiserie<\/span> <span class=\"contact-list-email\"><a href=\"mailto:beau&#118;&#97;&#105;&#115;.&#106;&#101;a&#110;&#45;&#102;ranc&#111;i&#115;&#64;o&#114;ang&#101;&#46;f&#114;\">b&#101;a&#117;v&#97;is.&#106;e&#97;&#110;&#45;&#102;r&#97;&#110;co&#105;s&#64;o&#114;&#97;&#110;ge&#46;fr<\/a><\/span>    <div class=\"contact-list-address\"><span class=\"contact-list-address-title\">Adresse<\/span><span class=\"contact-list-address-line-1\">36 Les Bordes - 89150 - Jouy<\/span><span class=\"contact-list-address-line-2\">T\u00e9l : 02 38 90 99 03<\/span><\/div> <div class=\"contact-list-custom-fields-container\"><\/div>  <div class=\"contact-list-some-elements\"><hr class=\"clear\" \/><\/div>   \n      <\/div>\n    \n    <\/div>\n    \n    <div class=\"contact-list-main-right\">\n  \n      <div class=\"contact-list-image contact-list-image-sepia contact-list-image-shadow\"><img decoding=\"async\" src=\"https:\/\/mairiejouy89.fr\/wp-content\/uploads\/2022\/06\/ent-menuisier-280x276.png\" alt=\"\" \/><\/div>  \n    <\/div>\n\n    <div class=\"contact-list-main-bottom\">\n    \n          \n    <\/div>\n  \n  <\/div>\n  \n  \n<\/li>\n\n<li id=\"cl-2521\">\n\n    \n  <div class=\"contact-list-contact-container \">\n  \n    <div class=\"contact-list-main-left\">\n      \n      <div class=\"contact-list-main-elements\">\n        \n        <div class=\"contact-list-hidden-name\">CABEDOCHE Fabienne<\/div><span class=\"contact-list-contact-name\">CABEDOCHE Fabienne<\/span> <span class=\"contact-list-job-title\">Coiffure \u00e0 domicile<\/span> <span class=\"contact-list-email\"><a href=\"mailto:&#99;&#97;b&#101;d&#111;&#99;he.fa&#98;ienne&#64;or&#97;ng&#101;.fr\">&#99;&#97;b&#101;&#100;&#111;c&#104;e.&#102;ab&#105;&#101;n&#110;&#101;&#64;&#111;&#114;&#97;n&#103;e&#46;f&#114;<\/a><\/span>    <div class=\"contact-list-address\"><span class=\"contact-list-address-title\">Adresse<\/span><span class=\"contact-list-address-line-1\">5 La Mardeleuse - 89150 - Jouy<\/span><span class=\"contact-list-address-line-2\">T\u00e9l : 06 32 81 15 06<\/span><\/div> <div class=\"contact-list-custom-fields-container\"><\/div>  <div class=\"contact-list-some-elements\"><hr class=\"clear\" \/><\/div>   \n      <\/div>\n    \n    <\/div>\n    \n    <div class=\"contact-list-main-right\">\n  \n      <div class=\"contact-list-image contact-list-image-sepia contact-list-image-shadow\"><img decoding=\"async\" src=\"https:\/\/mairiejouy89.fr\/wp-content\/uploads\/2022\/06\/ent-coiffeur-01-280x260.png\" alt=\"\" \/><\/div>  \n    <\/div>\n\n    <div class=\"contact-list-main-bottom\">\n    \n          \n    <\/div>\n  \n  <\/div>\n  \n  \n<\/li>\n\n<li id=\"cl-3492\">\n\n    \n  <div class=\"contact-list-contact-container \">\n  \n    <div class=\"contact-list-main-left\">\n      \n      <div class=\"contact-list-main-elements\">\n        \n        <div class=\"contact-list-hidden-name\">Cambium \u00c9LAGAGE<\/div><span class=\"contact-list-contact-name\">Cambium \u00c9LAGAGE<\/span> <span class=\"contact-list-job-title\">\u00c9lagage, abattage, d\u00e9montage, taille de haies<\/span>     <div class=\"contact-list-address\"><span class=\"contact-list-address-title\">Adresse<\/span><span class=\"contact-list-address-line-1\">41 Les Bordes - 89150 - Jouy<\/span><span class=\"contact-list-address-line-2\">T\u00e9l : 06 02 34 94 54<\/span><\/div> <div class=\"contact-list-custom-fields-container\"><div class=\"contact-list-custom-field-1 contact-list-custom-field-with-icon\"><i class=\"fa fa-globe\" aria-hidden=\"true\"><\/i><span><a href=\"https:\/\/www.cambium89.com\/\" target=\"_blank\" title=\"https:\/\/www.cambium89.com\/\">https:\/\/www.cambium89.com\/<\/a><\/span><\/div><\/div>  <div class=\"contact-list-some-elements\"><a href=\"http:\/\/@cambiumelagage\" target=\"_blank\"><img decoding=\"async\" src=\"https:\/\/mairiejouy89.fr\/wp-content\/plugins\/contact-list\/public\/..\/img\/instagram.svg\" alt=\"Instagram\" \/><\/a><hr class=\"clear\" \/><\/div>   \n      <\/div>\n    \n    <\/div>\n    \n    <div class=\"contact-list-main-right\">\n  \n      <div class=\"contact-list-image contact-list-image-sepia contact-list-image-shadow\"><img decoding=\"async\" src=\"https:\/\/mairiejouy89.fr\/wp-content\/uploads\/2022\/12\/Cambium-280x424.png\" alt=\"\" \/><\/div>  \n    <\/div>\n\n    <div class=\"contact-list-main-bottom\">\n    \n          \n    <\/div>\n  \n  <\/div>\n  \n  \n<\/li>\n\n<li id=\"cl-2523\">\n\n    \n  <div class=\"contact-list-contact-container \">\n  \n    <div class=\"contact-list-main-left\">\n      \n      <div class=\"contact-list-main-elements\">\n        \n        <div class=\"contact-list-hidden-name\">CLIMATCONFORT<\/div><span class=\"contact-list-contact-name\">CLIMATCONFORT<\/span> <span class=\"contact-list-job-title\">Plomberie \u2013 chauffage \u2013 \u00e9nergies renouvelables<\/span> <span class=\"contact-list-email\"><a href=\"mailto:&#99;l&#105;&#109;&#97;&#116;&#99;onf&#111;r&#116;89&#64;or&#97;ng&#101;&#46;f&#114;\">&#99;lim&#97;&#116;&#99;o&#110;&#102;ort8&#57;&#64;&#111;r&#97;&#110;&#103;e.fr<\/a><\/span>    <div class=\"contact-list-address\"><span class=\"contact-list-address-title\">Adresse<\/span><span class=\"contact-list-address-line-1\">1 Route des Marais - 89150 - Jouy<\/span><span class=\"contact-list-address-line-2\">T\u00e9l : 06 21 51 41 30<\/span><\/div> <div class=\"contact-list-custom-fields-container\"><\/div>  <div class=\"contact-list-some-elements\"><hr class=\"clear\" \/><\/div>   \n      <\/div>\n    \n    <\/div>\n    \n    <div class=\"contact-list-main-right\">\n  \n      <div class=\"contact-list-image contact-list-image-sepia contact-list-image-shadow\"><img decoding=\"async\" src=\"https:\/\/mairiejouy89.fr\/wp-content\/uploads\/2022\/06\/ent-plombien-280x249.png\" alt=\"\" \/><\/div>  \n    <\/div>\n\n    <div class=\"contact-list-main-bottom\">\n    \n          \n    <\/div>\n  \n  <\/div>\n  \n  \n<\/li>\n\n<li id=\"cl-2524\">\n\n    \n  <div class=\"contact-list-contact-container \">\n  \n    <div class=\"contact-list-main-left\">\n      \n      <div class=\"contact-list-main-elements\">\n        \n        <div class=\"contact-list-hidden-name\">DEVIS S\u00e9bastien<\/div><span class=\"contact-list-contact-name\">DEVIS S\u00e9bastien<\/span> <span class=\"contact-list-job-title\">Electricit\u00e9<\/span> <span class=\"contact-list-email\"><a href=\"mailto:d&#101;v&#105;s.se&#98;&#97;&#115;ti&#101;&#110;&#64;&#111;r&#97;&#110;&#103;e.&#102;r\">devi&#115;&#46;se&#98;a&#115;t&#105;e&#110;&#64;o&#114;&#97;n&#103;&#101;.fr<\/a><\/span>    <div class=\"contact-list-address\"><span class=\"contact-list-address-title\">Adresse<\/span><span class=\"contact-list-address-line-1\">34 Les Bordes - 89150 - Jouy<\/span><span class=\"contact-list-address-line-2\">T\u00e9l : 06 48 76 26 85<\/span><\/div> <div class=\"contact-list-custom-fields-container\"><\/div>  <div class=\"contact-list-some-elements\"><hr class=\"clear\" \/><\/div>   \n      <\/div>\n    \n    <\/div>\n    \n    <div class=\"contact-list-main-right\">\n  \n      <div class=\"contact-list-image contact-list-image-sepia contact-list-image-shadow\"><img decoding=\"async\" src=\"https:\/\/mairiejouy89.fr\/wp-content\/uploads\/2022\/06\/ent-electricien-280x271.png\" alt=\"\" \/><\/div>  \n    <\/div>\n\n    <div class=\"contact-list-main-bottom\">\n    \n          \n    <\/div>\n  \n  <\/div>\n  \n  \n<\/li>\n\n<li id=\"cl-3220\">\n\n    \n  <div class=\"contact-list-contact-container \">\n  \n    <div class=\"contact-list-main-left\">\n      \n      <div class=\"contact-list-main-elements\">\n        \n        <div class=\"contact-list-hidden-name\">EURIAL ULTRA FRAIS<\/div><span class=\"contact-list-contact-name\">EURIAL ULTRA FRAIS<\/span> <span class=\"contact-list-job-title\">Industrie de produits laitiers<\/span>     <div class=\"contact-list-address\"><span class=\"contact-list-address-title\">Adresse<\/span><span class=\"contact-list-address-line-1\">30 Rue des Jacquins, 89150 Jouy<\/span><span class=\"contact-list-address-line-2\">T\u00e9l : 03 86 97 40 40<\/span><\/div> <div class=\"contact-list-custom-fields-container\"><div class=\"contact-list-custom-field-1 contact-list-custom-field-with-icon\"><i class=\"fa fa-globe\" aria-hidden=\"true\"><\/i><span><a href=\"https:\/\/www.eurial.eu\/\" target=\"_blank\" title=\"https:\/\/www.eurial.eu\/\">https:\/\/www.eurial.eu\/<\/a><\/span><\/div><\/div>  <div class=\"contact-list-some-elements\"><hr class=\"clear\" \/><\/div>   \n      <\/div>\n    \n    <\/div>\n    \n    <div class=\"contact-list-main-right\">\n  \n      <div class=\"contact-list-image contact-list-image-sepia contact-list-image-shadow\"><img decoding=\"async\" src=\"https:\/\/mairiejouy89.fr\/wp-content\/uploads\/2022\/06\/ent-industrie-lait-280x270.png\" alt=\"\" \/><\/div>  \n    <\/div>\n\n    <div class=\"contact-list-main-bottom\">\n    \n          \n    <\/div>\n  \n  <\/div>\n  \n  \n<\/li>\n\n<li id=\"cl-2527\">\n\n    \n  <div class=\"contact-list-contact-container \">\n  \n    <div class=\"contact-list-main-left\">\n      \n      <div class=\"contact-list-main-elements\">\n        \n        <div class=\"contact-list-hidden-name\">FROT Fabien<\/div><span class=\"contact-list-contact-name\">FROT Fabien<\/span> <span class=\"contact-list-job-title\">Plomberie \u2013 Chauffage \u2013 Energies renouvelables<\/span> <span class=\"contact-list-email\"><a href=\"mailto:&#102;&#97;bi&#101;&#110;.f&#114;&#111;t&#64;or&#97;&#110;&#103;&#101;&#46;fr\">&#102;ab&#105;&#101;&#110;.&#102;rot&#64;&#111;&#114;an&#103;&#101;.&#102;&#114;<\/a><\/span>    <div class=\"contact-list-address\"><span class=\"contact-list-address-title\">Adresse<\/span><span class=\"contact-list-address-line-1\">5 Mardeleuse - 89150 - Jouy<\/span><span class=\"contact-list-address-line-2\">T\u00e9l : 06 81 07 17 69<\/span><span class=\"contact-list-address-line-3\">T\u00e9l : 03 86 86 52 60<\/span><\/div> <div class=\"contact-list-custom-fields-container\"><\/div>  <div class=\"contact-list-some-elements\"><hr class=\"clear\" \/><\/div>   \n      <\/div>\n    \n    <\/div>\n    \n    <div class=\"contact-list-main-right\">\n  \n      <div class=\"contact-list-image contact-list-image-sepia contact-list-image-shadow\"><img decoding=\"async\" src=\"https:\/\/mairiejouy89.fr\/wp-content\/uploads\/2022\/06\/ent-plombien-280x249.png\" alt=\"\" \/><\/div>  \n    <\/div>\n\n    <div class=\"contact-list-main-bottom\">\n    \n          \n    <\/div>\n  \n  <\/div>\n  \n  \n<\/li>\n\n<li id=\"cl-2528\">\n\n    \n  <div class=\"contact-list-contact-container \">\n  \n    <div class=\"contact-list-main-left\">\n      \n      <div class=\"contact-list-main-elements\">\n        \n        <div class=\"contact-list-hidden-name\">HALLEUR Franck<\/div><span class=\"contact-list-contact-name\">HALLEUR Franck<\/span> <span class=\"contact-list-job-title\">Mara\u00eechage<\/span> <span class=\"contact-list-email\"><a href=\"mailto:&#104;&#97;&#108;&#108;&#101;&#117;rf&#64;&#111;range&#46;&#102;r\">h&#97;&#108;&#108;e&#117;&#114;f&#64;&#111;&#114;&#97;&#110;&#103;&#101;.fr<\/a><\/span>    <div class=\"contact-list-address\"><span class=\"contact-list-address-title\">Adresse<\/span><span class=\"contact-list-address-line-1\">La Marquette - 89150 - Jouy<\/span><span class=\"contact-list-address-line-2\">T\u00e9l : 06 07 26 46 67<\/span><\/div> <div class=\"contact-list-custom-fields-container\"><\/div>  <div class=\"contact-list-some-elements\"><hr class=\"clear\" \/><\/div>   \n      <\/div>\n    \n    <\/div>\n    \n    <div class=\"contact-list-main-right\">\n  \n      <div class=\"contact-list-image contact-list-image-sepia contact-list-image-shadow\"><img decoding=\"async\" src=\"https:\/\/mairiejouy89.fr\/wp-content\/uploads\/2022\/06\/ent-maraichage-280x216.png\" alt=\"\" \/><\/div>  \n    <\/div>\n\n    <div class=\"contact-list-main-bottom\">\n    \n          \n    <\/div>\n  \n  <\/div>\n  \n  \n<\/li>\n\n<li id=\"cl-2529\">\n\n    \n  <div class=\"contact-list-contact-container \">\n  \n    <div class=\"contact-list-main-left\">\n      \n      <div class=\"contact-list-main-elements\">\n        \n        <div class=\"contact-list-hidden-name\">HEDIN MA\u00c7ONNERIE G\u00c9N\u00c9RALE<\/div><span class=\"contact-list-contact-name\">HEDIN MA\u00c7ONNERIE G\u00c9N\u00c9RALE<\/span> <span class=\"contact-list-job-title\">Ma\u00e7onnerie \u2013 carrelage \u2013 couverture<\/span> <span class=\"contact-list-email\"><a href=\"mailto:&#104;e&#100;&#105;&#110;.&#109;a&#99;&#111;nn&#101;r&#105;&#101;&#103;&#101;n&#101;r&#97;l&#101;&#64;or&#97;&#110;&#103;&#101;.fr\">h&#101;di&#110;&#46;m&#97;co&#110;&#110;&#101;r&#105;ege&#110;e&#114;&#97;&#108;&#101;&#64;&#111;ran&#103;&#101;&#46;&#102;&#114;<\/a><\/span>    <div class=\"contact-list-address\"><span class=\"contact-list-address-title\">Adresse<\/span><span class=\"contact-list-address-line-1\">8 bis Les Duments - 89150 - Jouy<\/span><span class=\"contact-list-address-line-2\">T\u00e9l : 03 86 65 63 48<\/span><\/div> <div class=\"contact-list-custom-fields-container\"><\/div>  <div class=\"contact-list-some-elements\"><hr class=\"clear\" \/><\/div>   \n      <\/div>\n    \n    <\/div>\n    \n    <div class=\"contact-list-main-right\">\n  \n      <div class=\"contact-list-image contact-list-image-sepia contact-list-image-shadow\"><img decoding=\"async\" src=\"https:\/\/mairiejouy89.fr\/wp-content\/uploads\/2022\/06\/ent-macon-280x271.png\" alt=\"\" \/><\/div>  \n    <\/div>\n\n    <div class=\"contact-list-main-bottom\">\n    \n          \n    <\/div>\n  \n  <\/div>\n  \n  \n<\/li>\n\n<li id=\"cl-2530\">\n\n    \n  <div class=\"contact-list-contact-container \">\n  \n    <div class=\"contact-list-main-left\">\n      \n      <div class=\"contact-list-main-elements\">\n        \n        <div class=\"contact-list-hidden-name\">HERMANT<\/div><span class=\"contact-list-contact-name\">HERMANT<\/span> <span class=\"contact-list-job-title\">Terrassement et Travaux Publics<\/span> <span class=\"contact-list-email\"><a href=\"mailto:he&#114;&#109;a&#110;&#116;&#114;&#64;w&#97;&#110;&#97;&#100;o&#111;.fr\">&#104;&#101;r&#109;&#97;&#110;&#116;&#114;&#64;wa&#110;&#97;&#100;o&#111;.fr<\/a><\/span>    <div class=\"contact-list-address\"><span class=\"contact-list-address-title\">Adresse<\/span><span class=\"contact-list-address-line-1\">19 Les Bouleaux - 89150 - Jouy<\/span><span class=\"contact-list-address-line-2\">T\u00e9l : 06 83 22 46 20<\/span><span class=\"contact-list-address-line-3\">T\u00e9l : 06 38 98 87 11<\/span><\/div> <div class=\"contact-list-custom-fields-container\"><\/div>  <div class=\"contact-list-some-elements\"><hr class=\"clear\" \/><\/div>   \n      <\/div>\n    \n    <\/div>\n    \n    <div class=\"contact-list-main-right\">\n  \n      <div class=\"contact-list-image contact-list-image-sepia contact-list-image-shadow\"><img decoding=\"async\" src=\"https:\/\/mairiejouy89.fr\/wp-content\/uploads\/2022\/06\/ent-terrassement-travaux-280x261.png\" alt=\"\" \/><\/div>  \n    <\/div>\n\n    <div class=\"contact-list-main-bottom\">\n    \n          \n    <\/div>\n  \n  <\/div>\n  \n  \n<\/li>\n\n<li id=\"cl-2531\">\n\n    \n  <div class=\"contact-list-contact-container \">\n  \n    <div class=\"contact-list-main-left\">\n      \n      <div class=\"contact-list-main-elements\">\n        \n        <div class=\"contact-list-hidden-name\">IDEAL PLOMBERIE CHAUFFAGE<\/div><span class=\"contact-list-contact-name\">IDEAL PLOMBERIE CHAUFFAGE<\/span> <span class=\"contact-list-job-title\">Plomberie chauffage<\/span> <span class=\"contact-list-email\"><a href=\"mailto:&#103;eo.&#106;e&#115;up&#114;e&#116;&#64;&#103;&#109;&#97;&#105;&#108;.com\">ge&#111;&#46;&#106;e&#115;u&#112;&#114;e&#116;&#64;&#103;m&#97;il.&#99;om<\/a><\/span>    <div class=\"contact-list-address\"><span class=\"contact-list-address-title\">Adresse<\/span><span class=\"contact-list-address-line-1\">4 bis Ruz\u00e9 - 89150 - Jouy<\/span><span class=\"contact-list-address-line-2\">T\u00e9l : 06 18 21 60 82<\/span><\/div> <div class=\"contact-list-custom-fields-container\"><\/div>  <div class=\"contact-list-some-elements\"><hr class=\"clear\" \/><\/div>   \n      <\/div>\n    \n    <\/div>\n    \n    <div class=\"contact-list-main-right\">\n  \n      <div class=\"contact-list-image contact-list-image-sepia contact-list-image-shadow\"><img decoding=\"async\" src=\"https:\/\/mairiejouy89.fr\/wp-content\/uploads\/2022\/06\/ent-plombien-chauffage-280x260.png\" alt=\"\" \/><\/div>  \n    <\/div>\n\n    <div class=\"contact-list-main-bottom\">\n    \n          \n    <\/div>\n  \n  <\/div>\n  \n  \n<\/li>\n\n<li id=\"cl-2532\">\n\n    \n  <div class=\"contact-list-contact-container \">\n  \n    <div class=\"contact-list-main-left\">\n      \n      <div class=\"contact-list-main-elements\">\n        \n        <div class=\"contact-list-hidden-name\">LA GRANGE DES BLINS<\/div><span class=\"contact-list-contact-name\">LA GRANGE DES BLINS<\/span> <span class=\"contact-list-job-title\">Chambres d\u2019H\u00f4tes<\/span> <span class=\"contact-list-email\"><a href=\"mailto:&#108;&#97;&#103;r&#97;n&#103;e&#100;&#101;&#115;bl&#105;n&#115;&#64;g&#109;&#97;&#105;l.&#99;&#111;m\">&#108;ag&#114;&#97;n&#103;&#101;d&#101;&#115;&#98;li&#110;&#115;&#64;&#103;&#109;&#97;&#105;l.&#99;&#111;&#109;<\/a><\/span>    <div class=\"contact-list-address\"><span class=\"contact-list-address-title\">Adresse<\/span><span class=\"contact-list-address-line-1\">4 Les Blins - 89150 - Jouy<\/span><span class=\"contact-list-address-line-2\">T\u00e9l : 03 86 97 56 19<\/span><\/div> <div class=\"contact-list-custom-fields-container\"><div class=\"contact-list-custom-field-1 contact-list-custom-field-with-icon\"><i class=\"fa fa-globe\" aria-hidden=\"true\"><\/i><span><a href=\"https:\/\/www.lagrangedesblins.fr\/\" target=\"_blank\" title=\"https:\/\/www.lagrangedesblins.fr\/\">https:\/\/www.lagrangedesblins.fr\/<\/a><\/span><\/div><\/div>  <div class=\"contact-list-some-elements\"><hr class=\"clear\" \/><\/div>   \n      <\/div>\n    \n    <\/div>\n    \n    <div class=\"contact-list-main-right\">\n  \n      <div class=\"contact-list-image contact-list-image-sepia contact-list-image-shadow\"><img decoding=\"async\" src=\"https:\/\/mairiejouy89.fr\/wp-content\/uploads\/2022\/06\/ent-chambre-hote-280x289.png\" alt=\"\" \/><\/div>  \n    <\/div>\n\n    <div class=\"contact-list-main-bottom\">\n    \n          \n    <\/div>\n  \n  <\/div>\n  \n  \n<\/li>\n\n<li id=\"cl-2533\">\n\n    \n  <div class=\"contact-list-contact-container \">\n  \n    <div class=\"contact-list-main-left\">\n      \n      <div class=\"contact-list-main-elements\">\n        \n        <div class=\"contact-list-hidden-name\">LAMY Jean-Marc<\/div><span class=\"contact-list-contact-name\">LAMY Jean-Marc<\/span> <span class=\"contact-list-job-title\">Terrassement \u2013 Remorquage v\u00e9hicules<\/span> <span class=\"contact-list-email\"><a href=\"mailto:jml&#103;&#97;&#56;9&#64;h&#111;t&#109;a&#105;l.&#102;&#114;\">jmlg&#97;&#56;&#57;&#64;&#104;ot&#109;ai&#108;&#46;&#102;&#114;<\/a><\/span>    <div class=\"contact-list-address\"><span class=\"contact-list-address-title\">Adresse<\/span><span class=\"contact-list-address-line-1\">2 bis Les Blins - 89150 - Jouy<\/span><span class=\"contact-list-address-line-2\">T\u00e9l : 06 71 00 60 65<\/span><span class=\"contact-list-address-line-3\">T\u00e9l : 03 86 97 73 14<\/span><\/div> <div class=\"contact-list-custom-fields-container\"><\/div>  <div class=\"contact-list-some-elements\"><hr class=\"clear\" \/><\/div>   \n      <\/div>\n    \n    <\/div>\n    \n    <div class=\"contact-list-main-right\">\n  \n      <div class=\"contact-list-image contact-list-image-sepia contact-list-image-shadow\"><img decoding=\"async\" src=\"https:\/\/mairiejouy89.fr\/wp-content\/uploads\/2022\/06\/ent-terrassement-remorquage-280x255.png\" alt=\"\" \/><\/div>  \n    <\/div>\n\n    <div class=\"contact-list-main-bottom\">\n    \n          \n    <\/div>\n  \n  <\/div>\n  \n  \n<\/li>\n\n<li id=\"cl-2534\">\n\n    \n  <div class=\"contact-list-contact-container \">\n  \n    <div class=\"contact-list-main-left\">\n      \n      <div class=\"contact-list-main-elements\">\n        \n        <div class=\"contact-list-hidden-name\">LES GAVROCHES DU GATINAIS<\/div><span class=\"contact-list-contact-name\">LES GAVROCHES DU GATINAIS<\/span> <span class=\"contact-list-job-title\">Terrassement<\/span> <span class=\"contact-list-email\"><a href=\"mailto:m&#97;r&#99;.&#108;e&#114;&#111;y&#64;&#106;&#116;&#103;ser&#118;ices.f&#114;\">m&#97;&#114;&#99;&#46;&#108;e&#114;&#111;&#121;&#64;jtg&#115;&#101;r&#118;&#105;ces&#46;&#102;r<\/a><\/span>    <div class=\"contact-list-address\"><span class=\"contact-list-address-title\">Adresse<\/span><span class=\"contact-list-address-line-1\">1 Mardeleuse - 89150 - Jouy<\/span><span class=\"contact-list-address-line-2\">T\u00e9l : 06 16 16 16 79<\/span><\/div> <div class=\"contact-list-custom-fields-container\"><\/div>  <div class=\"contact-list-some-elements\"><hr class=\"clear\" \/><\/div>   \n      <\/div>\n    \n    <\/div>\n    \n    <div class=\"contact-list-main-right\">\n  \n      <div class=\"contact-list-image contact-list-image-sepia contact-list-image-shadow\"><img decoding=\"async\" src=\"https:\/\/mairiejouy89.fr\/wp-content\/uploads\/2022\/06\/ent-terrassement-280x251.png\" alt=\"\" \/><\/div>  \n    <\/div>\n\n    <div class=\"contact-list-main-bottom\">\n    \n          \n    <\/div>\n  \n  <\/div>\n  \n  \n<\/li>\n\n<li id=\"cl-2535\">\n\n    \n  <div class=\"contact-list-contact-container \">\n  \n    <div class=\"contact-list-main-left\">\n      \n      <div class=\"contact-list-main-elements\">\n        \n        <div class=\"contact-list-hidden-name\">LMS MENUISERIE<\/div><span class=\"contact-list-contact-name\">LMS MENUISERIE<\/span> <span class=\"contact-list-job-title\">Menuiserie bois \u2013 alu \u2026<\/span> <span class=\"contact-list-email\"><a href=\"mailto:lm&#115;.me&#110;&#117;iser&#105;&#101;&#64;&#115;f&#114;.f&#114;\">&#108;ms&#46;&#109;&#101;&#110;&#117;i&#115;e&#114;&#105;&#101;&#64;s&#102;r.&#102;&#114;<\/a><\/span>    <div class=\"contact-list-address\"><span class=\"contact-list-address-title\">Adresse<\/span><span class=\"contact-list-address-line-1\">1 Route du Marchais des Pr\u00e9s - 89150 - Jouy<\/span><span class=\"contact-list-address-line-2\">T\u00e9l : 06 52 22 31 97<\/span><span class=\"contact-list-address-line-3\">T\u00e9l : 03 86 97 75 16<\/span><\/div> <div class=\"contact-list-custom-fields-container\"><\/div>  <div class=\"contact-list-some-elements\"><hr class=\"clear\" \/><\/div>   \n      <\/div>\n    \n    <\/div>\n    \n    <div class=\"contact-list-main-right\">\n  \n      <div class=\"contact-list-image contact-list-image-sepia contact-list-image-shadow\"><img decoding=\"async\" src=\"https:\/\/mairiejouy89.fr\/wp-content\/uploads\/2022\/06\/ent-menuisier-280x276.png\" alt=\"\" \/><\/div>  \n    <\/div>\n\n    <div class=\"contact-list-main-bottom\">\n    \n          \n    <\/div>\n  \n  <\/div>\n  \n  \n<\/li>\n\n<li id=\"cl-2536\">\n\n    \n  <div class=\"contact-list-contact-container \">\n  \n    <div class=\"contact-list-main-left\">\n      \n      <div class=\"contact-list-main-elements\">\n        \n        <div class=\"contact-list-hidden-name\">MB TRAITEUR<\/div><span class=\"contact-list-contact-name\">MB TRAITEUR<\/span> <span class=\"contact-list-job-title\">Traiteur Mariage et R\u00e9ception<\/span> <span class=\"contact-list-email\"><a href=\"mailto:&#109;b.&#116;&#114;&#97;i&#116;e&#117;r&#64;&#111;&#117;&#116;lo&#111;&#107;.&#102;&#114;\">mb&#46;&#116;r&#97;&#105;te&#117;r&#64;ou&#116;&#108;ook&#46;&#102;&#114;<\/a><\/span>    <div class=\"contact-list-address\"><span class=\"contact-list-address-title\">Adresse<\/span><span class=\"contact-list-address-line-1\">Domaine de Chenevi\u00e8re - 89150 - Jouy<\/span><span class=\"contact-list-address-line-2\">T\u00e9l : 06 80 48 02 46<\/span><\/div> <div class=\"contact-list-custom-fields-container\"><\/div>  <div class=\"contact-list-some-elements\"><hr class=\"clear\" \/><\/div>   \n      <\/div>\n    \n    <\/div>\n    \n    <div class=\"contact-list-main-right\">\n  \n      <div class=\"contact-list-image contact-list-image-sepia contact-list-image-shadow\"><img decoding=\"async\" src=\"https:\/\/mairiejouy89.fr\/wp-content\/uploads\/2022\/06\/ent-traiteur-280x264.png\" alt=\"\" \/><\/div>  \n    <\/div>\n\n    <div class=\"contact-list-main-bottom\">\n    \n          \n    <\/div>\n  \n  <\/div>\n  \n  \n<\/li>\n\n<li id=\"cl-3490\">\n\n    \n  <div class=\"contact-list-contact-container \">\n  \n    <div class=\"contact-list-main-left\">\n      \n      <div class=\"contact-list-main-elements\">\n        \n        <div class=\"contact-list-hidden-name\">MY COIFFURE<\/div><span class=\"contact-list-contact-name\">MY COIFFURE<\/span> <span class=\"contact-list-job-title\">Coiffure \u00e0 domicile<\/span>     <div class=\"contact-list-address\"><span class=\"contact-list-address-title\">Adresse<\/span><span class=\"contact-list-address-line-1\">17 Route de Bazoches - 89150 - Jouy<\/span><span class=\"contact-list-address-line-2\">T\u00e9l : 06 71 70 17 71<\/span><\/div> <div class=\"contact-list-custom-fields-container\"><\/div>  <div class=\"contact-list-some-elements\"><hr class=\"clear\" \/><\/div>   \n      <\/div>\n    \n    <\/div>\n    \n    <div class=\"contact-list-main-right\">\n  \n      <div class=\"contact-list-image contact-list-image-sepia contact-list-image-shadow\"><img decoding=\"async\" src=\"https:\/\/mairiejouy89.fr\/wp-content\/uploads\/2022\/12\/MY-COIFFURE-280x257.png\" alt=\"\" \/><\/div>  \n    <\/div>\n\n    <div class=\"contact-list-main-bottom\">\n    \n          \n    <\/div>\n  \n  <\/div>\n  \n  \n<\/li>\n\n<li id=\"cl-2537\">\n\n    \n  <div class=\"contact-list-contact-container \">\n  \n    <div class=\"contact-list-main-left\">\n      \n      <div class=\"contact-list-main-elements\">\n        \n        <div class=\"contact-list-hidden-name\">NORY Laurence<\/div><span class=\"contact-list-contact-name\">NORY Laurence<\/span> <span class=\"contact-list-job-title\">Fromages de ch\u00e8vres<\/span> <span class=\"contact-list-email\"><a href=\"mailto:lau&#114;e&#110;&#99;e.nory&#64;&#111;ra&#110;ge&#46;f&#114;\">laur&#101;n&#99;e.&#110;ory&#64;&#111;&#114;ang&#101;&#46;fr<\/a><\/span>    <div class=\"contact-list-address\"><span class=\"contact-list-address-title\">Adresse<\/span><span class=\"contact-list-address-line-1\">1 La Marquette - 89150 - Jouy<\/span><span class=\"contact-list-address-line-2\">T\u00e9l : 03 86 64 27 30<\/span><\/div> <div class=\"contact-list-custom-fields-container\"><\/div>  <div class=\"contact-list-some-elements\"><hr class=\"clear\" \/><\/div>   \n      <\/div>\n    \n    <\/div>\n    \n    <div class=\"contact-list-main-right\">\n  \n      <div class=\"contact-list-image contact-list-image-sepia contact-list-image-shadow\"><img decoding=\"async\" src=\"https:\/\/mairiejouy89.fr\/wp-content\/uploads\/2022\/06\/ent-fromage-280x231.png\" alt=\"\" \/><\/div>  \n    <\/div>\n\n    <div class=\"contact-list-main-bottom\">\n    \n          \n    <\/div>\n  \n  <\/div>\n  \n  \n<\/li>\n\n<li id=\"cl-2538\">\n\n    \n  <div class=\"contact-list-contact-container \">\n  \n    <div class=\"contact-list-main-left\">\n      \n      <div class=\"contact-list-main-elements\">\n        \n        <div class=\"contact-list-hidden-name\">SEBASTIEN JARDIN<\/div><span class=\"contact-list-contact-name\">SEBASTIEN JARDIN<\/span> <span class=\"contact-list-job-title\">Paysagiste<\/span> <span class=\"contact-list-email\"><a href=\"mailto:s&#101;b&#97;&#115;t&#105;en&#46;ga&#117;&#116;&#104;i&#101;r&#49;&#50;&#51;&#64;&#111;r&#97;n&#103;&#101;&#46;f&#114;\">s&#101;ba&#115;&#116;ien.g&#97;&#117;&#116;hi&#101;r&#49;&#50;&#51;&#64;&#111;ra&#110;&#103;&#101;&#46;&#102;&#114;<\/a><\/span>    <div class=\"contact-list-address\"><span class=\"contact-list-address-title\">Adresse<\/span><span class=\"contact-list-address-line-1\">32 Les Bordes - 89150 - Jouy<\/span><span class=\"contact-list-address-line-2\">T\u00e9l : 06 09 88 23 79<\/span><span class=\"contact-list-address-line-3\">T\u00e9l : 03 86 97 56 98<\/span><\/div> <div class=\"contact-list-custom-fields-container\"><\/div>  <div class=\"contact-list-some-elements\"><hr class=\"clear\" \/><\/div>   \n      <\/div>\n    \n    <\/div>\n    \n    <div class=\"contact-list-main-right\">\n  \n      <div class=\"contact-list-image contact-list-image-sepia contact-list-image-shadow\"><img decoding=\"async\" src=\"https:\/\/mairiejouy89.fr\/wp-content\/uploads\/2022\/06\/ent-paysagiste-01-280x260.png\" alt=\"\" \/><\/div>  \n    <\/div>\n\n    <div class=\"contact-list-main-bottom\">\n    \n          \n    <\/div>\n  \n  <\/div>\n  \n  \n<\/li>\n\n<li id=\"cl-3536\">\n\n    \n  <div class=\"contact-list-contact-container \">\n  \n    <div class=\"contact-list-main-left\">\n      \n      <div class=\"contact-list-main-elements\">\n        \n        <div class=\"contact-list-hidden-name\">SERVAL 89<\/div><span class=\"contact-list-contact-name\">SERVAL 89<\/span> <span class=\"contact-list-job-title\">Service d'Aff\u00fbtage Local<\/span> <span class=\"contact-list-email\"><a href=\"mailto:&#115;er&#118;a&#108;89&#64;gm&#120;&#46;co&#109;\">s&#101;&#114;v&#97;l8&#57;&#64;&#103;&#109;&#120;.&#99;&#111;m<\/a><\/span>    <div class=\"contact-list-address\"><span class=\"contact-list-address-title\">Adresse<\/span><span class=\"contact-list-address-line-1\">13 Les Dumants - 89150 - Jouy<\/span><span class=\"contact-list-address-line-2\">T\u00e9l : 06 18 91 24 40<\/span><\/div> <div class=\"contact-list-custom-fields-container\"><\/div>  <div class=\"contact-list-some-elements\"><hr class=\"clear\" \/><\/div>   \n      <\/div>\n    \n    <\/div>\n    \n    <div class=\"contact-list-main-right\">\n  \n      <div class=\"contact-list-image contact-list-image-sepia contact-list-image-shadow\"><img decoding=\"async\" src=\"https:\/\/mairiejouy89.fr\/wp-content\/uploads\/2023\/03\/LOGO-serval89-280x198.png\" alt=\"\" \/><\/div>  \n    <\/div>\n\n    <div class=\"contact-list-main-bottom\">\n    \n          \n    <\/div>\n  \n  <\/div>\n  \n  \n<\/li>\n\n<li id=\"cl-2539\">\n\n    \n  <div class=\"contact-list-contact-container \">\n  \n    <div class=\"contact-list-main-left\">\n      \n      <div class=\"contact-list-main-elements\">\n        \n        <div class=\"contact-list-hidden-name\">SUARD Mathieu<\/div><span class=\"contact-list-contact-name\">SUARD Mathieu<\/span> <span class=\"contact-list-job-title\">Travaux publics<\/span> <span class=\"contact-list-email\"><a href=\"mailto:m&#97;&#116;h&#56;&#57;01&#64;&#104;&#111;t&#109;a&#105;l&#46;f&#114;\">&#109;a&#116;&#104;&#56;9&#48;1&#64;&#104;otma&#105;&#108;&#46;&#102;&#114;<\/a><\/span>    <div class=\"contact-list-address\"><span class=\"contact-list-address-title\">Adresse<\/span><span class=\"contact-list-address-line-1\">11 Les Poissons - 89150 - Jouy<\/span><span class=\"contact-list-address-line-2\">T\u00e9l : 06 79 68 53 17<\/span><\/div> <div class=\"contact-list-custom-fields-container\"><\/div>  <div class=\"contact-list-some-elements\"><hr class=\"clear\" \/><\/div>   \n      <\/div>\n    \n    <\/div>\n    \n    <div class=\"contact-list-main-right\">\n  \n      <div class=\"contact-list-image contact-list-image-sepia contact-list-image-shadow\"><img decoding=\"async\" src=\"https:\/\/mairiejouy89.fr\/wp-content\/uploads\/2022\/06\/ent-travaux-public-01-280x260.png\" alt=\"\" \/><\/div>  \n    <\/div>\n\n    <div class=\"contact-list-main-bottom\">\n    \n          \n    <\/div>\n  \n  <\/div>\n  \n  \n<\/li>\n\n<li id=\"cl-2540\">\n\n    \n  <div class=\"contact-list-contact-container \">\n  \n    <div class=\"contact-list-main-left\">\n      \n      <div class=\"contact-list-main-elements\">\n        \n        <div class=\"contact-list-hidden-name\">TRITTER Jean-Charles<\/div><span class=\"contact-list-contact-name\">TRITTER Jean-Charles<\/span> <span class=\"contact-list-job-title\">Bar \u2013 Restaurant - Epicerie<\/span>     <div class=\"contact-list-address\"><span class=\"contact-list-address-title\">Adresse<\/span><span class=\"contact-list-address-line-1\">23 rue du Chemin de C\u00e9sar - 89150 - Jouy<\/span><span class=\"contact-list-address-line-2\">T\u00e9l : 03 86 97 56 35<\/span><\/div> <div class=\"contact-list-custom-fields-container\"><\/div>  <div class=\"contact-list-some-elements\"><hr class=\"clear\" \/><\/div>   \n      <\/div>\n    \n    <\/div>\n    \n    <div class=\"contact-list-main-right\">\n  \n      <div class=\"contact-list-image contact-list-image-sepia contact-list-image-shadow\"><img decoding=\"async\" src=\"https:\/\/mairiejouy89.fr\/wp-content\/uploads\/2022\/06\/ent-bar-280x254.png\" alt=\"\" \/><\/div>  \n    <\/div>\n\n    <div class=\"contact-list-main-bottom\">\n    \n          \n    <\/div>\n  \n  <\/div>\n  \n  \n<\/li>\n<\/ul><hr class=\"clear\" \/><div id=\"contact-list-nothing-found\">Aucun contact trouv\u00e9.<\/div><\/div><\/div><div class=\"contact-list-ajax-results\"><div id=\"contact-list-search\"><ul id=\"all-contacts\">\n<li id=\"cl-2520\">\n\n    \n  <div class=\"contact-list-contact-container \">\n  \n    <div class=\"contact-list-main-left\">\n      \n      <div class=\"contact-list-main-elements\">\n        \n        <div class=\"contact-list-hidden-name\">BEAUVAIS Jean-Fran\u00e7ois<\/div><span class=\"contact-list-contact-name\">BEAUVAIS Jean-Fran\u00e7ois<\/span> <span class=\"contact-list-job-title\">Menuiserie<\/span> <span class=\"contact-list-email\"><a href=\"mailto:&#98;eau&#118;&#97;is.j&#101;&#97;n&#45;f&#114;a&#110;c&#111;&#105;s&#64;&#111;&#114;&#97;nge&#46;&#102;r\">&#98;&#101;auv&#97;&#105;&#115;.j&#101;a&#110;&#45;&#102;&#114;ancois&#64;&#111;&#114;a&#110;g&#101;.&#102;&#114;<\/a><\/span>    <div class=\"contact-list-address\"><span class=\"contact-list-address-title\">Adresse<\/span><span class=\"contact-list-address-line-1\">36 Les Bordes - 89150 - Jouy<\/span><span class=\"contact-list-address-line-2\">T\u00e9l : 02 38 90 99 03<\/span><\/div> <div class=\"contact-list-custom-fields-container\"><\/div>  <div class=\"contact-list-some-elements\"><hr class=\"clear\" \/><\/div>   \n      <\/div>\n    \n    <\/div>\n    \n    <div class=\"contact-list-main-right\">\n  \n      <div class=\"contact-list-image contact-list-image-sepia contact-list-image-shadow\"><img decoding=\"async\" src=\"https:\/\/mairiejouy89.fr\/wp-content\/uploads\/2022\/06\/ent-menuisier-280x276.png\" alt=\"\" \/><\/div>  \n    <\/div>\n\n    <div class=\"contact-list-main-bottom\">\n    \n          \n    <\/div>\n  \n  <\/div>\n  \n  \n<\/li>\n\n<li id=\"cl-2521\">\n\n    \n  <div class=\"contact-list-contact-container \">\n  \n    <div class=\"contact-list-main-left\">\n      \n      <div class=\"contact-list-main-elements\">\n        \n        <div class=\"contact-list-hidden-name\">CABEDOCHE Fabienne<\/div><span class=\"contact-list-contact-name\">CABEDOCHE Fabienne<\/span> <span class=\"contact-list-job-title\">Coiffure \u00e0 domicile<\/span> <span class=\"contact-list-email\"><a href=\"mailto:cab&#101;&#100;o&#99;h&#101;.&#102;abie&#110;ne&#64;&#111;&#114;a&#110;&#103;e.fr\">ca&#98;edo&#99;he&#46;&#102;ab&#105;e&#110;n&#101;&#64;o&#114;ange&#46;&#102;&#114;<\/a><\/span>    <div class=\"contact-list-address\"><span class=\"contact-list-address-title\">Adresse<\/span><span class=\"contact-list-address-line-1\">5 La Mardeleuse - 89150 - Jouy<\/span><span class=\"contact-list-address-line-2\">T\u00e9l : 06 32 81 15 06<\/span><\/div> <div class=\"contact-list-custom-fields-container\"><\/div>  <div class=\"contact-list-some-elements\"><hr class=\"clear\" \/><\/div>   \n      <\/div>\n    \n    <\/div>\n    \n    <div class=\"contact-list-main-right\">\n  \n      <div class=\"contact-list-image contact-list-image-sepia contact-list-image-shadow\"><img decoding=\"async\" src=\"https:\/\/mairiejouy89.fr\/wp-content\/uploads\/2022\/06\/ent-coiffeur-01-280x260.png\" alt=\"\" \/><\/div>  \n    <\/div>\n\n    <div class=\"contact-list-main-bottom\">\n    \n          \n    <\/div>\n  \n  <\/div>\n  \n  \n<\/li>\n\n<li id=\"cl-3492\">\n\n    \n  <div class=\"contact-list-contact-container \">\n  \n    <div class=\"contact-list-main-left\">\n      \n      <div class=\"contact-list-main-elements\">\n        \n        <div class=\"contact-list-hidden-name\">Cambium \u00c9LAGAGE<\/div><span class=\"contact-list-contact-name\">Cambium \u00c9LAGAGE<\/span> <span class=\"contact-list-job-title\">\u00c9lagage, abattage, d\u00e9montage, taille de haies<\/span>     <div class=\"contact-list-address\"><span class=\"contact-list-address-title\">Adresse<\/span><span class=\"contact-list-address-line-1\">41 Les Bordes - 89150 - Jouy<\/span><span class=\"contact-list-address-line-2\">T\u00e9l : 06 02 34 94 54<\/span><\/div> <div class=\"contact-list-custom-fields-container\"><div class=\"contact-list-custom-field-1 contact-list-custom-field-with-icon\"><i class=\"fa fa-globe\" aria-hidden=\"true\"><\/i><span><a href=\"https:\/\/www.cambium89.com\/\" target=\"_blank\" title=\"https:\/\/www.cambium89.com\/\">https:\/\/www.cambium89.com\/<\/a><\/span><\/div><\/div>  <div class=\"contact-list-some-elements\"><a href=\"http:\/\/@cambiumelagage\" target=\"_blank\"><img decoding=\"async\" src=\"https:\/\/mairiejouy89.fr\/wp-content\/plugins\/contact-list\/public\/..\/img\/instagram.svg\" alt=\"Instagram\" \/><\/a><hr class=\"clear\" \/><\/div>   \n      <\/div>\n    \n    <\/div>\n    \n    <div class=\"contact-list-main-right\">\n  \n      <div class=\"contact-list-image contact-list-image-sepia contact-list-image-shadow\"><img decoding=\"async\" src=\"https:\/\/mairiejouy89.fr\/wp-content\/uploads\/2022\/12\/Cambium-280x424.png\" alt=\"\" \/><\/div>  \n    <\/div>\n\n    <div class=\"contact-list-main-bottom\">\n    \n          \n    <\/div>\n  \n  <\/div>\n  \n  \n<\/li>\n\n<li id=\"cl-2523\">\n\n    \n  <div class=\"contact-list-contact-container \">\n  \n    <div class=\"contact-list-main-left\">\n      \n      <div class=\"contact-list-main-elements\">\n        \n        <div class=\"contact-list-hidden-name\">CLIMATCONFORT<\/div><span class=\"contact-list-contact-name\">CLIMATCONFORT<\/span> <span class=\"contact-list-job-title\">Plomberie \u2013 chauffage \u2013 \u00e9nergies renouvelables<\/span> <span class=\"contact-list-email\"><a href=\"mailto:&#99;l&#105;m&#97;&#116;c&#111;nfor&#116;&#56;9&#64;o&#114;a&#110;g&#101;.f&#114;\">cl&#105;m&#97;&#116;&#99;&#111;nf&#111;r&#116;89&#64;o&#114;a&#110;g&#101;.fr<\/a><\/span>    <div class=\"contact-list-address\"><span class=\"contact-list-address-title\">Adresse<\/span><span class=\"contact-list-address-line-1\">1 Route des Marais - 89150 - Jouy<\/span><span class=\"contact-list-address-line-2\">T\u00e9l : 06 21 51 41 30<\/span><\/div> <div class=\"contact-list-custom-fields-container\"><\/div>  <div class=\"contact-list-some-elements\"><hr class=\"clear\" \/><\/div>   \n      <\/div>\n    \n    <\/div>\n    \n    <div class=\"contact-list-main-right\">\n  \n      <div class=\"contact-list-image contact-list-image-sepia contact-list-image-shadow\"><img decoding=\"async\" src=\"https:\/\/mairiejouy89.fr\/wp-content\/uploads\/2022\/06\/ent-plombien-280x249.png\" alt=\"\" \/><\/div>  \n    <\/div>\n\n    <div class=\"contact-list-main-bottom\">\n    \n          \n    <\/div>\n  \n  <\/div>\n  \n  \n<\/li>\n\n<li id=\"cl-2524\">\n\n    \n  <div class=\"contact-list-contact-container \">\n  \n    <div class=\"contact-list-main-left\">\n      \n      <div class=\"contact-list-main-elements\">\n        \n        <div class=\"contact-list-hidden-name\">DEVIS S\u00e9bastien<\/div><span class=\"contact-list-contact-name\">DEVIS S\u00e9bastien<\/span> <span class=\"contact-list-job-title\">Electricit\u00e9<\/span> <span class=\"contact-list-email\"><a href=\"mailto:&#100;&#101;&#118;&#105;&#115;&#46;&#115;eb&#97;&#115;ti&#101;n&#64;&#111;&#114;an&#103;&#101;&#46;f&#114;\">d&#101;&#118;&#105;s&#46;s&#101;&#98;&#97;&#115;&#116;i&#101;n&#64;&#111;r&#97;ng&#101;.f&#114;<\/a><\/span>    <div class=\"contact-list-address\"><span class=\"contact-list-address-title\">Adresse<\/span><span class=\"contact-list-address-line-1\">34 Les Bordes - 89150 - Jouy<\/span><span class=\"contact-list-address-line-2\">T\u00e9l : 06 48 76 26 85<\/span><\/div> <div class=\"contact-list-custom-fields-container\"><\/div>  <div class=\"contact-list-some-elements\"><hr class=\"clear\" \/><\/div>   \n      <\/div>\n    \n    <\/div>\n    \n    <div class=\"contact-list-main-right\">\n  \n      <div class=\"contact-list-image contact-list-image-sepia contact-list-image-shadow\"><img decoding=\"async\" src=\"https:\/\/mairiejouy89.fr\/wp-content\/uploads\/2022\/06\/ent-electricien-280x271.png\" alt=\"\" \/><\/div>  \n    <\/div>\n\n    <div class=\"contact-list-main-bottom\">\n    \n          \n    <\/div>\n  \n  <\/div>\n  \n  \n<\/li>\n\n<li id=\"cl-3220\">\n\n    \n  <div class=\"contact-list-contact-container \">\n  \n    <div class=\"contact-list-main-left\">\n      \n      <div class=\"contact-list-main-elements\">\n        \n        <div class=\"contact-list-hidden-name\">EURIAL ULTRA FRAIS<\/div><span class=\"contact-list-contact-name\">EURIAL ULTRA FRAIS<\/span> <span class=\"contact-list-job-title\">Industrie de produits laitiers<\/span>     <div class=\"contact-list-address\"><span class=\"contact-list-address-title\">Adresse<\/span><span class=\"contact-list-address-line-1\">30 Rue des Jacquins, 89150 Jouy<\/span><span class=\"contact-list-address-line-2\">T\u00e9l : 03 86 97 40 40<\/span><\/div> <div class=\"contact-list-custom-fields-container\"><div class=\"contact-list-custom-field-1 contact-list-custom-field-with-icon\"><i class=\"fa fa-globe\" aria-hidden=\"true\"><\/i><span><a href=\"https:\/\/www.eurial.eu\/\" target=\"_blank\" title=\"https:\/\/www.eurial.eu\/\">https:\/\/www.eurial.eu\/<\/a><\/span><\/div><\/div>  <div class=\"contact-list-some-elements\"><hr class=\"clear\" \/><\/div>   \n      <\/div>\n    \n    <\/div>\n    \n    <div class=\"contact-list-main-right\">\n  \n      <div class=\"contact-list-image contact-list-image-sepia contact-list-image-shadow\"><img decoding=\"async\" src=\"https:\/\/mairiejouy89.fr\/wp-content\/uploads\/2022\/06\/ent-industrie-lait-280x270.png\" alt=\"\" \/><\/div>  \n    <\/div>\n\n    <div class=\"contact-list-main-bottom\">\n    \n          \n    <\/div>\n  \n  <\/div>\n  \n  \n<\/li>\n\n<li id=\"cl-2527\">\n\n    \n  <div class=\"contact-list-contact-container \">\n  \n    <div class=\"contact-list-main-left\">\n      \n      <div class=\"contact-list-main-elements\">\n        \n        <div class=\"contact-list-hidden-name\">FROT Fabien<\/div><span class=\"contact-list-contact-name\">FROT Fabien<\/span> <span class=\"contact-list-job-title\">Plomberie \u2013 Chauffage \u2013 Energies renouvelables<\/span> <span class=\"contact-list-email\"><a href=\"mailto:fabi&#101;&#110;&#46;&#102;r&#111;&#116;&#64;&#111;&#114;&#97;&#110;&#103;e.fr\">fa&#98;&#105;en&#46;&#102;&#114;&#111;&#116;&#64;&#111;&#114;&#97;&#110;ge&#46;fr<\/a><\/span>    <div class=\"contact-list-address\"><span class=\"contact-list-address-title\">Adresse<\/span><span class=\"contact-list-address-line-1\">5 Mardeleuse - 89150 - Jouy<\/span><span class=\"contact-list-address-line-2\">T\u00e9l : 06 81 07 17 69<\/span><span class=\"contact-list-address-line-3\">T\u00e9l : 03 86 86 52 60<\/span><\/div> <div class=\"contact-list-custom-fields-container\"><\/div>  <div class=\"contact-list-some-elements\"><hr class=\"clear\" \/><\/div>   \n      <\/div>\n    \n    <\/div>\n    \n    <div class=\"contact-list-main-right\">\n  \n      <div class=\"contact-list-image contact-list-image-sepia contact-list-image-shadow\"><img decoding=\"async\" src=\"https:\/\/mairiejouy89.fr\/wp-content\/uploads\/2022\/06\/ent-plombien-280x249.png\" alt=\"\" \/><\/div>  \n    <\/div>\n\n    <div class=\"contact-list-main-bottom\">\n    \n          \n    <\/div>\n  \n  <\/div>\n  \n  \n<\/li>\n\n<li id=\"cl-2528\">\n\n    \n  <div class=\"contact-list-contact-container \">\n  \n    <div class=\"contact-list-main-left\">\n      \n      <div class=\"contact-list-main-elements\">\n        \n        <div class=\"contact-list-hidden-name\">HALLEUR Franck<\/div><span class=\"contact-list-contact-name\">HALLEUR Franck<\/span> <span class=\"contact-list-job-title\">Mara\u00eechage<\/span> <span class=\"contact-list-email\"><a href=\"mailto:&#104;&#97;ll&#101;&#117;&#114;&#102;&#64;o&#114;&#97;n&#103;&#101;.f&#114;\">&#104;&#97;&#108;leu&#114;&#102;&#64;or&#97;&#110;g&#101;.&#102;&#114;<\/a><\/span>    <div class=\"contact-list-address\"><span class=\"contact-list-address-title\">Adresse<\/span><span class=\"contact-list-address-line-1\">La Marquette - 89150 - Jouy<\/span><span class=\"contact-list-address-line-2\">T\u00e9l : 06 07 26 46 67<\/span><\/div> <div class=\"contact-list-custom-fields-container\"><\/div>  <div class=\"contact-list-some-elements\"><hr class=\"clear\" \/><\/div>   \n      <\/div>\n    \n    <\/div>\n    \n    <div class=\"contact-list-main-right\">\n  \n      <div class=\"contact-list-image contact-list-image-sepia contact-list-image-shadow\"><img decoding=\"async\" src=\"https:\/\/mairiejouy89.fr\/wp-content\/uploads\/2022\/06\/ent-maraichage-280x216.png\" alt=\"\" \/><\/div>  \n    <\/div>\n\n    <div class=\"contact-list-main-bottom\">\n    \n          \n    <\/div>\n  \n  <\/div>\n  \n  \n<\/li>\n\n<li id=\"cl-2529\">\n\n    \n  <div class=\"contact-list-contact-container \">\n  \n    <div class=\"contact-list-main-left\">\n      \n      <div class=\"contact-list-main-elements\">\n        \n        <div class=\"contact-list-hidden-name\">HEDIN MA\u00c7ONNERIE G\u00c9N\u00c9RALE<\/div><span class=\"contact-list-contact-name\">HEDIN MA\u00c7ONNERIE G\u00c9N\u00c9RALE<\/span> <span class=\"contact-list-job-title\">Ma\u00e7onnerie \u2013 carrelage \u2013 couverture<\/span> <span class=\"contact-list-email\"><a href=\"mailto:he&#100;in.&#109;a&#99;o&#110;ne&#114;i&#101;&#103;e&#110;e&#114;a&#108;e&#64;&#111;r&#97;&#110;ge&#46;f&#114;\">&#104;edi&#110;&#46;m&#97;co&#110;n&#101;ri&#101;&#103;e&#110;e&#114;&#97;l&#101;&#64;&#111;ra&#110;&#103;e.&#102;r<\/a><\/span>    <div class=\"contact-list-address\"><span class=\"contact-list-address-title\">Adresse<\/span><span class=\"contact-list-address-line-1\">8 bis Les Duments - 89150 - Jouy<\/span><span class=\"contact-list-address-line-2\">T\u00e9l : 03 86 65 63 48<\/span><\/div> <div class=\"contact-list-custom-fields-container\"><\/div>  <div class=\"contact-list-some-elements\"><hr class=\"clear\" \/><\/div>   \n      <\/div>\n    \n    <\/div>\n    \n    <div class=\"contact-list-main-right\">\n  \n      <div class=\"contact-list-image contact-list-image-sepia contact-list-image-shadow\"><img decoding=\"async\" src=\"https:\/\/mairiejouy89.fr\/wp-content\/uploads\/2022\/06\/ent-macon-280x271.png\" alt=\"\" \/><\/div>  \n    <\/div>\n\n    <div class=\"contact-list-main-bottom\">\n    \n          \n    <\/div>\n  \n  <\/div>\n  \n  \n<\/li>\n\n<li id=\"cl-2530\">\n\n    \n  <div class=\"contact-list-contact-container \">\n  \n    <div class=\"contact-list-main-left\">\n      \n      <div class=\"contact-list-main-elements\">\n        \n        <div class=\"contact-list-hidden-name\">HERMANT<\/div><span class=\"contact-list-contact-name\">HERMANT<\/span> <span class=\"contact-list-job-title\">Terrassement et Travaux Publics<\/span> <span class=\"contact-list-email\"><a href=\"mailto:he&#114;&#109;&#97;ntr&#64;wanadoo.f&#114;\">he&#114;&#109;&#97;n&#116;&#114;&#64;w&#97;&#110;&#97;&#100;o&#111;&#46;&#102;&#114;<\/a><\/span>    <div class=\"contact-list-address\"><span class=\"contact-list-address-title\">Adresse<\/span><span class=\"contact-list-address-line-1\">19 Les Bouleaux - 89150 - Jouy<\/span><span class=\"contact-list-address-line-2\">T\u00e9l : 06 83 22 46 20<\/span><span class=\"contact-list-address-line-3\">T\u00e9l : 06 38 98 87 11<\/span><\/div> <div class=\"contact-list-custom-fields-container\"><\/div>  <div class=\"contact-list-some-elements\"><hr class=\"clear\" \/><\/div>   \n      <\/div>\n    \n    <\/div>\n    \n    <div class=\"contact-list-main-right\">\n  \n      <div class=\"contact-list-image contact-list-image-sepia contact-list-image-shadow\"><img decoding=\"async\" src=\"https:\/\/mairiejouy89.fr\/wp-content\/uploads\/2022\/06\/ent-terrassement-travaux-280x261.png\" alt=\"\" \/><\/div>  \n    <\/div>\n\n    <div class=\"contact-list-main-bottom\">\n    \n          \n    <\/div>\n  \n  <\/div>\n  \n  \n<\/li>\n\n<li id=\"cl-2531\">\n\n    \n  <div class=\"contact-list-contact-container \">\n  \n    <div class=\"contact-list-main-left\">\n      \n      <div class=\"contact-list-main-elements\">\n        \n        <div class=\"contact-list-hidden-name\">IDEAL PLOMBERIE CHAUFFAGE<\/div><span class=\"contact-list-contact-name\">IDEAL PLOMBERIE CHAUFFAGE<\/span> <span class=\"contact-list-job-title\">Plomberie chauffage<\/span> <span class=\"contact-list-email\"><a href=\"mailto:&#103;&#101;&#111;&#46;j&#101;s&#117;&#112;re&#116;&#64;&#103;m&#97;i&#108;&#46;&#99;om\">g&#101;&#111;&#46;&#106;es&#117;&#112;&#114;&#101;&#116;&#64;&#103;&#109;ail&#46;c&#111;&#109;<\/a><\/span>    <div class=\"contact-list-address\"><span class=\"contact-list-address-title\">Adresse<\/span><span class=\"contact-list-address-line-1\">4 bis Ruz\u00e9 - 89150 - Jouy<\/span><span class=\"contact-list-address-line-2\">T\u00e9l : 06 18 21 60 82<\/span><\/div> <div class=\"contact-list-custom-fields-container\"><\/div>  <div class=\"contact-list-some-elements\"><hr class=\"clear\" \/><\/div>   \n      <\/div>\n    \n    <\/div>\n    \n    <div class=\"contact-list-main-right\">\n  \n      <div class=\"contact-list-image contact-list-image-sepia contact-list-image-shadow\"><img decoding=\"async\" src=\"https:\/\/mairiejouy89.fr\/wp-content\/uploads\/2022\/06\/ent-plombien-chauffage-280x260.png\" alt=\"\" \/><\/div>  \n    <\/div>\n\n    <div class=\"contact-list-main-bottom\">\n    \n          \n    <\/div>\n  \n  <\/div>\n  \n  \n<\/li>\n\n<li id=\"cl-2532\">\n\n    \n  <div class=\"contact-list-contact-container \">\n  \n    <div class=\"contact-list-main-left\">\n      \n      <div class=\"contact-list-main-elements\">\n        \n        <div class=\"contact-list-hidden-name\">LA GRANGE DES BLINS<\/div><span class=\"contact-list-contact-name\">LA GRANGE DES BLINS<\/span> <span class=\"contact-list-job-title\">Chambres d\u2019H\u00f4tes<\/span> <span class=\"contact-list-email\"><a href=\"mailto:&#108;ag&#114;a&#110;&#103;edes&#98;l&#105;&#110;&#115;&#64;&#103;mail&#46;&#99;o&#109;\">&#108;agrang&#101;&#100;&#101;&#115;b&#108;&#105;ns&#64;&#103;&#109;&#97;il.com<\/a><\/span>    <div class=\"contact-list-address\"><span class=\"contact-list-address-title\">Adresse<\/span><span class=\"contact-list-address-line-1\">4 Les Blins - 89150 - Jouy<\/span><span class=\"contact-list-address-line-2\">T\u00e9l : 03 86 97 56 19<\/span><\/div> <div class=\"contact-list-custom-fields-container\"><div class=\"contact-list-custom-field-1 contact-list-custom-field-with-icon\"><i class=\"fa fa-globe\" aria-hidden=\"true\"><\/i><span><a href=\"https:\/\/www.lagrangedesblins.fr\/\" target=\"_blank\" title=\"https:\/\/www.lagrangedesblins.fr\/\">https:\/\/www.lagrangedesblins.fr\/<\/a><\/span><\/div><\/div>  <div class=\"contact-list-some-elements\"><hr class=\"clear\" \/><\/div>   \n      <\/div>\n    \n    <\/div>\n    \n    <div class=\"contact-list-main-right\">\n  \n      <div class=\"contact-list-image contact-list-image-sepia contact-list-image-shadow\"><img decoding=\"async\" src=\"https:\/\/mairiejouy89.fr\/wp-content\/uploads\/2022\/06\/ent-chambre-hote-280x289.png\" alt=\"\" \/><\/div>  \n    <\/div>\n\n    <div class=\"contact-list-main-bottom\">\n    \n          \n    <\/div>\n  \n  <\/div>\n  \n  \n<\/li>\n\n<li id=\"cl-2533\">\n\n    \n  <div class=\"contact-list-contact-container \">\n  \n    <div class=\"contact-list-main-left\">\n      \n      <div class=\"contact-list-main-elements\">\n        \n        <div class=\"contact-list-hidden-name\">LAMY Jean-Marc<\/div><span class=\"contact-list-contact-name\">LAMY Jean-Marc<\/span> <span class=\"contact-list-job-title\">Terrassement \u2013 Remorquage v\u00e9hicules<\/span> <span class=\"contact-list-email\"><a href=\"mailto:&#106;mlga&#56;9&#64;&#104;&#111;&#116;m&#97;i&#108;.&#102;r\">&#106;&#109;&#108;&#103;a&#56;9&#64;&#104;ot&#109;&#97;&#105;&#108;&#46;&#102;r<\/a><\/span>    <div class=\"contact-list-address\"><span class=\"contact-list-address-title\">Adresse<\/span><span class=\"contact-list-address-line-1\">2 bis Les Blins - 89150 - Jouy<\/span><span class=\"contact-list-address-line-2\">T\u00e9l : 06 71 00 60 65<\/span><span class=\"contact-list-address-line-3\">T\u00e9l : 03 86 97 73 14<\/span><\/div> <div class=\"contact-list-custom-fields-container\"><\/div>  <div class=\"contact-list-some-elements\"><hr class=\"clear\" \/><\/div>   \n      <\/div>\n    \n    <\/div>\n    \n    <div class=\"contact-list-main-right\">\n  \n      <div class=\"contact-list-image contact-list-image-sepia contact-list-image-shadow\"><img decoding=\"async\" src=\"https:\/\/mairiejouy89.fr\/wp-content\/uploads\/2022\/06\/ent-terrassement-remorquage-280x255.png\" alt=\"\" \/><\/div>  \n    <\/div>\n\n    <div class=\"contact-list-main-bottom\">\n    \n          \n    <\/div>\n  \n  <\/div>\n  \n  \n<\/li>\n\n<li id=\"cl-2534\">\n\n    \n  <div class=\"contact-list-contact-container \">\n  \n    <div class=\"contact-list-main-left\">\n      \n      <div class=\"contact-list-main-elements\">\n        \n        <div class=\"contact-list-hidden-name\">LES GAVROCHES DU GATINAIS<\/div><span class=\"contact-list-contact-name\">LES GAVROCHES DU GATINAIS<\/span> <span class=\"contact-list-job-title\">Terrassement<\/span> <span class=\"contact-list-email\"><a href=\"mailto:m&#97;&#114;c&#46;&#108;&#101;ro&#121;&#64;&#106;&#116;&#103;serv&#105;&#99;&#101;&#115;&#46;&#102;r\">m&#97;&#114;&#99;.l&#101;roy&#64;&#106;tgse&#114;&#118;i&#99;&#101;s.f&#114;<\/a><\/span>    <div class=\"contact-list-address\"><span class=\"contact-list-address-title\">Adresse<\/span><span class=\"contact-list-address-line-1\">1 Mardeleuse - 89150 - Jouy<\/span><span class=\"contact-list-address-line-2\">T\u00e9l : 06 16 16 16 79<\/span><\/div> <div class=\"contact-list-custom-fields-container\"><\/div>  <div class=\"contact-list-some-elements\"><hr class=\"clear\" \/><\/div>   \n      <\/div>\n    \n    <\/div>\n    \n    <div class=\"contact-list-main-right\">\n  \n      <div class=\"contact-list-image contact-list-image-sepia contact-list-image-shadow\"><img decoding=\"async\" src=\"https:\/\/mairiejouy89.fr\/wp-content\/uploads\/2022\/06\/ent-terrassement-280x251.png\" alt=\"\" \/><\/div>  \n    <\/div>\n\n    <div class=\"contact-list-main-bottom\">\n    \n          \n    <\/div>\n  \n  <\/div>\n  \n  \n<\/li>\n\n<li id=\"cl-2535\">\n\n    \n  <div class=\"contact-list-contact-container \">\n  \n    <div class=\"contact-list-main-left\">\n      \n      <div class=\"contact-list-main-elements\">\n        \n        <div class=\"contact-list-hidden-name\">LMS MENUISERIE<\/div><span class=\"contact-list-contact-name\">LMS MENUISERIE<\/span> <span class=\"contact-list-job-title\">Menuiserie bois \u2013 alu \u2026<\/span> <span class=\"contact-list-email\"><a href=\"mailto:&#108;ms&#46;menui&#115;&#101;r&#105;e&#64;s&#102;&#114;&#46;&#102;r\">&#108;&#109;&#115;.me&#110;uis&#101;rie&#64;sf&#114;&#46;f&#114;<\/a><\/span>    <div class=\"contact-list-address\"><span class=\"contact-list-address-title\">Adresse<\/span><span class=\"contact-list-address-line-1\">1 Route du Marchais des Pr\u00e9s - 89150 - Jouy<\/span><span class=\"contact-list-address-line-2\">T\u00e9l : 06 52 22 31 97<\/span><span class=\"contact-list-address-line-3\">T\u00e9l : 03 86 97 75 16<\/span><\/div> <div class=\"contact-list-custom-fields-container\"><\/div>  <div class=\"contact-list-some-elements\"><hr class=\"clear\" \/><\/div>   \n      <\/div>\n    \n    <\/div>\n    \n    <div class=\"contact-list-main-right\">\n  \n      <div class=\"contact-list-image contact-list-image-sepia contact-list-image-shadow\"><img decoding=\"async\" src=\"https:\/\/mairiejouy89.fr\/wp-content\/uploads\/2022\/06\/ent-menuisier-280x276.png\" alt=\"\" \/><\/div>  \n    <\/div>\n\n    <div class=\"contact-list-main-bottom\">\n    \n          \n    <\/div>\n  \n  <\/div>\n  \n  \n<\/li>\n\n<li id=\"cl-2536\">\n\n    \n  <div class=\"contact-list-contact-container \">\n  \n    <div class=\"contact-list-main-left\">\n      \n      <div class=\"contact-list-main-elements\">\n        \n        <div class=\"contact-list-hidden-name\">MB TRAITEUR<\/div><span class=\"contact-list-contact-name\">MB TRAITEUR<\/span> <span class=\"contact-list-job-title\">Traiteur Mariage et R\u00e9ception<\/span> <span class=\"contact-list-email\"><a href=\"mailto:m&#98;&#46;t&#114;a&#105;te&#117;&#114;&#64;&#111;u&#116;loo&#107;&#46;&#102;r\">mb.&#116;r&#97;&#105;&#116;&#101;&#117;r&#64;o&#117;t&#108;&#111;&#111;k&#46;fr<\/a><\/span>    <div class=\"contact-list-address\"><span class=\"contact-list-address-title\">Adresse<\/span><span class=\"contact-list-address-line-1\">Domaine de Chenevi\u00e8re - 89150 - Jouy<\/span><span class=\"contact-list-address-line-2\">T\u00e9l : 06 80 48 02 46<\/span><\/div> <div class=\"contact-list-custom-fields-container\"><\/div>  <div class=\"contact-list-some-elements\"><hr class=\"clear\" \/><\/div>   \n      <\/div>\n    \n    <\/div>\n    \n    <div class=\"contact-list-main-right\">\n  \n      <div class=\"contact-list-image contact-list-image-sepia contact-list-image-shadow\"><img decoding=\"async\" src=\"https:\/\/mairiejouy89.fr\/wp-content\/uploads\/2022\/06\/ent-traiteur-280x264.png\" alt=\"\" \/><\/div>  \n    <\/div>\n\n    <div class=\"contact-list-main-bottom\">\n    \n          \n    <\/div>\n  \n  <\/div>\n  \n  \n<\/li>\n\n<li id=\"cl-3490\">\n\n    \n  <div class=\"contact-list-contact-container \">\n  \n    <div class=\"contact-list-main-left\">\n      \n      <div class=\"contact-list-main-elements\">\n        \n        <div class=\"contact-list-hidden-name\">MY COIFFURE<\/div><span class=\"contact-list-contact-name\">MY COIFFURE<\/span> <span class=\"contact-list-job-title\">Coiffure \u00e0 domicile<\/span>     <div class=\"contact-list-address\"><span class=\"contact-list-address-title\">Adresse<\/span><span class=\"contact-list-address-line-1\">17 Route de Bazoches - 89150 - Jouy<\/span><span class=\"contact-list-address-line-2\">T\u00e9l : 06 71 70 17 71<\/span><\/div> <div class=\"contact-list-custom-fields-container\"><\/div>  <div class=\"contact-list-some-elements\"><hr class=\"clear\" \/><\/div>   \n      <\/div>\n    \n    <\/div>\n    \n    <div class=\"contact-list-main-right\">\n  \n      <div class=\"contact-list-image contact-list-image-sepia contact-list-image-shadow\"><img decoding=\"async\" src=\"https:\/\/mairiejouy89.fr\/wp-content\/uploads\/2022\/12\/MY-COIFFURE-280x257.png\" alt=\"\" \/><\/div>  \n    <\/div>\n\n    <div class=\"contact-list-main-bottom\">\n    \n          \n    <\/div>\n  \n  <\/div>\n  \n  \n<\/li>\n\n<li id=\"cl-2537\">\n\n    \n  <div class=\"contact-list-contact-container \">\n  \n    <div class=\"contact-list-main-left\">\n      \n      <div class=\"contact-list-main-elements\">\n        \n        <div class=\"contact-list-hidden-name\">NORY Laurence<\/div><span class=\"contact-list-contact-name\">NORY Laurence<\/span> <span class=\"contact-list-job-title\">Fromages de ch\u00e8vres<\/span> <span class=\"contact-list-email\"><a href=\"mailto:l&#97;ur&#101;&#110;&#99;e&#46;nory&#64;o&#114;&#97;&#110;g&#101;.&#102;&#114;\">l&#97;&#117;&#114;ence.n&#111;ry&#64;o&#114;ange.f&#114;<\/a><\/span>    <div class=\"contact-list-address\"><span class=\"contact-list-address-title\">Adresse<\/span><span class=\"contact-list-address-line-1\">1 La Marquette - 89150 - Jouy<\/span><span class=\"contact-list-address-line-2\">T\u00e9l : 03 86 64 27 30<\/span><\/div> <div class=\"contact-list-custom-fields-container\"><\/div>  <div class=\"contact-list-some-elements\"><hr class=\"clear\" \/><\/div>   \n      <\/div>\n    \n    <\/div>\n    \n    <div class=\"contact-list-main-right\">\n  \n      <div class=\"contact-list-image contact-list-image-sepia contact-list-image-shadow\"><img decoding=\"async\" src=\"https:\/\/mairiejouy89.fr\/wp-content\/uploads\/2022\/06\/ent-fromage-280x231.png\" alt=\"\" \/><\/div>  \n    <\/div>\n\n    <div class=\"contact-list-main-bottom\">\n    \n          \n    <\/div>\n  \n  <\/div>\n  \n  \n<\/li>\n\n<li id=\"cl-2538\">\n\n    \n  <div class=\"contact-list-contact-container \">\n  \n    <div class=\"contact-list-main-left\">\n      \n      <div class=\"contact-list-main-elements\">\n        \n        <div class=\"contact-list-hidden-name\">SEBASTIEN JARDIN<\/div><span class=\"contact-list-contact-name\">SEBASTIEN JARDIN<\/span> <span class=\"contact-list-job-title\">Paysagiste<\/span> <span class=\"contact-list-email\"><a href=\"mailto:se&#98;a&#115;t&#105;e&#110;&#46;g&#97;ut&#104;ie&#114;1&#50;3&#64;o&#114;&#97;nge&#46;&#102;r\">&#115;&#101;bast&#105;en&#46;ga&#117;t&#104;ie&#114;1&#50;&#51;&#64;oran&#103;e.f&#114;<\/a><\/span>    <div class=\"contact-list-address\"><span class=\"contact-list-address-title\">Adresse<\/span><span class=\"contact-list-address-line-1\">32 Les Bordes - 89150 - Jouy<\/span><span class=\"contact-list-address-line-2\">T\u00e9l : 06 09 88 23 79<\/span><span class=\"contact-list-address-line-3\">T\u00e9l : 03 86 97 56 98<\/span><\/div> <div class=\"contact-list-custom-fields-container\"><\/div>  <div class=\"contact-list-some-elements\"><hr class=\"clear\" \/><\/div>   \n      <\/div>\n    \n    <\/div>\n    \n    <div class=\"contact-list-main-right\">\n  \n      <div class=\"contact-list-image contact-list-image-sepia contact-list-image-shadow\"><img decoding=\"async\" src=\"https:\/\/mairiejouy89.fr\/wp-content\/uploads\/2022\/06\/ent-paysagiste-01-280x260.png\" alt=\"\" \/><\/div>  \n    <\/div>\n\n    <div class=\"contact-list-main-bottom\">\n    \n          \n    <\/div>\n  \n  <\/div>\n  \n  \n<\/li>\n\n<li id=\"cl-3536\">\n\n    \n  <div class=\"contact-list-contact-container \">\n  \n    <div class=\"contact-list-main-left\">\n      \n      <div class=\"contact-list-main-elements\">\n        \n        <div class=\"contact-list-hidden-name\">SERVAL 89<\/div><span class=\"contact-list-contact-name\">SERVAL 89<\/span> <span class=\"contact-list-job-title\">Service d'Aff\u00fbtage Local<\/span> <span class=\"contact-list-email\"><a href=\"mailto:&#115;er&#118;a&#108;&#56;9&#64;&#103;mx&#46;co&#109;\">ser&#118;&#97;&#108;8&#57;&#64;gm&#120;&#46;&#99;&#111;&#109;<\/a><\/span>    <div class=\"contact-list-address\"><span class=\"contact-list-address-title\">Adresse<\/span><span class=\"contact-list-address-line-1\">13 Les Dumants - 89150 - Jouy<\/span><span class=\"contact-list-address-line-2\">T\u00e9l : 06 18 91 24 40<\/span><\/div> <div class=\"contact-list-custom-fields-container\"><\/div>  <div class=\"contact-list-some-elements\"><hr class=\"clear\" \/><\/div>   \n      <\/div>\n    \n    <\/div>\n    \n    <div class=\"contact-list-main-right\">\n  \n      <div class=\"contact-list-image contact-list-image-sepia contact-list-image-shadow\"><img decoding=\"async\" src=\"https:\/\/mairiejouy89.fr\/wp-content\/uploads\/2023\/03\/LOGO-serval89-280x198.png\" alt=\"\" \/><\/div>  \n    <\/div>\n\n    <div class=\"contact-list-main-bottom\">\n    \n          \n    <\/div>\n  \n  <\/div>\n  \n  \n<\/li>\n\n<li id=\"cl-2539\">\n\n    \n  <div class=\"contact-list-contact-container \">\n  \n    <div class=\"contact-list-main-left\">\n      \n      <div class=\"contact-list-main-elements\">\n        \n        <div class=\"contact-list-hidden-name\">SUARD Mathieu<\/div><span class=\"contact-list-contact-name\">SUARD Mathieu<\/span> <span class=\"contact-list-job-title\">Travaux publics<\/span> <span class=\"contact-list-email\"><a href=\"mailto:&#109;&#97;th&#56;901&#64;hot&#109;a&#105;&#108;&#46;f&#114;\">&#109;ath89&#48;&#49;&#64;&#104;&#111;&#116;&#109;&#97;i&#108;&#46;f&#114;<\/a><\/span>    <div class=\"contact-list-address\"><span class=\"contact-list-address-title\">Adresse<\/span><span class=\"contact-list-address-line-1\">11 Les Poissons - 89150 - Jouy<\/span><span class=\"contact-list-address-line-2\">T\u00e9l : 06 79 68 53 17<\/span><\/div> <div class=\"contact-list-custom-fields-container\"><\/div>  <div class=\"contact-list-some-elements\"><hr class=\"clear\" \/><\/div>   \n      <\/div>\n    \n    <\/div>\n    \n    <div class=\"contact-list-main-right\">\n  \n      <div class=\"contact-list-image contact-list-image-sepia contact-list-image-shadow\"><img decoding=\"async\" src=\"https:\/\/mairiejouy89.fr\/wp-content\/uploads\/2022\/06\/ent-travaux-public-01-280x260.png\" alt=\"\" \/><\/div>  \n    <\/div>\n\n    <div class=\"contact-list-main-bottom\">\n    \n          \n    <\/div>\n  \n  <\/div>\n  \n  \n<\/li>\n\n<li id=\"cl-2540\">\n\n    \n  <div class=\"contact-list-contact-container \">\n  \n    <div class=\"contact-list-main-left\">\n      \n      <div class=\"contact-list-main-elements\">\n        \n        <div class=\"contact-list-hidden-name\">TRITTER Jean-Charles<\/div><span class=\"contact-list-contact-name\">TRITTER Jean-Charles<\/span> <span class=\"contact-list-job-title\">Bar \u2013 Restaurant - Epicerie<\/span>     <div class=\"contact-list-address\"><span class=\"contact-list-address-title\">Adresse<\/span><span class=\"contact-list-address-line-1\">23 rue du Chemin de C\u00e9sar - 89150 - Jouy<\/span><span class=\"contact-list-address-line-2\">T\u00e9l : 03 86 97 56 35<\/span><\/div> <div class=\"contact-list-custom-fields-container\"><\/div>  <div class=\"contact-list-some-elements\"><hr class=\"clear\" \/><\/div>   \n      <\/div>\n    \n    <\/div>\n    \n    <div class=\"contact-list-main-right\">\n  \n      <div class=\"contact-list-image contact-list-image-sepia contact-list-image-shadow\"><img decoding=\"async\" src=\"https:\/\/mairiejouy89.fr\/wp-content\/uploads\/2022\/06\/ent-bar-280x254.png\" alt=\"\" \/><\/div>  \n    <\/div>\n\n    <div class=\"contact-list-main-bottom\">\n    \n          \n    <\/div>\n  \n  <\/div>\n  \n  \n<\/li>\n<\/ul><hr class=\"clear\" \/><div id=\"contact-list-nothing-found\">Aucun contact trouv\u00e9.<\/div><\/div><\/div><\/div><\/div><\/div>\n\t\t\t\t\t\t<\/div>\n\t\t\t\t<\/div>\n\t\t\t\t\t<\/div>\n\t\t<\/div>\n\t\t\t\t\t<\/div>\n\t\t<\/section>\n\t\t\t\t<section class=\"elementor-section elementor-top-section elementor-element elementor-element-8cfd89e elementor-section-boxed elementor-section-height-default elementor-section-height-default\" data-id=\"8cfd89e\" data-element_type=\"section\" data-e-type=\"section\" data-settings=\"{&quot;animation&quot;:&quot;none&quot;}\">\n\t\t\t\t\t\t<div class=\"elementor-container elementor-column-gap-default\">\n\t\t\t\t\t<div class=\"elementor-column elementor-col-100 elementor-top-column elementor-element elementor-element-c81b04b\" data-id=\"c81b04b\" data-element_type=\"column\" data-e-type=\"column\">\n\t\t\t<div class=\"elementor-widget-wrap elementor-element-populated\">\n\t\t\t\t\t\t<div class=\"elementor-element elementor-element-d0bfb76 elementor-widget elementor-widget-menu-anchor\" data-id=\"d0bfb76\" data-element_type=\"widget\" data-e-type=\"widget\" id=\"Quotidien\" data-widget_type=\"menu-anchor.default\">\n\t\t\t\t<div class=\"elementor-widget-container\">\n\t\t\t\t\t\t\t<div class=\"elementor-menu-anchor\" id=\"Quotidien\"><\/div>\n\t\t\t\t\t\t<\/div>\n\t\t\t\t<\/div>\n\t\t\t\t<div class=\"elementor-element elementor-element-8c24aa1 elementor-widget-divider--view-line_icon elementor-view-default elementor-widget-divider--element-align-center elementor-widget elementor-widget-divider\" data-id=\"8c24aa1\" data-element_type=\"widget\" data-e-type=\"widget\" data-widget_type=\"divider.default\">\n\t\t\t\t<div class=\"elementor-widget-container\">\n\t\t\t\t\t\t\t<div class=\"elementor-divider\">\n\t\t\t<span class=\"elementor-divider-separator\">\n\t\t\t\t\t\t\t<div class=\"elementor-icon elementor-divider__element\">\n\t\t\t\t\t<i aria-hidden=\"true\" class=\"fas fa-star\"><\/i><\/div>\n\t\t\t\t\t\t<\/span>\n\t\t<\/div>\n\t\t\t\t\t\t<\/div>\n\t\t\t\t<\/div>\n\t\t\t\t<div class=\"elementor-element elementor-element-69aeae5 elementor-position-inline-start elementor-view-default elementor-mobile-position-block-start elementor-widget elementor-widget-icon-box\" data-id=\"69aeae5\" data-element_type=\"widget\" data-e-type=\"widget\" data-widget_type=\"icon-box.default\">\n\t\t\t\t<div class=\"elementor-widget-container\">\n\t\t\t\t\t\t\t<div class=\"elementor-icon-box-wrapper\">\n\n\t\t\t\t\t\t<div class=\"elementor-icon-box-icon\">\n\t\t\t\t<span  class=\"elementor-icon\">\n\t\t\t\t<i aria-hidden=\"true\" class=\"fas fa-dice-d20\"><\/i>\t\t\t\t<\/span>\n\t\t\t<\/div>\n\t\t\t\n\t\t\t\t\t\t<div class=\"elementor-icon-box-content\">\n\n\t\t\t\t\t\t\t\t\t<h3 class=\"elementor-icon-box-title\">\n\t\t\t\t\t\t<span  >\n\t\t\t\t\t\t\tAu quotidien\t\t\t\t\t\t<\/span>\n\t\t\t\t\t<\/h3>\n\t\t\t\t\n\t\t\t\t\n\t\t\t<\/div>\n\t\t\t\n\t\t<\/div>\n\t\t\t\t\t\t<\/div>\n\t\t\t\t<\/div>\n\t\t\t\t\t<\/div>\n\t\t<\/div>\n\t\t\t\t\t<\/div>\n\t\t<\/section>\n\t\t\t\t<section class=\"elementor-section elementor-top-section elementor-element elementor-element-062d9d1 elementor-section-boxed elementor-section-height-default elementor-section-height-default\" data-id=\"062d9d1\" data-element_type=\"section\" data-e-type=\"section\" data-settings=\"{&quot;animation&quot;:&quot;none&quot;,&quot;shape_divider_top&quot;:&quot;mountains&quot;}\">\n\t\t\t\t\t<div class=\"elementor-shape elementor-shape-top\" aria-hidden=\"true\" data-negative=\"false\">\n\t\t\t<svg xmlns=\"http:\/\/www.w3.org\/2000\/svg\" viewBox=\"0 0 1000 100\" preserveAspectRatio=\"none\">\n\t<path class=\"elementor-shape-fill\" opacity=\"0.33\" d=\"M473,67.3c-203.9,88.3-263.1-34-320.3,0C66,119.1,0,59.7,0,59.7V0h1000v59.7 c0,0-62.1,26.1-94.9,29.3c-32.8,3.3-62.8-12.3-75.8-22.1C806,49.6,745.3,8.7,694.9,4.7S492.4,59,473,67.3z\"\/>\n\t<path class=\"elementor-shape-fill\" opacity=\"0.66\" d=\"M734,67.3c-45.5,0-77.2-23.2-129.1-39.1c-28.6-8.7-150.3-10.1-254,39.1 s-91.7-34.4-149.2,0C115.7,118.3,0,39.8,0,39.8V0h1000v36.5c0,0-28.2-18.5-92.1-18.5C810.2,18.1,775.7,67.3,734,67.3z\"\/>\n\t<path class=\"elementor-shape-fill\" d=\"M766.1,28.9c-200-57.5-266,65.5-395.1,19.5C242,1.8,242,5.4,184.8,20.6C128,35.8,132.3,44.9,89.9,52.5C28.6,63.7,0,0,0,0 h1000c0,0-9.9,40.9-83.6,48.1S829.6,47,766.1,28.9z\"\/>\n<\/svg>\t\t<\/div>\n\t\t\t\t\t<div class=\"elementor-container elementor-column-gap-default\">\n\t\t\t\t\t<div class=\"elementor-column elementor-col-25 elementor-top-column elementor-element elementor-element-cc68b0f elementor-invisible\" data-id=\"cc68b0f\" data-element_type=\"column\" data-e-type=\"column\" data-settings=\"{&quot;animation&quot;:&quot;zoomIn&quot;}\">\n\t\t\t<div class=\"elementor-widget-wrap elementor-element-populated\">\n\t\t\t\t\t\t<div class=\"elementor-element elementor-element-6fd43d4 elementor-widget elementor-widget-heading\" data-id=\"6fd43d4\" data-element_type=\"widget\" data-e-type=\"widget\" data-widget_type=\"heading.default\">\n\t\t\t\t<div class=\"elementor-widget-container\">\n\t\t\t\t\t<h1 class=\"elementor-heading-title elementor-size-default\">P.L.U.I<\/h1>\t\t\t\t<\/div>\n\t\t\t\t<\/div>\n\t\t\t\t<div class=\"elementor-element elementor-element-e7c0d48 elementor-widget elementor-widget-image\" data-id=\"e7c0d48\" data-element_type=\"widget\" data-e-type=\"widget\" data-widget_type=\"image.default\">\n\t\t\t\t<div class=\"elementor-widget-container\">\n\t\t\t\t\t\t\t\t\t\t\t\t\t\t\t<img loading=\"lazy\" decoding=\"async\" width=\"300\" height=\"169\" src=\"https:\/\/mairiejouy89.fr\/wp-content\/uploads\/2024\/10\/CCGB-89-PLUI-300x169.jpeg\" class=\"attachment-medium size-medium wp-image-4395\" alt=\"\" srcset=\"https:\/\/mairiejouy89.fr\/wp-content\/uploads\/2024\/10\/CCGB-89-PLUI-300x169.jpeg 300w, https:\/\/mairiejouy89.fr\/wp-content\/uploads\/2024\/10\/CCGB-89-PLUI-280x158.jpeg 280w, https:\/\/mairiejouy89.fr\/wp-content\/uploads\/2024\/10\/CCGB-89-PLUI.jpeg 640w\" sizes=\"(max-width: 300px) 100vw, 300px\" \/>\t\t\t\t\t\t\t\t\t\t\t\t\t\t\t<\/div>\n\t\t\t\t<\/div>\n\t\t\t\t<div class=\"elementor-element elementor-element-96af763 elementor-widget elementor-widget-text-editor\" data-id=\"96af763\" data-element_type=\"widget\" data-e-type=\"widget\" data-widget_type=\"text-editor.default\">\n\t\t\t\t<div class=\"elementor-widget-container\">\n\t\t\t\t\t\t\t\t\t<p><strong>Le PLUI a \u00e9t\u00e9 approuv\u00e9 le 12 avril 2024.<\/strong><\/p><p><strong>Le PLUI a \u00e9t\u00e9 approuv\u00e9 le 12 avril 2024.<\/strong><\/p><p>\u00a0<\/p><p><strong>les documents sont visibles sur le site de la CCGB \u00e0 l\u2019adresse suivante<\/strong>\u00a0: <a href=\"http:\/\/www.gatinais-bourgogne.fr\/urbanisme\/le-plu-intercommunal-plui\/plui-approuve_fr_000307.html\">http:\/\/www.gatinais-bourgogne.fr\/urbanisme\/le-plu-intercommunal-plui\/plui-approuve_fr_000307.html<\/a><\/p><p>\u00a0<\/p><p><strong>Ainsi que sur le site GEOPORTAIL de l\u2019URBANISME\u00a0\u00e0 l\u2019adresse suivante<\/strong>\u00a0: <a href=\"https:\/\/www.geoportail-urbanisme.gouv.fr\/\">https:\/\/www.geoportail-urbanisme.gouv.fr<\/a><\/p><p>\u00a0<\/p><p><strong>Le rapport de la commission d\u2019enqu\u00eate du PLUi est visible \u00e0 l\u2019adresse suivante<\/strong>\u00a0: <a href=\"https:\/\/www.registre-dematerialise.fr\/5000\/\">https:\/\/www.registre-dematerialise.fr\/5000\/<\/a><\/p><p>\u00a0<\/p><p><strong>une proc\u00e9dure est en cours\u00a0: la modifications simplifi\u00e9e n\u00b01 qui est mise \u00e0 la disposition du public du mardi 8 octobre 2024 au jeudi 7 novembre 2024<\/strong>.<\/p><p>\u00a0<\/p><p><strong>Les d\u00e9p\u00f4ts des permis de construire et autres\u00a0peuvent se faire par voie d\u00e9mat\u00e9rialis\u00e9e par l\u2019adresse suivante\u00a0: <a href=\"https:\/\/sve.sirap.fr\/#\/communesList\">https:\/\/sve.sirap.fr\/#\/communesList<\/a><\/strong><\/p>\t\t\t\t\t\t\t\t<\/div>\n\t\t\t\t<\/div>\n\t\t\t\t<div class=\"elementor-element elementor-element-642c6e2 elementor-widget-divider--view-line elementor-widget elementor-widget-divider\" data-id=\"642c6e2\" data-element_type=\"widget\" data-e-type=\"widget\" data-widget_type=\"divider.default\">\n\t\t\t\t<div class=\"elementor-widget-container\">\n\t\t\t\t\t\t\t<div class=\"elementor-divider\">\n\t\t\t<span class=\"elementor-divider-separator\">\n\t\t\t\t\t\t<\/span>\n\t\t<\/div>\n\t\t\t\t\t\t<\/div>\n\t\t\t\t<\/div>\n\t\t\t\t<div class=\"elementor-element elementor-element-bec0109 elementor-widget elementor-widget-heading\" data-id=\"bec0109\" data-element_type=\"widget\" data-e-type=\"widget\" data-widget_type=\"heading.default\">\n\t\t\t\t<div class=\"elementor-widget-container\">\n\t\t\t\t\t<h1 class=\"elementor-heading-title elementor-size-default\">Participation citoyenne<\/h1>\t\t\t\t<\/div>\n\t\t\t\t<\/div>\n\t\t\t\t<div class=\"elementor-element elementor-element-bcf6aec elementor-widget elementor-widget-image\" data-id=\"bcf6aec\" data-element_type=\"widget\" data-e-type=\"widget\" data-widget_type=\"image.default\">\n\t\t\t\t<div class=\"elementor-widget-container\">\n\t\t\t\t\t\t\t\t\t\t\t\t\t\t\t<img loading=\"lazy\" decoding=\"async\" width=\"302\" height=\"167\" src=\"https:\/\/mairiejouy89.fr\/wp-content\/uploads\/2022\/05\/paticipationcitoyenne.jpg\" class=\"attachment-large size-large wp-image-2410\" alt=\"\" srcset=\"https:\/\/mairiejouy89.fr\/wp-content\/uploads\/2022\/05\/paticipationcitoyenne.jpg 302w, https:\/\/mairiejouy89.fr\/wp-content\/uploads\/2022\/05\/paticipationcitoyenne-300x166.jpg 300w\" sizes=\"(max-width: 302px) 100vw, 302px\" \/>\t\t\t\t\t\t\t\t\t\t\t\t\t\t\t<\/div>\n\t\t\t\t<\/div>\n\t\t\t\t<div class=\"elementor-element elementor-element-3c8d3e7 elementor-widget elementor-widget-text-editor\" data-id=\"3c8d3e7\" data-element_type=\"widget\" data-e-type=\"widget\" data-widget_type=\"text-editor.default\">\n\t\t\t\t<div class=\"elementor-widget-container\">\n\t\t\t\t\t\t\t\t\t<p>Notre commune adh\u00e8re au service <strong>\u00ab\u00a0<a href=\"https:\/\/www.gendarmerie.interieur.gouv.fr\/nos-conseils\/pour-les-collectivites\/participation-citoyenne-devenir-acteur-de-sa-securite\">Participation Citoyenne<\/a>\u00a0\u00bb.<\/strong> Ce dispositif encourage la population \u00e0 adopter une attitude solidaire et vigilante ainsi qu\u2019\u00e0 informer les forces de l\u2019ordre de tout fait particulier.\u00a0\u00a0\u00a0\u00a0\u00a0\u00a0 Dix joviciens sont associ\u00e9s \u00e0 ce dispositif.\u00a0\u00a0\u00a0\u00a0 La bienveillance est l\u2019affaire de tous.<\/p>\t\t\t\t\t\t\t\t<\/div>\n\t\t\t\t<\/div>\n\t\t\t\t<div class=\"elementor-element elementor-element-4a536b9 elementor-widget-divider--view-line elementor-widget elementor-widget-divider\" data-id=\"4a536b9\" data-element_type=\"widget\" data-e-type=\"widget\" data-widget_type=\"divider.default\">\n\t\t\t\t<div class=\"elementor-widget-container\">\n\t\t\t\t\t\t\t<div class=\"elementor-divider\">\n\t\t\t<span class=\"elementor-divider-separator\">\n\t\t\t\t\t\t<\/span>\n\t\t<\/div>\n\t\t\t\t\t\t<\/div>\n\t\t\t\t<\/div>\n\t\t\t\t<div class=\"elementor-element elementor-element-105a5cc elementor-widget elementor-widget-heading\" data-id=\"105a5cc\" data-element_type=\"widget\" data-e-type=\"widget\" data-widget_type=\"heading.default\">\n\t\t\t\t<div class=\"elementor-widget-container\">\n\t\t\t\t\t<h1 class=\"elementor-heading-title elementor-size-default\">Soyez alert\u00e9, pr\u00e9venu, inform\u00e9<\/h1>\t\t\t\t<\/div>\n\t\t\t\t<\/div>\n\t\t\t\t<div class=\"elementor-element elementor-element-25470ef elementor-widget elementor-widget-image\" data-id=\"25470ef\" data-element_type=\"widget\" data-e-type=\"widget\" data-widget_type=\"image.default\">\n\t\t\t\t<div class=\"elementor-widget-container\">\n\t\t\t\t\t\t\t\t\t\t\t\t\t\t\t<img loading=\"lazy\" decoding=\"async\" width=\"800\" height=\"931\" src=\"https:\/\/mairiejouy89.fr\/wp-content\/uploads\/2022\/12\/Info-PanneauPocket-880x1024.png\" class=\"attachment-large size-large wp-image-3481\" alt=\"\" srcset=\"https:\/\/mairiejouy89.fr\/wp-content\/uploads\/2022\/12\/Info-PanneauPocket-880x1024.png 880w, https:\/\/mairiejouy89.fr\/wp-content\/uploads\/2022\/12\/Info-PanneauPocket-258x300.png 258w, https:\/\/mairiejouy89.fr\/wp-content\/uploads\/2022\/12\/Info-PanneauPocket-768x894.png 768w, https:\/\/mairiejouy89.fr\/wp-content\/uploads\/2022\/12\/Info-PanneauPocket-280x326.png 280w, https:\/\/mairiejouy89.fr\/wp-content\/uploads\/2022\/12\/Info-PanneauPocket.png 928w\" sizes=\"(max-width: 800px) 100vw, 800px\" \/>\t\t\t\t\t\t\t\t\t\t\t\t\t\t\t<\/div>\n\t\t\t\t<\/div>\n\t\t\t\t<div class=\"elementor-element elementor-element-7397628 elementor-widget elementor-widget-text-editor\" data-id=\"7397628\" data-element_type=\"widget\" data-e-type=\"widget\" data-widget_type=\"text-editor.default\">\n\t\t\t\t<div class=\"elementor-widget-container\">\n\t\t\t\t\t\t\t\t\t<p>Pour mieux vous informer et vous alerter, notre commune s\u2019est \u00e9quip\u00e9e de l\u2019application PanneauPocket.<br \/>Les \u00e9v\u00e8nements locaux, l\u2019actualit\u00e9 et les alertes de la commune pourront ainsi \u00eatre diffus\u00e9s tr\u00e8s rapidement.<br \/>Il vous suffit de t\u00e9l\u00e9charger l\u2019application PanneauPocket sur Google Play ou App Store, c\u2019est gratuit.<br \/>Vous recevrez alors les notifications de la commune en cas d\u2019alertes ou d\u2019information.<br \/>Nous poursuivrons un affichage des informations et alertes sur le panneau de l\u2019entr\u00e9e de la mairie et les panneaux actuels r\u00e9partis sur l\u2019ensemble de notre commune.<\/p><p>BONNE UTILISATION !<\/p>\t\t\t\t\t\t\t\t<\/div>\n\t\t\t\t<\/div>\n\t\t\t\t<div class=\"elementor-element elementor-element-8b69a09 elementor-widget-divider--view-line elementor-widget elementor-widget-divider\" data-id=\"8b69a09\" data-element_type=\"widget\" data-e-type=\"widget\" data-widget_type=\"divider.default\">\n\t\t\t\t<div class=\"elementor-widget-container\">\n\t\t\t\t\t\t\t<div class=\"elementor-divider\">\n\t\t\t<span class=\"elementor-divider-separator\">\n\t\t\t\t\t\t<\/span>\n\t\t<\/div>\n\t\t\t\t\t\t<\/div>\n\t\t\t\t<\/div>\n\t\t\t\t<div class=\"elementor-element elementor-element-5d2cf5b elementor-widget elementor-widget-heading\" data-id=\"5d2cf5b\" data-element_type=\"widget\" data-e-type=\"widget\" data-widget_type=\"heading.default\">\n\t\t\t\t<div class=\"elementor-widget-container\">\n\t\t\t\t\t<h1 class=\"elementor-heading-title elementor-size-default\">J'entretiens mon trottoir !<\/h1>\t\t\t\t<\/div>\n\t\t\t\t<\/div>\n\t\t\t\t<div class=\"elementor-element elementor-element-9854af5 elementor-widget elementor-widget-image\" data-id=\"9854af5\" data-element_type=\"widget\" data-e-type=\"widget\" data-widget_type=\"image.default\">\n\t\t\t\t<div class=\"elementor-widget-container\">\n\t\t\t\t\t\t\t\t\t\t\t\t\t\t\t<img loading=\"lazy\" decoding=\"async\" width=\"232\" height=\"300\" src=\"https:\/\/mairiejouy89.fr\/wp-content\/uploads\/2022\/06\/entretientrottoir-232x300.jpg\" class=\"attachment-medium size-medium wp-image-3133\" alt=\"\" srcset=\"https:\/\/mairiejouy89.fr\/wp-content\/uploads\/2022\/06\/entretientrottoir-232x300.jpg 232w, https:\/\/mairiejouy89.fr\/wp-content\/uploads\/2022\/06\/entretientrottoir-280x361.jpg 280w, https:\/\/mairiejouy89.fr\/wp-content\/uploads\/2022\/06\/entretientrottoir.jpg 526w\" sizes=\"(max-width: 232px) 100vw, 232px\" \/>\t\t\t\t\t\t\t\t\t\t\t\t\t\t\t<\/div>\n\t\t\t\t<\/div>\n\t\t\t\t<div class=\"elementor-element elementor-element-6fb6991 elementor-widget elementor-widget-text-editor\" data-id=\"6fb6991\" data-element_type=\"widget\" data-e-type=\"widget\" data-widget_type=\"text-editor.default\">\n\t\t\t\t<div class=\"elementor-widget-container\">\n\t\t\t\t\t\t\t\t\t<p>La commune vous remercie pour votre participation \u00e0 l&rsquo;effort collectif et citoyen.<\/p><p>Chaque habitant doit maintenir son trottoir, son foss\u00e9 et\/ou caniveau en bon \u00e9tat de propret\u00e9, sur toute la longueur de son habitation.<\/p>\t\t\t\t\t\t\t\t<\/div>\n\t\t\t\t<\/div>\n\t\t\t\t<div class=\"elementor-element elementor-element-e6d2d32 elementor-widget-divider--view-line elementor-widget elementor-widget-divider\" data-id=\"e6d2d32\" data-element_type=\"widget\" data-e-type=\"widget\" data-widget_type=\"divider.default\">\n\t\t\t\t<div class=\"elementor-widget-container\">\n\t\t\t\t\t\t\t<div class=\"elementor-divider\">\n\t\t\t<span class=\"elementor-divider-separator\">\n\t\t\t\t\t\t<\/span>\n\t\t<\/div>\n\t\t\t\t\t\t<\/div>\n\t\t\t\t<\/div>\n\t\t\t\t<div class=\"elementor-element elementor-element-917e8d7 elementor-widget elementor-widget-heading\" data-id=\"917e8d7\" data-element_type=\"widget\" data-e-type=\"widget\" data-widget_type=\"heading.default\">\n\t\t\t\t<div class=\"elementor-widget-container\">\n\t\t\t\t\t<h1 class=\"elementor-heading-title elementor-size-default\">Nuisances sonores<\/h1>\t\t\t\t<\/div>\n\t\t\t\t<\/div>\n\t\t\t\t<div class=\"elementor-element elementor-element-68c9034 elementor-widget elementor-widget-image\" data-id=\"68c9034\" data-element_type=\"widget\" data-e-type=\"widget\" data-widget_type=\"image.default\">\n\t\t\t\t<div class=\"elementor-widget-container\">\n\t\t\t\t\t\t\t\t\t\t\t\t\t\t\t<img loading=\"lazy\" decoding=\"async\" width=\"300\" height=\"188\" src=\"https:\/\/mairiejouy89.fr\/wp-content\/uploads\/2022\/05\/Bruits-Vignette-Actualite-1080x675-1-300x188.jpg\" class=\"attachment-medium size-medium wp-image-2411\" alt=\"\" srcset=\"https:\/\/mairiejouy89.fr\/wp-content\/uploads\/2022\/05\/Bruits-Vignette-Actualite-1080x675-1-300x188.jpg 300w, https:\/\/mairiejouy89.fr\/wp-content\/uploads\/2022\/05\/Bruits-Vignette-Actualite-1080x675-1-1024x640.jpg 1024w, https:\/\/mairiejouy89.fr\/wp-content\/uploads\/2022\/05\/Bruits-Vignette-Actualite-1080x675-1-768x480.jpg 768w, https:\/\/mairiejouy89.fr\/wp-content\/uploads\/2022\/05\/Bruits-Vignette-Actualite-1080x675-1.jpg 1080w\" sizes=\"(max-width: 300px) 100vw, 300px\" \/>\t\t\t\t\t\t\t\t\t\t\t\t\t\t\t<\/div>\n\t\t\t\t<\/div>\n\t\t\t\t<div class=\"elementor-element elementor-element-1fdb3fc elementor-widget elementor-widget-text-editor\" data-id=\"1fdb3fc\" data-element_type=\"widget\" data-e-type=\"widget\" data-widget_type=\"text-editor.default\">\n\t\t\t\t<div class=\"elementor-widget-container\">\n\t\t\t\t\t\t\t\t\t<p>Concernant <strong>les nuisances sonores<\/strong>, l\u2019utilisation des tondeuses, perceuses, tron\u00e7onneuses\u2026..n\u2019est <strong>possible<\/strong> que\u00a0:<\/p><ul><li>Du lundi au vendredi\u00a0: 8h30-12h et 14h30-19h30,<\/li><li>Le samedi\u00a0: 9h-12h et 15h-19h,<\/li><li>Le dimanche et jours f\u00e9ri\u00e9s\u00a0: 10h-12h et 16h-18h.<\/li><\/ul>\t\t\t\t\t\t\t\t<\/div>\n\t\t\t\t<\/div>\n\t\t\t\t\t<\/div>\n\t\t<\/div>\n\t\t\t\t<div class=\"elementor-column elementor-col-25 elementor-top-column elementor-element elementor-element-ea0001e elementor-invisible\" data-id=\"ea0001e\" data-element_type=\"column\" data-e-type=\"column\" data-settings=\"{&quot;animation&quot;:&quot;zoomIn&quot;}\">\n\t\t\t<div class=\"elementor-widget-wrap elementor-element-populated\">\n\t\t\t\t\t\t<div class=\"elementor-element elementor-element-c5a8fc0 elementor-widget elementor-widget-heading\" data-id=\"c5a8fc0\" data-element_type=\"widget\" data-e-type=\"widget\" data-widget_type=\"heading.default\">\n\t\t\t\t<div class=\"elementor-widget-container\">\n\t\t\t\t\t<h1 class=\"elementor-heading-title elementor-size-default\">Op\u00e9ration tranquillit\u00e9 vacances<\/h1>\t\t\t\t<\/div>\n\t\t\t\t<\/div>\n\t\t\t\t<div class=\"elementor-element elementor-element-fa0511a elementor-widget elementor-widget-image\" data-id=\"fa0511a\" data-element_type=\"widget\" data-e-type=\"widget\" data-widget_type=\"image.default\">\n\t\t\t\t<div class=\"elementor-widget-container\">\n\t\t\t\t\t\t\t\t\t\t\t\t\t\t\t<img loading=\"lazy\" decoding=\"async\" width=\"300\" height=\"264\" src=\"https:\/\/mairiejouy89.fr\/wp-content\/uploads\/2022\/05\/Affiche-Operation-tranquillite-vacances-300x264.jpg\" class=\"attachment-medium size-medium wp-image-2409\" alt=\"\" srcset=\"https:\/\/mairiejouy89.fr\/wp-content\/uploads\/2022\/05\/Affiche-Operation-tranquillite-vacances-300x264.jpg 300w, https:\/\/mairiejouy89.fr\/wp-content\/uploads\/2022\/05\/Affiche-Operation-tranquillite-vacances-1024x899.jpg 1024w, https:\/\/mairiejouy89.fr\/wp-content\/uploads\/2022\/05\/Affiche-Operation-tranquillite-vacances-768x675.jpg 768w, https:\/\/mairiejouy89.fr\/wp-content\/uploads\/2022\/05\/Affiche-Operation-tranquillite-vacances-1536x1349.jpg 1536w, https:\/\/mairiejouy89.fr\/wp-content\/uploads\/2022\/05\/Affiche-Operation-tranquillite-vacances.jpg 1875w\" sizes=\"(max-width: 300px) 100vw, 300px\" \/>\t\t\t\t\t\t\t\t\t\t\t\t\t\t\t<\/div>\n\t\t\t\t<\/div>\n\t\t\t\t<div class=\"elementor-element elementor-element-4b82f4e elementor-widget elementor-widget-text-editor\" data-id=\"4b82f4e\" data-element_type=\"widget\" data-e-type=\"widget\" data-widget_type=\"text-editor.default\">\n\t\t\t\t<div class=\"elementor-widget-container\">\n\t\t\t\t\t\t\t\t\t<p>Pour des <strong>vacances en toute tranquillit\u00e9<\/strong>, vous pouvez demander \u00e0 la gendarmerie de surveiller votre domicile. Des patrouilles sont alors organis\u00e9es par les forces de l\u2019ordre. Vous pouvez acc\u00e9der au\u00a0 <a href=\"https:\/\/www.service-public.fr\/particuliers\/vosdroits\/F34634\">formulaire de demande sur le portail Service-Public.<\/a><\/p><p><a href=\"http:\/\/mairiejouy89.fr\/wp-content\/uploads\/2022\/06\/FLYER-CAMBRIOLAGES.pdf\">Avant de partir, ayez les bons r\u00e9flexes, suivez le lien.<\/a><\/p>\t\t\t\t\t\t\t\t<\/div>\n\t\t\t\t<\/div>\n\t\t\t\t<div class=\"elementor-element elementor-element-f4ca3a8 elementor-widget-divider--view-line elementor-widget elementor-widget-divider\" data-id=\"f4ca3a8\" data-element_type=\"widget\" data-e-type=\"widget\" data-widget_type=\"divider.default\">\n\t\t\t\t<div class=\"elementor-widget-container\">\n\t\t\t\t\t\t\t<div class=\"elementor-divider\">\n\t\t\t<span class=\"elementor-divider-separator\">\n\t\t\t\t\t\t<\/span>\n\t\t<\/div>\n\t\t\t\t\t\t<\/div>\n\t\t\t\t<\/div>\n\t\t\t\t<div class=\"elementor-element elementor-element-4762e9f elementor-widget elementor-widget-heading\" data-id=\"4762e9f\" data-element_type=\"widget\" data-e-type=\"widget\" data-widget_type=\"heading.default\">\n\t\t\t\t<div class=\"elementor-widget-container\">\n\t\t\t\t\t<h1 class=\"elementor-heading-title elementor-size-default\">Participation citoyenne<\/h1>\t\t\t\t<\/div>\n\t\t\t\t<\/div>\n\t\t\t\t<div class=\"elementor-element elementor-element-10e2074 elementor-widget elementor-widget-image\" data-id=\"10e2074\" data-element_type=\"widget\" data-e-type=\"widget\" data-widget_type=\"image.default\">\n\t\t\t\t<div class=\"elementor-widget-container\">\n\t\t\t\t\t\t\t\t\t\t\t\t\t\t\t<img loading=\"lazy\" decoding=\"async\" width=\"302\" height=\"167\" src=\"https:\/\/mairiejouy89.fr\/wp-content\/uploads\/2022\/05\/paticipationcitoyenne.jpg\" class=\"attachment-large size-large wp-image-2410\" alt=\"\" srcset=\"https:\/\/mairiejouy89.fr\/wp-content\/uploads\/2022\/05\/paticipationcitoyenne.jpg 302w, https:\/\/mairiejouy89.fr\/wp-content\/uploads\/2022\/05\/paticipationcitoyenne-300x166.jpg 300w\" sizes=\"(max-width: 302px) 100vw, 302px\" \/>\t\t\t\t\t\t\t\t\t\t\t\t\t\t\t<\/div>\n\t\t\t\t<\/div>\n\t\t\t\t<div class=\"elementor-element elementor-element-30c86cc elementor-widget elementor-widget-text-editor\" data-id=\"30c86cc\" data-element_type=\"widget\" data-e-type=\"widget\" data-widget_type=\"text-editor.default\">\n\t\t\t\t<div class=\"elementor-widget-container\">\n\t\t\t\t\t\t\t\t\t<p>Notre commune adh\u00e8re au service <strong>\u00ab\u00a0<a href=\"https:\/\/www.gendarmerie.interieur.gouv.fr\/nos-conseils\/pour-les-collectivites\/participation-citoyenne-devenir-acteur-de-sa-securite\">Participation Citoyenne<\/a>\u00a0\u00bb.<\/strong> Ce dispositif encourage la population \u00e0 adopter une attitude solidaire et vigilante ainsi qu\u2019\u00e0 informer les forces de l\u2019ordre de tout fait particulier.\u00a0\u00a0\u00a0\u00a0\u00a0\u00a0 Dix joviciens sont associ\u00e9s \u00e0 ce dispositif.\u00a0\u00a0\u00a0\u00a0 La bienveillance est l\u2019affaire de tous.<\/p>\t\t\t\t\t\t\t\t<\/div>\n\t\t\t\t<\/div>\n\t\t\t\t<div class=\"elementor-element elementor-element-27d3360 elementor-widget-divider--view-line elementor-widget elementor-widget-divider\" data-id=\"27d3360\" data-element_type=\"widget\" data-e-type=\"widget\" data-widget_type=\"divider.default\">\n\t\t\t\t<div class=\"elementor-widget-container\">\n\t\t\t\t\t\t\t<div class=\"elementor-divider\">\n\t\t\t<span class=\"elementor-divider-separator\">\n\t\t\t\t\t\t<\/span>\n\t\t<\/div>\n\t\t\t\t\t\t<\/div>\n\t\t\t\t<\/div>\n\t\t\t\t<div class=\"elementor-element elementor-element-63f682e elementor-widget elementor-widget-heading\" data-id=\"63f682e\" data-element_type=\"widget\" data-e-type=\"widget\" data-widget_type=\"heading.default\">\n\t\t\t\t<div class=\"elementor-widget-container\">\n\t\t\t\t\t<h1 class=\"elementor-heading-title elementor-size-default\">Soyez alert\u00e9, pr\u00e9venu, inform\u00e9<\/h1>\t\t\t\t<\/div>\n\t\t\t\t<\/div>\n\t\t\t\t<div class=\"elementor-element elementor-element-8644238 elementor-widget elementor-widget-image\" data-id=\"8644238\" data-element_type=\"widget\" data-e-type=\"widget\" data-widget_type=\"image.default\">\n\t\t\t\t<div class=\"elementor-widget-container\">\n\t\t\t\t\t\t\t\t\t\t\t\t\t\t\t<img loading=\"lazy\" decoding=\"async\" width=\"800\" height=\"931\" src=\"https:\/\/mairiejouy89.fr\/wp-content\/uploads\/2022\/12\/Info-PanneauPocket-880x1024.png\" class=\"attachment-large size-large wp-image-3481\" alt=\"\" srcset=\"https:\/\/mairiejouy89.fr\/wp-content\/uploads\/2022\/12\/Info-PanneauPocket-880x1024.png 880w, https:\/\/mairiejouy89.fr\/wp-content\/uploads\/2022\/12\/Info-PanneauPocket-258x300.png 258w, https:\/\/mairiejouy89.fr\/wp-content\/uploads\/2022\/12\/Info-PanneauPocket-768x894.png 768w, https:\/\/mairiejouy89.fr\/wp-content\/uploads\/2022\/12\/Info-PanneauPocket-280x326.png 280w, https:\/\/mairiejouy89.fr\/wp-content\/uploads\/2022\/12\/Info-PanneauPocket.png 928w\" sizes=\"(max-width: 800px) 100vw, 800px\" \/>\t\t\t\t\t\t\t\t\t\t\t\t\t\t\t<\/div>\n\t\t\t\t<\/div>\n\t\t\t\t<div class=\"elementor-element elementor-element-c913545 elementor-widget elementor-widget-text-editor\" data-id=\"c913545\" data-element_type=\"widget\" data-e-type=\"widget\" data-widget_type=\"text-editor.default\">\n\t\t\t\t<div class=\"elementor-widget-container\">\n\t\t\t\t\t\t\t\t\t<p>Pour mieux vous informer et vous alerter, notre commune s\u2019est \u00e9quip\u00e9e de l\u2019application PanneauPocket.<br \/>Les \u00e9v\u00e8nements locaux, l\u2019actualit\u00e9 et les alertes de la commune pourront ainsi \u00eatre diffus\u00e9s tr\u00e8s rapidement.<br \/>Il vous suffit de t\u00e9l\u00e9charger l\u2019application PanneauPocket sur Google Play ou App Store, c\u2019est gratuit.<br \/>Vous recevrez alors les notifications de la commune en cas d\u2019alertes ou d\u2019information.<br \/>Nous poursuivrons un affichage des informations et alertes sur le panneau de l\u2019entr\u00e9e de la mairie et les panneaux actuels r\u00e9partis sur l\u2019ensemble de notre commune.<\/p><p>BONNE UTILISATION !<\/p>\t\t\t\t\t\t\t\t<\/div>\n\t\t\t\t<\/div>\n\t\t\t\t<div class=\"elementor-element elementor-element-f758997 elementor-widget-divider--view-line elementor-widget elementor-widget-divider\" data-id=\"f758997\" data-element_type=\"widget\" data-e-type=\"widget\" data-widget_type=\"divider.default\">\n\t\t\t\t<div class=\"elementor-widget-container\">\n\t\t\t\t\t\t\t<div class=\"elementor-divider\">\n\t\t\t<span class=\"elementor-divider-separator\">\n\t\t\t\t\t\t<\/span>\n\t\t<\/div>\n\t\t\t\t\t\t<\/div>\n\t\t\t\t<\/div>\n\t\t\t\t<div class=\"elementor-element elementor-element-e1e783b elementor-widget elementor-widget-heading\" data-id=\"e1e783b\" data-element_type=\"widget\" data-e-type=\"widget\" data-widget_type=\"heading.default\">\n\t\t\t\t<div class=\"elementor-widget-container\">\n\t\t\t\t\t<h1 class=\"elementor-heading-title elementor-size-default\">J'entretiens mon trottoir !<\/h1>\t\t\t\t<\/div>\n\t\t\t\t<\/div>\n\t\t\t\t<div class=\"elementor-element elementor-element-b2f5134 elementor-widget elementor-widget-image\" data-id=\"b2f5134\" data-element_type=\"widget\" data-e-type=\"widget\" data-widget_type=\"image.default\">\n\t\t\t\t<div class=\"elementor-widget-container\">\n\t\t\t\t\t\t\t\t\t\t\t\t\t\t\t<img loading=\"lazy\" decoding=\"async\" width=\"232\" height=\"300\" src=\"https:\/\/mairiejouy89.fr\/wp-content\/uploads\/2022\/06\/entretientrottoir-232x300.jpg\" class=\"attachment-medium size-medium wp-image-3133\" alt=\"\" srcset=\"https:\/\/mairiejouy89.fr\/wp-content\/uploads\/2022\/06\/entretientrottoir-232x300.jpg 232w, https:\/\/mairiejouy89.fr\/wp-content\/uploads\/2022\/06\/entretientrottoir-280x361.jpg 280w, https:\/\/mairiejouy89.fr\/wp-content\/uploads\/2022\/06\/entretientrottoir.jpg 526w\" sizes=\"(max-width: 232px) 100vw, 232px\" \/>\t\t\t\t\t\t\t\t\t\t\t\t\t\t\t<\/div>\n\t\t\t\t<\/div>\n\t\t\t\t<div class=\"elementor-element elementor-element-3c289cd elementor-widget elementor-widget-text-editor\" data-id=\"3c289cd\" data-element_type=\"widget\" data-e-type=\"widget\" data-widget_type=\"text-editor.default\">\n\t\t\t\t<div class=\"elementor-widget-container\">\n\t\t\t\t\t\t\t\t\t<p>La commune vous remercie pour votre participation \u00e0 l&rsquo;effort collectif et citoyen.<\/p><p>Chaque habitant doit maintenir son trottoir, son foss\u00e9 et\/ou caniveau en bon \u00e9tat de propret\u00e9, sur toute la longueur de son habitation.<\/p>\t\t\t\t\t\t\t\t<\/div>\n\t\t\t\t<\/div>\n\t\t\t\t<div class=\"elementor-element elementor-element-6f4241c elementor-widget-divider--view-line elementor-widget elementor-widget-divider\" data-id=\"6f4241c\" data-element_type=\"widget\" data-e-type=\"widget\" data-widget_type=\"divider.default\">\n\t\t\t\t<div class=\"elementor-widget-container\">\n\t\t\t\t\t\t\t<div class=\"elementor-divider\">\n\t\t\t<span class=\"elementor-divider-separator\">\n\t\t\t\t\t\t<\/span>\n\t\t<\/div>\n\t\t\t\t\t\t<\/div>\n\t\t\t\t<\/div>\n\t\t\t\t<div class=\"elementor-element elementor-element-36affcc elementor-widget elementor-widget-heading\" data-id=\"36affcc\" data-element_type=\"widget\" data-e-type=\"widget\" data-widget_type=\"heading.default\">\n\t\t\t\t<div class=\"elementor-widget-container\">\n\t\t\t\t\t<h1 class=\"elementor-heading-title elementor-size-default\">Nuisances sonores<\/h1>\t\t\t\t<\/div>\n\t\t\t\t<\/div>\n\t\t\t\t<div class=\"elementor-element elementor-element-b053d3d elementor-widget elementor-widget-image\" data-id=\"b053d3d\" data-element_type=\"widget\" data-e-type=\"widget\" data-widget_type=\"image.default\">\n\t\t\t\t<div class=\"elementor-widget-container\">\n\t\t\t\t\t\t\t\t\t\t\t\t\t\t\t<img loading=\"lazy\" decoding=\"async\" width=\"300\" height=\"188\" src=\"https:\/\/mairiejouy89.fr\/wp-content\/uploads\/2022\/05\/Bruits-Vignette-Actualite-1080x675-1-300x188.jpg\" class=\"attachment-medium size-medium wp-image-2411\" alt=\"\" srcset=\"https:\/\/mairiejouy89.fr\/wp-content\/uploads\/2022\/05\/Bruits-Vignette-Actualite-1080x675-1-300x188.jpg 300w, https:\/\/mairiejouy89.fr\/wp-content\/uploads\/2022\/05\/Bruits-Vignette-Actualite-1080x675-1-1024x640.jpg 1024w, https:\/\/mairiejouy89.fr\/wp-content\/uploads\/2022\/05\/Bruits-Vignette-Actualite-1080x675-1-768x480.jpg 768w, https:\/\/mairiejouy89.fr\/wp-content\/uploads\/2022\/05\/Bruits-Vignette-Actualite-1080x675-1.jpg 1080w\" sizes=\"(max-width: 300px) 100vw, 300px\" \/>\t\t\t\t\t\t\t\t\t\t\t\t\t\t\t<\/div>\n\t\t\t\t<\/div>\n\t\t\t\t<div class=\"elementor-element elementor-element-e8498ed elementor-widget elementor-widget-text-editor\" data-id=\"e8498ed\" data-element_type=\"widget\" data-e-type=\"widget\" data-widget_type=\"text-editor.default\">\n\t\t\t\t<div class=\"elementor-widget-container\">\n\t\t\t\t\t\t\t\t\t<p>Concernant <strong>les nuisances sonores<\/strong>, l\u2019utilisation des tondeuses, perceuses, tron\u00e7onneuses\u2026..n\u2019est <strong>possible<\/strong> que\u00a0:<\/p><ul><li>Du lundi au vendredi\u00a0: 8h30-12h et 14h30-19h30,<\/li><li>Le samedi\u00a0: 9h-12h et 15h-19h,<\/li><li>Le dimanche et jours f\u00e9ri\u00e9s\u00a0: 10h-12h et 16h-18h.<\/li><\/ul>\t\t\t\t\t\t\t\t<\/div>\n\t\t\t\t<\/div>\n\t\t\t\t\t<\/div>\n\t\t<\/div>\n\t\t\t\t<div class=\"elementor-column elementor-col-25 elementor-top-column elementor-element elementor-element-5b77541 elementor-invisible\" data-id=\"5b77541\" data-element_type=\"column\" data-e-type=\"column\" data-settings=\"{&quot;animation&quot;:&quot;zoomIn&quot;}\">\n\t\t\t<div class=\"elementor-widget-wrap elementor-element-populated\">\n\t\t\t\t\t\t<div class=\"elementor-element elementor-element-297747a elementor-widget elementor-widget-heading\" data-id=\"297747a\" data-element_type=\"widget\" data-e-type=\"widget\" data-widget_type=\"heading.default\">\n\t\t\t\t<div class=\"elementor-widget-container\">\n\t\t\t\t\t<h1 class=\"elementor-heading-title elementor-size-default\">Civilit\u00e9 animale<\/h1>\t\t\t\t<\/div>\n\t\t\t\t<\/div>\n\t\t\t\t<div class=\"elementor-element elementor-element-8833ce8 elementor-widget elementor-widget-image\" data-id=\"8833ce8\" data-element_type=\"widget\" data-e-type=\"widget\" data-widget_type=\"image.default\">\n\t\t\t\t<div class=\"elementor-widget-container\">\n\t\t\t\t\t\t\t\t\t\t\t\t\t\t\t<img loading=\"lazy\" decoding=\"async\" width=\"255\" height=\"198\" src=\"https:\/\/mairiejouy89.fr\/wp-content\/uploads\/2022\/05\/ramasser.jpg\" class=\"attachment-large size-large wp-image-2413\" alt=\"\" \/>\t\t\t\t\t\t\t\t\t\t\t\t\t\t\t<\/div>\n\t\t\t\t<\/div>\n\t\t\t\t<div class=\"elementor-element elementor-element-7b4661b elementor-widget elementor-widget-text-editor\" data-id=\"7b4661b\" data-element_type=\"widget\" data-e-type=\"widget\" data-widget_type=\"text-editor.default\">\n\t\t\t\t<div class=\"elementor-widget-container\">\n\t\t\t\t\t\t\t\t\t<p>Les propri\u00e9taires d\u2019animaux sont tenus de prendre toutes mesures propres \u00e0 pr\u00e9server la tranquillit\u00e9 du voisinage. Les <strong>aboiements intempestifs<\/strong> sont consid\u00e9r\u00e9s comme <strong>nuisances.\u00a0 <\/strong>Attention aux<strong> divagations<\/strong>, sources d\u2019<strong>accidents<\/strong>.\u00a0<\/p><p>Quant aux <strong>d\u00e9jections canines<\/strong> produites sur le domaine public, elles doivent \u00eatre imm\u00e9diatement <strong>collect\u00e9es et \u00e9vacu\u00e9es<\/strong> par la personne accompagnant l\u2019animal.<\/p>\t\t\t\t\t\t\t\t<\/div>\n\t\t\t\t<\/div>\n\t\t\t\t<div class=\"elementor-element elementor-element-a267b8a elementor-widget-divider--view-line elementor-widget elementor-widget-divider\" data-id=\"a267b8a\" data-element_type=\"widget\" data-e-type=\"widget\" data-widget_type=\"divider.default\">\n\t\t\t\t<div class=\"elementor-widget-container\">\n\t\t\t\t\t\t\t<div class=\"elementor-divider\">\n\t\t\t<span class=\"elementor-divider-separator\">\n\t\t\t\t\t\t<\/span>\n\t\t<\/div>\n\t\t\t\t\t\t<\/div>\n\t\t\t\t<\/div>\n\t\t\t\t<div class=\"elementor-element elementor-element-5b21ff0 elementor-widget elementor-widget-heading\" data-id=\"5b21ff0\" data-element_type=\"widget\" data-e-type=\"widget\" data-widget_type=\"heading.default\">\n\t\t\t\t<div class=\"elementor-widget-container\">\n\t\t\t\t\t<h1 class=\"elementor-heading-title elementor-size-default\">Tous feux interdits<\/h1>\t\t\t\t<\/div>\n\t\t\t\t<\/div>\n\t\t\t\t<div class=\"elementor-element elementor-element-b563a49 elementor-widget elementor-widget-image\" data-id=\"b563a49\" data-element_type=\"widget\" data-e-type=\"widget\" data-widget_type=\"image.default\">\n\t\t\t\t<div class=\"elementor-widget-container\">\n\t\t\t\t\t\t\t\t\t\t\t\t\t\t\t<img loading=\"lazy\" decoding=\"async\" width=\"150\" height=\"150\" src=\"https:\/\/mairiejouy89.fr\/wp-content\/uploads\/2022\/05\/29576-500-150x150.jpg\" class=\"attachment-thumbnail size-thumbnail wp-image-2412\" alt=\"\" srcset=\"https:\/\/mairiejouy89.fr\/wp-content\/uploads\/2022\/05\/29576-500-150x150.jpg 150w, https:\/\/mairiejouy89.fr\/wp-content\/uploads\/2022\/05\/29576-500-300x300.jpg 300w, https:\/\/mairiejouy89.fr\/wp-content\/uploads\/2022\/05\/29576-500.jpg 500w\" sizes=\"(max-width: 150px) 100vw, 150px\" \/>\t\t\t\t\t\t\t\t\t\t\t\t\t\t\t<\/div>\n\t\t\t\t<\/div>\n\t\t\t\t<div class=\"elementor-element elementor-element-7f89292 elementor-widget elementor-widget-text-editor\" data-id=\"7f89292\" data-element_type=\"widget\" data-e-type=\"widget\" data-widget_type=\"text-editor.default\">\n\t\t\t\t<div class=\"elementor-widget-container\">\n\t\t\t\t\t\t\t\t\t<p>Les <strong>feux<\/strong> sont<strong> interdits<\/strong> par <a href=\"https:\/\/www.yonne.gouv.fr\/content\/download\/22672\/185342\/file\/AP%20r%c3%a9glementant%20les%20feux%20festifs%20(juin%202017).pdf\" target=\"_blank\" rel=\"noopener\">arr\u00eat\u00e9 pr\u00e9fectoral du d\u00e9partement de l\u2019Yonne<\/a><\/p>\t\t\t\t\t\t\t\t<\/div>\n\t\t\t\t<\/div>\n\t\t\t\t<div class=\"elementor-element elementor-element-7a11677 elementor-widget-divider--view-line elementor-widget elementor-widget-divider\" data-id=\"7a11677\" data-element_type=\"widget\" data-e-type=\"widget\" data-widget_type=\"divider.default\">\n\t\t\t\t<div class=\"elementor-widget-container\">\n\t\t\t\t\t\t\t<div class=\"elementor-divider\">\n\t\t\t<span class=\"elementor-divider-separator\">\n\t\t\t\t\t\t<\/span>\n\t\t<\/div>\n\t\t\t\t\t\t<\/div>\n\t\t\t\t<\/div>\n\t\t\t\t<div class=\"elementor-element elementor-element-1d3b6be elementor-widget elementor-widget-heading\" data-id=\"1d3b6be\" data-element_type=\"widget\" data-e-type=\"widget\" data-widget_type=\"heading.default\">\n\t\t\t\t<div class=\"elementor-widget-container\">\n\t\t\t\t\t<h1 class=\"elementor-heading-title elementor-size-default\">D\u00e9chets verts<\/h1>\t\t\t\t<\/div>\n\t\t\t\t<\/div>\n\t\t\t\t<div class=\"elementor-element elementor-element-7f51074 elementor-widget elementor-widget-image\" data-id=\"7f51074\" data-element_type=\"widget\" data-e-type=\"widget\" data-widget_type=\"image.default\">\n\t\t\t\t<div class=\"elementor-widget-container\">\n\t\t\t\t\t\t\t\t\t\t\t\t\t\t\t<img loading=\"lazy\" decoding=\"async\" width=\"225\" height=\"225\" src=\"https:\/\/mairiejouy89.fr\/wp-content\/uploads\/2022\/05\/dechets-verts.png\" class=\"attachment-medium size-medium wp-image-2418\" alt=\"\" srcset=\"https:\/\/mairiejouy89.fr\/wp-content\/uploads\/2022\/05\/dechets-verts.png 225w, https:\/\/mairiejouy89.fr\/wp-content\/uploads\/2022\/05\/dechets-verts-150x150.png 150w\" sizes=\"(max-width: 225px) 100vw, 225px\" \/>\t\t\t\t\t\t\t\t\t\t\t\t\t\t\t<\/div>\n\t\t\t\t<\/div>\n\t\t\t\t<div class=\"elementor-element elementor-element-d444856 elementor-widget elementor-widget-text-editor\" data-id=\"d444856\" data-element_type=\"widget\" data-e-type=\"widget\" data-widget_type=\"text-editor.default\">\n\t\t\t\t<div class=\"elementor-widget-container\">\n\t\t\t\t\t\t\t\t\t<p>Les <strong>d\u00e9chets verts<\/strong> sont assimil\u00e9s \u00e0 des d\u00e9chets m\u00e9nagers selon le <a href=\"https:\/\/www.legifrance.gouv.fr\/loda\/id\/JORFTEXT000000594802\/\" target=\"_blank\" rel=\"noopener\">d\u00e9cret n\u00b02002-540 du 18\/04\/2002 relatif \u00e0 la classification des d\u00e9chets<\/a>. L\u2019article 84 du r\u00e8glement sanitaire d\u00e9partemental \u00e9nonce que le br\u00fblage \u00e0 l\u2019air libre <strong>des ordures<\/strong> <strong>m\u00e9nag\u00e8res<\/strong> est <strong>interdit<\/strong>. En cons\u00e9quence, ces d\u00e9chets doivent \u00eatre r\u00e9ceptionn\u00e9s dans les d\u00e9ch\u00e8teries.<\/p>\t\t\t\t\t\t\t\t<\/div>\n\t\t\t\t<\/div>\n\t\t\t\t<div class=\"elementor-element elementor-element-0500239 elementor-widget-divider--view-line elementor-widget elementor-widget-divider\" data-id=\"0500239\" data-element_type=\"widget\" data-e-type=\"widget\" data-widget_type=\"divider.default\">\n\t\t\t\t<div class=\"elementor-widget-container\">\n\t\t\t\t\t\t\t<div class=\"elementor-divider\">\n\t\t\t<span class=\"elementor-divider-separator\">\n\t\t\t\t\t\t<\/span>\n\t\t<\/div>\n\t\t\t\t\t\t<\/div>\n\t\t\t\t<\/div>\n\t\t\t\t<div class=\"elementor-element elementor-element-806bd8f elementor-widget elementor-widget-heading\" data-id=\"806bd8f\" data-element_type=\"widget\" data-e-type=\"widget\" data-widget_type=\"heading.default\">\n\t\t\t\t<div class=\"elementor-widget-container\">\n\t\t\t\t\t<h1 class=\"elementor-heading-title elementor-size-default\">D\u00e9chets interdits dans vos poubelles<\/h1>\t\t\t\t<\/div>\n\t\t\t\t<\/div>\n\t\t\t\t<div class=\"elementor-element elementor-element-f683fa1 elementor-widget elementor-widget-image\" data-id=\"f683fa1\" data-element_type=\"widget\" data-e-type=\"widget\" data-widget_type=\"image.default\">\n\t\t\t\t<div class=\"elementor-widget-container\">\n\t\t\t\t\t\t\t\t\t\t\t\t\t\t\t<img loading=\"lazy\" decoding=\"async\" width=\"314\" height=\"161\" src=\"https:\/\/mairiejouy89.fr\/wp-content\/uploads\/2022\/06\/DECHETS-INTERDITS.png\" class=\"attachment-large size-large wp-image-3334\" alt=\"\" srcset=\"https:\/\/mairiejouy89.fr\/wp-content\/uploads\/2022\/06\/DECHETS-INTERDITS.png 314w, https:\/\/mairiejouy89.fr\/wp-content\/uploads\/2022\/06\/DECHETS-INTERDITS-300x154.png 300w, https:\/\/mairiejouy89.fr\/wp-content\/uploads\/2022\/06\/DECHETS-INTERDITS-280x144.png 280w\" sizes=\"(max-width: 314px) 100vw, 314px\" \/>\t\t\t\t\t\t\t\t\t\t\t\t\t\t\t<\/div>\n\t\t\t\t<\/div>\n\t\t\t\t<div class=\"elementor-element elementor-element-c512118 elementor-widget elementor-widget-text-editor\" data-id=\"c512118\" data-element_type=\"widget\" data-e-type=\"widget\" data-widget_type=\"text-editor.default\">\n\t\t\t\t<div class=\"elementor-widget-container\">\n\t\t\t\t\t\t\t\t\t<p><strong>&#8211; Les piles, les batteries ou les ampoules :<\/strong> vous pouvez les recycler via des fili\u00e8res sp\u00e9cialis\u00e9es. Il existe \u00e9galement de nombreux points de collecte dans les supermarch\u00e9s.<\/p><p><strong>&#8211; Les m\u00e9dicaments p\u00e9rim\u00e9s :<\/strong> ils doivent \u00eatre rapport\u00e9s en pharmacie, afin d\u2019avoir l\u2019assurance, qu\u2019ils soient redirig\u00e9s vers une fili\u00e8re de destruction sp\u00e9cialis\u00e9e.<\/p><p><strong>&#8211; Les d\u00e9chets d<\/strong><a href=\"https:\/\/www.boutique-box-internet.fr\/free\/contact\/numero-service-client\/\"><strong>\u2019<\/strong><\/a><strong>\u00e9quipements \u00e9lectroniques :<\/strong> il existe des fili\u00e8res d\u00e9di\u00e9es pour ce type de d\u00e9chet. Vous pouvez les ramener \u00e0 un distributeur qui a l\u2019obligation de r\u00e9cup\u00e9rer votre vieil appareil. Vous pouvez \u00e9galement en faire don \u00e0 une association, le d\u00e9poser dans une d\u00e9chetterie ou dans des points collectes pr\u00e9vus \u00e0 cet effet. Certains op\u00e9rateurs mobiles r\u00e9cup\u00e8rent en boutique votre ancien t\u00e9l\u00e9phone pour le reconditionner ou le donner \u00e0 une association.<\/p><p><strong>&#8211; Les huiles alimentaires : <\/strong>elles peuvent \u00eatre jet\u00e9es dans votre poubelle ordinaire en petite quantit\u00e9 mais il est pr\u00e9f\u00e9rable de les d\u00e9poser dans des points de collecte sp\u00e9cialis\u00e9s.<\/p><p><strong>&#8211; Les huiles de moteurs et autres huiles de v<\/strong><a href=\"https:\/\/www.papernest.com\/telecom\/offre-internet\/\"><strong>i<\/strong><\/a><strong>dange :<\/strong> vous pouvez les jeter dans des points de collecte sp\u00e9cifiques, chez un garagiste ou dans des bacs de collecte d\u00e9di\u00e9s.<\/p><p><strong>&#8211; Les pneus :<\/strong> ils doivent \u00eatre ramen\u00e9s chez un garagiste ou en d\u00e9chetterie. N\u2019h\u00e9sitez pas \u00e0 contacter, votre garagiste \u00e0 l\u2019avance pour \u00eatre s\u00fbr qu<a href=\"https:\/\/www.boutique-box-internet.fr\/offres\/\">\u2019<\/a>il reprend bien les anciens pneus.<\/p><p><strong>En d\u00e9posant vos d\u00e9chets au bon endroit, vous contribuez \u00e0 la protection de l&rsquo;environnement.<\/strong><\/p>\t\t\t\t\t\t\t\t<\/div>\n\t\t\t\t<\/div>\n\t\t\t\t\t<\/div>\n\t\t<\/div>\n\t\t\t\t<div class=\"elementor-column elementor-col-25 elementor-top-column elementor-element elementor-element-8f95d64 elementor-invisible\" data-id=\"8f95d64\" data-element_type=\"column\" data-e-type=\"column\" data-settings=\"{&quot;animation&quot;:&quot;zoomIn&quot;}\">\n\t\t\t<div class=\"elementor-widget-wrap elementor-element-populated\">\n\t\t\t\t\t\t<div class=\"elementor-element elementor-element-1210269 elementor-widget elementor-widget-heading\" data-id=\"1210269\" data-element_type=\"widget\" data-e-type=\"widget\" data-widget_type=\"heading.default\">\n\t\t\t\t<div class=\"elementor-widget-container\">\n\t\t\t\t\t<h1 class=\"elementor-heading-title elementor-size-default\">D\u00e9ch\u00e8terie<\/h1>\t\t\t\t<\/div>\n\t\t\t\t<\/div>\n\t\t\t\t<div class=\"elementor-element elementor-element-b6f1a45 elementor-widget elementor-widget-text-editor\" data-id=\"b6f1a45\" data-element_type=\"widget\" data-e-type=\"widget\" data-widget_type=\"text-editor.default\">\n\t\t\t\t<div class=\"elementor-widget-container\">\n\t\t\t\t\t\t\t\t\t<p><strong><u>D\u00e9ch\u00e8terie de Ch\u00e9roy<\/u><\/strong><\/p><p>Route de Voulx<\/p><p>T\u00e9l\u00a0: 03.86.97.71.94<\/p>\t\t\t\t\t\t\t\t<\/div>\n\t\t\t\t<\/div>\n\t\t\t\t<div class=\"elementor-element elementor-element-1004bbb elementor-widget-divider--view-line elementor-widget elementor-widget-divider\" data-id=\"1004bbb\" data-element_type=\"widget\" data-e-type=\"widget\" data-widget_type=\"divider.default\">\n\t\t\t\t<div class=\"elementor-widget-container\">\n\t\t\t\t\t\t\t<div class=\"elementor-divider\">\n\t\t\t<span class=\"elementor-divider-separator\">\n\t\t\t\t\t\t<\/span>\n\t\t<\/div>\n\t\t\t\t\t\t<\/div>\n\t\t\t\t<\/div>\n\t\t\t\t<div class=\"elementor-element elementor-element-2113ec9 elementor-widget elementor-widget-text-editor\" data-id=\"2113ec9\" data-element_type=\"widget\" data-e-type=\"widget\" data-widget_type=\"text-editor.default\">\n\t\t\t\t<div class=\"elementor-widget-container\">\n\t\t\t\t\t\t\t\t\t<p><strong><u>D\u00e9ch\u00e8terie de Fouch\u00e8res<\/u><\/strong><\/p><p>Rond Point Aire de Villeroy-Fouch\u00e8res<\/p><p>T\u00e9l\u00a0: 03.86.88.82.16<\/p>\t\t\t\t\t\t\t\t<\/div>\n\t\t\t\t<\/div>\n\t\t\t\t\t<\/div>\n\t\t<\/div>\n\t\t\t\t\t<\/div>\n\t\t<\/section>\n\t\t\t\t<section class=\"elementor-section elementor-top-section elementor-element elementor-element-76e9618 elementor-section-boxed elementor-section-height-default elementor-section-height-default\" data-id=\"76e9618\" data-element_type=\"section\" data-e-type=\"section\" data-settings=\"{&quot;animation&quot;:&quot;none&quot;}\">\n\t\t\t\t\t\t<div class=\"elementor-container elementor-column-gap-default\">\n\t\t\t\t\t<div class=\"elementor-column elementor-col-100 elementor-top-column elementor-element elementor-element-752fe9e\" data-id=\"752fe9e\" data-element_type=\"column\" data-e-type=\"column\">\n\t\t\t<div class=\"elementor-widget-wrap elementor-element-populated\">\n\t\t\t\t\t\t<div class=\"elementor-element elementor-element-e865723 elementor-widget elementor-widget-menu-anchor\" data-id=\"e865723\" data-element_type=\"widget\" data-e-type=\"widget\" id=\"Patrimoine\" data-widget_type=\"menu-anchor.default\">\n\t\t\t\t<div class=\"elementor-widget-container\">\n\t\t\t\t\t\t\t<div class=\"elementor-menu-anchor\" id=\"Patrimoine\"><\/div>\n\t\t\t\t\t\t<\/div>\n\t\t\t\t<\/div>\n\t\t\t\t<div class=\"elementor-element elementor-element-462f4cf elementor-widget-divider--view-line_text elementor-widget-divider--element-align-center elementor-widget elementor-widget-divider\" data-id=\"462f4cf\" data-element_type=\"widget\" data-e-type=\"widget\" data-widget_type=\"divider.default\">\n\t\t\t\t<div class=\"elementor-widget-container\">\n\t\t\t\t\t\t\t<div class=\"elementor-divider\">\n\t\t\t<span class=\"elementor-divider-separator\">\n\t\t\t\t\t\t\t<span class=\"elementor-divider__text elementor-divider__element\">\n\t\t\t\t* * *\t\t\t\t<\/span>\n\t\t\t\t\t\t<\/span>\n\t\t<\/div>\n\t\t\t\t\t\t<\/div>\n\t\t\t\t<\/div>\n\t\t\t\t<div class=\"elementor-element elementor-element-ff99aff elementor-widget elementor-widget-heading\" data-id=\"ff99aff\" data-element_type=\"widget\" data-e-type=\"widget\" data-widget_type=\"heading.default\">\n\t\t\t\t<div class=\"elementor-widget-container\">\n\t\t\t\t\t<h1 class=\"elementor-heading-title elementor-size-default\">Patrimoine &amp; Histoire de Jouy<\/h1>\t\t\t\t<\/div>\n\t\t\t\t<\/div>\n\t\t\t\t\t<\/div>\n\t\t<\/div>\n\t\t\t\t\t<\/div>\n\t\t<\/section>\n\t\t\t\t<section class=\"elementor-section elementor-top-section elementor-element elementor-element-4152d60 elementor-section-boxed elementor-section-height-default elementor-section-height-default\" data-id=\"4152d60\" data-element_type=\"section\" data-e-type=\"section\" data-settings=\"{&quot;animation&quot;:&quot;none&quot;}\">\n\t\t\t\t\t\t<div class=\"elementor-container elementor-column-gap-default\">\n\t\t\t\t\t<div class=\"elementor-column elementor-col-50 elementor-top-column elementor-element elementor-element-deb92f0 elementor-invisible\" data-id=\"deb92f0\" data-element_type=\"column\" data-e-type=\"column\" data-settings=\"{&quot;animation&quot;:&quot;zoomIn&quot;}\">\n\t\t\t<div class=\"elementor-widget-wrap elementor-element-populated\">\n\t\t\t\t\t\t<div class=\"elementor-element elementor-element-a24fded elementor-widget elementor-widget-text-editor\" data-id=\"a24fded\" data-element_type=\"widget\" data-e-type=\"widget\" data-widget_type=\"text-editor.default\">\n\t\t\t\t<div class=\"elementor-widget-container\">\n\t\t\t\t\t\t\t\t\t<p><em>Joyacum<\/em>, sur la voie romaine de Sens \u00e0 Orl\u00e9ans.<\/p><p>Avant l\u2019implantation du christianisme existait, \u00e0 l\u2019emplacement de l\u2019\u00e9glise actuelle,<\/p><p>un temple d\u00e9di\u00e9 \u00e0 Jupiter (<em>Templum Jovi dicatum<\/em>), d\u2019o\u00f9 la localit\u00e9 tire son nom.<\/p><p>En 1631, c\u2019\u00e9tait une ch\u00e2tellenie r\u00e9gie par la coutume de Lorris.<\/p>\t\t\t\t\t\t\t\t<\/div>\n\t\t\t\t<\/div>\n\t\t\t\t\t<\/div>\n\t\t<\/div>\n\t\t\t\t<div class=\"elementor-column elementor-col-50 elementor-top-column elementor-element elementor-element-f86c209 elementor-invisible\" data-id=\"f86c209\" data-element_type=\"column\" data-e-type=\"column\" data-settings=\"{&quot;animation&quot;:&quot;zoomIn&quot;}\">\n\t\t\t<div class=\"elementor-widget-wrap elementor-element-populated\">\n\t\t\t\t\t\t<div class=\"elementor-element elementor-element-4807fe2 elementor-widget elementor-widget-heading\" data-id=\"4807fe2\" data-element_type=\"widget\" data-e-type=\"widget\" data-widget_type=\"heading.default\">\n\t\t\t\t<div class=\"elementor-widget-container\">\n\t\t\t\t\t<h2 class=\"elementor-heading-title elementor-size-default\">\u00c9glise Saint-\u00c9tienne<\/h2>\t\t\t\t<\/div>\n\t\t\t\t<\/div>\n\t\t\t\t<div class=\"elementor-element elementor-element-6de3b5b elementor-widget elementor-widget-text-editor\" data-id=\"6de3b5b\" data-element_type=\"widget\" data-e-type=\"widget\" data-widget_type=\"text-editor.default\">\n\t\t\t\t<div class=\"elementor-widget-container\">\n\t\t\t\t\t\t\t\t\t<p><span style=\"font-size: 1rem;\">Dans l\u2019<\/span><em style=\"font-size: 1rem;\">Annuaire statistique du d\u00e9partement de l\u2019Yonne<\/em><span style=\"font-size: 1rem;\">, dat\u00e9 de l\u2019ann\u00e9e 1845, appara\u00eet une courte description de l\u2019\u00e9difice : \u00ab L\u2019\u00e9glise de Jouy, sous l\u2019invocation de saint \u00c9tienne, <\/span><em style=\"font-size: 1rem;\">Stephanus de Joyaco<\/em><span style=\"font-size: 1rem;\">, est assez grande et en assez bon \u00e9tat, sans bas-c\u00f4t\u00e9s ; les stalles et les lambris au-dessus, qui couvrent les murs chaque c\u00f4t\u00e9 du ch\u0153ur, en font le principal ornement ; sa construction n\u2019est pas ancienne.<\/span><\/p><p>Dans le courant du XVIIe si\u00e8cle, le tonnerre la br\u00fbla deux fois, et le 2 ao\u00fbt 1763, il fendit enti\u00e8rement la fl\u00e8che du clocher, per\u00e7a le plafond et brisa l\u2019autel de la Vierge. La cl\u00e9 du cintre en pierres de taille de la principale entr\u00e9e de l\u2019\u00e9glise offre en relief les armes des Lecoustellier, seigneurs de Jouy ; on n\u2019en distingue plus les \u00e9maux ; on aper\u00e7oit seulement dans l\u2019\u00e9cusson trois \u00e9toiles, deux en chef et une en pointe. \u00c0 c\u00f4t\u00e9 du portail et \u00e0 gauche, \u00e0 une \u00e9l\u00e9vation de 4 m\u00e8tres environ, on voit des caract\u00e8res gothiques, grav\u00e9s sur une pierre de liais de 30 \u00e0 33 centim\u00e8tres carr\u00e9s prise dans le mur, que le temps a effac\u00e9s et qui sont aujourd\u2019hui illisibles. \u00bb<\/p><p>Dans l\u2019\u00e9glise, on remarque des boiseries aux pieds-droits sculpt\u00e9s de chapiteaux ioniques, un b\u00e9nitier octogonal du XIVe si\u00e8cle, un baptist\u00e8re avec cuve en bateau du XVIIe si\u00e8cle et deux portes sculpt\u00e9es et orn\u00e9es de ferrures \u00e0 quatre feuilles du XIVe si\u00e8cle. Un suivi arch\u00e9ologique (SUD) a accompagn\u00e9 les op\u00e9rations de drainage contournant totalement l\u2019\u00e9difice. Ce sauvetage urgent a dur\u00e9 quatre jours en 1997 sous la responsabilit\u00e9 de Gilles Rollier (AFAN). Cette intervention a permis de noter un ensemble d\u2019\u00e9l\u00e9ments int\u00e9ressant l\u2019histoire du site, notamment la pr\u00e9sence d\u2019\u00e9l\u00e9ments ant\u00e9rieurs : un tambour de colonne, sans doute antique, remploy\u00e9 dans les fondations de l\u2019\u00e9glise; un sarcophage de facture m\u00e9rovingienne ; une tranch\u00e9e de r\u00e9cup\u00e9ration de mur attestant l\u2019existence d\u2019une construction ant\u00e9rieure \u00e0 l\u2019\u00e9glise actuelle. Il a pu \u00eatre not\u00e9 la pr\u00e9sence d\u2019une fosse commune renfermant des cr\u00e2nes perfor\u00e9s et que le cimeti\u00e8re li\u00e9 \u00e0 l\u2019\u00e9glise avait une concentration plus importante au chevet, notamment pour les s\u00e9pultures d\u2019enfants.<\/p>\t\t\t\t\t\t\t\t<\/div>\n\t\t\t\t<\/div>\n\t\t\t\t\t<\/div>\n\t\t<\/div>\n\t\t\t\t\t<\/div>\n\t\t<\/section>\n\t\t\t\t<section class=\"elementor-section elementor-top-section elementor-element elementor-element-78e46f4 elementor-section-boxed elementor-section-height-default elementor-section-height-default\" data-id=\"78e46f4\" data-element_type=\"section\" data-e-type=\"section\" data-settings=\"{&quot;animation&quot;:&quot;none&quot;}\">\n\t\t\t\t\t\t<div class=\"elementor-container elementor-column-gap-default\">\n\t\t\t\t\t<div class=\"elementor-column elementor-col-100 elementor-top-column elementor-element elementor-element-518c9d6\" data-id=\"518c9d6\" data-element_type=\"column\" data-e-type=\"column\">\n\t\t\t<div class=\"elementor-widget-wrap elementor-element-populated\">\n\t\t\t\t\t\t<div class=\"elementor-element elementor-element-d5d28e4 elementor-widget elementor-widget-menu-anchor\" data-id=\"d5d28e4\" data-element_type=\"widget\" data-e-type=\"widget\" id=\"Ciel\" data-widget_type=\"menu-anchor.default\">\n\t\t\t\t<div class=\"elementor-widget-container\">\n\t\t\t\t\t\t\t<div class=\"elementor-menu-anchor\" id=\"Ciel\"><\/div>\n\t\t\t\t\t\t<\/div>\n\t\t\t\t<\/div>\n\t\t\t\t<div class=\"elementor-element elementor-element-5e55ee0 elementor-widget-divider--view-line_text elementor-widget-divider--element-align-center elementor-widget elementor-widget-divider\" data-id=\"5e55ee0\" data-element_type=\"widget\" data-e-type=\"widget\" data-widget_type=\"divider.default\">\n\t\t\t\t<div class=\"elementor-widget-container\">\n\t\t\t\t\t\t\t<div class=\"elementor-divider\">\n\t\t\t<span class=\"elementor-divider-separator\">\n\t\t\t\t\t\t\t<span class=\"elementor-divider__text elementor-divider__element\">\n\t\t\t\t* * *\t\t\t\t<\/span>\n\t\t\t\t\t\t<\/span>\n\t\t<\/div>\n\t\t\t\t\t\t<\/div>\n\t\t\t\t<\/div>\n\t\t\t\t<div class=\"elementor-element elementor-element-557348f elementor-widget elementor-widget-heading\" data-id=\"557348f\" data-element_type=\"widget\" data-e-type=\"widget\" data-widget_type=\"heading.default\">\n\t\t\t\t<div class=\"elementor-widget-container\">\n\t\t\t\t\t<h1 class=\"elementor-heading-title elementor-size-default\">Jouy vu du ciel<\/h1>\t\t\t\t<\/div>\n\t\t\t\t<\/div>\n\t\t\t\t\t<\/div>\n\t\t<\/div>\n\t\t\t\t\t<\/div>\n\t\t<\/section>\n\t\t\t\t<section class=\"elementor-section elementor-top-section elementor-element elementor-element-ad624a7 elementor-section-boxed elementor-section-height-default elementor-section-height-default\" data-id=\"ad624a7\" data-element_type=\"section\" data-e-type=\"section\" data-settings=\"{&quot;animation&quot;:&quot;none&quot;}\">\n\t\t\t\t\t\t<div class=\"elementor-container elementor-column-gap-default\">\n\t\t\t\t\t<div class=\"elementor-column elementor-col-100 elementor-top-column elementor-element elementor-element-c9de08c elementor-invisible\" data-id=\"c9de08c\" data-element_type=\"column\" data-e-type=\"column\" data-settings=\"{&quot;animation&quot;:&quot;zoomIn&quot;}\">\n\t\t\t<div class=\"elementor-widget-wrap elementor-element-populated\">\n\t\t\t\t\t\t<div class=\"elementor-element elementor-element-dd8087d elementor-arrows-position-inside elementor-pagination-position-outside elementor-widget elementor-widget-image-carousel\" data-id=\"dd8087d\" data-element_type=\"widget\" data-e-type=\"widget\" data-settings=\"{&quot;slides_to_show&quot;:&quot;3&quot;,&quot;slides_to_scroll&quot;:&quot;1&quot;,&quot;image_spacing_custom&quot;:{&quot;unit&quot;:&quot;px&quot;,&quot;size&quot;:10,&quot;sizes&quot;:[]},&quot;navigation&quot;:&quot;both&quot;,&quot;autoplay&quot;:&quot;yes&quot;,&quot;pause_on_hover&quot;:&quot;yes&quot;,&quot;pause_on_interaction&quot;:&quot;yes&quot;,&quot;autoplay_speed&quot;:5000,&quot;infinite&quot;:&quot;yes&quot;,&quot;speed&quot;:500,&quot;image_spacing_custom_tablet&quot;:{&quot;unit&quot;:&quot;px&quot;,&quot;size&quot;:&quot;&quot;,&quot;sizes&quot;:[]},&quot;image_spacing_custom_mobile&quot;:{&quot;unit&quot;:&quot;px&quot;,&quot;size&quot;:&quot;&quot;,&quot;sizes&quot;:[]}}\" data-widget_type=\"image-carousel.default\">\n\t\t\t\t<div class=\"elementor-widget-container\">\n\t\t\t\t\t\t\t<div class=\"elementor-image-carousel-wrapper swiper\" role=\"region\" aria-roledescription=\"carousel\" aria-label=\"Carrousel d\u2019images\" dir=\"ltr\">\n\t\t\t<div class=\"elementor-image-carousel swiper-wrapper swiper-image-stretch\" aria-live=\"off\">\n\t\t\t\t\t\t\t\t<div class=\"swiper-slide\" role=\"group\" aria-roledescription=\"slide\" aria-label=\"1 sur 22\"><figure class=\"swiper-slide-inner\"><img decoding=\"async\" class=\"swiper-slide-image\" src=\"https:\/\/mairiejouy89.fr\/wp-content\/uploads\/2022\/06\/Jouy-scaled.jpg\" alt=\"Jouy\" \/><figcaption class=\"elementor-image-carousel-caption\">Jouy<\/figcaption><\/figure><\/div><div class=\"swiper-slide\" role=\"group\" aria-roledescription=\"slide\" aria-label=\"2 sur 22\"><figure class=\"swiper-slide-inner\"><img decoding=\"async\" class=\"swiper-slide-image\" src=\"https:\/\/mairiejouy89.fr\/wp-content\/uploads\/2022\/06\/Le-Bourg3-scaled.jpg\" alt=\"Le-Bourg\" \/><figcaption class=\"elementor-image-carousel-caption\">Le-Bourg<\/figcaption><\/figure><\/div><div class=\"swiper-slide\" role=\"group\" aria-roledescription=\"slide\" aria-label=\"3 sur 22\"><figure class=\"swiper-slide-inner\"><img decoding=\"async\" class=\"swiper-slide-image\" src=\"https:\/\/mairiejouy89.fr\/wp-content\/uploads\/2022\/06\/Le-Bourg-scaled.jpg\" alt=\"Le-Bourg\" \/><figcaption class=\"elementor-image-carousel-caption\">Le-Bourg<\/figcaption><\/figure><\/div><div class=\"swiper-slide\" role=\"group\" aria-roledescription=\"slide\" aria-label=\"4 sur 22\"><figure class=\"swiper-slide-inner\"><img decoding=\"async\" class=\"swiper-slide-image\" src=\"https:\/\/mairiejouy89.fr\/wp-content\/uploads\/2022\/06\/Le-Bourg1-scaled.jpg\" alt=\"Le-Bourg\" \/><figcaption class=\"elementor-image-carousel-caption\">Le-Bourg<\/figcaption><\/figure><\/div><div class=\"swiper-slide\" role=\"group\" aria-roledescription=\"slide\" aria-label=\"5 sur 22\"><figure class=\"swiper-slide-inner\"><img decoding=\"async\" class=\"swiper-slide-image\" src=\"https:\/\/mairiejouy89.fr\/wp-content\/uploads\/2022\/06\/Le-Bourg2-scaled.jpg\" alt=\"Le-Bourg\" \/><figcaption class=\"elementor-image-carousel-caption\">Le-Bourg<\/figcaption><\/figure><\/div><div class=\"swiper-slide\" role=\"group\" aria-roledescription=\"slide\" aria-label=\"6 sur 22\"><figure class=\"swiper-slide-inner\"><img decoding=\"async\" class=\"swiper-slide-image\" src=\"https:\/\/mairiejouy89.fr\/wp-content\/uploads\/2022\/06\/Ruze2-scaled.jpg\" alt=\"Ruz\u00e9\" \/><figcaption class=\"elementor-image-carousel-caption\">Ruz\u00e9<\/figcaption><\/figure><\/div><div class=\"swiper-slide\" role=\"group\" aria-roledescription=\"slide\" aria-label=\"7 sur 22\"><figure class=\"swiper-slide-inner\"><img decoding=\"async\" class=\"swiper-slide-image\" src=\"https:\/\/mairiejouy89.fr\/wp-content\/uploads\/2022\/06\/Ruze-scaled.jpg\" alt=\"Ruz\u00e9\" \/><figcaption class=\"elementor-image-carousel-caption\">Ruz\u00e9<\/figcaption><\/figure><\/div><div class=\"swiper-slide\" role=\"group\" aria-roledescription=\"slide\" aria-label=\"8 sur 22\"><figure class=\"swiper-slide-inner\"><img decoding=\"async\" class=\"swiper-slide-image\" src=\"https:\/\/mairiejouy89.fr\/wp-content\/uploads\/2022\/06\/Les-Rousseaux-scaled.jpg\" alt=\"Les-Rousseaux\" \/><figcaption class=\"elementor-image-carousel-caption\">Les-Rousseaux<\/figcaption><\/figure><\/div><div class=\"swiper-slide\" role=\"group\" aria-roledescription=\"slide\" aria-label=\"9 sur 22\"><figure class=\"swiper-slide-inner\"><img decoding=\"async\" class=\"swiper-slide-image\" src=\"https:\/\/mairiejouy89.fr\/wp-content\/uploads\/2022\/06\/Route-de-Bazoches-scaled.jpg\" alt=\"Route-de-Bazoches\" \/><figcaption class=\"elementor-image-carousel-caption\">Route-de-Bazoches<\/figcaption><\/figure><\/div><div class=\"swiper-slide\" role=\"group\" aria-roledescription=\"slide\" aria-label=\"10 sur 22\"><figure class=\"swiper-slide-inner\"><img decoding=\"async\" class=\"swiper-slide-image\" src=\"https:\/\/mairiejouy89.fr\/wp-content\/uploads\/2022\/06\/Les-Retifs-scaled.jpg\" alt=\"Les-R\u00e9tifs\" \/><figcaption class=\"elementor-image-carousel-caption\">Les-R\u00e9tifs<\/figcaption><\/figure><\/div><div class=\"swiper-slide\" role=\"group\" aria-roledescription=\"slide\" aria-label=\"11 sur 22\"><figure class=\"swiper-slide-inner\"><img decoding=\"async\" class=\"swiper-slide-image\" src=\"https:\/\/mairiejouy89.fr\/wp-content\/uploads\/2022\/06\/Les-Poissons-scaled.jpg\" alt=\"Les-Poissons\" \/><figcaption class=\"elementor-image-carousel-caption\">Les-Poissons<\/figcaption><\/figure><\/div><div class=\"swiper-slide\" role=\"group\" aria-roledescription=\"slide\" aria-label=\"12 sur 22\"><figure class=\"swiper-slide-inner\"><img decoding=\"async\" class=\"swiper-slide-image\" src=\"https:\/\/mairiejouy89.fr\/wp-content\/uploads\/2022\/06\/Les-Patouillats-scaled.jpg\" alt=\"Les-Patouillats\" \/><figcaption class=\"elementor-image-carousel-caption\">Les-Patouillats<\/figcaption><\/figure><\/div><div class=\"swiper-slide\" role=\"group\" aria-roledescription=\"slide\" aria-label=\"13 sur 22\"><figure class=\"swiper-slide-inner\"><img decoding=\"async\" class=\"swiper-slide-image\" src=\"https:\/\/mairiejouy89.fr\/wp-content\/uploads\/2022\/06\/Le-Flot-Mesnil-scaled.jpg\" alt=\"Le-Flot-Mesnil\" \/><figcaption class=\"elementor-image-carousel-caption\">Le-Flot-Mesnil<\/figcaption><\/figure><\/div><div class=\"swiper-slide\" role=\"group\" aria-roledescription=\"slide\" aria-label=\"14 sur 22\"><figure class=\"swiper-slide-inner\"><img decoding=\"async\" class=\"swiper-slide-image\" src=\"https:\/\/mairiejouy89.fr\/wp-content\/uploads\/2022\/06\/Les-Bordes-scaled.jpg\" alt=\"Les-Bordes\" \/><figcaption class=\"elementor-image-carousel-caption\">Les-Bordes<\/figcaption><\/figure><\/div><div class=\"swiper-slide\" role=\"group\" aria-roledescription=\"slide\" aria-label=\"15 sur 22\"><figure class=\"swiper-slide-inner\"><img decoding=\"async\" class=\"swiper-slide-image\" src=\"https:\/\/mairiejouy89.fr\/wp-content\/uploads\/2022\/06\/Les-Blins-scaled.jpg\" alt=\"Les-Blins\" \/><figcaption class=\"elementor-image-carousel-caption\">Les-Blins<\/figcaption><\/figure><\/div><div class=\"swiper-slide\" role=\"group\" aria-roledescription=\"slide\" aria-label=\"16 sur 22\"><figure class=\"swiper-slide-inner\"><img decoding=\"async\" class=\"swiper-slide-image\" src=\"https:\/\/mairiejouy89.fr\/wp-content\/uploads\/2022\/06\/Les-Bouleaux-Les-Duments-scaled.jpg\" alt=\"Les-Bouleaux-Les-Duments\" \/><figcaption class=\"elementor-image-carousel-caption\">Les-Bouleaux-Les-Duments<\/figcaption><\/figure><\/div><div class=\"swiper-slide\" role=\"group\" aria-roledescription=\"slide\" aria-label=\"17 sur 22\"><figure class=\"swiper-slide-inner\"><img decoding=\"async\" class=\"swiper-slide-image\" src=\"https:\/\/mairiejouy89.fr\/wp-content\/uploads\/2022\/06\/Les-Brouets-scaled.jpg\" alt=\"Les-Brouets\" \/><figcaption class=\"elementor-image-carousel-caption\">Les-Brouets<\/figcaption><\/figure><\/div><div class=\"swiper-slide\" role=\"group\" aria-roledescription=\"slide\" aria-label=\"18 sur 22\"><figure class=\"swiper-slide-inner\"><img decoding=\"async\" class=\"swiper-slide-image\" src=\"https:\/\/mairiejouy89.fr\/wp-content\/uploads\/2022\/06\/Les-Caffiers-scaled.jpg\" alt=\"Les-Caffiers\" \/><figcaption class=\"elementor-image-carousel-caption\">Les-Caffiers<\/figcaption><\/figure><\/div><div class=\"swiper-slide\" role=\"group\" aria-roledescription=\"slide\" aria-label=\"19 sur 22\"><figure class=\"swiper-slide-inner\"><img decoding=\"async\" class=\"swiper-slide-image\" src=\"https:\/\/mairiejouy89.fr\/wp-content\/uploads\/2022\/06\/Les-Jacquins-scaled.jpg\" alt=\"Les-Jacquins\" \/><figcaption class=\"elementor-image-carousel-caption\">Les-Jacquins<\/figcaption><\/figure><\/div><div class=\"swiper-slide\" role=\"group\" aria-roledescription=\"slide\" aria-label=\"20 sur 22\"><figure class=\"swiper-slide-inner\"><img decoding=\"async\" class=\"swiper-slide-image\" src=\"https:\/\/mairiejouy89.fr\/wp-content\/uploads\/2022\/06\/Les-Jacquins2-scaled.jpg\" alt=\"Les-Jacquins\" \/><figcaption class=\"elementor-image-carousel-caption\">Les-Jacquins<\/figcaption><\/figure><\/div><div class=\"swiper-slide\" role=\"group\" aria-roledescription=\"slide\" aria-label=\"21 sur 22\"><figure class=\"swiper-slide-inner\"><img decoding=\"async\" class=\"swiper-slide-image\" src=\"https:\/\/mairiejouy89.fr\/wp-content\/uploads\/2022\/06\/La-Mardeleuse-scaled.jpg\" alt=\"La-Mardeleuse\" \/><figcaption class=\"elementor-image-carousel-caption\">La-Mardeleuse<\/figcaption><\/figure><\/div><div class=\"swiper-slide\" role=\"group\" aria-roledescription=\"slide\" aria-label=\"22 sur 22\"><figure class=\"swiper-slide-inner\"><img decoding=\"async\" class=\"swiper-slide-image\" src=\"https:\/\/mairiejouy89.fr\/wp-content\/uploads\/2022\/06\/La-laiterie-scaled.jpg\" alt=\"La-laiterie\" \/><figcaption class=\"elementor-image-carousel-caption\">La-laiterie<\/figcaption><\/figure><\/div>\t\t\t<\/div>\n\t\t\t\t\t\t\t\t\t\t\t\t<div class=\"elementor-swiper-button elementor-swiper-button-prev\" role=\"button\" tabindex=\"0\">\n\t\t\t\t\t\t<i aria-hidden=\"true\" class=\"eicon-chevron-left\"><\/i>\t\t\t\t\t<\/div>\n\t\t\t\t\t<div class=\"elementor-swiper-button elementor-swiper-button-next\" role=\"button\" tabindex=\"0\">\n\t\t\t\t\t\t<i aria-hidden=\"true\" class=\"eicon-chevron-right\"><\/i>\t\t\t\t\t<\/div>\n\t\t\t\t\n\t\t\t\t\t\t\t\t\t<div class=\"swiper-pagination\"><\/div>\n\t\t\t\t\t\t\t\t\t<\/div>\n\t\t\t\t\t\t<\/div>\n\t\t\t\t<\/div>\n\t\t\t\t\t<\/div>\n\t\t<\/div>\n\t\t\t\t\t<\/div>\n\t\t<\/section>\n\t\t\t\t<\/div>\n\t\t","protected":false},"excerpt":{"rendered":"<p>* * * Actualit\u00e9s INSTRUCTION DOSSIER URBANISME Les d\u00e9p\u00f4ts des permis de construire et autres peuvent se faire par voie d\u00e9mat\u00e9rialis\u00e9e par l\u2019adresse suivante : https:\/\/portail-usager.sirap.com\/recherche-commune. Secr\u00e9tariat * * * Horaires d&rsquo;ouverture Lundi, Mardi et Jeudi 9H-12H \/ 13H-17H Mercredi et Vendredi\u00a0 9H-12H Samedi : 9H-11H\u00a0 . \u00a0 AgenCE POSTALE Horaires d&rsquo;ouverture Du lundi au [&hellip;]<\/p>\n","protected":false},"author":1,"featured_media":0,"parent":0,"menu_order":0,"comment_status":"closed","ping_status":"closed","template":"elementor_theme","meta":{"footnotes":""},"class_list":["post-2881","page","type-page","status-publish","hentry"],"yoast_head":"<!-- This site is optimized with the Yoast SEO plugin v27.1.1 - https:\/\/yoast.com\/product\/yoast-seo-wordpress\/ -->\n<title>Accueil - Mairie de Jouy (89)<\/title>\n<meta name=\"robots\" content=\"index, follow, max-snippet:-1, max-image-preview:large, max-video-preview:-1\" \/>\n<link rel=\"canonical\" href=\"https:\/\/mairiejouy89.fr\/\" \/>\n<meta property=\"og:locale\" content=\"fr_FR\" \/>\n<meta property=\"og:type\" content=\"article\" \/>\n<meta property=\"og:title\" content=\"Accueil - Mairie de Jouy (89)\" \/>\n<meta property=\"og:description\" content=\"* * * Actualit\u00e9s INSTRUCTION DOSSIER URBANISME Les d\u00e9p\u00f4ts des permis de construire et autres peuvent se faire par voie d\u00e9mat\u00e9rialis\u00e9e par l\u2019adresse suivante : https:\/\/portail-usager.sirap.com\/recherche-commune. Secr\u00e9tariat * * * Horaires d&rsquo;ouverture Lundi, Mardi et Jeudi 9H-12H \/ 13H-17H Mercredi et Vendredi\u00a0 9H-12H Samedi : 9H-11H\u00a0 . \u00a0 AgenCE POSTALE Horaires d&rsquo;ouverture Du lundi au [&hellip;]\" \/>\n<meta property=\"og:url\" content=\"https:\/\/mairiejouy89.fr\/\" \/>\n<meta property=\"og:site_name\" content=\"Mairie de Jouy (89)\" \/>\n<meta property=\"article:modified_time\" content=\"2026-03-26T12:33:45+00:00\" \/>\n<meta property=\"og:image\" content=\"http:\/\/mairiejouy89.fr\/wp-content\/uploads\/2025\/10\/doc04082020250930085901_001-724x1024.jpg\" \/>\n<meta name=\"twitter:card\" content=\"summary_large_image\" \/>\n<meta name=\"twitter:label1\" content=\"Dur\u00e9e de lecture estim\u00e9e\" \/>\n\t<meta name=\"twitter:data1\" content=\"33 minutes\" \/>\n<script type=\"application\/ld+json\" class=\"yoast-schema-graph\">{\"@context\":\"https:\/\/schema.org\",\"@graph\":[{\"@type\":\"WebPage\",\"@id\":\"https:\/\/mairiejouy89.fr\/\",\"url\":\"https:\/\/mairiejouy89.fr\/\",\"name\":\"Accueil - Mairie de Jouy (89)\",\"isPartOf\":{\"@id\":\"https:\/\/mairiejouy89.fr\/#website\"},\"primaryImageOfPage\":{\"@id\":\"https:\/\/mairiejouy89.fr\/#primaryimage\"},\"image\":{\"@id\":\"https:\/\/mairiejouy89.fr\/#primaryimage\"},\"thumbnailUrl\":\"http:\/\/mairiejouy89.fr\/wp-content\/uploads\/2025\/10\/doc04082020250930085901_001-724x1024.jpg\",\"datePublished\":\"2022-06-07T21:42:39+00:00\",\"dateModified\":\"2026-03-26T12:33:45+00:00\",\"breadcrumb\":{\"@id\":\"https:\/\/mairiejouy89.fr\/#breadcrumb\"},\"inLanguage\":\"fr-FR\",\"potentialAction\":[{\"@type\":\"ReadAction\",\"target\":[\"https:\/\/mairiejouy89.fr\/\"]}]},{\"@type\":\"ImageObject\",\"inLanguage\":\"fr-FR\",\"@id\":\"https:\/\/mairiejouy89.fr\/#primaryimage\",\"url\":\"https:\/\/mairiejouy89.fr\/wp-content\/uploads\/2025\/10\/doc04082020250930085901_001-scaled.jpg\",\"contentUrl\":\"https:\/\/mairiejouy89.fr\/wp-content\/uploads\/2025\/10\/doc04082020250930085901_001-scaled.jpg\",\"width\":1810,\"height\":2560},{\"@type\":\"BreadcrumbList\",\"@id\":\"https:\/\/mairiejouy89.fr\/#breadcrumb\",\"itemListElement\":[{\"@type\":\"ListItem\",\"position\":1,\"name\":\"Accueil\",\"item\":\"https:\/\/mairiejouy89.fr\/\"},{\"@type\":\"ListItem\",\"position\":2,\"name\":\"Accueil\"}]},{\"@type\":\"WebSite\",\"@id\":\"https:\/\/mairiejouy89.fr\/#website\",\"url\":\"https:\/\/mairiejouy89.fr\/\",\"name\":\"Mairie de Jouy (89)\",\"description\":\"\",\"publisher\":{\"@id\":\"https:\/\/mairiejouy89.fr\/#organization\"},\"alternateName\":\"Mairie de Jouy Yonne\",\"potentialAction\":[{\"@type\":\"SearchAction\",\"target\":{\"@type\":\"EntryPoint\",\"urlTemplate\":\"https:\/\/mairiejouy89.fr\/?s={search_term_string}\"},\"query-input\":{\"@type\":\"PropertyValueSpecification\",\"valueRequired\":true,\"valueName\":\"search_term_string\"}}],\"inLanguage\":\"fr-FR\"},{\"@type\":\"Organization\",\"@id\":\"https:\/\/mairiejouy89.fr\/#organization\",\"name\":\"Mairie de Jouy (89)\",\"url\":\"https:\/\/mairiejouy89.fr\/\",\"logo\":{\"@type\":\"ImageObject\",\"inLanguage\":\"fr-FR\",\"@id\":\"https:\/\/mairiejouy89.fr\/#\/schema\/logo\/image\/\",\"url\":\"http:\/\/mairiejouy89.fr\/wp-content\/uploads\/2022\/05\/BLASON-JOUY.png\",\"contentUrl\":\"http:\/\/mairiejouy89.fr\/wp-content\/uploads\/2022\/05\/BLASON-JOUY.png\",\"width\":1504,\"height\":1531,\"caption\":\"Mairie de Jouy (89)\"},\"image\":{\"@id\":\"https:\/\/mairiejouy89.fr\/#\/schema\/logo\/image\/\"}}]}<\/script>\n<!-- \/ Yoast SEO plugin. -->","yoast_head_json":{"title":"Accueil - Mairie de Jouy (89)","robots":{"index":"index","follow":"follow","max-snippet":"max-snippet:-1","max-image-preview":"max-image-preview:large","max-video-preview":"max-video-preview:-1"},"canonical":"https:\/\/mairiejouy89.fr\/","og_locale":"fr_FR","og_type":"article","og_title":"Accueil - Mairie de Jouy (89)","og_description":"* * * Actualit\u00e9s INSTRUCTION DOSSIER URBANISME Les d\u00e9p\u00f4ts des permis de construire et autres peuvent se faire par voie d\u00e9mat\u00e9rialis\u00e9e par l\u2019adresse suivante : https:\/\/portail-usager.sirap.com\/recherche-commune. Secr\u00e9tariat * * * Horaires d&rsquo;ouverture Lundi, Mardi et Jeudi 9H-12H \/ 13H-17H Mercredi et Vendredi\u00a0 9H-12H Samedi : 9H-11H\u00a0 . \u00a0 AgenCE POSTALE Horaires d&rsquo;ouverture Du lundi au [&hellip;]","og_url":"https:\/\/mairiejouy89.fr\/","og_site_name":"Mairie de Jouy (89)","article_modified_time":"2026-03-26T12:33:45+00:00","og_image":[{"url":"http:\/\/mairiejouy89.fr\/wp-content\/uploads\/2025\/10\/doc04082020250930085901_001-724x1024.jpg","type":"","width":"","height":""}],"twitter_card":"summary_large_image","twitter_misc":{"Dur\u00e9e de lecture estim\u00e9e":"33 minutes"},"schema":{"@context":"https:\/\/schema.org","@graph":[{"@type":"WebPage","@id":"https:\/\/mairiejouy89.fr\/","url":"https:\/\/mairiejouy89.fr\/","name":"Accueil - Mairie de Jouy (89)","isPartOf":{"@id":"https:\/\/mairiejouy89.fr\/#website"},"primaryImageOfPage":{"@id":"https:\/\/mairiejouy89.fr\/#primaryimage"},"image":{"@id":"https:\/\/mairiejouy89.fr\/#primaryimage"},"thumbnailUrl":"http:\/\/mairiejouy89.fr\/wp-content\/uploads\/2025\/10\/doc04082020250930085901_001-724x1024.jpg","datePublished":"2022-06-07T21:42:39+00:00","dateModified":"2026-03-26T12:33:45+00:00","breadcrumb":{"@id":"https:\/\/mairiejouy89.fr\/#breadcrumb"},"inLanguage":"fr-FR","potentialAction":[{"@type":"ReadAction","target":["https:\/\/mairiejouy89.fr\/"]}]},{"@type":"ImageObject","inLanguage":"fr-FR","@id":"https:\/\/mairiejouy89.fr\/#primaryimage","url":"https:\/\/mairiejouy89.fr\/wp-content\/uploads\/2025\/10\/doc04082020250930085901_001-scaled.jpg","contentUrl":"https:\/\/mairiejouy89.fr\/wp-content\/uploads\/2025\/10\/doc04082020250930085901_001-scaled.jpg","width":1810,"height":2560},{"@type":"BreadcrumbList","@id":"https:\/\/mairiejouy89.fr\/#breadcrumb","itemListElement":[{"@type":"ListItem","position":1,"name":"Accueil","item":"https:\/\/mairiejouy89.fr\/"},{"@type":"ListItem","position":2,"name":"Accueil"}]},{"@type":"WebSite","@id":"https:\/\/mairiejouy89.fr\/#website","url":"https:\/\/mairiejouy89.fr\/","name":"Mairie de Jouy (89)","description":"","publisher":{"@id":"https:\/\/mairiejouy89.fr\/#organization"},"alternateName":"Mairie de Jouy Yonne","potentialAction":[{"@type":"SearchAction","target":{"@type":"EntryPoint","urlTemplate":"https:\/\/mairiejouy89.fr\/?s={search_term_string}"},"query-input":{"@type":"PropertyValueSpecification","valueRequired":true,"valueName":"search_term_string"}}],"inLanguage":"fr-FR"},{"@type":"Organization","@id":"https:\/\/mairiejouy89.fr\/#organization","name":"Mairie de Jouy (89)","url":"https:\/\/mairiejouy89.fr\/","logo":{"@type":"ImageObject","inLanguage":"fr-FR","@id":"https:\/\/mairiejouy89.fr\/#\/schema\/logo\/image\/","url":"http:\/\/mairiejouy89.fr\/wp-content\/uploads\/2022\/05\/BLASON-JOUY.png","contentUrl":"http:\/\/mairiejouy89.fr\/wp-content\/uploads\/2022\/05\/BLASON-JOUY.png","width":1504,"height":1531,"caption":"Mairie de Jouy (89)"},"image":{"@id":"https:\/\/mairiejouy89.fr\/#\/schema\/logo\/image\/"}}]}},"_links":{"self":[{"href":"https:\/\/mairiejouy89.fr\/index.php\/wp-json\/wp\/v2\/pages\/2881","targetHints":{"allow":["GET"]}}],"collection":[{"href":"https:\/\/mairiejouy89.fr\/index.php\/wp-json\/wp\/v2\/pages"}],"about":[{"href":"https:\/\/mairiejouy89.fr\/index.php\/wp-json\/wp\/v2\/types\/page"}],"author":[{"embeddable":true,"href":"https:\/\/mairiejouy89.fr\/index.php\/wp-json\/wp\/v2\/users\/1"}],"replies":[{"embeddable":true,"href":"https:\/\/mairiejouy89.fr\/index.php\/wp-json\/wp\/v2\/comments?post=2881"}],"version-history":[{"count":1358,"href":"https:\/\/mairiejouy89.fr\/index.php\/wp-json\/wp\/v2\/pages\/2881\/revisions"}],"predecessor-version":[{"id":4911,"href":"https:\/\/mairiejouy89.fr\/index.php\/wp-json\/wp\/v2\/pages\/2881\/revisions\/4911"}],"wp:attachment":[{"href":"https:\/\/mairiejouy89.fr\/index.php\/wp-json\/wp\/v2\/media?parent=2881"}],"curies":[{"name":"wp","href":"https:\/\/api.w.org\/{rel}","templated":true}]}}